{"id":3044,"date":"2022-11-03T18:50:50","date_gmt":"2022-11-03T21:50:50","guid":{"rendered":"https:\/\/memorialdecruzdasalmas.com.br\/memorial\/?page_id=3044"},"modified":"2024-07-18T15:48:28","modified_gmt":"2024-07-18T18:48:28","slug":"apoiadoes","status":"publish","type":"page","link":"https:\/\/memorialdecruzdasalmas.com.br\/memorial\/apoiadoes\/","title":{"rendered":"Apoiadores"},"content":{"rendered":"\t\t<div data-elementor-type=\"wp-page\" data-elementor-id=\"3044\" class=\"elementor elementor-3044\">\n\t\t\t\t\t\t\t\t\t<section class=\"elementor-section elementor-top-section elementor-element elementor-element-6e6205ad elementor-section-full_width elementor-section-stretched elementor-section-height-default elementor-section-height-default\" data-id=\"6e6205ad\" data-element_type=\"section\" data-settings=\"{&quot;stretch_section&quot;:&quot;section-stretched&quot;,&quot;background_background&quot;:&quot;classic&quot;}\">\n\t\t\t\t\t\t\t<div class=\"elementor-background-overlay\"><\/div>\n\t\t\t\t\t\t\t<div class=\"elementor-container elementor-column-gap-no\">\n\t\t\t\t\t<div class=\"elementor-column elementor-col-100 elementor-top-column elementor-element elementor-element-694854af\" data-id=\"694854af\" data-element_type=\"column\">\n\t\t\t<div class=\"elementor-widget-wrap elementor-element-populated\">\n\t\t\t\t\t\t\t\t<div class=\"elementor-element elementor-element-e7213b2 elementor-widget elementor-widget-spacer\" data-id=\"e7213b2\" data-element_type=\"widget\" data-widget_type=\"spacer.default\">\n\t\t\t\t<div class=\"elementor-widget-container\">\n\t\t\t<style>\/*! elementor - v3.11.3 - 07-03-2023 *\/\n.elementor-column .elementor-spacer-inner{height:var(--spacer-size)}.e-con{--container-widget-width:100%}.e-con-inner>.elementor-widget-spacer,.e-con>.elementor-widget-spacer{width:var(--container-widget-width,var(--spacer-size));--align-self:var(--container-widget-align-self,initial);--flex-shrink:0}.e-con-inner>.elementor-widget-spacer>.elementor-widget-container,.e-con-inner>.elementor-widget-spacer>.elementor-widget-container>.elementor-spacer,.e-con>.elementor-widget-spacer>.elementor-widget-container,.e-con>.elementor-widget-spacer>.elementor-widget-container>.elementor-spacer{height:100%}.e-con-inner>.elementor-widget-spacer>.elementor-widget-container>.elementor-spacer>.elementor-spacer-inner,.e-con>.elementor-widget-spacer>.elementor-widget-container>.elementor-spacer>.elementor-spacer-inner{height:var(--container-widget-height,var(--spacer-size))}<\/style>\t\t<div class=\"elementor-spacer\">\n\t\t\t<div class=\"elementor-spacer-inner\"><\/div>\n\t\t<\/div>\n\t\t\t\t<\/div>\n\t\t\t\t<\/div>\n\t\t\t\t<div class=\"elementor-element elementor-element-4c1f830e elementor-widget elementor-widget-imroz-section-title\" data-id=\"4c1f830e\" data-element_type=\"widget\" data-widget_type=\"imroz-section-title.default\">\n\t\t\t\t<div class=\"elementor-widget-container\">\n\t\t\t        <div class=\"section-title mb--20 mb_sm--0 text-center\">\n                                        <span class=\"sub-title\">Siga, Curta e Compartilhe!<\/span>\n                        <h2 class=\"title rbt-section-title\"><span>APOIADORES<\/span><\/h2>                            <p>Obrigado a todos que carinhosamente \n abra\u00e7aram este projeto e colaboram para a manuten\u00e7\u00e3o do mesmo, Cruz das Almas agradece!<\/p>\n                            <\/div>\n        \t\t<\/div>\n\t\t\t\t<\/div>\n\t\t\t\t<div class=\"elementor-element elementor-element-7aa261b8 elementor-widget elementor-widget-spacer\" data-id=\"7aa261b8\" data-element_type=\"widget\" data-widget_type=\"spacer.default\">\n\t\t\t\t<div class=\"elementor-widget-container\">\n\t\t\t\t\t<div class=\"elementor-spacer\">\n\t\t\t<div class=\"elementor-spacer-inner\"><\/div>\n\t\t<\/div>\n\t\t\t\t<\/div>\n\t\t\t\t<\/div>\n\t\t\t\t\t<\/div>\n\t\t<\/div>\n\t\t\t\t\t\t\t<\/div>\n\t\t<\/section>\n\t\t\t\t<section class=\"elementor-section elementor-top-section elementor-element elementor-element-23e582d elementor-section-boxed elementor-section-height-default elementor-section-height-default\" data-id=\"23e582d\" data-element_type=\"section\">\n\t\t\t\t\t\t<div class=\"elementor-container elementor-column-gap-default\">\n\t\t\t\t\t<div class=\"elementor-column elementor-col-100 elementor-top-column elementor-element elementor-element-f818d6c\" data-id=\"f818d6c\" data-element_type=\"column\">\n\t\t\t<div class=\"elementor-widget-wrap elementor-element-populated\">\n\t\t\t\t\t\t\t\t<section class=\"elementor-section elementor-inner-section elementor-element elementor-element-d1479fb elementor-section-boxed elementor-section-height-default elementor-section-height-default\" data-id=\"d1479fb\" data-element_type=\"section\">\n\t\t\t\t\t\t<div class=\"elementor-container elementor-column-gap-default\">\n\t\t\t\t\t<div class=\"elementor-column elementor-col-33 elementor-inner-column elementor-element elementor-element-3690482\" data-id=\"3690482\" data-element_type=\"column\">\n\t\t\t<div class=\"elementor-widget-wrap elementor-element-populated\">\n\t\t\t\t\t\t\t\t<div class=\"elementor-element elementor-element-4705fbb elementor-widget elementor-widget-image\" data-id=\"4705fbb\" data-element_type=\"widget\" data-widget_type=\"image.default\">\n\t\t\t\t<div class=\"elementor-widget-container\">\n\t\t\t<style>\/*! elementor - v3.11.3 - 07-03-2023 *\/\n.elementor-widget-image{text-align:center}.elementor-widget-image a{display:inline-block}.elementor-widget-image a img[src$=\".svg\"]{width:48px}.elementor-widget-image img{vertical-align:middle;display:inline-block}<\/style>\t\t\t\t\t\t\t\t\t\t\t\t\t<a href=\"https:\/\/www.cdlcruzdasalmas.com.br\/cdlcruzdasalmas\/\" target=\"_blank\">\n\t\t\t\t\t\t\t<img decoding=\"async\" width=\"400\" height=\"225\" src=\"https:\/\/memorialdecruzdasalmas.com.br\/memorial\/wp-content\/uploads\/2022\/11\/cdl-de-cruz-das-almas.png\" class=\"elementor-animation-wobble-vertical attachment-full size-full wp-image-3057\" alt=\"\" srcset=\"https:\/\/memorialdecruzdasalmas.com.br\/memorial\/wp-content\/uploads\/2022\/11\/cdl-de-cruz-das-almas.png 400w, https:\/\/memorialdecruzdasalmas.com.br\/memorial\/wp-content\/uploads\/2022\/11\/cdl-de-cruz-das-almas-300x169.png 300w\" sizes=\"(max-width: 400px) 100vw, 400px\" \/>\t\t\t\t\t\t\t\t<\/a>\n\t\t\t\t\t\t\t\t\t\t\t\t\t\t\t<\/div>\n\t\t\t\t<\/div>\n\t\t\t\t\t<\/div>\n\t\t<\/div>\n\t\t\t\t<div class=\"elementor-column elementor-col-33 elementor-inner-column elementor-element elementor-element-3fc19bb\" data-id=\"3fc19bb\" data-element_type=\"column\">\n\t\t\t<div class=\"elementor-widget-wrap elementor-element-populated\">\n\t\t\t\t\t\t\t\t<div class=\"elementor-element elementor-element-d24935b elementor-widget elementor-widget-image\" data-id=\"d24935b\" data-element_type=\"widget\" data-widget_type=\"image.default\">\n\t\t\t\t<div class=\"elementor-widget-container\">\n\t\t\t\t\t\t\t\t\t\t\t\t\t\t\t\t<a href=\"https:\/\/unimam.com.br\/\" target=\"_blank\">\n\t\t\t\t\t\t\t<img decoding=\"async\" width=\"400\" height=\"225\" src=\"https:\/\/memorialdecruzdasalmas.com.br\/memorial\/wp-content\/uploads\/2022\/11\/unimam.png\" class=\"elementor-animation-wobble-vertical attachment-full size-full wp-image-3060\" alt=\"\" srcset=\"https:\/\/memorialdecruzdasalmas.com.br\/memorial\/wp-content\/uploads\/2022\/11\/unimam.png 400w, https:\/\/memorialdecruzdasalmas.com.br\/memorial\/wp-content\/uploads\/2022\/11\/unimam-300x169.png 300w\" sizes=\"(max-width: 400px) 100vw, 400px\" \/>\t\t\t\t\t\t\t\t<\/a>\n\t\t\t\t\t\t\t\t\t\t\t\t\t\t\t<\/div>\n\t\t\t\t<\/div>\n\t\t\t\t\t<\/div>\n\t\t<\/div>\n\t\t\t\t<div class=\"elementor-column elementor-col-33 elementor-inner-column elementor-element elementor-element-bbbe404\" data-id=\"bbbe404\" data-element_type=\"column\">\n\t\t\t<div class=\"elementor-widget-wrap elementor-element-populated\">\n\t\t\t\t\t\t\t\t<div class=\"elementor-element elementor-element-c3af28a elementor-widget elementor-widget-image\" data-id=\"c3af28a\" data-element_type=\"widget\" data-widget_type=\"image.default\">\n\t\t\t\t<div class=\"elementor-widget-container\">\n\t\t\t\t\t\t\t\t\t\t\t\t\t\t\t\t<a href=\"https:\/\/www.cofel.net\/\" target=\"_blank\">\n\t\t\t\t\t\t\t<img decoding=\"async\" width=\"400\" height=\"225\" src=\"https:\/\/memorialdecruzdasalmas.com.br\/memorial\/wp-content\/uploads\/2022\/11\/cofel-1.png\" class=\"elementor-animation-wobble-vertical attachment-full size-full wp-image-3058\" alt=\"\" srcset=\"https:\/\/memorialdecruzdasalmas.com.br\/memorial\/wp-content\/uploads\/2022\/11\/cofel-1.png 400w, https:\/\/memorialdecruzdasalmas.com.br\/memorial\/wp-content\/uploads\/2022\/11\/cofel-1-300x169.png 300w\" sizes=\"(max-width: 400px) 100vw, 400px\" \/>\t\t\t\t\t\t\t\t<\/a>\n\t\t\t\t\t\t\t\t\t\t\t\t\t\t\t<\/div>\n\t\t\t\t<\/div>\n\t\t\t\t\t<\/div>\n\t\t<\/div>\n\t\t\t\t\t\t\t<\/div>\n\t\t<\/section>\n\t\t\t\t<section class=\"elementor-section elementor-inner-section elementor-element elementor-element-5b95040 elementor-section-boxed elementor-section-height-default elementor-section-height-default\" data-id=\"5b95040\" data-element_type=\"section\">\n\t\t\t\t\t\t<div class=\"elementor-container elementor-column-gap-default\">\n\t\t\t\t\t<div class=\"elementor-column elementor-col-33 elementor-inner-column elementor-element elementor-element-5003347\" data-id=\"5003347\" data-element_type=\"column\">\n\t\t\t<div class=\"elementor-widget-wrap\">\n\t\t\t\t\t\t\t\t\t<\/div>\n\t\t<\/div>\n\t\t\t\t<div class=\"elementor-column elementor-col-33 elementor-inner-column elementor-element elementor-element-425cfd8\" data-id=\"425cfd8\" data-element_type=\"column\">\n\t\t\t<div class=\"elementor-widget-wrap\">\n\t\t\t\t\t\t\t\t\t<\/div>\n\t\t<\/div>\n\t\t\t\t<div class=\"elementor-column elementor-col-33 elementor-inner-column elementor-element elementor-element-ddad9eb\" data-id=\"ddad9eb\" data-element_type=\"column\">\n\t\t\t<div class=\"elementor-widget-wrap\">\n\t\t\t\t\t\t\t\t\t<\/div>\n\t\t<\/div>\n\t\t\t\t\t\t\t<\/div>\n\t\t<\/section>\n\t\t\t\t<div class=\"elementor-element elementor-element-71605a3 elementor-widget elementor-widget-spacer\" data-id=\"71605a3\" data-element_type=\"widget\" data-widget_type=\"spacer.default\">\n\t\t\t\t<div class=\"elementor-widget-container\">\n\t\t\t\t\t<div class=\"elementor-spacer\">\n\t\t\t<div class=\"elementor-spacer-inner\"><\/div>\n\t\t<\/div>\n\t\t\t\t<\/div>\n\t\t\t\t<\/div>\n\t\t\t\t\t<\/div>\n\t\t<\/div>\n\t\t\t\t\t\t\t<\/div>\n\t\t<\/section>\n\t\t\t\t<section class=\"elementor-section elementor-top-section elementor-element elementor-element-c799856 elementor-section-boxed elementor-section-height-default elementor-section-height-default\" data-id=\"c799856\" data-element_type=\"section\" data-settings=\"{&quot;background_background&quot;:&quot;classic&quot;}\">\n\t\t\t\t\t\t<div class=\"elementor-container elementor-column-gap-default\">\n\t\t\t\t\t<div class=\"elementor-column elementor-col-100 elementor-top-column elementor-element elementor-element-e9e602d\" data-id=\"e9e602d\" data-element_type=\"column\">\n\t\t\t<div class=\"elementor-widget-wrap elementor-element-populated\">\n\t\t\t\t\t\t\t\t<section class=\"elementor-section elementor-inner-section elementor-element elementor-element-2bb08b5 elementor-section-boxed elementor-section-height-default elementor-section-height-default\" data-id=\"2bb08b5\" data-element_type=\"section\">\n\t\t\t\t\t\t<div class=\"elementor-container elementor-column-gap-default\">\n\t\t\t\t\t<div class=\"elementor-column elementor-col-33 elementor-inner-column elementor-element elementor-element-ef400ba\" data-id=\"ef400ba\" data-element_type=\"column\">\n\t\t\t<div class=\"elementor-widget-wrap elementor-element-populated\">\n\t\t\t\t\t\t\t\t<div class=\"elementor-element elementor-element-34b3259 elementor-widget elementor-widget-image\" data-id=\"34b3259\" data-element_type=\"widget\" data-widget_type=\"image.default\">\n\t\t\t\t<div class=\"elementor-widget-container\">\n\t\t\t\t\t\t\t\t\t\t\t\t\t\t\t<img decoding=\"async\" width=\"346\" height=\"280\" src=\"https:\/\/memorialdecruzdasalmas.com.br\/memorial\/wp-content\/uploads\/2022\/11\/maos3.jpg\" class=\"attachment-large size-large wp-image-3121\" alt=\"\" srcset=\"https:\/\/memorialdecruzdasalmas.com.br\/memorial\/wp-content\/uploads\/2022\/11\/maos3.jpg 346w, https:\/\/memorialdecruzdasalmas.com.br\/memorial\/wp-content\/uploads\/2022\/11\/maos3-300x243.jpg 300w\" sizes=\"(max-width: 346px) 100vw, 346px\" \/>\t\t\t\t\t\t\t\t\t\t\t\t\t\t\t<\/div>\n\t\t\t\t<\/div>\n\t\t\t\t\t<\/div>\n\t\t<\/div>\n\t\t\t\t<div class=\"elementor-column elementor-col-33 elementor-inner-column elementor-element elementor-element-a839117\" data-id=\"a839117\" data-element_type=\"column\">\n\t\t\t<div class=\"elementor-widget-wrap elementor-element-populated\">\n\t\t\t\t\t\t\t\t<div class=\"elementor-element elementor-element-fe66274 elementor-widget elementor-widget-text-editor\" data-id=\"fe66274\" data-element_type=\"widget\" data-widget_type=\"text-editor.default\">\n\t\t\t\t<div class=\"elementor-widget-container\">\n\t\t\t<style>\/*! elementor - v3.11.3 - 07-03-2023 *\/\n.elementor-widget-text-editor.elementor-drop-cap-view-stacked .elementor-drop-cap{background-color:#818a91;color:#fff}.elementor-widget-text-editor.elementor-drop-cap-view-framed .elementor-drop-cap{color:#818a91;border:3px solid;background-color:transparent}.elementor-widget-text-editor:not(.elementor-drop-cap-view-default) .elementor-drop-cap{margin-top:8px}.elementor-widget-text-editor:not(.elementor-drop-cap-view-default) .elementor-drop-cap-letter{width:1em;height:1em}.elementor-widget-text-editor .elementor-drop-cap{float:left;text-align:center;line-height:1;font-size:50px}.elementor-widget-text-editor .elementor-drop-cap-letter{display:inline-block}<\/style>\t\t\t\t<p><strong>Se voc\u00ea deseja se tornar um apoiador deste projeto e contribuir com a manuten\u00e7\u00e3o do mesmo, entre em contato conosco!<\/strong><\/p>\t\t\t\t\t\t<\/div>\n\t\t\t\t<\/div>\n\t\t\t\t\t<\/div>\n\t\t<\/div>\n\t\t\t\t<div class=\"elementor-column elementor-col-33 elementor-inner-column elementor-element elementor-element-acc256b\" data-id=\"acc256b\" data-element_type=\"column\" data-settings=\"{&quot;background_background&quot;:&quot;gradient&quot;}\">\n\t\t\t<div class=\"elementor-widget-wrap elementor-element-populated\">\n\t\t\t\t\t\t\t\t<div class=\"elementor-element elementor-element-5bdd802 elementor-align-right elementor-mobile-align-center elementor-widget elementor-widget-button\" data-id=\"5bdd802\" data-element_type=\"widget\" data-widget_type=\"button.default\">\n\t\t\t\t<div class=\"elementor-widget-container\">\n\t\t\t\t\t<div class=\"elementor-button-wrapper\">\n\t\t\t<a href=\"https:\/\/memorialdecruzdasalmas.com.br\/memorial\/contact\/\" class=\"elementor-button-link elementor-button elementor-size-md elementor-animation-pop\" role=\"button\">\n\t\t\t\t\t\t<span class=\"elementor-button-content-wrapper\">\n\t\t\t\t\t\t<span class=\"elementor-button-text\">Fale Conosco<\/span>\n\t\t<\/span>\n\t\t\t\t\t<\/a>\n\t\t<\/div>\n\t\t\t\t<\/div>\n\t\t\t\t<\/div>\n\t\t\t\t\t<\/div>\n\t\t<\/div>\n\t\t\t\t\t\t\t<\/div>\n\t\t<\/section>\n\t\t\t\t\t<\/div>\n\t\t<\/div>\n\t\t\t\t\t\t\t<\/div>\n\t\t<\/section>\n\t\t\t\t\t\t\t<\/div>\n\t\t","protected":false},"excerpt":{"rendered":"<p>Siga, Curta e Compartilhe! APOIADORES Obrigado a todos que carinhosamente abra\u00e7aram este projeto e colaboram para a manuten\u00e7\u00e3o do mesmo, Cruz das Almas agradece! Se voc\u00ea deseja se tornar um apoiador deste projeto e contribuir com a manuten\u00e7\u00e3o do mesmo, entre em contato conosco! Fale Conosco<\/p>\n","protected":false},"author":1,"featured_media":0,"parent":0,"menu_order":0,"comment_status":"closed","ping_status":"closed","template":"elementor_header_footer","meta":{"footnotes":""},"class_list":["post-3044","page","type-page","status-publish","hentry"],"acf":[],"_links":{"self":[{"href":"https:\/\/memorialdecruzdasalmas.com.br\/memorial\/wp-json\/wp\/v2\/pages\/3044","targetHints":{"allow":["GET"]}}],"collection":[{"href":"https:\/\/memorialdecruzdasalmas.com.br\/memorial\/wp-json\/wp\/v2\/pages"}],"about":[{"href":"https:\/\/memorialdecruzdasalmas.com.br\/memorial\/wp-json\/wp\/v2\/types\/page"}],"author":[{"embeddable":true,"href":"https:\/\/memorialdecruzdasalmas.com.br\/memorial\/wp-json\/wp\/v2\/users\/1"}],"replies":[{"embeddable":true,"href":"https:\/\/memorialdecruzdasalmas.com.br\/memorial\/wp-json\/wp\/v2\/comments?post=3044"}],"version-history":[{"count":55,"href":"https:\/\/memorialdecruzdasalmas.com.br\/memorial\/wp-json\/wp\/v2\/pages\/3044\/revisions"}],"predecessor-version":[{"id":9081,"href":"https:\/\/memorialdecruzdasalmas.com.br\/memorial\/wp-json\/wp\/v2\/pages\/3044\/revisions\/9081"}],"wp:attachment":[{"href":"https:\/\/memorialdecruzdasalmas.com.br\/memorial\/wp-json\/wp\/v2\/media?parent=3044"}],"curies":[{"name":"wp","href":"https:\/\/api.w.org\/{rel}","templated":true}]}}