{"id":3348,"date":"2022-11-08T16:42:53","date_gmt":"2022-11-08T19:42:53","guid":{"rendered":"https:\/\/memorialdecruzdasalmas.com.br\/memorial\/?page_id=3348"},"modified":"2023-03-07T17:55:04","modified_gmt":"2023-03-07T20:55:04","slug":"legislativo","status":"publish","type":"page","link":"https:\/\/memorialdecruzdasalmas.com.br\/memorial\/legislativo\/","title":{"rendered":"Poder Legislativo"},"content":{"rendered":"\t\t<div data-elementor-type=\"wp-page\" data-elementor-id=\"3348\" class=\"elementor elementor-3348\">\n\t\t\t\t\t\t\t\t\t<section class=\"elementor-section elementor-top-section elementor-element elementor-element-6e6205ad elementor-section-full_width elementor-section-stretched elementor-section-height-default elementor-section-height-default\" data-id=\"6e6205ad\" data-element_type=\"section\" data-settings=\"{&quot;stretch_section&quot;:&quot;section-stretched&quot;,&quot;background_background&quot;:&quot;classic&quot;}\">\n\t\t\t\t\t\t\t<div class=\"elementor-background-overlay\"><\/div>\n\t\t\t\t\t\t\t<div class=\"elementor-container elementor-column-gap-no\">\n\t\t\t\t\t<div class=\"elementor-column elementor-col-100 elementor-top-column elementor-element elementor-element-694854af\" data-id=\"694854af\" data-element_type=\"column\">\n\t\t\t<div class=\"elementor-widget-wrap elementor-element-populated\">\n\t\t\t\t\t\t\t\t<div class=\"elementor-element elementor-element-e7213b2 elementor-widget elementor-widget-spacer\" data-id=\"e7213b2\" data-element_type=\"widget\" data-widget_type=\"spacer.default\">\n\t\t\t\t<div class=\"elementor-widget-container\">\n\t\t\t<style>\/*! elementor - v3.11.3 - 07-03-2023 *\/\n.elementor-column .elementor-spacer-inner{height:var(--spacer-size)}.e-con{--container-widget-width:100%}.e-con-inner>.elementor-widget-spacer,.e-con>.elementor-widget-spacer{width:var(--container-widget-width,var(--spacer-size));--align-self:var(--container-widget-align-self,initial);--flex-shrink:0}.e-con-inner>.elementor-widget-spacer>.elementor-widget-container,.e-con-inner>.elementor-widget-spacer>.elementor-widget-container>.elementor-spacer,.e-con>.elementor-widget-spacer>.elementor-widget-container,.e-con>.elementor-widget-spacer>.elementor-widget-container>.elementor-spacer{height:100%}.e-con-inner>.elementor-widget-spacer>.elementor-widget-container>.elementor-spacer>.elementor-spacer-inner,.e-con>.elementor-widget-spacer>.elementor-widget-container>.elementor-spacer>.elementor-spacer-inner{height:var(--container-widget-height,var(--spacer-size))}<\/style>\t\t<div class=\"elementor-spacer\">\n\t\t\t<div class=\"elementor-spacer-inner\"><\/div>\n\t\t<\/div>\n\t\t\t\t<\/div>\n\t\t\t\t<\/div>\n\t\t\t\t<div class=\"elementor-element elementor-element-4c1f830e elementor-widget elementor-widget-imroz-section-title\" data-id=\"4c1f830e\" data-element_type=\"widget\" data-widget_type=\"imroz-section-title.default\">\n\t\t\t\t<div class=\"elementor-widget-container\">\n\t\t\t        <div class=\"section-title mb--20 mb_sm--0 text-center\">\n                                        <span class=\"sub-title\">Siga, Curta e Compartilhe!<\/span>\n                        <h2 class=\"title rbt-section-title\"><span>Poder Legislativo<\/span><\/h2>                            <p>Conhe\u00e7a a Hist\u00f3ria do Poder Legislativo Municipal.<\/p>\n                            <\/div>\n        \t\t<\/div>\n\t\t\t\t<\/div>\n\t\t\t\t<div class=\"elementor-element elementor-element-7aa261b8 elementor-widget elementor-widget-spacer\" data-id=\"7aa261b8\" data-element_type=\"widget\" data-widget_type=\"spacer.default\">\n\t\t\t\t<div class=\"elementor-widget-container\">\n\t\t\t\t\t<div class=\"elementor-spacer\">\n\t\t\t<div class=\"elementor-spacer-inner\"><\/div>\n\t\t<\/div>\n\t\t\t\t<\/div>\n\t\t\t\t<\/div>\n\t\t\t\t\t<\/div>\n\t\t<\/div>\n\t\t\t\t\t\t\t<\/div>\n\t\t<\/section>\n\t\t\t\t<section class=\"elementor-section elementor-top-section elementor-element elementor-element-23e582d elementor-section-boxed elementor-section-height-default elementor-section-height-default\" data-id=\"23e582d\" data-element_type=\"section\">\n\t\t\t\t\t\t<div class=\"elementor-container elementor-column-gap-default\">\n\t\t\t\t\t<div class=\"elementor-column elementor-col-100 elementor-top-column elementor-element elementor-element-f818d6c\" data-id=\"f818d6c\" data-element_type=\"column\">\n\t\t\t<div class=\"elementor-widget-wrap elementor-element-populated\">\n\t\t\t\t\t\t\t\t<section class=\"elementor-section elementor-inner-section elementor-element elementor-element-4b92494 elementor-section-boxed elementor-section-height-default elementor-section-height-default\" data-id=\"4b92494\" data-element_type=\"section\">\n\t\t\t\t\t\t<div class=\"elementor-container elementor-column-gap-default\">\n\t\t\t\t\t<div class=\"elementor-column elementor-col-50 elementor-inner-column elementor-element elementor-element-fd72e1c\" data-id=\"fd72e1c\" data-element_type=\"column\">\n\t\t\t<div class=\"elementor-widget-wrap elementor-element-populated\">\n\t\t\t\t\t\t\t\t<div class=\"elementor-element elementor-element-04ac7fd elementor-widget elementor-widget-imroz-section-title\" data-id=\"04ac7fd\" data-element_type=\"widget\" data-widget_type=\"imroz-section-title.default\">\n\t\t\t\t<div class=\"elementor-widget-container\">\n\t\t\t        <div class=\"section-title mb--20 mb_sm--0 text-left\">\n                                        <span class=\"sub-title\">Memorial Digital!<\/span>\n                        <h2 class=\"title rbt-section-title\"><span>O PODER LEGISLATIVO<\/span><\/h2>                            <\/div>\n        \t\t<\/div>\n\t\t\t\t<\/div>\n\t\t\t\t\t<\/div>\n\t\t<\/div>\n\t\t\t\t<div class=\"elementor-column elementor-col-50 elementor-inner-column elementor-element elementor-element-77dc9f2\" data-id=\"77dc9f2\" data-element_type=\"column\">\n\t\t\t<div class=\"elementor-widget-wrap elementor-element-populated\">\n\t\t\t\t\t\t\t\t<div class=\"elementor-element elementor-element-d7fc28e elementor-widget elementor-widget-toggle\" data-id=\"d7fc28e\" data-element_type=\"widget\" data-widget_type=\"toggle.default\">\n\t\t\t\t<div class=\"elementor-widget-container\">\n\t\t\t<style>\/*! elementor - v3.11.3 - 07-03-2023 *\/\n.elementor-toggle{text-align:left}.elementor-toggle .elementor-tab-title{font-weight:700;line-height:1;margin:0;padding:15px;border-bottom:1px solid #d4d4d4;cursor:pointer;outline:none}.elementor-toggle .elementor-tab-title .elementor-toggle-icon{display:inline-block;width:1em}.elementor-toggle .elementor-tab-title .elementor-toggle-icon svg{-webkit-margin-start:-5px;margin-inline-start:-5px;width:1em;height:1em}.elementor-toggle .elementor-tab-title .elementor-toggle-icon.elementor-toggle-icon-right{float:right;text-align:right}.elementor-toggle .elementor-tab-title .elementor-toggle-icon.elementor-toggle-icon-left{float:left;text-align:left}.elementor-toggle .elementor-tab-title .elementor-toggle-icon .elementor-toggle-icon-closed{display:block}.elementor-toggle .elementor-tab-title .elementor-toggle-icon .elementor-toggle-icon-opened{display:none}.elementor-toggle .elementor-tab-title.elementor-active{border-bottom:none}.elementor-toggle .elementor-tab-title.elementor-active .elementor-toggle-icon-closed{display:none}.elementor-toggle .elementor-tab-title.elementor-active .elementor-toggle-icon-opened{display:block}.elementor-toggle .elementor-tab-content{padding:15px;border-bottom:1px solid #d4d4d4;display:none}@media (max-width:767px){.elementor-toggle .elementor-tab-title{padding:12px}.elementor-toggle .elementor-tab-content{padding:12px 10px}}.e-con-inner>.elementor-widget-toggle,.e-con>.elementor-widget-toggle{width:var(--container-widget-width);--flex-grow:var(--container-widget-flex-grow)}<\/style>\t\t<div class=\"elementor-toggle\" role=\"tablist\">\n\t\t\t\t\t\t\t<div class=\"elementor-toggle-item\">\n\t\t\t\t\t<div id=\"elementor-tab-title-2261\" class=\"elementor-tab-title\" data-tab=\"1\" role=\"tab\" aria-controls=\"elementor-tab-content-2261\" aria-expanded=\"false\">\n\t\t\t\t\t\t\t\t\t\t\t\t<span class=\"elementor-toggle-icon elementor-toggle-icon-left\" aria-hidden=\"true\">\n\t\t\t\t\t\t\t\t\t\t\t\t\t\t\t<span class=\"elementor-toggle-icon-closed\"><i class=\"fas fa-plus\"><\/i><\/span>\n\t\t\t\t\t\t\t\t<span class=\"elementor-toggle-icon-opened\"><i class=\"elementor-toggle-icon-opened fas fa-minus\"><\/i><\/span>\n\t\t\t\t\t\t\t\t\t\t\t\t\t<\/span>\n\t\t\t\t\t\t\t\t\t\t\t\t<a href=\"\" class=\"elementor-toggle-title\">O que \u00e9 o Poder Legislativo?<\/a>\n\t\t\t\t\t<\/div>\n\n\t\t\t\t\t<div id=\"elementor-tab-content-2261\" class=\"elementor-tab-content elementor-clearfix\" data-tab=\"1\" role=\"tabpanel\" aria-labelledby=\"elementor-tab-title-2261\"><p>O Poder Legislativo Municipal \u00e9 representado pela C\u00e2mara de Vereadores e \u00e9 exercido pelos vereadores, que devem ter uma rela\u00e7\u00e3o de proximidade com os elementos de uma comunidade.<\/p><p>As fun\u00e7\u00f5es principais da C\u00e2mara s\u00e3o justamente legislar e fiscalizar a administra\u00e7\u00e3o p\u00fablica municipal, a cargo do poder Executivo.<\/p><p>A C\u00e2mara legisla propondo e\/ou aprovando projetos relativos ao interesse local e que devem passar por um procedimento espec\u00edfico, o processo legislativo.<\/p><\/div>\n\t\t\t\t<\/div>\n\t\t\t\t\t\t\t\t\t\t<script type=\"application\/ld+json\">{\"@context\":\"https:\\\/\\\/schema.org\",\"@type\":\"FAQPage\",\"mainEntity\":[{\"@type\":\"Question\",\"name\":\"O que \\u00e9 o Poder Legislativo?\",\"acceptedAnswer\":{\"@type\":\"Answer\",\"text\":\"<p>O Poder Legislativo Municipal \\u00e9 representado pela C\\u00e2mara de Vereadores e \\u00e9 exercido pelos vereadores, que devem ter uma rela\\u00e7\\u00e3o de proximidade com os elementos de uma comunidade.<\\\/p><p>As fun\\u00e7\\u00f5es principais da C\\u00e2mara s\\u00e3o justamente legislar e fiscalizar a administra\\u00e7\\u00e3o p\\u00fablica municipal, a cargo do poder Executivo.<\\\/p><p>A C\\u00e2mara legisla propondo e\\\/ou aprovando projetos relativos ao interesse local e que devem passar por um procedimento espec\\u00edfico, o processo legislativo.<\\\/p>\"}}]}<\/script>\n\t\t\t\t\t<\/div>\n\t\t\t\t<\/div>\n\t\t\t\t<\/div>\n\t\t\t\t\t<\/div>\n\t\t<\/div>\n\t\t\t\t\t\t\t<\/div>\n\t\t<\/section>\n\t\t\t\t<div class=\"elementor-element elementor-element-2bd4ad4 elementor-widget elementor-widget-text-editor\" data-id=\"2bd4ad4\" data-element_type=\"widget\" data-widget_type=\"text-editor.default\">\n\t\t\t\t<div class=\"elementor-widget-container\">\n\t\t\t<style>\/*! elementor - v3.11.3 - 07-03-2023 *\/\n.elementor-widget-text-editor.elementor-drop-cap-view-stacked .elementor-drop-cap{background-color:#818a91;color:#fff}.elementor-widget-text-editor.elementor-drop-cap-view-framed .elementor-drop-cap{color:#818a91;border:3px solid;background-color:transparent}.elementor-widget-text-editor:not(.elementor-drop-cap-view-default) .elementor-drop-cap{margin-top:8px}.elementor-widget-text-editor:not(.elementor-drop-cap-view-default) .elementor-drop-cap-letter{width:1em;height:1em}.elementor-widget-text-editor .elementor-drop-cap{float:left;text-align:center;line-height:1;font-size:50px}.elementor-widget-text-editor .elementor-drop-cap-letter{display:inline-block}<\/style>\t\t\t\t<p><span style=\"color: #333333;\">As primeiras elei\u00e7\u00f5es municipais de Cruz das Almas foram realizadas em 1897, com a sua emancipa\u00e7\u00e3o pol\u00edtica e eleva\u00e7\u00e3o \u00e0 condi\u00e7\u00e3o de Vila. Foram eleitos o primeiro Intendente e tamb\u00e9m os primeiros 07 Conselheiros Municipais, que equivaliam aos atuais vereadores.<\/span><\/p><p><span style=\"color: #333333;\">Com a implanta\u00e7\u00e3o da Rep\u00fablica, sob o regime presidencialista, verificou-se a divis\u00e3o de poderes; ou seja, de 1889 a 1934 o chefe do executivo municipal passou a ser chamado de Intendente e a c\u00e2mara legislativa, de Conselho Municipal. A partir da\u00ed \u2212 da constitui\u00e7\u00e3o federal de 1934 \u2212, em substitui\u00e7\u00e3o ao Intendente surgiu a figura do Prefeito e, em substitui\u00e7\u00e3o ao Conselho, o que se chamou outra vez de C\u00e2mara Municipal.<\/span><\/p><p><span style=\"color: #333333;\">Durante muito tempo, a C\u00e2mara de Vereadores funcionava no Pa\u00e7o Municipal, o pr\u00e9dio da prefeitura, na Pra\u00e7a Senador Tem\u00edstocles, que dividia espa\u00e7o com os Poderes Executivo e Judici\u00e1rio.<\/span><\/p><p><span style=\"color: #333333;\">O atual pr\u00e9dio da C\u00e2mara de Vereadores foi constru\u00eddo com recursos pr\u00f3prios do Munic\u00edpio, na gest\u00e3o do prefeito Carmelito Barbosa Alves e inaugurado em 1\u00ba de outubro de 1988. Localiza-se na rua Jo\u00e3o Gustavo Silva, 129 \u2013 Centro.<\/span><\/p><p><span style=\"color: #333333;\">Atualmente, a C\u00e2mara possui 15 cadeiras legislativas, sendo ocupadas por 12 homens e 03 mulheres.<\/span><\/p><p><span style=\"color: #333333;\"><strong><img decoding=\"async\" class=\"alignnone size-full wp-image-3764\" src=\"https:\/\/memorialdecruzdasalmas.com.br\/memorial\/wp-content\/uploads\/2022\/11\/icone22.png\" alt=\"\" width=\"40\" height=\"40\" \/>\u00a0 FORAM PRESIDENTES DO CONSELHO MUNICIPAL:<\/strong><\/span><\/p><p><span style=\"color: #333333;\"><span style=\"color: #ba913d;\"><strong>\u00bb\u00a0\u00a0<\/strong><\/span>Them\u00edstocles da Rocha Passos (1\u00b0 Presidente \u2014 1897)<\/span><\/p><p><span style=\"color: #333333;\"><span style=\"color: #ba913d;\"><strong>\u00bb\u00a0\u00a0<\/strong><\/span>Alberto Velloso da Rocha Passos (1901)<\/span><\/p><p><span style=\"color: #333333;\"><span style=\"color: #ba913d;\"><strong>\u00bb\u00a0\u00a0<\/strong><\/span>Leopoldo Cezarano (1903)<\/span><\/p><p><span style=\"color: #333333;\"><span style=\"color: #ba913d;\"><strong>\u00bb\u00a0\u00a0<\/strong><\/span>Coronel Christov\u00e3o Alexandre Pinto<\/span><\/p><p><span style=\"color: #333333;\"><span style=\"color: #ba913d;\"><strong>\u00bb\u00a0\u00a0<\/strong><\/span>Jos\u00e9 Baptista da Fonseca<\/span><\/p><p><span style=\"color: #333333;\"><span style=\"color: #ba913d;\"><strong>\u00bb\u00a0\u00a0<\/strong><\/span>Al\u00edpio Rodrigues do Nascimento (1907)<\/span><\/p><p><span style=\"color: #333333;\"><span style=\"color: #ba913d;\"><strong>\u00bb\u00a0\u00a0<\/strong><\/span>Manoel Caetano da Rocha Passos (1909)<\/span><\/p><p><span style=\"color: #333333;\"><span style=\"color: #ba913d;\"><strong>\u00bb\u00a0\u00a0<\/strong><\/span>Luiz Eloy Passos (1930)<\/span><\/p><p><span style=\"color: #333333;\"><strong><img decoding=\"async\" class=\"alignnone size-full wp-image-3764\" src=\"https:\/\/memorialdecruzdasalmas.com.br\/memorial\/wp-content\/uploads\/2022\/11\/icone22.png\" alt=\"\" width=\"40\" height=\"40\" \/>\u00a0 FORAM PRESIDENTES DA C\u00c2MARA DE VEREADORES:<\/strong><\/span><\/p><p><span style=\"color: #333333;\"><span style=\"color: #ba913d;\"><strong>\u00bb\u00a0\u00a0<\/strong><\/span>Edmundo Pereira Leite (1948-1959\/ 1960-1966)<\/span><\/p><p><span style=\"color: #333333;\"><span style=\"color: #ba913d;\"><strong>\u00bb\u00a0\u00a0<\/strong><\/span>Moacyr Ant\u00f4nio Ferreira (1949\/ 1950-1954)<\/span><\/p><p><span style=\"color: #333333;\"><span style=\"color: #ba913d;\"><strong>\u00bb\u00a0\u00a0<\/strong><\/span>Jos\u00e9 de Carvalho Rocha (1951)<\/span><\/p><p><span style=\"color: #333333;\"><span style=\"color: #ba913d;\"><strong>\u00bb\u00a0\u00a0<\/strong><\/span>Ramiro Eloy Passos (1952\/1953-1963\/1965)<\/span><\/p><p><span style=\"color: #333333;\"><span style=\"color: #ba913d;\"><strong>\u00bb\u00a0\u00a0<\/strong><\/span>Fernando Carvalho de Ara\u00fajo (1955\/1958)<\/span><\/p><p><span style=\"color: #333333;\"><span style=\"color: #ba913d;\"><strong>\u00bb\u00a0\u00a0<\/strong><\/span>Claudemiro Dias Pamponet (1961\/1962-1973\/1974)<\/span><\/p><p><span style=\"color: #333333;\"><span style=\"color: #ba913d;\"><strong>\u00bb\u00a0\u00a0<\/strong><\/span>Jos\u00e9 Alberto Passos de Almeida (1967\/1968)<\/span><\/p><p><span style=\"color: #333333;\"><span style=\"color: #ba913d;\"><strong>\u00bb\u00a0\u00a0<\/strong><\/span>Valdomiro da Silva Silveira (30.01.68\/31.01.68)<\/span><\/p><p><span style=\"color: #333333;\"><span style=\"color: #ba913d;\"><strong>\u00bb\u00a0\u00a0<\/strong><\/span>Dar\u00edlio Santana de Jesus (1969)<\/span><\/p><p><span style=\"color: #333333;\"><span style=\"color: #ba913d;\"><strong>\u00bb\u00a0\u00a0<\/strong><\/span>Gerson Paes Coelho Maia (1970)<\/span><\/p><p><span style=\"color: #333333;\"><span style=\"color: #ba913d;\"><strong>\u00bb\u00a0\u00a0<\/strong><\/span>Jer\u00f3nimo de Andrade T\u00f4rres (1971)<\/span><\/p><p><span style=\"color: #333333;\"><span style=\"color: #ba913d;\"><strong>\u00bb\u00a0\u00a0<\/strong><\/span>Fernando Floriano Rocha (1972)<\/span><\/p><p><span style=\"color: #333333;\"><span style=\"color: #ba913d;\"><strong>\u00bb\u00a0\u00a0<\/strong><\/span>Jos\u00e9 Florisvaldo Eloy de Santana (1975\/1976)<\/span><\/p><p><span style=\"color: #333333;\"><span style=\"color: #ba913d;\"><strong>\u00bb\u00a0\u00a0<\/strong><\/span>Cl\u00e1udio Galv\u00e3o Pinto (1977\/1978)<\/span><\/p><p><span style=\"color: #333333;\"><span style=\"color: #ba913d;\"><strong>\u00bb\u00a0\u00a0<\/strong><\/span>Valtercio de Azevedo Cerqueira (1979\/1980)<\/span><\/p><p><span style=\"color: #333333;\"><span style=\"color: #ba913d;\"><strong>\u00bb\u00a0\u00a0<\/strong><\/span>Francisco Almeida Sampaio (1981\/1982)<\/span><\/p><p><span style=\"color: #333333;\"><span style=\"color: #ba913d;\"><strong>\u00bb\u00a0\u00a0<\/strong><\/span>Luciano da Silva Passos (1983\/1984)<\/span><\/p><p><span style=\"color: #333333;\"><span style=\"color: #ba913d;\"><strong>\u00bb\u00a0\u00a0<\/strong><\/span>Raimundo Oliveira Cruz (1985\/1986-1989\/1990)<\/span><\/p><p><span style=\"color: #333333;\"><span style=\"color: #ba913d;\"><strong>\u00bb\u00a0\u00a0<\/strong><\/span>Ant\u00f4nio Carlos Peixoto Barbosa (1987\/1988)<\/span><\/p><p><span style=\"color: #333333;\"><span style=\"color: #ba913d;\"><strong>\u00bb\u00a0\u00a0<\/strong><\/span>Edson Jos\u00e9 Ribeiro (1991\/1992)<\/span><\/p><p><span style=\"color: #333333;\"><span style=\"color: #ba913d;\"><strong>\u00bb\u00a0\u00a0<\/strong><\/span>Humberto Costa Brand\u00e3o (1993\/1994)<\/span><\/p><p><span style=\"color: #333333;\"><span style=\"color: #ba913d;\"><strong>\u00bb\u00a0\u00a0<\/strong><\/span>Luiz Carlos Assun\u00e7\u00e3o Costa (1995\/1996)<\/span><\/p><p><span style=\"color: #333333;\"><span style=\"color: #ba913d;\"><strong>\u00bb\u00a0\u00a0<\/strong><\/span>Washington Nogueira dos Santos (15.09.96\/31.12.96)<\/span><\/p><p><span style=\"color: #333333;\"><span style=\"color: #ba913d;\"><strong>\u00bb\u00a0\u00a0<\/strong><\/span>Jos\u00e9 Carlos Cerqueira Moraes (1997\/1998)<\/span><\/p><p><span style=\"color: #333333;\"><span style=\"color: #ba913d;\"><strong>\u00bb\u00a0\u00a0<\/strong><\/span>Alberto Jos\u00e9 Santana (1999\/2000)<\/span><\/p><p><span style=\"color: #333333;\"><span style=\"color: #ba913d;\"><strong>\u00bb\u00a0\u00a0<\/strong><\/span>M\u00e1rio Ara\u00fajo dos Santos (2001\/2002)<\/span><\/p><p><span style=\"color: #333333;\"><span style=\"color: #ba913d;\"><strong>\u00bb\u00a0\u00a0<\/strong><\/span>Ednaldo Jos\u00e9 Ribeiro (2003\/2004)<\/span><\/p><p><span style=\"color: #333333;\"><span style=\"color: #ba913d;\"><strong>\u00bb\u00a0\u00a0<\/strong><\/span>Alberto Jos\u00e9 Santana (2005\/2006)<\/span><\/p><p><span style=\"color: #333333;\"><span style=\"color: #ba913d;\"><strong>\u00bb\u00a0\u00a0<\/strong><\/span>Jos\u00e9 Carlos Gomes Vieira (2007\/2008)<\/span><\/p><p><span style=\"color: #333333;\"><span style=\"color: #ba913d;\"><strong>\u00bb\u00a0\u00a0<\/strong><\/span>Osvaldo Pereira da Paz (2009\/2010)<\/span><\/p><p><span style=\"color: #333333;\"><span style=\"color: #ba913d;\"><strong>\u00bb\u00a0\u00a0<\/strong><\/span>Max Passos (2011\/2012)<\/span><\/p><p><span style=\"color: #333333;\"><span style=\"color: #ba913d;\"><strong>\u00bb\u00a0\u00a0<\/strong><\/span>Edson Ribeiro (1991-1992 \/2013-2014 \/ 2015-2016)<\/span><\/p><p><span style=\"color: #333333;\"><span style=\"color: #ba913d;\"><strong>\u00bb\u00a0\u00a0<\/strong><\/span>Renan da Silva Gon\u00e7alves (2017-2018 \/ 2019-2020)<\/span><\/p><p><span style=\"color: #333333;\"><span style=\"color: #ba913d;\"><strong>\u00bb\u00a0\u00a0<\/strong><\/span>Thiago Chagas (2021-2022)<\/span><\/p>\t\t\t\t\t\t<\/div>\n\t\t\t\t<\/div>\n\t\t\t\t<div class=\"elementor-element elementor-element-086b7b9 elementor-widget elementor-widget-heading\" data-id=\"086b7b9\" data-element_type=\"widget\" data-widget_type=\"heading.default\">\n\t\t\t\t<div class=\"elementor-widget-container\">\n\t\t\t<style>\/*! elementor - v3.11.3 - 07-03-2023 *\/\n.elementor-heading-title{padding:0;margin:0;line-height:1}.elementor-widget-heading .elementor-heading-title[class*=elementor-size-]>a{color:inherit;font-size:inherit;line-height:inherit}.elementor-widget-heading .elementor-heading-title.elementor-size-small{font-size:15px}.elementor-widget-heading .elementor-heading-title.elementor-size-medium{font-size:19px}.elementor-widget-heading .elementor-heading-title.elementor-size-large{font-size:29px}.elementor-widget-heading .elementor-heading-title.elementor-size-xl{font-size:39px}.elementor-widget-heading .elementor-heading-title.elementor-size-xxl{font-size:59px}<\/style><h2 class=\"elementor-heading-title elementor-size-default\">Galeria de Fotos<\/h2>\t\t<\/div>\n\t\t\t\t<\/div>\n\t\t\t\t<div class=\"elementor-element elementor-element-9874073 elementor-arrows-position-inside elementor-pagination-position-outside elementor-widget elementor-widget-image-carousel\" data-id=\"9874073\" data-element_type=\"widget\" data-settings=\"{&quot;image_spacing_custom&quot;:{&quot;unit&quot;:&quot;px&quot;,&quot;size&quot;:5,&quot;sizes&quot;:[]},&quot;navigation&quot;:&quot;both&quot;,&quot;autoplay&quot;:&quot;yes&quot;,&quot;pause_on_hover&quot;:&quot;yes&quot;,&quot;pause_on_interaction&quot;:&quot;yes&quot;,&quot;autoplay_speed&quot;:5000,&quot;infinite&quot;:&quot;yes&quot;,&quot;speed&quot;:500,&quot;image_spacing_custom_tablet&quot;:{&quot;unit&quot;:&quot;px&quot;,&quot;size&quot;:&quot;&quot;,&quot;sizes&quot;:[]},&quot;image_spacing_custom_mobile&quot;:{&quot;unit&quot;:&quot;px&quot;,&quot;size&quot;:&quot;&quot;,&quot;sizes&quot;:[]}}\" data-widget_type=\"image-carousel.default\">\n\t\t\t\t<div class=\"elementor-widget-container\">\n\t\t\t<style>\/*! elementor - v3.11.3 - 07-03-2023 *\/\n.elementor-widget-image-carousel .swiper,.elementor-widget-image-carousel .swiper-container{position:static}.elementor-widget-image-carousel .swiper-container .swiper-slide figure,.elementor-widget-image-carousel .swiper .swiper-slide figure{line-height:inherit}.elementor-widget-image-carousel .swiper-slide{text-align:center}.elementor-image-carousel-wrapper:not(.swiper-container-initialized) .swiper-slide,.elementor-image-carousel-wrapper:not(.swiper-initialized) .swiper-slide{max-width:calc(100% \/ var(--e-image-carousel-slides-to-show, 3))}<\/style>\t\t<div class=\"elementor-image-carousel-wrapper swiper-container\" dir=\"ltr\">\n\t\t\t<div class=\"elementor-image-carousel swiper-wrapper\">\n\t\t\t\t\t\t\t\t<div class=\"swiper-slide\"><a data-elementor-open-lightbox=\"yes\" data-elementor-lightbox-slideshow=\"9874073\" data-elementor-lightbox-title=\"CAMARA MUNICIPAL DE CRUZ DAS ALMAS\" data-e-action-hash=\"#elementor-action%3Aaction%3Dlightbox%26settings%3DeyJpZCI6MzQ1NSwidXJsIjoiaHR0cHM6XC9cL21lbW9yaWFsZGVjcnV6ZGFzYWxtYXMuY29tLmJyXC9tZW1vcmlhbFwvd3AtY29udGVudFwvdXBsb2Fkc1wvMjAyMlwvMTFcLzE0MDIxODhfMTg0ODk4NDgxNzA1ODAzXzM1Mzg2NTM4OF9vLmpwZyIsInNsaWRlc2hvdyI6Ijk4NzQwNzMifQ%3D%3D\" href=\"https:\/\/memorialdecruzdasalmas.com.br\/memorial\/wp-content\/uploads\/2022\/11\/1402188_184898481705803_353865388_o.jpg\"><figure class=\"swiper-slide-inner\"><img decoding=\"async\" class=\"swiper-slide-image\" src=\"https:\/\/memorialdecruzdasalmas.com.br\/memorial\/wp-content\/uploads\/2022\/11\/1402188_184898481705803_353865388_o-791x420.jpg\" alt=\"CAMARA MUNICIPAL DE CRUZ DAS ALMAS\" \/><\/figure><\/a><\/div><div class=\"swiper-slide\"><a data-elementor-open-lightbox=\"yes\" data-elementor-lightbox-slideshow=\"9874073\" data-elementor-lightbox-title=\"CAMARA MUNICIPAL DE CRUZ DAS ALMAS\" data-e-action-hash=\"#elementor-action%3Aaction%3Dlightbox%26settings%3DeyJpZCI6MzM4OCwidXJsIjoiaHR0cHM6XC9cL21lbW9yaWFsZGVjcnV6ZGFzYWxtYXMuY29tLmJyXC9tZW1vcmlhbFwvd3AtY29udGVudFwvdXBsb2Fkc1wvMjAyMlwvMTFcL0NBTUFSQS1NVU5JQ0lQQUwuanBnIiwic2xpZGVzaG93IjoiOTg3NDA3MyJ9\" href=\"https:\/\/memorialdecruzdasalmas.com.br\/memorial\/wp-content\/uploads\/2022\/11\/CAMARA-MUNICIPAL.jpg\"><figure class=\"swiper-slide-inner\"><img decoding=\"async\" class=\"swiper-slide-image\" src=\"https:\/\/memorialdecruzdasalmas.com.br\/memorial\/wp-content\/uploads\/2022\/11\/CAMARA-MUNICIPAL-791x420.jpg\" alt=\"CAMARA MUNICIPAL DE CRUZ DAS ALMAS\" \/><\/figure><\/a><\/div><div class=\"swiper-slide\"><a data-elementor-open-lightbox=\"yes\" data-elementor-lightbox-slideshow=\"9874073\" data-elementor-lightbox-title=\"CAMARA MUNICIPAL DE CRUZ DAS ALMAS\" data-e-action-hash=\"#elementor-action%3Aaction%3Dlightbox%26settings%3DeyJpZCI6MzQyMSwidXJsIjoiaHR0cHM6XC9cL21lbW9yaWFsZGVjcnV6ZGFzYWxtYXMuY29tLmJyXC9tZW1vcmlhbFwvd3AtY29udGVudFwvdXBsb2Fkc1wvMjAyMlwvMTFcL0NhbWFyYS1jcnV6LWRhcy1hbG1hcy0xLmpwZyIsInNsaWRlc2hvdyI6Ijk4NzQwNzMifQ%3D%3D\" href=\"https:\/\/memorialdecruzdasalmas.com.br\/memorial\/wp-content\/uploads\/2022\/11\/Camara-cruz-das-almas-1.jpg\"><figure class=\"swiper-slide-inner\"><img decoding=\"async\" class=\"swiper-slide-image\" src=\"https:\/\/memorialdecruzdasalmas.com.br\/memorial\/wp-content\/uploads\/2022\/11\/Camara-cruz-das-almas-1.jpg\" alt=\"CAMARA MUNICIPAL DE CRUZ DAS ALMAS\" \/><\/figure><\/a><\/div><div class=\"swiper-slide\"><a data-elementor-open-lightbox=\"yes\" data-elementor-lightbox-slideshow=\"9874073\" data-elementor-lightbox-title=\"CAMARA MUNICIPAL DE CRUZ DAS ALMAS\" data-e-action-hash=\"#elementor-action%3Aaction%3Dlightbox%26settings%3DeyJpZCI6MzQyMiwidXJsIjoiaHR0cHM6XC9cL21lbW9yaWFsZGVjcnV6ZGFzYWxtYXMuY29tLmJyXC9tZW1vcmlhbFwvd3AtY29udGVudFwvdXBsb2Fkc1wvMjAyMlwvMTFcL0NhbWFyYS1jcnV6LWRhcy1hbG1hcy0yLmpwZyIsInNsaWRlc2hvdyI6Ijk4NzQwNzMifQ%3D%3D\" href=\"https:\/\/memorialdecruzdasalmas.com.br\/memorial\/wp-content\/uploads\/2022\/11\/Camara-cruz-das-almas-2.jpg\"><figure class=\"swiper-slide-inner\"><img decoding=\"async\" class=\"swiper-slide-image\" src=\"https:\/\/memorialdecruzdasalmas.com.br\/memorial\/wp-content\/uploads\/2022\/11\/Camara-cruz-das-almas-2-791x420.jpg\" alt=\"CAMARA MUNICIPAL DE CRUZ DAS ALMAS\" \/><\/figure><\/a><\/div><div class=\"swiper-slide\"><a data-elementor-open-lightbox=\"yes\" data-elementor-lightbox-slideshow=\"9874073\" data-elementor-lightbox-title=\"CAMARA MUNICIPAL DE CRUZ DAS ALMAS\" data-e-action-hash=\"#elementor-action%3Aaction%3Dlightbox%26settings%3DeyJpZCI6MzQyMCwidXJsIjoiaHR0cHM6XC9cL21lbW9yaWFsZGVjcnV6ZGFzYWxtYXMuY29tLmJyXC9tZW1vcmlhbFwvd3AtY29udGVudFwvdXBsb2Fkc1wvMjAyMlwvMTFcL0lNR18yMDIxMDMxNl8wOTI2MThfY29weV84MDB4NTM0LmpwZyIsInNsaWRlc2hvdyI6Ijk4NzQwNzMifQ%3D%3D\" href=\"https:\/\/memorialdecruzdasalmas.com.br\/memorial\/wp-content\/uploads\/2022\/11\/IMG_20210316_092618_copy_800x534.jpg\"><figure class=\"swiper-slide-inner\"><img decoding=\"async\" class=\"swiper-slide-image\" src=\"https:\/\/memorialdecruzdasalmas.com.br\/memorial\/wp-content\/uploads\/2022\/11\/IMG_20210316_092618_copy_800x534-791x420.jpg\" alt=\"CAMARA MUNICIPAL DE CRUZ DAS ALMAS\" \/><\/figure><\/a><\/div><div class=\"swiper-slide\"><a data-elementor-open-lightbox=\"yes\" data-elementor-lightbox-slideshow=\"9874073\" data-elementor-lightbox-title=\"CAMARA MUNICIPAL DE CRUZ DAS ALMAS\" data-e-action-hash=\"#elementor-action%3Aaction%3Dlightbox%26settings%3DeyJpZCI6MzQ1NiwidXJsIjoiaHR0cHM6XC9cL21lbW9yaWFsZGVjcnV6ZGFzYWxtYXMuY29tLmJyXC9tZW1vcmlhbFwvd3AtY29udGVudFwvdXBsb2Fkc1wvMjAyMlwvMTFcLzU4YzFhZjdiMTlhNzUtMi5qcGciLCJzbGlkZXNob3ciOiI5ODc0MDczIn0%3D\" href=\"https:\/\/memorialdecruzdasalmas.com.br\/memorial\/wp-content\/uploads\/2022\/11\/58c1af7b19a75-2.jpg\"><figure class=\"swiper-slide-inner\"><img decoding=\"async\" class=\"swiper-slide-image\" src=\"https:\/\/memorialdecruzdasalmas.com.br\/memorial\/wp-content\/uploads\/2022\/11\/58c1af7b19a75-2-791x420.jpg\" alt=\"CAMARA MUNICIPAL DE CRUZ DAS ALMAS\" \/><\/figure><\/a><\/div><div class=\"swiper-slide\"><a data-elementor-open-lightbox=\"yes\" data-elementor-lightbox-slideshow=\"9874073\" data-elementor-lightbox-title=\"CAMARA MUNICIPAL DE CRUZ DAS ALMAS\" data-e-action-hash=\"#elementor-action%3Aaction%3Dlightbox%26settings%3DeyJpZCI6MzQ1NywidXJsIjoiaHR0cHM6XC9cL21lbW9yaWFsZGVjcnV6ZGFzYWxtYXMuY29tLmJyXC9tZW1vcmlhbFwvd3AtY29udGVudFwvdXBsb2Fkc1wvMjAyMlwvMTFcLzU4YzFhZjc5NzVhOGYtMi5qcGciLCJzbGlkZXNob3ciOiI5ODc0MDczIn0%3D\" href=\"https:\/\/memorialdecruzdasalmas.com.br\/memorial\/wp-content\/uploads\/2022\/11\/58c1af7975a8f-2.jpg\"><figure class=\"swiper-slide-inner\"><img decoding=\"async\" class=\"swiper-slide-image\" src=\"https:\/\/memorialdecruzdasalmas.com.br\/memorial\/wp-content\/uploads\/2022\/11\/58c1af7975a8f-2-791x420.jpg\" alt=\"CAMARA MUNICIPAL DE CRUZ DAS ALMAS\" \/><\/figure><\/a><\/div>\t\t\t<\/div>\n\t\t\t\t\t\t\t\t\t\t\t\t<div class=\"swiper-pagination\"><\/div>\n\t\t\t\t\t\t\t\t\t\t\t\t\t<div class=\"elementor-swiper-button elementor-swiper-button-prev\">\n\t\t\t\t\t\t<i aria-hidden=\"true\" class=\"eicon-chevron-left\"><\/i>\t\t\t\t\t\t<span class=\"elementor-screen-only\">Anterior<\/span>\n\t\t\t\t\t<\/div>\n\t\t\t\t\t<div class=\"elementor-swiper-button elementor-swiper-button-next\">\n\t\t\t\t\t\t<i aria-hidden=\"true\" class=\"eicon-chevron-right\"><\/i>\t\t\t\t\t\t<span class=\"elementor-screen-only\">Pr\u00f3ximo<\/span>\n\t\t\t\t\t<\/div>\n\t\t\t\t\t\t\t\t\t<\/div>\n\t\t\t\t<\/div>\n\t\t\t\t<\/div>\n\t\t\t\t\t<\/div>\n\t\t<\/div>\n\t\t\t\t\t\t\t<\/div>\n\t\t<\/section>\n\t\t\t\t<section class=\"elementor-section elementor-top-section elementor-element elementor-element-4faf8cb elementor-section-boxed elementor-section-height-default elementor-section-height-default\" data-id=\"4faf8cb\" data-element_type=\"section\" data-settings=\"{&quot;background_background&quot;:&quot;classic&quot;}\">\n\t\t\t\t\t\t<div class=\"elementor-container elementor-column-gap-default\">\n\t\t\t\t\t<div class=\"elementor-column elementor-col-100 elementor-top-column elementor-element elementor-element-99ca983\" data-id=\"99ca983\" data-element_type=\"column\">\n\t\t\t<div class=\"elementor-widget-wrap elementor-element-populated\">\n\t\t\t\t\t\t\t\t<div class=\"elementor-element elementor-element-07c34b8 elementor-widget elementor-widget-heading\" data-id=\"07c34b8\" data-element_type=\"widget\" data-widget_type=\"heading.default\">\n\t\t\t\t<div class=\"elementor-widget-container\">\n\t\t\t<h3 class=\"elementor-heading-title elementor-size-default\">ALGUNS PRESIDENTES <\/h3>\t\t<\/div>\n\t\t\t\t<\/div>\n\t\t\t\t<section class=\"elementor-section elementor-inner-section elementor-element elementor-element-90c4187 elementor-section-boxed elementor-section-height-default elementor-section-height-default\" data-id=\"90c4187\" data-element_type=\"section\" data-settings=\"{&quot;background_background&quot;:&quot;gradient&quot;}\">\n\t\t\t\t\t\t<div class=\"elementor-container elementor-column-gap-default\">\n\t\t\t\t\t<div class=\"elementor-column elementor-col-33 elementor-inner-column elementor-element elementor-element-c437aa7\" data-id=\"c437aa7\" data-element_type=\"column\">\n\t\t\t<div class=\"elementor-widget-wrap elementor-element-populated\">\n\t\t\t\t\t\t\t\t<div class=\"elementor-element elementor-element-d9bfd51 elementor-widget elementor-widget-image\" data-id=\"d9bfd51\" data-element_type=\"widget\" data-widget_type=\"image.default\">\n\t\t\t\t<div class=\"elementor-widget-container\">\n\t\t\t<style>\/*! elementor - v3.11.3 - 07-03-2023 *\/\n.elementor-widget-image{text-align:center}.elementor-widget-image a{display:inline-block}.elementor-widget-image a img[src$=\".svg\"]{width:48px}.elementor-widget-image img{vertical-align:middle;display:inline-block}<\/style>\t\t\t\t\t\t\t\t\t\t\t\t\t<a href=\"https:\/\/memorialdecruzdasalmas.com.br\/memorial\/wp-content\/uploads\/2023\/02\/Themistocles-da-R.-Passos.jpg\" data-elementor-open-lightbox=\"yes\" data-elementor-lightbox-title=\"Themistocles da R. Passos\" data-e-action-hash=\"#elementor-action%3Aaction%3Dlightbox%26settings%3DeyJpZCI6NTM1NCwidXJsIjoiaHR0cHM6XC9cL21lbW9yaWFsZGVjcnV6ZGFzYWxtYXMuY29tLmJyXC9tZW1vcmlhbFwvd3AtY29udGVudFwvdXBsb2Fkc1wvMjAyM1wvMDJcL1RoZW1pc3RvY2xlcy1kYS1SLi1QYXNzb3MuanBnIn0%3D\">\n\t\t\t\t\t\t\t<img decoding=\"async\" width=\"463\" height=\"600\" src=\"https:\/\/memorialdecruzdasalmas.com.br\/memorial\/wp-content\/uploads\/2023\/02\/Themistocles-da-R.-Passos.jpg\" class=\"attachment-large size-large wp-image-5354\" alt=\"\" srcset=\"https:\/\/memorialdecruzdasalmas.com.br\/memorial\/wp-content\/uploads\/2023\/02\/Themistocles-da-R.-Passos.jpg 463w, https:\/\/memorialdecruzdasalmas.com.br\/memorial\/wp-content\/uploads\/2023\/02\/Themistocles-da-R.-Passos-232x300.jpg 232w\" sizes=\"(max-width: 463px) 100vw, 463px\" \/>\t\t\t\t\t\t\t\t<\/a>\n\t\t\t\t\t\t\t\t\t\t\t\t\t\t\t<\/div>\n\t\t\t\t<\/div>\n\t\t\t\t\t<\/div>\n\t\t<\/div>\n\t\t\t\t<div class=\"elementor-column elementor-col-33 elementor-inner-column elementor-element elementor-element-26f9987\" data-id=\"26f9987\" data-element_type=\"column\">\n\t\t\t<div class=\"elementor-widget-wrap elementor-element-populated\">\n\t\t\t\t\t\t\t\t<div class=\"elementor-element elementor-element-a29a89f elementor-widget elementor-widget-text-editor\" data-id=\"a29a89f\" data-element_type=\"widget\" data-widget_type=\"text-editor.default\">\n\t\t\t\t<div class=\"elementor-widget-container\">\n\t\t\t\t\t\t\t<p style=\"text-align: left;\">Them\u00edstocles da Rocha Passos (1\u00b0 Presidente \u2014 1897)<\/p>\t\t\t\t\t\t<\/div>\n\t\t\t\t<\/div>\n\t\t\t\t\t<\/div>\n\t\t<\/div>\n\t\t\t\t<div class=\"elementor-column elementor-col-33 elementor-inner-column elementor-element elementor-element-f6ee3e9\" data-id=\"f6ee3e9\" data-element_type=\"column\">\n\t\t\t<div class=\"elementor-widget-wrap elementor-element-populated\">\n\t\t\t\t\t\t\t\t<div class=\"elementor-element elementor-element-fe678ac elementor-widget elementor-widget-toggle\" data-id=\"fe678ac\" data-element_type=\"widget\" data-widget_type=\"toggle.default\">\n\t\t\t\t<div class=\"elementor-widget-container\">\n\t\t\t\t\t<div class=\"elementor-toggle\" role=\"tablist\">\n\t\t\t\t\t\t\t<div class=\"elementor-toggle-item\">\n\t\t\t\t\t<div id=\"elementor-tab-title-2661\" class=\"elementor-tab-title\" data-tab=\"1\" role=\"tab\" aria-controls=\"elementor-tab-content-2661\" aria-expanded=\"false\">\n\t\t\t\t\t\t\t\t\t\t\t\t<span class=\"elementor-toggle-icon elementor-toggle-icon-left\" aria-hidden=\"true\">\n\t\t\t\t\t\t\t\t\t\t\t\t\t\t\t<span class=\"elementor-toggle-icon-closed\"><i class=\"fas fa-plus\"><\/i><\/span>\n\t\t\t\t\t\t\t\t<span class=\"elementor-toggle-icon-opened\"><i class=\"elementor-toggle-icon-opened fas fa-minus\"><\/i><\/span>\n\t\t\t\t\t\t\t\t\t\t\t\t\t<\/span>\n\t\t\t\t\t\t\t\t\t\t\t\t<a href=\"\" class=\"elementor-toggle-title\">Biografia<\/a>\n\t\t\t\t\t<\/div>\n\n\t\t\t\t\t<div id=\"elementor-tab-content-2661\" class=\"elementor-tab-content elementor-clearfix\" data-tab=\"1\" role=\"tabpanel\" aria-labelledby=\"elementor-tab-title-2661\"><p><span style=\"color: #333333;\">Tem\u00edstocles da Rocha Passos, o patriarca da emancipa\u00e7\u00e3o pol\u00edtica de Cruz das Almas, foi um grande cidad\u00e3o que possui um lugar de destaque entre os ilustres filhos desta terra, sendo um benem\u00e9rito do nosso munic\u00edpio, pontificando como o mais importante pol\u00edtico local.<\/span><\/p><p><span style=\"color: #333333;\">Them\u00edstocles da Rocha Passos (como era escrito na grafia da \u00e9poca) nasceu na antiga freguesia de Nossa Senhora do Bonsucesso de Cruz das Almas, hoje Cruz das Almas, e aqui foi batizado no dia 29 de agosto de 1832. Na ocasi\u00e3o,\u00a0 Cruz das Almas pertencia a ent\u00e3o Vila de Nossa Senhora do Ros\u00e1rio do Porto de Cachoeira, hoje cidade de Cachoeira. Era filho leg\u00edtimo de Manoel Caetano de Oliveira Passos e de Balbina Maria do Amor Divino.<\/span><\/p><p><span style=\"color: #333333;\">Era casado com D. Jacinta Veloso da Rocha Passos. Do casal nasceram: Alfredo Passos, Alberto Passos, Alarico, Manoel Caetano, Angelita, Albertina, Ad\u00e9lia e Alice.<\/span><\/p><p><span style=\"color: #333333;\">A atividade pol\u00edtica foi seu fasc\u00ednio e, come\u00e7ando muito jovem, seguindo durante toda a vida, exercitou-a com grande talento. Tem\u00edstocles da Rocha Passos exerceu os seguintes cargos pol\u00edticos: Vereador do munic\u00edpio de Cachoeira, Presidente da C\u00e2mara Municipal de Cachoeira, Deputado, Membro do Conselho Municipal de S\u00e3o F\u00e9lix nomeado e Conselheiro Municipal de S\u00e3o F\u00e9lix eleito, Presidente do Conselho Municipal de S\u00e3o F\u00e9lix, Senador Estadual, Conselheiro Municipal de Cruz das Almas, Presidente do Conselho Municipal de Cruz das Almas, Intendente de Cruz das Almas. Al\u00e9m disso, era coronel da Guarda Nacional e Comendador da Ordem Imperial de Nosso Senhor Jesus Cristo, t\u00edtulo que lhe fora dado pelo Imperador Pedro II, em 25 de maio de 1883. Quando foi proclamada a Rep\u00fablica, estava aguardando receber o t\u00edtulo de Bar\u00e3o do Rio Areia.<\/span><\/p><p><span style=\"color: #333333;\">Tem\u00edstocles faleceu em Cruz das Almas, no dia 14 de novembro de 1910.<\/span><\/p><p><span style=\"color: #333333;\">Como homenagens, o pr\u00e9dio escolar inaugurado em 1936 recebeu seu nome; em 10 de maio de 1955, atrav\u00e9s da lei n\u00b0 72, teve seu nome dado \u00e0 pra\u00e7a central de Cruz das Almas, a Pra\u00e7a Senador Tem\u00edstocles; e, h\u00e1 tamb\u00e9m em S\u00e3o F\u00e9lix, em reconhecimento pelo muito que fez por aquele munic\u00edpio, uma das suas principais ruas com o nome Senador Tem\u00edstocles.<\/span><\/p><\/div>\n\t\t\t\t<\/div>\n\t\t\t\t\t\t\t\t\t\t<script type=\"application\/ld+json\">{\"@context\":\"https:\\\/\\\/schema.org\",\"@type\":\"FAQPage\",\"mainEntity\":[{\"@type\":\"Question\",\"name\":\"Biografia\",\"acceptedAnswer\":{\"@type\":\"Answer\",\"text\":\"<p><span style=\\\"color: #333333;\\\">Tem\\u00edstocles da Rocha Passos, o patriarca da emancipa\\u00e7\\u00e3o pol\\u00edtica de Cruz das Almas, foi um grande cidad\\u00e3o que possui um lugar de destaque entre os ilustres filhos desta terra, sendo um benem\\u00e9rito do nosso munic\\u00edpio, pontificando como o mais importante pol\\u00edtico local.<\\\/span><\\\/p><p><span style=\\\"color: #333333;\\\">Them\\u00edstocles da Rocha Passos (como era escrito na grafia da \\u00e9poca) nasceu na antiga freguesia de Nossa Senhora do Bonsucesso de Cruz das Almas, hoje Cruz das Almas, e aqui foi batizado no dia 29 de agosto de 1832. Na ocasi\\u00e3o,\\u00a0 Cruz das Almas pertencia a ent\\u00e3o Vila de Nossa Senhora do Ros\\u00e1rio do Porto de Cachoeira, hoje cidade de Cachoeira. Era filho leg\\u00edtimo de Manoel Caetano de Oliveira Passos e de Balbina Maria do Amor Divino.<\\\/span><\\\/p><p><span style=\\\"color: #333333;\\\">Era casado com D. Jacinta Veloso da Rocha Passos. Do casal nasceram: Alfredo Passos, Alberto Passos, Alarico, Manoel Caetano, Angelita, Albertina, Ad\\u00e9lia e Alice.<\\\/span><\\\/p><p><span style=\\\"color: #333333;\\\">A atividade pol\\u00edtica foi seu fasc\\u00ednio e, come\\u00e7ando muito jovem, seguindo durante toda a vida, exercitou-a com grande talento. Tem\\u00edstocles da Rocha Passos exerceu os seguintes cargos pol\\u00edticos: Vereador do munic\\u00edpio de Cachoeira, Presidente da C\\u00e2mara Municipal de Cachoeira, Deputado, Membro do Conselho Municipal de S\\u00e3o F\\u00e9lix nomeado e Conselheiro Municipal de S\\u00e3o F\\u00e9lix eleito, Presidente do Conselho Municipal de S\\u00e3o F\\u00e9lix, Senador Estadual, Conselheiro Municipal de Cruz das Almas, Presidente do Conselho Municipal de Cruz das Almas, Intendente de Cruz das Almas. Al\\u00e9m disso, era coronel da Guarda Nacional e Comendador da Ordem Imperial de Nosso Senhor Jesus Cristo, t\\u00edtulo que lhe fora dado pelo Imperador Pedro II, em 25 de maio de 1883. Quando foi proclamada a Rep\\u00fablica, estava aguardando receber o t\\u00edtulo de Bar\\u00e3o do Rio Areia.<\\\/span><\\\/p><p><span style=\\\"color: #333333;\\\">Tem\\u00edstocles faleceu em Cruz das Almas, no dia 14 de novembro de 1910.<\\\/span><\\\/p><p><span style=\\\"color: #333333;\\\">Como homenagens, o pr\\u00e9dio escolar inaugurado em 1936 recebeu seu nome; em 10 de maio de 1955, atrav\\u00e9s da lei n\\u00b0 72, teve seu nome dado \\u00e0 pra\\u00e7a central de Cruz das Almas, a Pra\\u00e7a Senador Tem\\u00edstocles; e, h\\u00e1 tamb\\u00e9m em S\\u00e3o F\\u00e9lix, em reconhecimento pelo muito que fez por aquele munic\\u00edpio, uma das suas principais ruas com o nome Senador Tem\\u00edstocles.<\\\/span><\\\/p>\"}}]}<\/script>\n\t\t\t\t\t<\/div>\n\t\t\t\t<\/div>\n\t\t\t\t<\/div>\n\t\t\t\t\t<\/div>\n\t\t<\/div>\n\t\t\t\t\t\t\t<\/div>\n\t\t<\/section>\n\t\t\t\t<section class=\"elementor-section elementor-inner-section elementor-element elementor-element-025c11d elementor-section-boxed elementor-section-height-default elementor-section-height-default\" data-id=\"025c11d\" data-element_type=\"section\" data-settings=\"{&quot;background_background&quot;:&quot;gradient&quot;}\">\n\t\t\t\t\t\t<div class=\"elementor-container elementor-column-gap-default\">\n\t\t\t\t\t<div class=\"elementor-column elementor-col-33 elementor-inner-column elementor-element elementor-element-3b354a1\" data-id=\"3b354a1\" data-element_type=\"column\">\n\t\t\t<div class=\"elementor-widget-wrap elementor-element-populated\">\n\t\t\t\t\t\t\t\t<div class=\"elementor-element elementor-element-80467d7 elementor-widget elementor-widget-image\" data-id=\"80467d7\" data-element_type=\"widget\" data-widget_type=\"image.default\">\n\t\t\t\t<div class=\"elementor-widget-container\">\n\t\t\t\t\t\t\t\t\t\t\t\t\t\t\t\t<a href=\"https:\/\/memorialdecruzdasalmas.com.br\/memorial\/wp-content\/uploads\/2022\/11\/Comendador-Temistocles-da-R.-Passos.jpg\" data-elementor-open-lightbox=\"yes\" data-elementor-lightbox-title=\"Comendador Temistocles da R. Passos\" data-e-action-hash=\"#elementor-action%3Aaction%3Dlightbox%26settings%3DeyJpZCI6MzMzNSwidXJsIjoiaHR0cHM6XC9cL21lbW9yaWFsZGVjcnV6ZGFzYWxtYXMuY29tLmJyXC9tZW1vcmlhbFwvd3AtY29udGVudFwvdXBsb2Fkc1wvMjAyMlwvMTFcL0NvbWVuZGFkb3ItVGVtaXN0b2NsZXMtZGEtUi4tUGFzc29zLmpwZyJ9\">\n\t\t\t\t\t\t\t<img decoding=\"async\" width=\"386\" height=\"500\" src=\"https:\/\/memorialdecruzdasalmas.com.br\/memorial\/wp-content\/uploads\/2022\/11\/Comendador-Temistocles-da-R.-Passos.jpg\" class=\"attachment-large size-large wp-image-3335\" alt=\"\" srcset=\"https:\/\/memorialdecruzdasalmas.com.br\/memorial\/wp-content\/uploads\/2022\/11\/Comendador-Temistocles-da-R.-Passos.jpg 386w, https:\/\/memorialdecruzdasalmas.com.br\/memorial\/wp-content\/uploads\/2022\/11\/Comendador-Temistocles-da-R.-Passos-232x300.jpg 232w\" sizes=\"(max-width: 386px) 100vw, 386px\" \/>\t\t\t\t\t\t\t\t<\/a>\n\t\t\t\t\t\t\t\t\t\t\t\t\t\t\t<\/div>\n\t\t\t\t<\/div>\n\t\t\t\t\t<\/div>\n\t\t<\/div>\n\t\t\t\t<div class=\"elementor-column elementor-col-33 elementor-inner-column elementor-element elementor-element-046e5d7\" data-id=\"046e5d7\" data-element_type=\"column\">\n\t\t\t<div class=\"elementor-widget-wrap elementor-element-populated\">\n\t\t\t\t\t\t\t\t<div class=\"elementor-element elementor-element-b02d226 elementor-widget elementor-widget-text-editor\" data-id=\"b02d226\" data-element_type=\"widget\" data-widget_type=\"text-editor.default\">\n\t\t\t\t<div class=\"elementor-widget-container\">\n\t\t\t\t\t\t\t<p style=\"text-align: left;\">Alberto Velloso da Rocha Passos (1901)<\/p>\t\t\t\t\t\t<\/div>\n\t\t\t\t<\/div>\n\t\t\t\t\t<\/div>\n\t\t<\/div>\n\t\t\t\t<div class=\"elementor-column elementor-col-33 elementor-inner-column elementor-element elementor-element-921d304\" data-id=\"921d304\" data-element_type=\"column\">\n\t\t\t<div class=\"elementor-widget-wrap elementor-element-populated\">\n\t\t\t\t\t\t\t\t<div class=\"elementor-element elementor-element-3fc6363 elementor-widget elementor-widget-toggle\" data-id=\"3fc6363\" data-element_type=\"widget\" data-widget_type=\"toggle.default\">\n\t\t\t\t<div class=\"elementor-widget-container\">\n\t\t\t\t\t<div class=\"elementor-toggle\" role=\"tablist\">\n\t\t\t\t\t\t\t<div class=\"elementor-toggle-item\">\n\t\t\t\t\t<div id=\"elementor-tab-title-6681\" class=\"elementor-tab-title\" data-tab=\"1\" role=\"tab\" aria-controls=\"elementor-tab-content-6681\" aria-expanded=\"false\">\n\t\t\t\t\t\t\t\t\t\t\t\t<span class=\"elementor-toggle-icon elementor-toggle-icon-left\" aria-hidden=\"true\">\n\t\t\t\t\t\t\t\t\t\t\t\t\t\t\t<span class=\"elementor-toggle-icon-closed\"><i class=\"fas fa-plus\"><\/i><\/span>\n\t\t\t\t\t\t\t\t<span class=\"elementor-toggle-icon-opened\"><i class=\"elementor-toggle-icon-opened fas fa-minus\"><\/i><\/span>\n\t\t\t\t\t\t\t\t\t\t\t\t\t<\/span>\n\t\t\t\t\t\t\t\t\t\t\t\t<a href=\"\" class=\"elementor-toggle-title\">Biografia<\/a>\n\t\t\t\t\t<\/div>\n\n\t\t\t\t\t<div id=\"elementor-tab-content-6681\" class=\"elementor-tab-content elementor-clearfix\" data-tab=\"1\" role=\"tabpanel\" aria-labelledby=\"elementor-tab-title-6681\"><p>O Major Alberto, filho do Senador Tem\u00edstocles da Rocha Passos e de Dona Jacinta Veloso da Rocha Passos, foi eleito Intendente de Cruz das Almas pela primeira vez na quarta elei\u00e7\u00e3o do munic\u00edpio, realizada no dia 28 de janeiro de 1903, com 468 votos, tomando posse no dia 10 de janeiro de 1904, governando at\u00e9 1907. Reassumiu o poder municipal em 31 de maio de 1909, e governando o munic\u00edpio at\u00e9 29 de agosto do mesmo ano.<\/p><\/div>\n\t\t\t\t<\/div>\n\t\t\t\t\t\t\t\t\t\t<script type=\"application\/ld+json\">{\"@context\":\"https:\\\/\\\/schema.org\",\"@type\":\"FAQPage\",\"mainEntity\":[{\"@type\":\"Question\",\"name\":\"Biografia\",\"acceptedAnswer\":{\"@type\":\"Answer\",\"text\":\"<p>O Major Alberto, filho do Senador Tem\\u00edstocles da Rocha Passos e de Dona Jacinta Veloso da Rocha Passos, foi eleito Intendente de Cruz das Almas pela primeira vez na quarta elei\\u00e7\\u00e3o do munic\\u00edpio, realizada no dia 28 de janeiro de 1903, com 468 votos, tomando posse no dia 10 de janeiro de 1904, governando at\\u00e9 1907. Reassumiu o poder municipal em 31 de maio de 1909, e governando o munic\\u00edpio at\\u00e9 29 de agosto do mesmo ano.<\\\/p>\"}}]}<\/script>\n\t\t\t\t\t<\/div>\n\t\t\t\t<\/div>\n\t\t\t\t<\/div>\n\t\t\t\t\t<\/div>\n\t\t<\/div>\n\t\t\t\t\t\t\t<\/div>\n\t\t<\/section>\n\t\t\t\t<section class=\"elementor-section elementor-inner-section elementor-element elementor-element-738e0c8 elementor-section-boxed elementor-section-height-default elementor-section-height-default\" data-id=\"738e0c8\" data-element_type=\"section\" data-settings=\"{&quot;background_background&quot;:&quot;gradient&quot;}\">\n\t\t\t\t\t\t<div class=\"elementor-container elementor-column-gap-default\">\n\t\t\t\t\t<div class=\"elementor-column elementor-col-33 elementor-inner-column elementor-element elementor-element-4f37e92\" data-id=\"4f37e92\" data-element_type=\"column\">\n\t\t\t<div class=\"elementor-widget-wrap elementor-element-populated\">\n\t\t\t\t\t\t\t\t<div class=\"elementor-element elementor-element-0638ce7 elementor-widget elementor-widget-image\" data-id=\"0638ce7\" data-element_type=\"widget\" data-widget_type=\"image.default\">\n\t\t\t\t<div class=\"elementor-widget-container\">\n\t\t\t\t\t\t\t\t\t\t\t\t\t\t\t\t<a href=\"https:\/\/memorialdecruzdasalmas.com.br\/memorial\/wp-content\/uploads\/2022\/11\/camera.jpg\" data-elementor-open-lightbox=\"yes\" data-elementor-lightbox-title=\"Foto 2\" data-e-action-hash=\"#elementor-action%3Aaction%3Dlightbox%26settings%3DeyJpZCI6MzM2MywidXJsIjoiaHR0cHM6XC9cL21lbW9yaWFsZGVjcnV6ZGFzYWxtYXMuY29tLmJyXC9tZW1vcmlhbFwvd3AtY29udGVudFwvdXBsb2Fkc1wvMjAyMlwvMTFcL2NhbWVyYS5qcGcifQ%3D%3D\">\n\t\t\t\t\t\t\t<img decoding=\"async\" width=\"386\" height=\"500\" src=\"https:\/\/memorialdecruzdasalmas.com.br\/memorial\/wp-content\/uploads\/2022\/11\/camera.jpg\" class=\"attachment-large size-large wp-image-3363\" alt=\"\" srcset=\"https:\/\/memorialdecruzdasalmas.com.br\/memorial\/wp-content\/uploads\/2022\/11\/camera.jpg 386w, https:\/\/memorialdecruzdasalmas.com.br\/memorial\/wp-content\/uploads\/2022\/11\/camera-232x300.jpg 232w\" sizes=\"(max-width: 386px) 100vw, 386px\" \/>\t\t\t\t\t\t\t\t<\/a>\n\t\t\t\t\t\t\t\t\t\t\t\t\t\t\t<\/div>\n\t\t\t\t<\/div>\n\t\t\t\t\t<\/div>\n\t\t<\/div>\n\t\t\t\t<div class=\"elementor-column elementor-col-33 elementor-inner-column elementor-element elementor-element-6046085\" data-id=\"6046085\" data-element_type=\"column\">\n\t\t\t<div class=\"elementor-widget-wrap elementor-element-populated\">\n\t\t\t\t\t\t\t\t<div class=\"elementor-element elementor-element-774a4a2 elementor-widget elementor-widget-text-editor\" data-id=\"774a4a2\" data-element_type=\"widget\" data-widget_type=\"text-editor.default\">\n\t\t\t\t<div class=\"elementor-widget-container\">\n\t\t\t\t\t\t\t<p style=\"text-align: left;\">Leopoldo Cezarano (1903)<\/p>\t\t\t\t\t\t<\/div>\n\t\t\t\t<\/div>\n\t\t\t\t\t<\/div>\n\t\t<\/div>\n\t\t\t\t<div class=\"elementor-column elementor-col-33 elementor-inner-column elementor-element elementor-element-732f8ec\" data-id=\"732f8ec\" data-element_type=\"column\">\n\t\t\t<div class=\"elementor-widget-wrap elementor-element-populated\">\n\t\t\t\t\t\t\t\t<div class=\"elementor-element elementor-element-0ac0fe1 elementor-widget elementor-widget-toggle\" data-id=\"0ac0fe1\" data-element_type=\"widget\" data-widget_type=\"toggle.default\">\n\t\t\t\t<div class=\"elementor-widget-container\">\n\t\t\t\t\t<div class=\"elementor-toggle\" role=\"tablist\">\n\t\t\t\t\t\t\t<div class=\"elementor-toggle-item\">\n\t\t\t\t\t<div id=\"elementor-tab-title-1121\" class=\"elementor-tab-title\" data-tab=\"1\" role=\"tab\" aria-controls=\"elementor-tab-content-1121\" aria-expanded=\"false\">\n\t\t\t\t\t\t\t\t\t\t\t\t<span class=\"elementor-toggle-icon elementor-toggle-icon-left\" aria-hidden=\"true\">\n\t\t\t\t\t\t\t\t\t\t\t\t\t\t\t<span class=\"elementor-toggle-icon-closed\"><i class=\"fas fa-plus\"><\/i><\/span>\n\t\t\t\t\t\t\t\t<span class=\"elementor-toggle-icon-opened\"><i class=\"elementor-toggle-icon-opened fas fa-minus\"><\/i><\/span>\n\t\t\t\t\t\t\t\t\t\t\t\t\t<\/span>\n\t\t\t\t\t\t\t\t\t\t\t\t<a href=\"\" class=\"elementor-toggle-title\">Biografia<\/a>\n\t\t\t\t\t<\/div>\n\n\t\t\t\t\t<div id=\"elementor-tab-content-1121\" class=\"elementor-tab-content elementor-clearfix\" data-tab=\"1\" role=\"tabpanel\" aria-labelledby=\"elementor-tab-title-1121\"><p>&#8230;<\/p><\/div>\n\t\t\t\t<\/div>\n\t\t\t\t\t\t\t\t\t\t<script type=\"application\/ld+json\">{\"@context\":\"https:\\\/\\\/schema.org\",\"@type\":\"FAQPage\",\"mainEntity\":[{\"@type\":\"Question\",\"name\":\"Biografia\",\"acceptedAnswer\":{\"@type\":\"Answer\",\"text\":\"<p>&#8230;<\\\/p>\"}}]}<\/script>\n\t\t\t\t\t<\/div>\n\t\t\t\t<\/div>\n\t\t\t\t<\/div>\n\t\t\t\t\t<\/div>\n\t\t<\/div>\n\t\t\t\t\t\t\t<\/div>\n\t\t<\/section>\n\t\t\t\t<section class=\"elementor-section elementor-inner-section elementor-element elementor-element-1e8cdf7 elementor-section-boxed elementor-section-height-default elementor-section-height-default\" data-id=\"1e8cdf7\" data-element_type=\"section\" data-settings=\"{&quot;background_background&quot;:&quot;gradient&quot;}\">\n\t\t\t\t\t\t<div class=\"elementor-container elementor-column-gap-default\">\n\t\t\t\t\t<div class=\"elementor-column elementor-col-33 elementor-inner-column elementor-element elementor-element-cd67743\" data-id=\"cd67743\" data-element_type=\"column\">\n\t\t\t<div class=\"elementor-widget-wrap elementor-element-populated\">\n\t\t\t\t\t\t\t\t<div class=\"elementor-element elementor-element-c0ad5b4 elementor-widget elementor-widget-image\" data-id=\"c0ad5b4\" data-element_type=\"widget\" data-widget_type=\"image.default\">\n\t\t\t\t<div class=\"elementor-widget-container\">\n\t\t\t\t\t\t\t\t\t\t\t\t\t\t\t\t<a href=\"https:\/\/memorialdecruzdasalmas.com.br\/memorial\/wp-content\/uploads\/2023\/02\/Coronel-Cristovam-Alexandre-Pinto.jpg\" data-elementor-open-lightbox=\"yes\" data-elementor-lightbox-title=\"Coronel Cristovam Alexandre Pinto\" data-e-action-hash=\"#elementor-action%3Aaction%3Dlightbox%26settings%3DeyJpZCI6NTMyOCwidXJsIjoiaHR0cHM6XC9cL21lbW9yaWFsZGVjcnV6ZGFzYWxtYXMuY29tLmJyXC9tZW1vcmlhbFwvd3AtY29udGVudFwvdXBsb2Fkc1wvMjAyM1wvMDJcL0Nvcm9uZWwtQ3Jpc3RvdmFtLUFsZXhhbmRyZS1QaW50by5qcGcifQ%3D%3D\">\n\t\t\t\t\t\t\t<img decoding=\"async\" width=\"463\" height=\"600\" src=\"https:\/\/memorialdecruzdasalmas.com.br\/memorial\/wp-content\/uploads\/2023\/02\/Coronel-Cristovam-Alexandre-Pinto.jpg\" class=\"attachment-large size-large wp-image-5328\" alt=\"\" srcset=\"https:\/\/memorialdecruzdasalmas.com.br\/memorial\/wp-content\/uploads\/2023\/02\/Coronel-Cristovam-Alexandre-Pinto.jpg 463w, https:\/\/memorialdecruzdasalmas.com.br\/memorial\/wp-content\/uploads\/2023\/02\/Coronel-Cristovam-Alexandre-Pinto-232x300.jpg 232w\" sizes=\"(max-width: 463px) 100vw, 463px\" \/>\t\t\t\t\t\t\t\t<\/a>\n\t\t\t\t\t\t\t\t\t\t\t\t\t\t\t<\/div>\n\t\t\t\t<\/div>\n\t\t\t\t\t<\/div>\n\t\t<\/div>\n\t\t\t\t<div class=\"elementor-column elementor-col-33 elementor-inner-column elementor-element elementor-element-7fe032f\" data-id=\"7fe032f\" data-element_type=\"column\">\n\t\t\t<div class=\"elementor-widget-wrap elementor-element-populated\">\n\t\t\t\t\t\t\t\t<div class=\"elementor-element elementor-element-abac262 elementor-widget elementor-widget-text-editor\" data-id=\"abac262\" data-element_type=\"widget\" data-widget_type=\"text-editor.default\">\n\t\t\t\t<div class=\"elementor-widget-container\">\n\t\t\t\t\t\t\t<p style=\"text-align: left;\">Coronel Christov\u00e3o Alexandre Pinto<\/p>\t\t\t\t\t\t<\/div>\n\t\t\t\t<\/div>\n\t\t\t\t\t<\/div>\n\t\t<\/div>\n\t\t\t\t<div class=\"elementor-column elementor-col-33 elementor-inner-column elementor-element elementor-element-35046dc\" data-id=\"35046dc\" data-element_type=\"column\">\n\t\t\t<div class=\"elementor-widget-wrap elementor-element-populated\">\n\t\t\t\t\t\t\t\t<div class=\"elementor-element elementor-element-c3e866b elementor-widget elementor-widget-toggle\" data-id=\"c3e866b\" data-element_type=\"widget\" data-widget_type=\"toggle.default\">\n\t\t\t\t<div class=\"elementor-widget-container\">\n\t\t\t\t\t<div class=\"elementor-toggle\" role=\"tablist\">\n\t\t\t\t\t\t\t<div class=\"elementor-toggle-item\">\n\t\t\t\t\t<div id=\"elementor-tab-title-2051\" class=\"elementor-tab-title\" data-tab=\"1\" role=\"tab\" aria-controls=\"elementor-tab-content-2051\" aria-expanded=\"false\">\n\t\t\t\t\t\t\t\t\t\t\t\t<span class=\"elementor-toggle-icon elementor-toggle-icon-left\" aria-hidden=\"true\">\n\t\t\t\t\t\t\t\t\t\t\t\t\t\t\t<span class=\"elementor-toggle-icon-closed\"><i class=\"fas fa-plus\"><\/i><\/span>\n\t\t\t\t\t\t\t\t<span class=\"elementor-toggle-icon-opened\"><i class=\"elementor-toggle-icon-opened fas fa-minus\"><\/i><\/span>\n\t\t\t\t\t\t\t\t\t\t\t\t\t<\/span>\n\t\t\t\t\t\t\t\t\t\t\t\t<a href=\"\" class=\"elementor-toggle-title\">Biografia<\/a>\n\t\t\t\t\t<\/div>\n\n\t\t\t\t\t<div id=\"elementor-tab-content-2051\" class=\"elementor-tab-content elementor-clearfix\" data-tab=\"1\" role=\"tabpanel\" aria-labelledby=\"elementor-tab-title-2051\"><p>&#8230;<\/p><\/div>\n\t\t\t\t<\/div>\n\t\t\t\t\t\t\t\t\t\t<script type=\"application\/ld+json\">{\"@context\":\"https:\\\/\\\/schema.org\",\"@type\":\"FAQPage\",\"mainEntity\":[{\"@type\":\"Question\",\"name\":\"Biografia\",\"acceptedAnswer\":{\"@type\":\"Answer\",\"text\":\"<p>&#8230;<\\\/p>\"}}]}<\/script>\n\t\t\t\t\t<\/div>\n\t\t\t\t<\/div>\n\t\t\t\t<\/div>\n\t\t\t\t\t<\/div>\n\t\t<\/div>\n\t\t\t\t\t\t\t<\/div>\n\t\t<\/section>\n\t\t\t\t<section class=\"elementor-section elementor-inner-section elementor-element elementor-element-d620611 elementor-section-boxed elementor-section-height-default elementor-section-height-default\" data-id=\"d620611\" data-element_type=\"section\" data-settings=\"{&quot;background_background&quot;:&quot;gradient&quot;}\">\n\t\t\t\t\t\t<div class=\"elementor-container elementor-column-gap-default\">\n\t\t\t\t\t<div class=\"elementor-column elementor-col-33 elementor-inner-column elementor-element elementor-element-4767ecc\" data-id=\"4767ecc\" data-element_type=\"column\">\n\t\t\t<div class=\"elementor-widget-wrap elementor-element-populated\">\n\t\t\t\t\t\t\t\t<div class=\"elementor-element elementor-element-274ec96 elementor-widget elementor-widget-image\" data-id=\"274ec96\" data-element_type=\"widget\" data-widget_type=\"image.default\">\n\t\t\t\t<div class=\"elementor-widget-container\">\n\t\t\t\t\t\t\t\t\t\t\t\t\t\t\t\t<a href=\"https:\/\/memorialdecruzdasalmas.com.br\/memorial\/wp-content\/uploads\/2023\/03\/Czuzinha.jpg\" data-elementor-open-lightbox=\"yes\" data-elementor-lightbox-title=\"Czuzinha\" data-e-action-hash=\"#elementor-action%3Aaction%3Dlightbox%26settings%3DeyJpZCI6NTQ5NiwidXJsIjoiaHR0cHM6XC9cL21lbW9yaWFsZGVjcnV6ZGFzYWxtYXMuY29tLmJyXC9tZW1vcmlhbFwvd3AtY29udGVudFwvdXBsb2Fkc1wvMjAyM1wvMDNcL0N6dXppbmhhLmpwZyJ9\">\n\t\t\t\t\t\t\t<img decoding=\"async\" width=\"386\" height=\"500\" src=\"https:\/\/memorialdecruzdasalmas.com.br\/memorial\/wp-content\/uploads\/2023\/03\/Czuzinha.jpg\" class=\"attachment-large size-large wp-image-5496\" alt=\"\" srcset=\"https:\/\/memorialdecruzdasalmas.com.br\/memorial\/wp-content\/uploads\/2023\/03\/Czuzinha.jpg 386w, https:\/\/memorialdecruzdasalmas.com.br\/memorial\/wp-content\/uploads\/2023\/03\/Czuzinha-232x300.jpg 232w\" sizes=\"(max-width: 386px) 100vw, 386px\" \/>\t\t\t\t\t\t\t\t<\/a>\n\t\t\t\t\t\t\t\t\t\t\t\t\t\t\t<\/div>\n\t\t\t\t<\/div>\n\t\t\t\t\t<\/div>\n\t\t<\/div>\n\t\t\t\t<div class=\"elementor-column elementor-col-33 elementor-inner-column elementor-element elementor-element-a6b53f8\" data-id=\"a6b53f8\" data-element_type=\"column\">\n\t\t\t<div class=\"elementor-widget-wrap elementor-element-populated\">\n\t\t\t\t\t\t\t\t<div class=\"elementor-element elementor-element-d7483aa elementor-widget elementor-widget-text-editor\" data-id=\"d7483aa\" data-element_type=\"widget\" data-widget_type=\"text-editor.default\">\n\t\t\t\t<div class=\"elementor-widget-container\">\n\t\t\t\t\t\t\t<p style=\"text-align: left;\">Jos\u00e9 Baptista da Fonseca<\/p>\t\t\t\t\t\t<\/div>\n\t\t\t\t<\/div>\n\t\t\t\t\t<\/div>\n\t\t<\/div>\n\t\t\t\t<div class=\"elementor-column elementor-col-33 elementor-inner-column elementor-element elementor-element-1a8026d\" data-id=\"1a8026d\" data-element_type=\"column\">\n\t\t\t<div class=\"elementor-widget-wrap elementor-element-populated\">\n\t\t\t\t\t\t\t\t<div class=\"elementor-element elementor-element-1ec3cfa elementor-widget elementor-widget-toggle\" data-id=\"1ec3cfa\" data-element_type=\"widget\" data-widget_type=\"toggle.default\">\n\t\t\t\t<div class=\"elementor-widget-container\">\n\t\t\t\t\t<div class=\"elementor-toggle\" role=\"tablist\">\n\t\t\t\t\t\t\t<div class=\"elementor-toggle-item\">\n\t\t\t\t\t<div id=\"elementor-tab-title-3221\" class=\"elementor-tab-title\" data-tab=\"1\" role=\"tab\" aria-controls=\"elementor-tab-content-3221\" aria-expanded=\"false\">\n\t\t\t\t\t\t\t\t\t\t\t\t<span class=\"elementor-toggle-icon elementor-toggle-icon-left\" aria-hidden=\"true\">\n\t\t\t\t\t\t\t\t\t\t\t\t\t\t\t<span class=\"elementor-toggle-icon-closed\"><i class=\"fas fa-plus\"><\/i><\/span>\n\t\t\t\t\t\t\t\t<span class=\"elementor-toggle-icon-opened\"><i class=\"elementor-toggle-icon-opened fas fa-minus\"><\/i><\/span>\n\t\t\t\t\t\t\t\t\t\t\t\t\t<\/span>\n\t\t\t\t\t\t\t\t\t\t\t\t<a href=\"\" class=\"elementor-toggle-title\">Biografia<\/a>\n\t\t\t\t\t<\/div>\n\n\t\t\t\t\t<div id=\"elementor-tab-content-3221\" class=\"elementor-tab-content elementor-clearfix\" data-tab=\"1\" role=\"tabpanel\" aria-labelledby=\"elementor-tab-title-3221\"><p>&#8230;<\/p><\/div>\n\t\t\t\t<\/div>\n\t\t\t\t\t\t\t\t\t\t<script type=\"application\/ld+json\">{\"@context\":\"https:\\\/\\\/schema.org\",\"@type\":\"FAQPage\",\"mainEntity\":[{\"@type\":\"Question\",\"name\":\"Biografia\",\"acceptedAnswer\":{\"@type\":\"Answer\",\"text\":\"<p>&#8230;<\\\/p>\"}}]}<\/script>\n\t\t\t\t\t<\/div>\n\t\t\t\t<\/div>\n\t\t\t\t<\/div>\n\t\t\t\t\t<\/div>\n\t\t<\/div>\n\t\t\t\t\t\t\t<\/div>\n\t\t<\/section>\n\t\t\t\t<section class=\"elementor-section elementor-inner-section elementor-element elementor-element-65dfa06 elementor-section-boxed elementor-section-height-default elementor-section-height-default\" data-id=\"65dfa06\" data-element_type=\"section\" data-settings=\"{&quot;background_background&quot;:&quot;gradient&quot;}\">\n\t\t\t\t\t\t<div class=\"elementor-container elementor-column-gap-default\">\n\t\t\t\t\t<div class=\"elementor-column elementor-col-33 elementor-inner-column elementor-element elementor-element-3bd3346\" data-id=\"3bd3346\" data-element_type=\"column\">\n\t\t\t<div class=\"elementor-widget-wrap elementor-element-populated\">\n\t\t\t\t\t\t\t\t<div class=\"elementor-element elementor-element-9aa0ed8 elementor-widget elementor-widget-image\" data-id=\"9aa0ed8\" data-element_type=\"widget\" data-widget_type=\"image.default\">\n\t\t\t\t<div class=\"elementor-widget-container\">\n\t\t\t\t\t\t\t\t\t\t\t\t\t\t\t\t<a href=\"https:\/\/memorialdecruzdasalmas.com.br\/memorial\/wp-content\/uploads\/2022\/11\/camera.jpg\" data-elementor-open-lightbox=\"yes\" data-elementor-lightbox-title=\"Foto 2\" data-e-action-hash=\"#elementor-action%3Aaction%3Dlightbox%26settings%3DeyJpZCI6MzM2MywidXJsIjoiaHR0cHM6XC9cL21lbW9yaWFsZGVjcnV6ZGFzYWxtYXMuY29tLmJyXC9tZW1vcmlhbFwvd3AtY29udGVudFwvdXBsb2Fkc1wvMjAyMlwvMTFcL2NhbWVyYS5qcGcifQ%3D%3D\">\n\t\t\t\t\t\t\t<img decoding=\"async\" width=\"386\" height=\"500\" src=\"https:\/\/memorialdecruzdasalmas.com.br\/memorial\/wp-content\/uploads\/2022\/11\/camera.jpg\" class=\"attachment-large size-large wp-image-3363\" alt=\"\" srcset=\"https:\/\/memorialdecruzdasalmas.com.br\/memorial\/wp-content\/uploads\/2022\/11\/camera.jpg 386w, https:\/\/memorialdecruzdasalmas.com.br\/memorial\/wp-content\/uploads\/2022\/11\/camera-232x300.jpg 232w\" sizes=\"(max-width: 386px) 100vw, 386px\" \/>\t\t\t\t\t\t\t\t<\/a>\n\t\t\t\t\t\t\t\t\t\t\t\t\t\t\t<\/div>\n\t\t\t\t<\/div>\n\t\t\t\t\t<\/div>\n\t\t<\/div>\n\t\t\t\t<div class=\"elementor-column elementor-col-33 elementor-inner-column elementor-element elementor-element-6f4e699\" data-id=\"6f4e699\" data-element_type=\"column\">\n\t\t\t<div class=\"elementor-widget-wrap elementor-element-populated\">\n\t\t\t\t\t\t\t\t<div class=\"elementor-element elementor-element-1638bbc elementor-widget elementor-widget-text-editor\" data-id=\"1638bbc\" data-element_type=\"widget\" data-widget_type=\"text-editor.default\">\n\t\t\t\t<div class=\"elementor-widget-container\">\n\t\t\t\t\t\t\t<p style=\"text-align: left;\">Al\u00edpio Rodrigues do Nascimento (1907)<\/p>\t\t\t\t\t\t<\/div>\n\t\t\t\t<\/div>\n\t\t\t\t\t<\/div>\n\t\t<\/div>\n\t\t\t\t<div class=\"elementor-column elementor-col-33 elementor-inner-column elementor-element elementor-element-fdf8250\" data-id=\"fdf8250\" data-element_type=\"column\">\n\t\t\t<div class=\"elementor-widget-wrap elementor-element-populated\">\n\t\t\t\t\t\t\t\t<div class=\"elementor-element elementor-element-6dd7a50 elementor-widget elementor-widget-toggle\" data-id=\"6dd7a50\" data-element_type=\"widget\" data-widget_type=\"toggle.default\">\n\t\t\t\t<div class=\"elementor-widget-container\">\n\t\t\t\t\t<div class=\"elementor-toggle\" role=\"tablist\">\n\t\t\t\t\t\t\t<div class=\"elementor-toggle-item\">\n\t\t\t\t\t<div id=\"elementor-tab-title-1151\" class=\"elementor-tab-title\" data-tab=\"1\" role=\"tab\" aria-controls=\"elementor-tab-content-1151\" aria-expanded=\"false\">\n\t\t\t\t\t\t\t\t\t\t\t\t<span class=\"elementor-toggle-icon elementor-toggle-icon-left\" aria-hidden=\"true\">\n\t\t\t\t\t\t\t\t\t\t\t\t\t\t\t<span class=\"elementor-toggle-icon-closed\"><i class=\"fas fa-plus\"><\/i><\/span>\n\t\t\t\t\t\t\t\t<span class=\"elementor-toggle-icon-opened\"><i class=\"elementor-toggle-icon-opened fas fa-minus\"><\/i><\/span>\n\t\t\t\t\t\t\t\t\t\t\t\t\t<\/span>\n\t\t\t\t\t\t\t\t\t\t\t\t<a href=\"\" class=\"elementor-toggle-title\">Biografia<\/a>\n\t\t\t\t\t<\/div>\n\n\t\t\t\t\t<div id=\"elementor-tab-content-1151\" class=\"elementor-tab-content elementor-clearfix\" data-tab=\"1\" role=\"tabpanel\" aria-labelledby=\"elementor-tab-title-1151\"><p>&#8230;<\/p><\/div>\n\t\t\t\t<\/div>\n\t\t\t\t\t\t\t\t\t\t<script type=\"application\/ld+json\">{\"@context\":\"https:\\\/\\\/schema.org\",\"@type\":\"FAQPage\",\"mainEntity\":[{\"@type\":\"Question\",\"name\":\"Biografia\",\"acceptedAnswer\":{\"@type\":\"Answer\",\"text\":\"<p>&#8230;<\\\/p>\"}}]}<\/script>\n\t\t\t\t\t<\/div>\n\t\t\t\t<\/div>\n\t\t\t\t<\/div>\n\t\t\t\t\t<\/div>\n\t\t<\/div>\n\t\t\t\t\t\t\t<\/div>\n\t\t<\/section>\n\t\t\t\t<section class=\"elementor-section elementor-inner-section elementor-element elementor-element-d5bb079 elementor-section-boxed elementor-section-height-default elementor-section-height-default\" data-id=\"d5bb079\" data-element_type=\"section\" data-settings=\"{&quot;background_background&quot;:&quot;gradient&quot;}\">\n\t\t\t\t\t\t<div class=\"elementor-container elementor-column-gap-default\">\n\t\t\t\t\t<div class=\"elementor-column elementor-col-33 elementor-inner-column elementor-element elementor-element-6bb0ea1\" data-id=\"6bb0ea1\" data-element_type=\"column\">\n\t\t\t<div class=\"elementor-widget-wrap elementor-element-populated\">\n\t\t\t\t\t\t\t\t<div class=\"elementor-element elementor-element-ff82808 elementor-widget elementor-widget-image\" data-id=\"ff82808\" data-element_type=\"widget\" data-widget_type=\"image.default\">\n\t\t\t\t<div class=\"elementor-widget-container\">\n\t\t\t\t\t\t\t\t\t\t\t\t\t\t\t\t<a href=\"https:\/\/memorialdecruzdasalmas.com.br\/memorial\/wp-content\/uploads\/2023\/03\/manoel-caetano-da-rocha.jpg\" data-elementor-open-lightbox=\"yes\" data-elementor-lightbox-title=\"manoel caetano da rocha\" data-e-action-hash=\"#elementor-action%3Aaction%3Dlightbox%26settings%3DeyJpZCI6NTUwMywidXJsIjoiaHR0cHM6XC9cL21lbW9yaWFsZGVjcnV6ZGFzYWxtYXMuY29tLmJyXC9tZW1vcmlhbFwvd3AtY29udGVudFwvdXBsb2Fkc1wvMjAyM1wvMDNcL21hbm9lbC1jYWV0YW5vLWRhLXJvY2hhLmpwZyJ9\">\n\t\t\t\t\t\t\t<img decoding=\"async\" width=\"386\" height=\"500\" src=\"https:\/\/memorialdecruzdasalmas.com.br\/memorial\/wp-content\/uploads\/2023\/03\/manoel-caetano-da-rocha.jpg\" class=\"attachment-large size-large wp-image-5503\" alt=\"\" srcset=\"https:\/\/memorialdecruzdasalmas.com.br\/memorial\/wp-content\/uploads\/2023\/03\/manoel-caetano-da-rocha.jpg 386w, https:\/\/memorialdecruzdasalmas.com.br\/memorial\/wp-content\/uploads\/2023\/03\/manoel-caetano-da-rocha-232x300.jpg 232w\" sizes=\"(max-width: 386px) 100vw, 386px\" \/>\t\t\t\t\t\t\t\t<\/a>\n\t\t\t\t\t\t\t\t\t\t\t\t\t\t\t<\/div>\n\t\t\t\t<\/div>\n\t\t\t\t\t<\/div>\n\t\t<\/div>\n\t\t\t\t<div class=\"elementor-column elementor-col-33 elementor-inner-column elementor-element elementor-element-577d458\" data-id=\"577d458\" data-element_type=\"column\">\n\t\t\t<div class=\"elementor-widget-wrap elementor-element-populated\">\n\t\t\t\t\t\t\t\t<div class=\"elementor-element elementor-element-2231b51 elementor-widget elementor-widget-text-editor\" data-id=\"2231b51\" data-element_type=\"widget\" data-widget_type=\"text-editor.default\">\n\t\t\t\t<div class=\"elementor-widget-container\">\n\t\t\t\t\t\t\t<p style=\"text-align: left;\">Manoel Caetano da Rocha Passos (1909)<\/p>\t\t\t\t\t\t<\/div>\n\t\t\t\t<\/div>\n\t\t\t\t\t<\/div>\n\t\t<\/div>\n\t\t\t\t<div class=\"elementor-column elementor-col-33 elementor-inner-column elementor-element elementor-element-22c732a\" data-id=\"22c732a\" data-element_type=\"column\">\n\t\t\t<div class=\"elementor-widget-wrap elementor-element-populated\">\n\t\t\t\t\t\t\t\t<div class=\"elementor-element elementor-element-95f48f2 elementor-widget elementor-widget-toggle\" data-id=\"95f48f2\" data-element_type=\"widget\" data-widget_type=\"toggle.default\">\n\t\t\t\t<div class=\"elementor-widget-container\">\n\t\t\t\t\t<div class=\"elementor-toggle\" role=\"tablist\">\n\t\t\t\t\t\t\t<div class=\"elementor-toggle-item\">\n\t\t\t\t\t<div id=\"elementor-tab-title-1571\" class=\"elementor-tab-title\" data-tab=\"1\" role=\"tab\" aria-controls=\"elementor-tab-content-1571\" aria-expanded=\"false\">\n\t\t\t\t\t\t\t\t\t\t\t\t<span class=\"elementor-toggle-icon elementor-toggle-icon-left\" aria-hidden=\"true\">\n\t\t\t\t\t\t\t\t\t\t\t\t\t\t\t<span class=\"elementor-toggle-icon-closed\"><i class=\"fas fa-plus\"><\/i><\/span>\n\t\t\t\t\t\t\t\t<span class=\"elementor-toggle-icon-opened\"><i class=\"elementor-toggle-icon-opened fas fa-minus\"><\/i><\/span>\n\t\t\t\t\t\t\t\t\t\t\t\t\t<\/span>\n\t\t\t\t\t\t\t\t\t\t\t\t<a href=\"\" class=\"elementor-toggle-title\">Biografia<\/a>\n\t\t\t\t\t<\/div>\n\n\t\t\t\t\t<div id=\"elementor-tab-content-1571\" class=\"elementor-tab-content elementor-clearfix\" data-tab=\"1\" role=\"tabpanel\" aria-labelledby=\"elementor-tab-title-1571\"><p>&#8230;<\/p><\/div>\n\t\t\t\t<\/div>\n\t\t\t\t\t\t\t\t\t\t<script type=\"application\/ld+json\">{\"@context\":\"https:\\\/\\\/schema.org\",\"@type\":\"FAQPage\",\"mainEntity\":[{\"@type\":\"Question\",\"name\":\"Biografia\",\"acceptedAnswer\":{\"@type\":\"Answer\",\"text\":\"<p>&#8230;<\\\/p>\"}}]}<\/script>\n\t\t\t\t\t<\/div>\n\t\t\t\t<\/div>\n\t\t\t\t<\/div>\n\t\t\t\t\t<\/div>\n\t\t<\/div>\n\t\t\t\t\t\t\t<\/div>\n\t\t<\/section>\n\t\t\t\t<section class=\"elementor-section elementor-inner-section elementor-element elementor-element-c4f80b8 elementor-section-boxed elementor-section-height-default elementor-section-height-default\" data-id=\"c4f80b8\" data-element_type=\"section\" data-settings=\"{&quot;background_background&quot;:&quot;gradient&quot;}\">\n\t\t\t\t\t\t<div class=\"elementor-container elementor-column-gap-default\">\n\t\t\t\t\t<div class=\"elementor-column elementor-col-33 elementor-inner-column elementor-element elementor-element-d09599e\" data-id=\"d09599e\" data-element_type=\"column\">\n\t\t\t<div class=\"elementor-widget-wrap elementor-element-populated\">\n\t\t\t\t\t\t\t\t<div class=\"elementor-element elementor-element-2f5b747 elementor-widget elementor-widget-image\" data-id=\"2f5b747\" data-element_type=\"widget\" data-widget_type=\"image.default\">\n\t\t\t\t<div class=\"elementor-widget-container\">\n\t\t\t\t\t\t\t\t\t\t\t\t\t\t\t\t<a href=\"https:\/\/memorialdecruzdasalmas.com.br\/memorial\/wp-content\/uploads\/2023\/02\/Luiz-Eloy-Passos-.jpg\" data-elementor-open-lightbox=\"yes\" data-elementor-lightbox-title=\"Luiz Eloy Passos\" data-e-action-hash=\"#elementor-action%3Aaction%3Dlightbox%26settings%3DeyJpZCI6NTM2NywidXJsIjoiaHR0cHM6XC9cL21lbW9yaWFsZGVjcnV6ZGFzYWxtYXMuY29tLmJyXC9tZW1vcmlhbFwvd3AtY29udGVudFwvdXBsb2Fkc1wvMjAyM1wvMDJcL0x1aXotRWxveS1QYXNzb3MtLmpwZyJ9\">\n\t\t\t\t\t\t\t<img decoding=\"async\" width=\"463\" height=\"600\" src=\"https:\/\/memorialdecruzdasalmas.com.br\/memorial\/wp-content\/uploads\/2023\/02\/Luiz-Eloy-Passos-.jpg\" class=\"attachment-large size-large wp-image-5367\" alt=\"\" srcset=\"https:\/\/memorialdecruzdasalmas.com.br\/memorial\/wp-content\/uploads\/2023\/02\/Luiz-Eloy-Passos-.jpg 463w, https:\/\/memorialdecruzdasalmas.com.br\/memorial\/wp-content\/uploads\/2023\/02\/Luiz-Eloy-Passos--232x300.jpg 232w\" sizes=\"(max-width: 463px) 100vw, 463px\" \/>\t\t\t\t\t\t\t\t<\/a>\n\t\t\t\t\t\t\t\t\t\t\t\t\t\t\t<\/div>\n\t\t\t\t<\/div>\n\t\t\t\t\t<\/div>\n\t\t<\/div>\n\t\t\t\t<div class=\"elementor-column elementor-col-33 elementor-inner-column elementor-element elementor-element-890328e\" data-id=\"890328e\" data-element_type=\"column\">\n\t\t\t<div class=\"elementor-widget-wrap elementor-element-populated\">\n\t\t\t\t\t\t\t\t<div class=\"elementor-element elementor-element-1733996 elementor-widget elementor-widget-text-editor\" data-id=\"1733996\" data-element_type=\"widget\" data-widget_type=\"text-editor.default\">\n\t\t\t\t<div class=\"elementor-widget-container\">\n\t\t\t\t\t\t\t<p style=\"text-align: left;\">Luiz Eloy Passos (1930)<\/p>\t\t\t\t\t\t<\/div>\n\t\t\t\t<\/div>\n\t\t\t\t\t<\/div>\n\t\t<\/div>\n\t\t\t\t<div class=\"elementor-column elementor-col-33 elementor-inner-column elementor-element elementor-element-2fc2856\" data-id=\"2fc2856\" data-element_type=\"column\">\n\t\t\t<div class=\"elementor-widget-wrap elementor-element-populated\">\n\t\t\t\t\t\t\t\t<div class=\"elementor-element elementor-element-9cb8614 elementor-widget elementor-widget-toggle\" data-id=\"9cb8614\" data-element_type=\"widget\" data-widget_type=\"toggle.default\">\n\t\t\t\t<div class=\"elementor-widget-container\">\n\t\t\t\t\t<div class=\"elementor-toggle\" role=\"tablist\">\n\t\t\t\t\t\t\t<div class=\"elementor-toggle-item\">\n\t\t\t\t\t<div id=\"elementor-tab-title-1641\" class=\"elementor-tab-title\" data-tab=\"1\" role=\"tab\" aria-controls=\"elementor-tab-content-1641\" aria-expanded=\"false\">\n\t\t\t\t\t\t\t\t\t\t\t\t<span class=\"elementor-toggle-icon elementor-toggle-icon-left\" aria-hidden=\"true\">\n\t\t\t\t\t\t\t\t\t\t\t\t\t\t\t<span class=\"elementor-toggle-icon-closed\"><i class=\"fas fa-plus\"><\/i><\/span>\n\t\t\t\t\t\t\t\t<span class=\"elementor-toggle-icon-opened\"><i class=\"elementor-toggle-icon-opened fas fa-minus\"><\/i><\/span>\n\t\t\t\t\t\t\t\t\t\t\t\t\t<\/span>\n\t\t\t\t\t\t\t\t\t\t\t\t<a href=\"\" class=\"elementor-toggle-title\">Biografia<\/a>\n\t\t\t\t\t<\/div>\n\n\t\t\t\t\t<div id=\"elementor-tab-content-1641\" class=\"elementor-tab-content elementor-clearfix\" data-tab=\"1\" role=\"tabpanel\" aria-labelledby=\"elementor-tab-title-1641\"><p><strong>Dr. LUIZ ELOY PASSOS<\/strong><\/p><p>Dr. Luiz Eloy Passos nasceu no munic\u00edpio de S\u00e3o F\u00e9lix, no dia 16 de setembro de 1903, sendo filho do Major Alberto Veloso da Rocha Passos e de J\u00falia Eloy Passos. Casado com Dona Clarice Passos de cujo casamento teve os seguintes filhos: Nilza, Claiz, Mar\u00edlia e Marlene.<\/p><p>Filho do Major Alberto Veloso da Rocha Passos e neto do Senador Tem\u00edstocles, herdou deles o amor \u00e0 causa p\u00fablica, que exerceu com integridade e de forma marcante. Foi l\u00edder inconteste por mais de 40 anos, em Cruz das Almas.<\/p><p>Al\u00e9m de pol\u00edtico, notabilizou-se como homem de neg\u00f3cios principalmente no setor da agropecu\u00e1ria. Era m\u00e9dico, mas a agricultura e a pol\u00edtica foram suas paix\u00f5es.<\/p><p>Foi o \u00faltimo Intendente de Cruz das Almas eleito pela rep\u00fablica velha, tanto que, na revolu\u00e7\u00e3o de 1930, estava no cargo que transmitiu ao Sr. Cris\u00f3gno Fernandes, o 1\u00b0 Prefeito nomeado pelo governo de Get\u00falio Vargas. Logo depois, o Dr. Luiz Passos foi nomeado 2\u00b0 Prefeito e, em 1934, se elegeu Prefeito nas primeiras elei\u00e7\u00f5es realizadas na Rep\u00fablica, por voto direto. Instalada a ditadura de 1937, continuou no cargo que permaneceu at\u00e9 1944.<\/p><p>Dr. Luiz Eloy Passos foi considerado um dos grandes benem\u00e9ritos de Cruz das Almas. Entre muitas outras obras, Cruz das Almas credita a ele ter instalado energia el\u00e9trica, o Hospital Nossa Senhora do Bonsucesso, o Matadouro Municipal, o Grupo Escolar Comendador Tem\u00edstocles, etc.<\/p><p>Faleceu aos 74 anos de idade, em 31 de mar\u00e7o de 1978, em Salvador.<\/p><\/div>\n\t\t\t\t<\/div>\n\t\t\t\t\t\t\t\t\t\t<script type=\"application\/ld+json\">{\"@context\":\"https:\\\/\\\/schema.org\",\"@type\":\"FAQPage\",\"mainEntity\":[{\"@type\":\"Question\",\"name\":\"Biografia\",\"acceptedAnswer\":{\"@type\":\"Answer\",\"text\":\"<p><strong>Dr. LUIZ ELOY PASSOS<\\\/strong><\\\/p><p>Dr. Luiz Eloy Passos nasceu no munic\\u00edpio de S\\u00e3o F\\u00e9lix, no dia 16 de setembro de 1903, sendo filho do Major Alberto Veloso da Rocha Passos e de J\\u00falia Eloy Passos. Casado com Dona Clarice Passos de cujo casamento teve os seguintes filhos: Nilza, Claiz, Mar\\u00edlia e Marlene.<\\\/p><p>Filho do Major Alberto Veloso da Rocha Passos e neto do Senador Tem\\u00edstocles, herdou deles o amor \\u00e0 causa p\\u00fablica, que exerceu com integridade e de forma marcante. Foi l\\u00edder inconteste por mais de 40 anos, em Cruz das Almas.<\\\/p><p>Al\\u00e9m de pol\\u00edtico, notabilizou-se como homem de neg\\u00f3cios principalmente no setor da agropecu\\u00e1ria. Era m\\u00e9dico, mas a agricultura e a pol\\u00edtica foram suas paix\\u00f5es.<\\\/p><p>Foi o \\u00faltimo Intendente de Cruz das Almas eleito pela rep\\u00fablica velha, tanto que, na revolu\\u00e7\\u00e3o de 1930, estava no cargo que transmitiu ao Sr. Cris\\u00f3gno Fernandes, o 1\\u00b0 Prefeito nomeado pelo governo de Get\\u00falio Vargas. Logo depois, o Dr. Luiz Passos foi nomeado 2\\u00b0 Prefeito e, em 1934, se elegeu Prefeito nas primeiras elei\\u00e7\\u00f5es realizadas na Rep\\u00fablica, por voto direto. Instalada a ditadura de 1937, continuou no cargo que permaneceu at\\u00e9 1944.<\\\/p><p>Dr. Luiz Eloy Passos foi considerado um dos grandes benem\\u00e9ritos de Cruz das Almas. Entre muitas outras obras, Cruz das Almas credita a ele ter instalado energia el\\u00e9trica, o Hospital Nossa Senhora do Bonsucesso, o Matadouro Municipal, o Grupo Escolar Comendador Tem\\u00edstocles, etc.<\\\/p><p>Faleceu aos 74 anos de idade, em 31 de mar\\u00e7o de 1978, em Salvador.<\\\/p>\"}}]}<\/script>\n\t\t\t\t\t<\/div>\n\t\t\t\t<\/div>\n\t\t\t\t<\/div>\n\t\t\t\t\t<\/div>\n\t\t<\/div>\n\t\t\t\t\t\t\t<\/div>\n\t\t<\/section>\n\t\t\t\t<section class=\"elementor-section elementor-inner-section elementor-element elementor-element-740dd1d elementor-section-boxed elementor-section-height-default elementor-section-height-default\" data-id=\"740dd1d\" data-element_type=\"section\" data-settings=\"{&quot;background_background&quot;:&quot;gradient&quot;}\">\n\t\t\t\t\t\t<div class=\"elementor-container elementor-column-gap-default\">\n\t\t\t\t\t<div class=\"elementor-column elementor-col-33 elementor-inner-column elementor-element elementor-element-78b7194\" data-id=\"78b7194\" data-element_type=\"column\">\n\t\t\t<div class=\"elementor-widget-wrap elementor-element-populated\">\n\t\t\t\t\t\t\t\t<div class=\"elementor-element elementor-element-9d4f272 elementor-widget elementor-widget-image\" data-id=\"9d4f272\" data-element_type=\"widget\" data-widget_type=\"image.default\">\n\t\t\t\t<div class=\"elementor-widget-container\">\n\t\t\t\t\t\t\t\t\t\t\t\t\t\t\t\t<a href=\"https:\/\/memorialdecruzdasalmas.com.br\/memorial\/wp-content\/uploads\/2023\/02\/Dr-Edmundo-Pereira-Leite.jpg\" data-elementor-open-lightbox=\"yes\" data-elementor-lightbox-title=\"Dr Edmundo Pereira Leite\" data-e-action-hash=\"#elementor-action%3Aaction%3Dlightbox%26settings%3DeyJpZCI6NTMzMCwidXJsIjoiaHR0cHM6XC9cL21lbW9yaWFsZGVjcnV6ZGFzYWxtYXMuY29tLmJyXC9tZW1vcmlhbFwvd3AtY29udGVudFwvdXBsb2Fkc1wvMjAyM1wvMDJcL0RyLUVkbXVuZG8tUGVyZWlyYS1MZWl0ZS5qcGcifQ%3D%3D\">\n\t\t\t\t\t\t\t<img decoding=\"async\" width=\"463\" height=\"600\" src=\"https:\/\/memorialdecruzdasalmas.com.br\/memorial\/wp-content\/uploads\/2023\/02\/Dr-Edmundo-Pereira-Leite.jpg\" class=\"attachment-large size-large wp-image-5330\" alt=\"\" srcset=\"https:\/\/memorialdecruzdasalmas.com.br\/memorial\/wp-content\/uploads\/2023\/02\/Dr-Edmundo-Pereira-Leite.jpg 463w, https:\/\/memorialdecruzdasalmas.com.br\/memorial\/wp-content\/uploads\/2023\/02\/Dr-Edmundo-Pereira-Leite-232x300.jpg 232w\" sizes=\"(max-width: 463px) 100vw, 463px\" \/>\t\t\t\t\t\t\t\t<\/a>\n\t\t\t\t\t\t\t\t\t\t\t\t\t\t\t<\/div>\n\t\t\t\t<\/div>\n\t\t\t\t\t<\/div>\n\t\t<\/div>\n\t\t\t\t<div class=\"elementor-column elementor-col-33 elementor-inner-column elementor-element elementor-element-ef68e21\" data-id=\"ef68e21\" data-element_type=\"column\">\n\t\t\t<div class=\"elementor-widget-wrap elementor-element-populated\">\n\t\t\t\t\t\t\t\t<div class=\"elementor-element elementor-element-2bc7a0b elementor-widget elementor-widget-text-editor\" data-id=\"2bc7a0b\" data-element_type=\"widget\" data-widget_type=\"text-editor.default\">\n\t\t\t\t<div class=\"elementor-widget-container\">\n\t\t\t\t\t\t\t<p style=\"text-align: left;\">Edmundo Pereira Leite (1948-1959\/ 1960-1966)<\/p>\t\t\t\t\t\t<\/div>\n\t\t\t\t<\/div>\n\t\t\t\t\t<\/div>\n\t\t<\/div>\n\t\t\t\t<div class=\"elementor-column elementor-col-33 elementor-inner-column elementor-element elementor-element-c4f0580\" data-id=\"c4f0580\" data-element_type=\"column\">\n\t\t\t<div class=\"elementor-widget-wrap elementor-element-populated\">\n\t\t\t\t\t\t\t\t<div class=\"elementor-element elementor-element-f84ca62 elementor-widget elementor-widget-toggle\" data-id=\"f84ca62\" data-element_type=\"widget\" data-widget_type=\"toggle.default\">\n\t\t\t\t<div class=\"elementor-widget-container\">\n\t\t\t\t\t<div class=\"elementor-toggle\" role=\"tablist\">\n\t\t\t\t\t\t\t<div class=\"elementor-toggle-item\">\n\t\t\t\t\t<div id=\"elementor-tab-title-2601\" class=\"elementor-tab-title\" data-tab=\"1\" role=\"tab\" aria-controls=\"elementor-tab-content-2601\" aria-expanded=\"false\">\n\t\t\t\t\t\t\t\t\t\t\t\t<span class=\"elementor-toggle-icon elementor-toggle-icon-left\" aria-hidden=\"true\">\n\t\t\t\t\t\t\t\t\t\t\t\t\t\t\t<span class=\"elementor-toggle-icon-closed\"><i class=\"fas fa-plus\"><\/i><\/span>\n\t\t\t\t\t\t\t\t<span class=\"elementor-toggle-icon-opened\"><i class=\"elementor-toggle-icon-opened fas fa-minus\"><\/i><\/span>\n\t\t\t\t\t\t\t\t\t\t\t\t\t<\/span>\n\t\t\t\t\t\t\t\t\t\t\t\t<a href=\"\" class=\"elementor-toggle-title\">Biografia<\/a>\n\t\t\t\t\t<\/div>\n\n\t\t\t\t\t<div id=\"elementor-tab-content-2601\" class=\"elementor-tab-content elementor-clearfix\" data-tab=\"1\" role=\"tabpanel\" aria-labelledby=\"elementor-tab-title-2601\"><p>&#8230;<\/p><\/div>\n\t\t\t\t<\/div>\n\t\t\t\t\t\t\t\t\t\t<script type=\"application\/ld+json\">{\"@context\":\"https:\\\/\\\/schema.org\",\"@type\":\"FAQPage\",\"mainEntity\":[{\"@type\":\"Question\",\"name\":\"Biografia\",\"acceptedAnswer\":{\"@type\":\"Answer\",\"text\":\"<p>&#8230;<\\\/p>\"}}]}<\/script>\n\t\t\t\t\t<\/div>\n\t\t\t\t<\/div>\n\t\t\t\t<\/div>\n\t\t\t\t\t<\/div>\n\t\t<\/div>\n\t\t\t\t\t\t\t<\/div>\n\t\t<\/section>\n\t\t\t\t<section class=\"elementor-section elementor-inner-section elementor-element elementor-element-9cba697 elementor-section-boxed elementor-section-height-default elementor-section-height-default\" data-id=\"9cba697\" data-element_type=\"section\" data-settings=\"{&quot;background_background&quot;:&quot;gradient&quot;}\">\n\t\t\t\t\t\t<div class=\"elementor-container elementor-column-gap-default\">\n\t\t\t\t\t<div class=\"elementor-column elementor-col-33 elementor-inner-column elementor-element elementor-element-f756911\" data-id=\"f756911\" data-element_type=\"column\">\n\t\t\t<div class=\"elementor-widget-wrap elementor-element-populated\">\n\t\t\t\t\t\t\t\t<div class=\"elementor-element elementor-element-c1092f5 elementor-widget elementor-widget-image\" data-id=\"c1092f5\" data-element_type=\"widget\" data-widget_type=\"image.default\">\n\t\t\t\t<div class=\"elementor-widget-container\">\n\t\t\t\t\t\t\t\t\t\t\t\t\t\t\t\t<a href=\"https:\/\/memorialdecruzdasalmas.com.br\/memorial\/wp-content\/uploads\/2023\/02\/Moacyr-Antonio-Ferreira.jpg\" data-elementor-open-lightbox=\"yes\" data-elementor-lightbox-title=\"Moacyr Antonio Ferreira\" data-e-action-hash=\"#elementor-action%3Aaction%3Dlightbox%26settings%3DeyJpZCI6NTM0OSwidXJsIjoiaHR0cHM6XC9cL21lbW9yaWFsZGVjcnV6ZGFzYWxtYXMuY29tLmJyXC9tZW1vcmlhbFwvd3AtY29udGVudFwvdXBsb2Fkc1wvMjAyM1wvMDJcL01vYWN5ci1BbnRvbmlvLUZlcnJlaXJhLmpwZyJ9\">\n\t\t\t\t\t\t\t<img decoding=\"async\" width=\"463\" height=\"600\" src=\"https:\/\/memorialdecruzdasalmas.com.br\/memorial\/wp-content\/uploads\/2023\/02\/Moacyr-Antonio-Ferreira.jpg\" class=\"attachment-large size-large wp-image-5349\" alt=\"\" srcset=\"https:\/\/memorialdecruzdasalmas.com.br\/memorial\/wp-content\/uploads\/2023\/02\/Moacyr-Antonio-Ferreira.jpg 463w, https:\/\/memorialdecruzdasalmas.com.br\/memorial\/wp-content\/uploads\/2023\/02\/Moacyr-Antonio-Ferreira-232x300.jpg 232w\" sizes=\"(max-width: 463px) 100vw, 463px\" \/>\t\t\t\t\t\t\t\t<\/a>\n\t\t\t\t\t\t\t\t\t\t\t\t\t\t\t<\/div>\n\t\t\t\t<\/div>\n\t\t\t\t\t<\/div>\n\t\t<\/div>\n\t\t\t\t<div class=\"elementor-column elementor-col-33 elementor-inner-column elementor-element elementor-element-d1dccbc\" data-id=\"d1dccbc\" data-element_type=\"column\">\n\t\t\t<div class=\"elementor-widget-wrap elementor-element-populated\">\n\t\t\t\t\t\t\t\t<div class=\"elementor-element elementor-element-70a7c8c elementor-widget elementor-widget-text-editor\" data-id=\"70a7c8c\" data-element_type=\"widget\" data-widget_type=\"text-editor.default\">\n\t\t\t\t<div class=\"elementor-widget-container\">\n\t\t\t\t\t\t\t<p style=\"text-align: left;\">Moacyr Ant\u00f4nio Ferreira (1949\/ 1950-1954)<\/p>\t\t\t\t\t\t<\/div>\n\t\t\t\t<\/div>\n\t\t\t\t\t<\/div>\n\t\t<\/div>\n\t\t\t\t<div class=\"elementor-column elementor-col-33 elementor-inner-column elementor-element elementor-element-7f614bb\" data-id=\"7f614bb\" data-element_type=\"column\">\n\t\t\t<div class=\"elementor-widget-wrap elementor-element-populated\">\n\t\t\t\t\t\t\t\t<div class=\"elementor-element elementor-element-8e2ba03 elementor-widget elementor-widget-toggle\" data-id=\"8e2ba03\" data-element_type=\"widget\" data-widget_type=\"toggle.default\">\n\t\t\t\t<div class=\"elementor-widget-container\">\n\t\t\t\t\t<div class=\"elementor-toggle\" role=\"tablist\">\n\t\t\t\t\t\t\t<div class=\"elementor-toggle-item\">\n\t\t\t\t\t<div id=\"elementor-tab-title-1491\" class=\"elementor-tab-title\" data-tab=\"1\" role=\"tab\" aria-controls=\"elementor-tab-content-1491\" aria-expanded=\"false\">\n\t\t\t\t\t\t\t\t\t\t\t\t<span class=\"elementor-toggle-icon elementor-toggle-icon-left\" aria-hidden=\"true\">\n\t\t\t\t\t\t\t\t\t\t\t\t\t\t\t<span class=\"elementor-toggle-icon-closed\"><i class=\"fas fa-plus\"><\/i><\/span>\n\t\t\t\t\t\t\t\t<span class=\"elementor-toggle-icon-opened\"><i class=\"elementor-toggle-icon-opened fas fa-minus\"><\/i><\/span>\n\t\t\t\t\t\t\t\t\t\t\t\t\t<\/span>\n\t\t\t\t\t\t\t\t\t\t\t\t<a href=\"\" class=\"elementor-toggle-title\">Biografia<\/a>\n\t\t\t\t\t<\/div>\n\n\t\t\t\t\t<div id=\"elementor-tab-content-1491\" class=\"elementor-tab-content elementor-clearfix\" data-tab=\"1\" role=\"tabpanel\" aria-labelledby=\"elementor-tab-title-1491\"><p>&#8230;<\/p><\/div>\n\t\t\t\t<\/div>\n\t\t\t\t\t\t\t\t\t\t<script type=\"application\/ld+json\">{\"@context\":\"https:\\\/\\\/schema.org\",\"@type\":\"FAQPage\",\"mainEntity\":[{\"@type\":\"Question\",\"name\":\"Biografia\",\"acceptedAnswer\":{\"@type\":\"Answer\",\"text\":\"<p>&#8230;<\\\/p>\"}}]}<\/script>\n\t\t\t\t\t<\/div>\n\t\t\t\t<\/div>\n\t\t\t\t<\/div>\n\t\t\t\t\t<\/div>\n\t\t<\/div>\n\t\t\t\t\t\t\t<\/div>\n\t\t<\/section>\n\t\t\t\t<section class=\"elementor-section elementor-inner-section elementor-element elementor-element-f3218fe elementor-section-boxed elementor-section-height-default elementor-section-height-default\" data-id=\"f3218fe\" data-element_type=\"section\" data-settings=\"{&quot;background_background&quot;:&quot;gradient&quot;}\">\n\t\t\t\t\t\t<div class=\"elementor-container elementor-column-gap-default\">\n\t\t\t\t\t<div class=\"elementor-column elementor-col-33 elementor-inner-column elementor-element elementor-element-96a318c\" data-id=\"96a318c\" data-element_type=\"column\">\n\t\t\t<div class=\"elementor-widget-wrap elementor-element-populated\">\n\t\t\t\t\t\t\t\t<div class=\"elementor-element elementor-element-868dbfc elementor-widget elementor-widget-image\" data-id=\"868dbfc\" data-element_type=\"widget\" data-widget_type=\"image.default\">\n\t\t\t\t<div class=\"elementor-widget-container\">\n\t\t\t\t\t\t\t\t\t\t\t\t\t\t\t\t<a href=\"https:\/\/memorialdecruzdasalmas.com.br\/memorial\/wp-content\/uploads\/2023\/02\/Jose-de-Carvalho-Rocha.jpg\" data-elementor-open-lightbox=\"yes\" data-elementor-lightbox-title=\"Jos\u00e9 de Carvalho Rocha\" data-e-action-hash=\"#elementor-action%3Aaction%3Dlightbox%26settings%3DeyJpZCI6NTM0NiwidXJsIjoiaHR0cHM6XC9cL21lbW9yaWFsZGVjcnV6ZGFzYWxtYXMuY29tLmJyXC9tZW1vcmlhbFwvd3AtY29udGVudFwvdXBsb2Fkc1wvMjAyM1wvMDJcL0pvc2UtZGUtQ2FydmFsaG8tUm9jaGEuanBnIn0%3D\">\n\t\t\t\t\t\t\t<img decoding=\"async\" width=\"463\" height=\"600\" src=\"https:\/\/memorialdecruzdasalmas.com.br\/memorial\/wp-content\/uploads\/2023\/02\/Jose-de-Carvalho-Rocha.jpg\" class=\"attachment-large size-large wp-image-5346\" alt=\"\" srcset=\"https:\/\/memorialdecruzdasalmas.com.br\/memorial\/wp-content\/uploads\/2023\/02\/Jose-de-Carvalho-Rocha.jpg 463w, https:\/\/memorialdecruzdasalmas.com.br\/memorial\/wp-content\/uploads\/2023\/02\/Jose-de-Carvalho-Rocha-232x300.jpg 232w\" sizes=\"(max-width: 463px) 100vw, 463px\" \/>\t\t\t\t\t\t\t\t<\/a>\n\t\t\t\t\t\t\t\t\t\t\t\t\t\t\t<\/div>\n\t\t\t\t<\/div>\n\t\t\t\t\t<\/div>\n\t\t<\/div>\n\t\t\t\t<div class=\"elementor-column elementor-col-33 elementor-inner-column elementor-element elementor-element-c8ef5db\" data-id=\"c8ef5db\" data-element_type=\"column\">\n\t\t\t<div class=\"elementor-widget-wrap elementor-element-populated\">\n\t\t\t\t\t\t\t\t<div class=\"elementor-element elementor-element-f7fa9b7 elementor-widget elementor-widget-text-editor\" data-id=\"f7fa9b7\" data-element_type=\"widget\" data-widget_type=\"text-editor.default\">\n\t\t\t\t<div class=\"elementor-widget-container\">\n\t\t\t\t\t\t\t<p style=\"text-align: left;\">Jos\u00e9 de Carvalho Rocha (1951)<\/p>\t\t\t\t\t\t<\/div>\n\t\t\t\t<\/div>\n\t\t\t\t\t<\/div>\n\t\t<\/div>\n\t\t\t\t<div class=\"elementor-column elementor-col-33 elementor-inner-column elementor-element elementor-element-c5c03bf\" data-id=\"c5c03bf\" data-element_type=\"column\">\n\t\t\t<div class=\"elementor-widget-wrap elementor-element-populated\">\n\t\t\t\t\t\t\t\t<div class=\"elementor-element elementor-element-4d30e8f elementor-widget elementor-widget-toggle\" data-id=\"4d30e8f\" data-element_type=\"widget\" data-widget_type=\"toggle.default\">\n\t\t\t\t<div class=\"elementor-widget-container\">\n\t\t\t\t\t<div class=\"elementor-toggle\" role=\"tablist\">\n\t\t\t\t\t\t\t<div class=\"elementor-toggle-item\">\n\t\t\t\t\t<div id=\"elementor-tab-title-8091\" class=\"elementor-tab-title\" data-tab=\"1\" role=\"tab\" aria-controls=\"elementor-tab-content-8091\" aria-expanded=\"false\">\n\t\t\t\t\t\t\t\t\t\t\t\t<span class=\"elementor-toggle-icon elementor-toggle-icon-left\" aria-hidden=\"true\">\n\t\t\t\t\t\t\t\t\t\t\t\t\t\t\t<span class=\"elementor-toggle-icon-closed\"><i class=\"fas fa-plus\"><\/i><\/span>\n\t\t\t\t\t\t\t\t<span class=\"elementor-toggle-icon-opened\"><i class=\"elementor-toggle-icon-opened fas fa-minus\"><\/i><\/span>\n\t\t\t\t\t\t\t\t\t\t\t\t\t<\/span>\n\t\t\t\t\t\t\t\t\t\t\t\t<a href=\"\" class=\"elementor-toggle-title\">Biografia<\/a>\n\t\t\t\t\t<\/div>\n\n\t\t\t\t\t<div id=\"elementor-tab-content-8091\" class=\"elementor-tab-content elementor-clearfix\" data-tab=\"1\" role=\"tabpanel\" aria-labelledby=\"elementor-tab-title-8091\"><p><strong>JOS\u00c9 DE CARVALHO ROCHA<\/strong><\/p><p>Natural de Concei\u00e7\u00e3o do Almeida, onde nasceu no dia 5 de maio de 1905, era filho de Joventino Galv\u00e3o Rocha e de Maria Augusta de Carvalho Rocha, Casou-se com a Nair Rocha de cujo casamento teve o filho Jos\u00e9 Augusto Passos Rocha. Exerceu a fun\u00e7\u00e3o de Prefeito nomeado e, tomando pose em dezembro de 1944 e governou at\u00e9 dezembro de 1947. Credita-se a Jos\u00e9 de Carvalho Rocha o grande m\u00e9rito de ter conseguido, junto ao Governo do Estado, a vinda do Col\u00e9gio Alberto T\u00f4rres para Cruz das Almas.<\/p><p>Al\u00e9m de Prefeito, foi Vereador por v\u00e1rias legislaturas e Presidente da C\u00e2mara. Na vida privada, foi escriv\u00e3o do civil.<\/p><\/div>\n\t\t\t\t<\/div>\n\t\t\t\t\t\t\t\t\t\t<script type=\"application\/ld+json\">{\"@context\":\"https:\\\/\\\/schema.org\",\"@type\":\"FAQPage\",\"mainEntity\":[{\"@type\":\"Question\",\"name\":\"Biografia\",\"acceptedAnswer\":{\"@type\":\"Answer\",\"text\":\"<p><strong>JOS\\u00c9 DE CARVALHO ROCHA<\\\/strong><\\\/p><p>Natural de Concei\\u00e7\\u00e3o do Almeida, onde nasceu no dia 5 de maio de 1905, era filho de Joventino Galv\\u00e3o Rocha e de Maria Augusta de Carvalho Rocha, Casou-se com a Nair Rocha de cujo casamento teve o filho Jos\\u00e9 Augusto Passos Rocha. Exerceu a fun\\u00e7\\u00e3o de Prefeito nomeado e, tomando pose em dezembro de 1944 e governou at\\u00e9 dezembro de 1947. Credita-se a Jos\\u00e9 de Carvalho Rocha o grande m\\u00e9rito de ter conseguido, junto ao Governo do Estado, a vinda do Col\\u00e9gio Alberto T\\u00f4rres para Cruz das Almas.<\\\/p><p>Al\\u00e9m de Prefeito, foi Vereador por v\\u00e1rias legislaturas e Presidente da C\\u00e2mara. Na vida privada, foi escriv\\u00e3o do civil.<\\\/p>\"}}]}<\/script>\n\t\t\t\t\t<\/div>\n\t\t\t\t<\/div>\n\t\t\t\t<\/div>\n\t\t\t\t\t<\/div>\n\t\t<\/div>\n\t\t\t\t\t\t\t<\/div>\n\t\t<\/section>\n\t\t\t\t<section class=\"elementor-section elementor-inner-section elementor-element elementor-element-796347c elementor-section-boxed elementor-section-height-default elementor-section-height-default\" data-id=\"796347c\" data-element_type=\"section\" data-settings=\"{&quot;background_background&quot;:&quot;gradient&quot;}\">\n\t\t\t\t\t\t<div class=\"elementor-container elementor-column-gap-default\">\n\t\t\t\t\t<div class=\"elementor-column elementor-col-33 elementor-inner-column elementor-element elementor-element-d8cec7d\" data-id=\"d8cec7d\" data-element_type=\"column\">\n\t\t\t<div class=\"elementor-widget-wrap elementor-element-populated\">\n\t\t\t\t\t\t\t\t<div class=\"elementor-element elementor-element-e8e1aa9 elementor-widget elementor-widget-image\" data-id=\"e8e1aa9\" data-element_type=\"widget\" data-widget_type=\"image.default\">\n\t\t\t\t<div class=\"elementor-widget-container\">\n\t\t\t\t\t\t\t\t\t\t\t\t\t\t\t\t<a href=\"https:\/\/memorialdecruzdasalmas.com.br\/memorial\/wp-content\/uploads\/2023\/02\/Dr-Ramiro-Eloy-Fernandes.jpg\" data-elementor-open-lightbox=\"yes\" data-elementor-lightbox-title=\"Dr Ramiro Eloy Fernandes\" data-e-action-hash=\"#elementor-action%3Aaction%3Dlightbox%26settings%3DeyJpZCI6NTMzNCwidXJsIjoiaHR0cHM6XC9cL21lbW9yaWFsZGVjcnV6ZGFzYWxtYXMuY29tLmJyXC9tZW1vcmlhbFwvd3AtY29udGVudFwvdXBsb2Fkc1wvMjAyM1wvMDJcL0RyLVJhbWlyby1FbG95LUZlcm5hbmRlcy5qcGcifQ%3D%3D\">\n\t\t\t\t\t\t\t<img decoding=\"async\" width=\"463\" height=\"600\" src=\"https:\/\/memorialdecruzdasalmas.com.br\/memorial\/wp-content\/uploads\/2023\/02\/Dr-Ramiro-Eloy-Fernandes.jpg\" class=\"attachment-large size-large wp-image-5334\" alt=\"\" srcset=\"https:\/\/memorialdecruzdasalmas.com.br\/memorial\/wp-content\/uploads\/2023\/02\/Dr-Ramiro-Eloy-Fernandes.jpg 463w, https:\/\/memorialdecruzdasalmas.com.br\/memorial\/wp-content\/uploads\/2023\/02\/Dr-Ramiro-Eloy-Fernandes-232x300.jpg 232w\" sizes=\"(max-width: 463px) 100vw, 463px\" \/>\t\t\t\t\t\t\t\t<\/a>\n\t\t\t\t\t\t\t\t\t\t\t\t\t\t\t<\/div>\n\t\t\t\t<\/div>\n\t\t\t\t\t<\/div>\n\t\t<\/div>\n\t\t\t\t<div class=\"elementor-column elementor-col-33 elementor-inner-column elementor-element elementor-element-1af5925\" data-id=\"1af5925\" data-element_type=\"column\">\n\t\t\t<div class=\"elementor-widget-wrap elementor-element-populated\">\n\t\t\t\t\t\t\t\t<div class=\"elementor-element elementor-element-eccddc3 elementor-widget elementor-widget-text-editor\" data-id=\"eccddc3\" data-element_type=\"widget\" data-widget_type=\"text-editor.default\">\n\t\t\t\t<div class=\"elementor-widget-container\">\n\t\t\t\t\t\t\t<p style=\"text-align: left;\">Ramiro Eloy Passos (1952\/1953-1963\/1965)<\/p>\t\t\t\t\t\t<\/div>\n\t\t\t\t<\/div>\n\t\t\t\t\t<\/div>\n\t\t<\/div>\n\t\t\t\t<div class=\"elementor-column elementor-col-33 elementor-inner-column elementor-element elementor-element-141de7c\" data-id=\"141de7c\" data-element_type=\"column\">\n\t\t\t<div class=\"elementor-widget-wrap elementor-element-populated\">\n\t\t\t\t\t\t\t\t<div class=\"elementor-element elementor-element-6bccd12 elementor-widget elementor-widget-toggle\" data-id=\"6bccd12\" data-element_type=\"widget\" data-widget_type=\"toggle.default\">\n\t\t\t\t<div class=\"elementor-widget-container\">\n\t\t\t\t\t<div class=\"elementor-toggle\" role=\"tablist\">\n\t\t\t\t\t\t\t<div class=\"elementor-toggle-item\">\n\t\t\t\t\t<div id=\"elementor-tab-title-1131\" class=\"elementor-tab-title\" data-tab=\"1\" role=\"tab\" aria-controls=\"elementor-tab-content-1131\" aria-expanded=\"false\">\n\t\t\t\t\t\t\t\t\t\t\t\t<span class=\"elementor-toggle-icon elementor-toggle-icon-left\" aria-hidden=\"true\">\n\t\t\t\t\t\t\t\t\t\t\t\t\t\t\t<span class=\"elementor-toggle-icon-closed\"><i class=\"fas fa-plus\"><\/i><\/span>\n\t\t\t\t\t\t\t\t<span class=\"elementor-toggle-icon-opened\"><i class=\"elementor-toggle-icon-opened fas fa-minus\"><\/i><\/span>\n\t\t\t\t\t\t\t\t\t\t\t\t\t<\/span>\n\t\t\t\t\t\t\t\t\t\t\t\t<a href=\"\" class=\"elementor-toggle-title\">Biografia<\/a>\n\t\t\t\t\t<\/div>\n\n\t\t\t\t\t<div id=\"elementor-tab-content-1131\" class=\"elementor-tab-content elementor-clearfix\" data-tab=\"1\" role=\"tabpanel\" aria-labelledby=\"elementor-tab-title-1131\"><p><strong>RAMIRO ELOY PASSOS<\/strong><\/p><p>Marcou sua passagem pela Prefeitura de Cruz das Almas em dois per\u00edodos. Eleito em 1947, retorna mais uma vez pela vontade soberana do povo a administrar o Munic\u00edpio. Entre outras obras do seu governo, destaca-se a constru\u00e7\u00e3o do pr\u00e9dio Escolar Landulfo Alves de Almeida em\u00a0 conv\u00eanio com o Estado, o tra\u00e7ado urbano da cidade, abrindo sua antiga fazenda e a constru\u00e7\u00e3o do Mercado Municipal na Pra\u00e7a do Lavrador.<\/p><p>Em 10 de maio de 1955, enviou a C\u00e2mara Municipal o Projeto de Lei de n\u00b0 72 em que alterava a denomina\u00e7\u00e3o de ruas e pra\u00e7as. A Pra\u00e7a principal da cidade passou a ter uma s\u00f3 denomina\u00e7\u00e3o de \u201cPra\u00e7a Senador Tem\u00edstocles\u201d.<\/p><\/div>\n\t\t\t\t<\/div>\n\t\t\t\t\t\t\t\t\t\t<script type=\"application\/ld+json\">{\"@context\":\"https:\\\/\\\/schema.org\",\"@type\":\"FAQPage\",\"mainEntity\":[{\"@type\":\"Question\",\"name\":\"Biografia\",\"acceptedAnswer\":{\"@type\":\"Answer\",\"text\":\"<p><strong>RAMIRO ELOY PASSOS<\\\/strong><\\\/p><p>Marcou sua passagem pela Prefeitura de Cruz das Almas em dois per\\u00edodos. Eleito em 1947, retorna mais uma vez pela vontade soberana do povo a administrar o Munic\\u00edpio. Entre outras obras do seu governo, destaca-se a constru\\u00e7\\u00e3o do pr\\u00e9dio Escolar Landulfo Alves de Almeida em\\u00a0 conv\\u00eanio com o Estado, o tra\\u00e7ado urbano da cidade, abrindo sua antiga fazenda e a constru\\u00e7\\u00e3o do Mercado Municipal na Pra\\u00e7a do Lavrador.<\\\/p><p>Em 10 de maio de 1955, enviou a C\\u00e2mara Municipal o Projeto de Lei de n\\u00b0 72 em que alterava a denomina\\u00e7\\u00e3o de ruas e pra\\u00e7as. A Pra\\u00e7a principal da cidade passou a ter uma s\\u00f3 denomina\\u00e7\\u00e3o de \\u201cPra\\u00e7a Senador Tem\\u00edstocles\\u201d.<\\\/p>\"}}]}<\/script>\n\t\t\t\t\t<\/div>\n\t\t\t\t<\/div>\n\t\t\t\t<\/div>\n\t\t\t\t\t<\/div>\n\t\t<\/div>\n\t\t\t\t\t\t\t<\/div>\n\t\t<\/section>\n\t\t\t\t<section class=\"elementor-section elementor-inner-section elementor-element elementor-element-dc38310 elementor-section-boxed elementor-section-height-default elementor-section-height-default\" data-id=\"dc38310\" data-element_type=\"section\" data-settings=\"{&quot;background_background&quot;:&quot;gradient&quot;}\">\n\t\t\t\t\t\t<div class=\"elementor-container elementor-column-gap-default\">\n\t\t\t\t\t<div class=\"elementor-column elementor-col-33 elementor-inner-column elementor-element elementor-element-bc0ce2c\" data-id=\"bc0ce2c\" data-element_type=\"column\">\n\t\t\t<div class=\"elementor-widget-wrap elementor-element-populated\">\n\t\t\t\t\t\t\t\t<div class=\"elementor-element elementor-element-a6b02b8 elementor-widget elementor-widget-image\" data-id=\"a6b02b8\" data-element_type=\"widget\" data-widget_type=\"image.default\">\n\t\t\t\t<div class=\"elementor-widget-container\">\n\t\t\t\t\t\t\t\t\t\t\t\t\t\t\t\t<a href=\"https:\/\/memorialdecruzdasalmas.com.br\/memorial\/wp-content\/uploads\/2023\/02\/Dr-Fernando-Carvalho-de-Araujo.jpg\" data-elementor-open-lightbox=\"yes\" data-elementor-lightbox-title=\"Dr Fernando Carvalho de Araujo\" data-e-action-hash=\"#elementor-action%3Aaction%3Dlightbox%26settings%3DeyJpZCI6NTMzMSwidXJsIjoiaHR0cHM6XC9cL21lbW9yaWFsZGVjcnV6ZGFzYWxtYXMuY29tLmJyXC9tZW1vcmlhbFwvd3AtY29udGVudFwvdXBsb2Fkc1wvMjAyM1wvMDJcL0RyLUZlcm5hbmRvLUNhcnZhbGhvLWRlLUFyYXVqby5qcGcifQ%3D%3D\">\n\t\t\t\t\t\t\t<img decoding=\"async\" width=\"463\" height=\"600\" src=\"https:\/\/memorialdecruzdasalmas.com.br\/memorial\/wp-content\/uploads\/2023\/02\/Dr-Fernando-Carvalho-de-Araujo.jpg\" class=\"attachment-large size-large wp-image-5331\" alt=\"\" srcset=\"https:\/\/memorialdecruzdasalmas.com.br\/memorial\/wp-content\/uploads\/2023\/02\/Dr-Fernando-Carvalho-de-Araujo.jpg 463w, https:\/\/memorialdecruzdasalmas.com.br\/memorial\/wp-content\/uploads\/2023\/02\/Dr-Fernando-Carvalho-de-Araujo-232x300.jpg 232w\" sizes=\"(max-width: 463px) 100vw, 463px\" \/>\t\t\t\t\t\t\t\t<\/a>\n\t\t\t\t\t\t\t\t\t\t\t\t\t\t\t<\/div>\n\t\t\t\t<\/div>\n\t\t\t\t\t<\/div>\n\t\t<\/div>\n\t\t\t\t<div class=\"elementor-column elementor-col-33 elementor-inner-column elementor-element elementor-element-8751993\" data-id=\"8751993\" data-element_type=\"column\">\n\t\t\t<div class=\"elementor-widget-wrap elementor-element-populated\">\n\t\t\t\t\t\t\t\t<div class=\"elementor-element elementor-element-c0cf1dc elementor-widget elementor-widget-text-editor\" data-id=\"c0cf1dc\" data-element_type=\"widget\" data-widget_type=\"text-editor.default\">\n\t\t\t\t<div class=\"elementor-widget-container\">\n\t\t\t\t\t\t\t<p style=\"text-align: left;\">Fernando Carvalho de Ara\u00fajo (1955\/1958)<\/p>\t\t\t\t\t\t<\/div>\n\t\t\t\t<\/div>\n\t\t\t\t\t<\/div>\n\t\t<\/div>\n\t\t\t\t<div class=\"elementor-column elementor-col-33 elementor-inner-column elementor-element elementor-element-90b567a\" data-id=\"90b567a\" data-element_type=\"column\">\n\t\t\t<div class=\"elementor-widget-wrap elementor-element-populated\">\n\t\t\t\t\t\t\t\t<div class=\"elementor-element elementor-element-37565cc elementor-widget elementor-widget-toggle\" data-id=\"37565cc\" data-element_type=\"widget\" data-widget_type=\"toggle.default\">\n\t\t\t\t<div class=\"elementor-widget-container\">\n\t\t\t\t\t<div class=\"elementor-toggle\" role=\"tablist\">\n\t\t\t\t\t\t\t<div class=\"elementor-toggle-item\">\n\t\t\t\t\t<div id=\"elementor-tab-title-5801\" class=\"elementor-tab-title\" data-tab=\"1\" role=\"tab\" aria-controls=\"elementor-tab-content-5801\" aria-expanded=\"false\">\n\t\t\t\t\t\t\t\t\t\t\t\t<span class=\"elementor-toggle-icon elementor-toggle-icon-left\" aria-hidden=\"true\">\n\t\t\t\t\t\t\t\t\t\t\t\t\t\t\t<span class=\"elementor-toggle-icon-closed\"><i class=\"fas fa-plus\"><\/i><\/span>\n\t\t\t\t\t\t\t\t<span class=\"elementor-toggle-icon-opened\"><i class=\"elementor-toggle-icon-opened fas fa-minus\"><\/i><\/span>\n\t\t\t\t\t\t\t\t\t\t\t\t\t<\/span>\n\t\t\t\t\t\t\t\t\t\t\t\t<a href=\"\" class=\"elementor-toggle-title\">Biografia<\/a>\n\t\t\t\t\t<\/div>\n\n\t\t\t\t\t<div id=\"elementor-tab-content-5801\" class=\"elementor-tab-content elementor-clearfix\" data-tab=\"1\" role=\"tabpanel\" aria-labelledby=\"elementor-tab-title-5801\"><p><strong>Dr. FERNANDO CARVALHO DE ARA\u00daJO.<\/strong><\/p><p>Fernando Carvalho de Ara\u00fajo, natural de Castro Alves, onde nasceu no dia 16 de abril de 1919, \u00e9 filho do Professor M\u00e1rio Soares de Ara\u00fajo e de Angelina Carvalho de Ara\u00fajo, casado com Dona Solange Castro de Ara\u00fajo com quem teve 2 filhos Fernando Ant\u00f4nio e M\u00e1rcia Regina. Formado em Medicina, veio para Cruz das Almas trabalhar no Hospital Nossa Senhora do Bonsucesso, sendo o seu diretor por muitos anos. Foi diretor do Posto de Sa\u00fade do Estado e professor do Col\u00e9gio Estadual Alberto T\u00f4rres.<\/p><p>Aqui, foi eleito Vereador por v\u00e1rias legislaturas, Presidente da C\u00e2mara e Prefeito eleito por 2 mandatos. Para o primeiro (7 de abril de 1959 a 7 de abril de 1963), derrotou o Sr. Jorge Guerra, e para o segundo mandato (1\u00b0 de fevereiro de 1971 a 31 de janeiro de 1973), derrotou o Sr. Carmelito Barbosa Alves. A comunidade cruzalmense deve a ele os esfor\u00e7os para a instala\u00e7\u00e3o de \u00e1gua encanada nesta Cidade, o que foi concretizado na sua segunda gest\u00e3o, quando o Governador Ant\u00f4nio Carlos Magalh\u00e3es em pra\u00e7a p\u00fablica, no dia 13 de junho de 1971, sancionou o ato, autorizando a consecu\u00e7\u00e3o de t\u00e3o importante benef\u00edcio para a popula\u00e7\u00e3o da cidade.<\/p><p>Nas suas administra\u00e7\u00f5es, entre outras constru\u00e7\u00f5es, podemos tamb\u00e9m citar a do quartel do Tiro de Guerra. Faleceu no dia 1\u00b0 de mar\u00e7o de 1995.<\/p><\/div>\n\t\t\t\t<\/div>\n\t\t\t\t\t\t\t\t\t\t<script type=\"application\/ld+json\">{\"@context\":\"https:\\\/\\\/schema.org\",\"@type\":\"FAQPage\",\"mainEntity\":[{\"@type\":\"Question\",\"name\":\"Biografia\",\"acceptedAnswer\":{\"@type\":\"Answer\",\"text\":\"<p><strong>Dr. FERNANDO CARVALHO DE ARA\\u00daJO.<\\\/strong><\\\/p><p>Fernando Carvalho de Ara\\u00fajo, natural de Castro Alves, onde nasceu no dia 16 de abril de 1919, \\u00e9 filho do Professor M\\u00e1rio Soares de Ara\\u00fajo e de Angelina Carvalho de Ara\\u00fajo, casado com Dona Solange Castro de Ara\\u00fajo com quem teve 2 filhos Fernando Ant\\u00f4nio e M\\u00e1rcia Regina. Formado em Medicina, veio para Cruz das Almas trabalhar no Hospital Nossa Senhora do Bonsucesso, sendo o seu diretor por muitos anos. Foi diretor do Posto de Sa\\u00fade do Estado e professor do Col\\u00e9gio Estadual Alberto T\\u00f4rres.<\\\/p><p>Aqui, foi eleito Vereador por v\\u00e1rias legislaturas, Presidente da C\\u00e2mara e Prefeito eleito por 2 mandatos. Para o primeiro (7 de abril de 1959 a 7 de abril de 1963), derrotou o Sr. Jorge Guerra, e para o segundo mandato (1\\u00b0 de fevereiro de 1971 a 31 de janeiro de 1973), derrotou o Sr. Carmelito Barbosa Alves. A comunidade cruzalmense deve a ele os esfor\\u00e7os para a instala\\u00e7\\u00e3o de \\u00e1gua encanada nesta Cidade, o que foi concretizado na sua segunda gest\\u00e3o, quando o Governador Ant\\u00f4nio Carlos Magalh\\u00e3es em pra\\u00e7a p\\u00fablica, no dia 13 de junho de 1971, sancionou o ato, autorizando a consecu\\u00e7\\u00e3o de t\\u00e3o importante benef\\u00edcio para a popula\\u00e7\\u00e3o da cidade.<\\\/p><p>Nas suas administra\\u00e7\\u00f5es, entre outras constru\\u00e7\\u00f5es, podemos tamb\\u00e9m citar a do quartel do Tiro de Guerra. Faleceu no dia 1\\u00b0 de mar\\u00e7o de 1995.<\\\/p>\"}}]}<\/script>\n\t\t\t\t\t<\/div>\n\t\t\t\t<\/div>\n\t\t\t\t<\/div>\n\t\t\t\t\t<\/div>\n\t\t<\/div>\n\t\t\t\t\t\t\t<\/div>\n\t\t<\/section>\n\t\t\t\t<section class=\"elementor-section elementor-inner-section elementor-element elementor-element-a80fe96 elementor-section-boxed elementor-section-height-default elementor-section-height-default\" data-id=\"a80fe96\" data-element_type=\"section\" data-settings=\"{&quot;background_background&quot;:&quot;gradient&quot;}\">\n\t\t\t\t\t\t<div class=\"elementor-container elementor-column-gap-default\">\n\t\t\t\t\t<div class=\"elementor-column elementor-col-33 elementor-inner-column elementor-element elementor-element-fd02aa6\" data-id=\"fd02aa6\" data-element_type=\"column\">\n\t\t\t<div class=\"elementor-widget-wrap elementor-element-populated\">\n\t\t\t\t\t\t\t\t<div class=\"elementor-element elementor-element-90b1538 elementor-widget elementor-widget-image\" data-id=\"90b1538\" data-element_type=\"widget\" data-widget_type=\"image.default\">\n\t\t\t\t<div class=\"elementor-widget-container\">\n\t\t\t\t\t\t\t\t\t\t\t\t\t\t\t\t<a href=\"https:\/\/memorialdecruzdasalmas.com.br\/memorial\/wp-content\/uploads\/2023\/02\/Claudemiro-Dias-Pamponet.jpg\" data-elementor-open-lightbox=\"yes\" data-elementor-lightbox-title=\"Claudemiro Dias Pamponet\" data-e-action-hash=\"#elementor-action%3Aaction%3Dlightbox%26settings%3DeyJpZCI6NTMyNiwidXJsIjoiaHR0cHM6XC9cL21lbW9yaWFsZGVjcnV6ZGFzYWxtYXMuY29tLmJyXC9tZW1vcmlhbFwvd3AtY29udGVudFwvdXBsb2Fkc1wvMjAyM1wvMDJcL0NsYXVkZW1pcm8tRGlhcy1QYW1wb25ldC5qcGcifQ%3D%3D\">\n\t\t\t\t\t\t\t<img decoding=\"async\" width=\"463\" height=\"600\" src=\"https:\/\/memorialdecruzdasalmas.com.br\/memorial\/wp-content\/uploads\/2023\/02\/Claudemiro-Dias-Pamponet.jpg\" class=\"attachment-large size-large wp-image-5326\" alt=\"\" srcset=\"https:\/\/memorialdecruzdasalmas.com.br\/memorial\/wp-content\/uploads\/2023\/02\/Claudemiro-Dias-Pamponet.jpg 463w, https:\/\/memorialdecruzdasalmas.com.br\/memorial\/wp-content\/uploads\/2023\/02\/Claudemiro-Dias-Pamponet-232x300.jpg 232w\" sizes=\"(max-width: 463px) 100vw, 463px\" \/>\t\t\t\t\t\t\t\t<\/a>\n\t\t\t\t\t\t\t\t\t\t\t\t\t\t\t<\/div>\n\t\t\t\t<\/div>\n\t\t\t\t\t<\/div>\n\t\t<\/div>\n\t\t\t\t<div class=\"elementor-column elementor-col-33 elementor-inner-column elementor-element elementor-element-7902842\" data-id=\"7902842\" data-element_type=\"column\">\n\t\t\t<div class=\"elementor-widget-wrap elementor-element-populated\">\n\t\t\t\t\t\t\t\t<div class=\"elementor-element elementor-element-2a945b8 elementor-widget elementor-widget-text-editor\" data-id=\"2a945b8\" data-element_type=\"widget\" data-widget_type=\"text-editor.default\">\n\t\t\t\t<div class=\"elementor-widget-container\">\n\t\t\t\t\t\t\t<p style=\"text-align: left;\">Claudemiro Dias Pamponet (1961\/1962-1973\/1974)<\/p>\t\t\t\t\t\t<\/div>\n\t\t\t\t<\/div>\n\t\t\t\t\t<\/div>\n\t\t<\/div>\n\t\t\t\t<div class=\"elementor-column elementor-col-33 elementor-inner-column elementor-element elementor-element-ec8fd57\" data-id=\"ec8fd57\" data-element_type=\"column\">\n\t\t\t<div class=\"elementor-widget-wrap elementor-element-populated\">\n\t\t\t\t\t\t\t\t<div class=\"elementor-element elementor-element-5a3abf3 elementor-widget elementor-widget-toggle\" data-id=\"5a3abf3\" data-element_type=\"widget\" data-widget_type=\"toggle.default\">\n\t\t\t\t<div class=\"elementor-widget-container\">\n\t\t\t\t\t<div class=\"elementor-toggle\" role=\"tablist\">\n\t\t\t\t\t\t\t<div class=\"elementor-toggle-item\">\n\t\t\t\t\t<div id=\"elementor-tab-title-9461\" class=\"elementor-tab-title\" data-tab=\"1\" role=\"tab\" aria-controls=\"elementor-tab-content-9461\" aria-expanded=\"false\">\n\t\t\t\t\t\t\t\t\t\t\t\t<span class=\"elementor-toggle-icon elementor-toggle-icon-left\" aria-hidden=\"true\">\n\t\t\t\t\t\t\t\t\t\t\t\t\t\t\t<span class=\"elementor-toggle-icon-closed\"><i class=\"fas fa-plus\"><\/i><\/span>\n\t\t\t\t\t\t\t\t<span class=\"elementor-toggle-icon-opened\"><i class=\"elementor-toggle-icon-opened fas fa-minus\"><\/i><\/span>\n\t\t\t\t\t\t\t\t\t\t\t\t\t<\/span>\n\t\t\t\t\t\t\t\t\t\t\t\t<a href=\"\" class=\"elementor-toggle-title\">Biografia<\/a>\n\t\t\t\t\t<\/div>\n\n\t\t\t\t\t<div id=\"elementor-tab-content-9461\" class=\"elementor-tab-content elementor-clearfix\" data-tab=\"1\" role=\"tabpanel\" aria-labelledby=\"elementor-tab-title-9461\"><p>&#8230;<\/p><\/div>\n\t\t\t\t<\/div>\n\t\t\t\t\t\t\t\t\t\t<script type=\"application\/ld+json\">{\"@context\":\"https:\\\/\\\/schema.org\",\"@type\":\"FAQPage\",\"mainEntity\":[{\"@type\":\"Question\",\"name\":\"Biografia\",\"acceptedAnswer\":{\"@type\":\"Answer\",\"text\":\"<p>&#8230;<\\\/p>\"}}]}<\/script>\n\t\t\t\t\t<\/div>\n\t\t\t\t<\/div>\n\t\t\t\t<\/div>\n\t\t\t\t\t<\/div>\n\t\t<\/div>\n\t\t\t\t\t\t\t<\/div>\n\t\t<\/section>\n\t\t\t\t<section class=\"elementor-section elementor-inner-section elementor-element elementor-element-80d91cb elementor-section-boxed elementor-section-height-default elementor-section-height-default\" data-id=\"80d91cb\" data-element_type=\"section\" data-settings=\"{&quot;background_background&quot;:&quot;gradient&quot;}\">\n\t\t\t\t\t\t<div class=\"elementor-container elementor-column-gap-default\">\n\t\t\t\t\t<div class=\"elementor-column elementor-col-33 elementor-inner-column elementor-element elementor-element-01a23fb\" data-id=\"01a23fb\" data-element_type=\"column\">\n\t\t\t<div class=\"elementor-widget-wrap elementor-element-populated\">\n\t\t\t\t\t\t\t\t<div class=\"elementor-element elementor-element-9ba9893 elementor-widget elementor-widget-image\" data-id=\"9ba9893\" data-element_type=\"widget\" data-widget_type=\"image.default\">\n\t\t\t\t<div class=\"elementor-widget-container\">\n\t\t\t\t\t\t\t\t\t\t\t\t\t\t\t\t<a href=\"https:\/\/memorialdecruzdasalmas.com.br\/memorial\/wp-content\/uploads\/2023\/02\/Jose-Alberto-Passos-de-Almeida.jpg\" data-elementor-open-lightbox=\"yes\" data-elementor-lightbox-title=\"Jos\u00e9 Alberto Passos de Almeida\" data-e-action-hash=\"#elementor-action%3Aaction%3Dlightbox%26settings%3DeyJpZCI6NTM0MywidXJsIjoiaHR0cHM6XC9cL21lbW9yaWFsZGVjcnV6ZGFzYWxtYXMuY29tLmJyXC9tZW1vcmlhbFwvd3AtY29udGVudFwvdXBsb2Fkc1wvMjAyM1wvMDJcL0pvc2UtQWxiZXJ0by1QYXNzb3MtZGUtQWxtZWlkYS5qcGcifQ%3D%3D\">\n\t\t\t\t\t\t\t<img decoding=\"async\" width=\"463\" height=\"600\" src=\"https:\/\/memorialdecruzdasalmas.com.br\/memorial\/wp-content\/uploads\/2023\/02\/Jose-Alberto-Passos-de-Almeida.jpg\" class=\"attachment-large size-large wp-image-5343\" alt=\"\" srcset=\"https:\/\/memorialdecruzdasalmas.com.br\/memorial\/wp-content\/uploads\/2023\/02\/Jose-Alberto-Passos-de-Almeida.jpg 463w, https:\/\/memorialdecruzdasalmas.com.br\/memorial\/wp-content\/uploads\/2023\/02\/Jose-Alberto-Passos-de-Almeida-232x300.jpg 232w\" sizes=\"(max-width: 463px) 100vw, 463px\" \/>\t\t\t\t\t\t\t\t<\/a>\n\t\t\t\t\t\t\t\t\t\t\t\t\t\t\t<\/div>\n\t\t\t\t<\/div>\n\t\t\t\t\t<\/div>\n\t\t<\/div>\n\t\t\t\t<div class=\"elementor-column elementor-col-33 elementor-inner-column elementor-element elementor-element-474d30c\" data-id=\"474d30c\" data-element_type=\"column\">\n\t\t\t<div class=\"elementor-widget-wrap elementor-element-populated\">\n\t\t\t\t\t\t\t\t<div class=\"elementor-element elementor-element-50eac26 elementor-widget elementor-widget-text-editor\" data-id=\"50eac26\" data-element_type=\"widget\" data-widget_type=\"text-editor.default\">\n\t\t\t\t<div class=\"elementor-widget-container\">\n\t\t\t\t\t\t\t<p style=\"text-align: left;\">Jos\u00e9 Alberto Passos de Almeida (1967\/1968)<\/p>\t\t\t\t\t\t<\/div>\n\t\t\t\t<\/div>\n\t\t\t\t\t<\/div>\n\t\t<\/div>\n\t\t\t\t<div class=\"elementor-column elementor-col-33 elementor-inner-column elementor-element elementor-element-779d26c\" data-id=\"779d26c\" data-element_type=\"column\">\n\t\t\t<div class=\"elementor-widget-wrap elementor-element-populated\">\n\t\t\t\t\t\t\t\t<div class=\"elementor-element elementor-element-1236fc6 elementor-widget elementor-widget-toggle\" data-id=\"1236fc6\" data-element_type=\"widget\" data-widget_type=\"toggle.default\">\n\t\t\t\t<div class=\"elementor-widget-container\">\n\t\t\t\t\t<div class=\"elementor-toggle\" role=\"tablist\">\n\t\t\t\t\t\t\t<div class=\"elementor-toggle-item\">\n\t\t\t\t\t<div id=\"elementor-tab-title-1901\" class=\"elementor-tab-title\" data-tab=\"1\" role=\"tab\" aria-controls=\"elementor-tab-content-1901\" aria-expanded=\"false\">\n\t\t\t\t\t\t\t\t\t\t\t\t<span class=\"elementor-toggle-icon elementor-toggle-icon-left\" aria-hidden=\"true\">\n\t\t\t\t\t\t\t\t\t\t\t\t\t\t\t<span class=\"elementor-toggle-icon-closed\"><i class=\"fas fa-plus\"><\/i><\/span>\n\t\t\t\t\t\t\t\t<span class=\"elementor-toggle-icon-opened\"><i class=\"elementor-toggle-icon-opened fas fa-minus\"><\/i><\/span>\n\t\t\t\t\t\t\t\t\t\t\t\t\t<\/span>\n\t\t\t\t\t\t\t\t\t\t\t\t<a href=\"\" class=\"elementor-toggle-title\">Biografia<\/a>\n\t\t\t\t\t<\/div>\n\n\t\t\t\t\t<div id=\"elementor-tab-content-1901\" class=\"elementor-tab-content elementor-clearfix\" data-tab=\"1\" role=\"tabpanel\" aria-labelledby=\"elementor-tab-title-1901\"><p>&#8230;<\/p><\/div>\n\t\t\t\t<\/div>\n\t\t\t\t\t\t\t\t\t\t<script type=\"application\/ld+json\">{\"@context\":\"https:\\\/\\\/schema.org\",\"@type\":\"FAQPage\",\"mainEntity\":[{\"@type\":\"Question\",\"name\":\"Biografia\",\"acceptedAnswer\":{\"@type\":\"Answer\",\"text\":\"<p>&#8230;<\\\/p>\"}}]}<\/script>\n\t\t\t\t\t<\/div>\n\t\t\t\t<\/div>\n\t\t\t\t<\/div>\n\t\t\t\t\t<\/div>\n\t\t<\/div>\n\t\t\t\t\t\t\t<\/div>\n\t\t<\/section>\n\t\t\t\t<section class=\"elementor-section elementor-inner-section elementor-element elementor-element-aedfb8d elementor-section-boxed elementor-section-height-default elementor-section-height-default\" data-id=\"aedfb8d\" data-element_type=\"section\" data-settings=\"{&quot;background_background&quot;:&quot;gradient&quot;}\">\n\t\t\t\t\t\t<div class=\"elementor-container elementor-column-gap-default\">\n\t\t\t\t\t<div class=\"elementor-column elementor-col-33 elementor-inner-column elementor-element elementor-element-f329ebf\" data-id=\"f329ebf\" data-element_type=\"column\">\n\t\t\t<div class=\"elementor-widget-wrap elementor-element-populated\">\n\t\t\t\t\t\t\t\t<div class=\"elementor-element elementor-element-9430bd9 elementor-widget elementor-widget-image\" data-id=\"9430bd9\" data-element_type=\"widget\" data-widget_type=\"image.default\">\n\t\t\t\t<div class=\"elementor-widget-container\">\n\t\t\t\t\t\t\t\t\t\t\t\t\t\t\t\t<a href=\"https:\/\/memorialdecruzdasalmas.com.br\/memorial\/wp-content\/uploads\/2023\/02\/Valdomiro-da-Silva-Silveira.jpg\" data-elementor-open-lightbox=\"yes\" data-elementor-lightbox-title=\"Valdomiro da Silva Silveira\" data-e-action-hash=\"#elementor-action%3Aaction%3Dlightbox%26settings%3DeyJpZCI6NTM1NiwidXJsIjoiaHR0cHM6XC9cL21lbW9yaWFsZGVjcnV6ZGFzYWxtYXMuY29tLmJyXC9tZW1vcmlhbFwvd3AtY29udGVudFwvdXBsb2Fkc1wvMjAyM1wvMDJcL1ZhbGRvbWlyby1kYS1TaWx2YS1TaWx2ZWlyYS5qcGcifQ%3D%3D\">\n\t\t\t\t\t\t\t<img decoding=\"async\" width=\"463\" height=\"600\" src=\"https:\/\/memorialdecruzdasalmas.com.br\/memorial\/wp-content\/uploads\/2023\/02\/Valdomiro-da-Silva-Silveira.jpg\" class=\"attachment-large size-large wp-image-5356\" alt=\"\" srcset=\"https:\/\/memorialdecruzdasalmas.com.br\/memorial\/wp-content\/uploads\/2023\/02\/Valdomiro-da-Silva-Silveira.jpg 463w, https:\/\/memorialdecruzdasalmas.com.br\/memorial\/wp-content\/uploads\/2023\/02\/Valdomiro-da-Silva-Silveira-232x300.jpg 232w\" sizes=\"(max-width: 463px) 100vw, 463px\" \/>\t\t\t\t\t\t\t\t<\/a>\n\t\t\t\t\t\t\t\t\t\t\t\t\t\t\t<\/div>\n\t\t\t\t<\/div>\n\t\t\t\t\t<\/div>\n\t\t<\/div>\n\t\t\t\t<div class=\"elementor-column elementor-col-33 elementor-inner-column elementor-element elementor-element-219dfe8\" data-id=\"219dfe8\" data-element_type=\"column\">\n\t\t\t<div class=\"elementor-widget-wrap elementor-element-populated\">\n\t\t\t\t\t\t\t\t<div class=\"elementor-element elementor-element-28c34d3 elementor-widget elementor-widget-text-editor\" data-id=\"28c34d3\" data-element_type=\"widget\" data-widget_type=\"text-editor.default\">\n\t\t\t\t<div class=\"elementor-widget-container\">\n\t\t\t\t\t\t\t<p style=\"text-align: left;\">Valdomiro da Silva Silveira (30.01.68\/31.01.68)<\/p>\t\t\t\t\t\t<\/div>\n\t\t\t\t<\/div>\n\t\t\t\t\t<\/div>\n\t\t<\/div>\n\t\t\t\t<div class=\"elementor-column elementor-col-33 elementor-inner-column elementor-element elementor-element-df8315a\" data-id=\"df8315a\" data-element_type=\"column\">\n\t\t\t<div class=\"elementor-widget-wrap elementor-element-populated\">\n\t\t\t\t\t\t\t\t<div class=\"elementor-element elementor-element-1ddef7d elementor-widget elementor-widget-toggle\" data-id=\"1ddef7d\" data-element_type=\"widget\" data-widget_type=\"toggle.default\">\n\t\t\t\t<div class=\"elementor-widget-container\">\n\t\t\t\t\t<div class=\"elementor-toggle\" role=\"tablist\">\n\t\t\t\t\t\t\t<div class=\"elementor-toggle-item\">\n\t\t\t\t\t<div id=\"elementor-tab-title-3131\" class=\"elementor-tab-title\" data-tab=\"1\" role=\"tab\" aria-controls=\"elementor-tab-content-3131\" aria-expanded=\"false\">\n\t\t\t\t\t\t\t\t\t\t\t\t<span class=\"elementor-toggle-icon elementor-toggle-icon-left\" aria-hidden=\"true\">\n\t\t\t\t\t\t\t\t\t\t\t\t\t\t\t<span class=\"elementor-toggle-icon-closed\"><i class=\"fas fa-plus\"><\/i><\/span>\n\t\t\t\t\t\t\t\t<span class=\"elementor-toggle-icon-opened\"><i class=\"elementor-toggle-icon-opened fas fa-minus\"><\/i><\/span>\n\t\t\t\t\t\t\t\t\t\t\t\t\t<\/span>\n\t\t\t\t\t\t\t\t\t\t\t\t<a href=\"\" class=\"elementor-toggle-title\">Biografia<\/a>\n\t\t\t\t\t<\/div>\n\n\t\t\t\t\t<div id=\"elementor-tab-content-3131\" class=\"elementor-tab-content elementor-clearfix\" data-tab=\"1\" role=\"tabpanel\" aria-labelledby=\"elementor-tab-title-3131\"><p>&#8230;<\/p><\/div>\n\t\t\t\t<\/div>\n\t\t\t\t\t\t\t\t\t\t<script type=\"application\/ld+json\">{\"@context\":\"https:\\\/\\\/schema.org\",\"@type\":\"FAQPage\",\"mainEntity\":[{\"@type\":\"Question\",\"name\":\"Biografia\",\"acceptedAnswer\":{\"@type\":\"Answer\",\"text\":\"<p>&#8230;<\\\/p>\"}}]}<\/script>\n\t\t\t\t\t<\/div>\n\t\t\t\t<\/div>\n\t\t\t\t<\/div>\n\t\t\t\t\t<\/div>\n\t\t<\/div>\n\t\t\t\t\t\t\t<\/div>\n\t\t<\/section>\n\t\t\t\t<section class=\"elementor-section elementor-inner-section elementor-element elementor-element-25b97c1 elementor-section-boxed elementor-section-height-default elementor-section-height-default\" data-id=\"25b97c1\" data-element_type=\"section\" data-settings=\"{&quot;background_background&quot;:&quot;gradient&quot;}\">\n\t\t\t\t\t\t<div class=\"elementor-container elementor-column-gap-default\">\n\t\t\t\t\t<div class=\"elementor-column elementor-col-33 elementor-inner-column elementor-element elementor-element-1d59d80\" data-id=\"1d59d80\" data-element_type=\"column\">\n\t\t\t<div class=\"elementor-widget-wrap elementor-element-populated\">\n\t\t\t\t\t\t\t\t<div class=\"elementor-element elementor-element-51d378d elementor-widget elementor-widget-image\" data-id=\"51d378d\" data-element_type=\"widget\" data-widget_type=\"image.default\">\n\t\t\t\t<div class=\"elementor-widget-container\">\n\t\t\t\t\t\t\t\t\t\t\t\t\t\t\t\t<a href=\"https:\/\/memorialdecruzdasalmas.com.br\/memorial\/wp-content\/uploads\/2023\/02\/Darilio-Santana-de-Jeus.jpg\" data-elementor-open-lightbox=\"yes\" data-elementor-lightbox-title=\"Darilio Santana de Jeus\" data-e-action-hash=\"#elementor-action%3Aaction%3Dlightbox%26settings%3DeyJpZCI6NTMyOSwidXJsIjoiaHR0cHM6XC9cL21lbW9yaWFsZGVjcnV6ZGFzYWxtYXMuY29tLmJyXC9tZW1vcmlhbFwvd3AtY29udGVudFwvdXBsb2Fkc1wvMjAyM1wvMDJcL0RhcmlsaW8tU2FudGFuYS1kZS1KZXVzLmpwZyJ9\">\n\t\t\t\t\t\t\t<img decoding=\"async\" width=\"463\" height=\"600\" src=\"https:\/\/memorialdecruzdasalmas.com.br\/memorial\/wp-content\/uploads\/2023\/02\/Darilio-Santana-de-Jeus.jpg\" class=\"attachment-large size-large wp-image-5329\" alt=\"\" srcset=\"https:\/\/memorialdecruzdasalmas.com.br\/memorial\/wp-content\/uploads\/2023\/02\/Darilio-Santana-de-Jeus.jpg 463w, https:\/\/memorialdecruzdasalmas.com.br\/memorial\/wp-content\/uploads\/2023\/02\/Darilio-Santana-de-Jeus-232x300.jpg 232w\" sizes=\"(max-width: 463px) 100vw, 463px\" \/>\t\t\t\t\t\t\t\t<\/a>\n\t\t\t\t\t\t\t\t\t\t\t\t\t\t\t<\/div>\n\t\t\t\t<\/div>\n\t\t\t\t\t<\/div>\n\t\t<\/div>\n\t\t\t\t<div class=\"elementor-column elementor-col-33 elementor-inner-column elementor-element elementor-element-fa25cb6\" data-id=\"fa25cb6\" data-element_type=\"column\">\n\t\t\t<div class=\"elementor-widget-wrap elementor-element-populated\">\n\t\t\t\t\t\t\t\t<div class=\"elementor-element elementor-element-d1218cf elementor-widget elementor-widget-text-editor\" data-id=\"d1218cf\" data-element_type=\"widget\" data-widget_type=\"text-editor.default\">\n\t\t\t\t<div class=\"elementor-widget-container\">\n\t\t\t\t\t\t\t<p style=\"text-align: left;\">Dar\u00edlio Santana de Jesus (1969)<\/p>\t\t\t\t\t\t<\/div>\n\t\t\t\t<\/div>\n\t\t\t\t\t<\/div>\n\t\t<\/div>\n\t\t\t\t<div class=\"elementor-column elementor-col-33 elementor-inner-column elementor-element elementor-element-92670f7\" data-id=\"92670f7\" data-element_type=\"column\">\n\t\t\t<div class=\"elementor-widget-wrap elementor-element-populated\">\n\t\t\t\t\t\t\t\t<div class=\"elementor-element elementor-element-49b2341 elementor-widget elementor-widget-toggle\" data-id=\"49b2341\" data-element_type=\"widget\" data-widget_type=\"toggle.default\">\n\t\t\t\t<div class=\"elementor-widget-container\">\n\t\t\t\t\t<div class=\"elementor-toggle\" role=\"tablist\">\n\t\t\t\t\t\t\t<div class=\"elementor-toggle-item\">\n\t\t\t\t\t<div id=\"elementor-tab-title-7721\" class=\"elementor-tab-title\" data-tab=\"1\" role=\"tab\" aria-controls=\"elementor-tab-content-7721\" aria-expanded=\"false\">\n\t\t\t\t\t\t\t\t\t\t\t\t<span class=\"elementor-toggle-icon elementor-toggle-icon-left\" aria-hidden=\"true\">\n\t\t\t\t\t\t\t\t\t\t\t\t\t\t\t<span class=\"elementor-toggle-icon-closed\"><i class=\"fas fa-plus\"><\/i><\/span>\n\t\t\t\t\t\t\t\t<span class=\"elementor-toggle-icon-opened\"><i class=\"elementor-toggle-icon-opened fas fa-minus\"><\/i><\/span>\n\t\t\t\t\t\t\t\t\t\t\t\t\t<\/span>\n\t\t\t\t\t\t\t\t\t\t\t\t<a href=\"\" class=\"elementor-toggle-title\">Biografia<\/a>\n\t\t\t\t\t<\/div>\n\n\t\t\t\t\t<div id=\"elementor-tab-content-7721\" class=\"elementor-tab-content elementor-clearfix\" data-tab=\"1\" role=\"tabpanel\" aria-labelledby=\"elementor-tab-title-7721\"><p>&#8230;<\/p><\/div>\n\t\t\t\t<\/div>\n\t\t\t\t\t\t\t\t\t\t<script type=\"application\/ld+json\">{\"@context\":\"https:\\\/\\\/schema.org\",\"@type\":\"FAQPage\",\"mainEntity\":[{\"@type\":\"Question\",\"name\":\"Biografia\",\"acceptedAnswer\":{\"@type\":\"Answer\",\"text\":\"<p>&#8230;<\\\/p>\"}}]}<\/script>\n\t\t\t\t\t<\/div>\n\t\t\t\t<\/div>\n\t\t\t\t<\/div>\n\t\t\t\t\t<\/div>\n\t\t<\/div>\n\t\t\t\t\t\t\t<\/div>\n\t\t<\/section>\n\t\t\t\t<section class=\"elementor-section elementor-inner-section elementor-element elementor-element-0507062 elementor-section-boxed elementor-section-height-default elementor-section-height-default\" data-id=\"0507062\" data-element_type=\"section\" data-settings=\"{&quot;background_background&quot;:&quot;gradient&quot;}\">\n\t\t\t\t\t\t<div class=\"elementor-container elementor-column-gap-default\">\n\t\t\t\t\t<div class=\"elementor-column elementor-col-33 elementor-inner-column elementor-element elementor-element-ea47aed\" data-id=\"ea47aed\" data-element_type=\"column\">\n\t\t\t<div class=\"elementor-widget-wrap elementor-element-populated\">\n\t\t\t\t\t\t\t\t<div class=\"elementor-element elementor-element-103003f elementor-widget elementor-widget-image\" data-id=\"103003f\" data-element_type=\"widget\" data-widget_type=\"image.default\">\n\t\t\t\t<div class=\"elementor-widget-container\">\n\t\t\t\t\t\t\t\t\t\t\t\t\t\t\t\t<a href=\"https:\/\/memorialdecruzdasalmas.com.br\/memorial\/wp-content\/uploads\/2023\/02\/Gerson-Paes-Coelho-Mais.jpg\" data-elementor-open-lightbox=\"yes\" data-elementor-lightbox-title=\"Gerson Paes Coelho Mais\" data-e-action-hash=\"#elementor-action%3Aaction%3Dlightbox%26settings%3DeyJpZCI6NTM0MCwidXJsIjoiaHR0cHM6XC9cL21lbW9yaWFsZGVjcnV6ZGFzYWxtYXMuY29tLmJyXC9tZW1vcmlhbFwvd3AtY29udGVudFwvdXBsb2Fkc1wvMjAyM1wvMDJcL0dlcnNvbi1QYWVzLUNvZWxoby1NYWlzLmpwZyJ9\">\n\t\t\t\t\t\t\t<img decoding=\"async\" width=\"463\" height=\"600\" src=\"https:\/\/memorialdecruzdasalmas.com.br\/memorial\/wp-content\/uploads\/2023\/02\/Gerson-Paes-Coelho-Mais.jpg\" class=\"attachment-large size-large wp-image-5340\" alt=\"\" srcset=\"https:\/\/memorialdecruzdasalmas.com.br\/memorial\/wp-content\/uploads\/2023\/02\/Gerson-Paes-Coelho-Mais.jpg 463w, https:\/\/memorialdecruzdasalmas.com.br\/memorial\/wp-content\/uploads\/2023\/02\/Gerson-Paes-Coelho-Mais-232x300.jpg 232w\" sizes=\"(max-width: 463px) 100vw, 463px\" \/>\t\t\t\t\t\t\t\t<\/a>\n\t\t\t\t\t\t\t\t\t\t\t\t\t\t\t<\/div>\n\t\t\t\t<\/div>\n\t\t\t\t\t<\/div>\n\t\t<\/div>\n\t\t\t\t<div class=\"elementor-column elementor-col-33 elementor-inner-column elementor-element elementor-element-d550ae5\" data-id=\"d550ae5\" data-element_type=\"column\">\n\t\t\t<div class=\"elementor-widget-wrap elementor-element-populated\">\n\t\t\t\t\t\t\t\t<div class=\"elementor-element elementor-element-6992715 elementor-widget elementor-widget-text-editor\" data-id=\"6992715\" data-element_type=\"widget\" data-widget_type=\"text-editor.default\">\n\t\t\t\t<div class=\"elementor-widget-container\">\n\t\t\t\t\t\t\t<p style=\"text-align: left;\">Gerson Paes Coelho Maia (1970)<\/p>\t\t\t\t\t\t<\/div>\n\t\t\t\t<\/div>\n\t\t\t\t\t<\/div>\n\t\t<\/div>\n\t\t\t\t<div class=\"elementor-column elementor-col-33 elementor-inner-column elementor-element elementor-element-98df504\" data-id=\"98df504\" data-element_type=\"column\">\n\t\t\t<div class=\"elementor-widget-wrap elementor-element-populated\">\n\t\t\t\t\t\t\t\t<div class=\"elementor-element elementor-element-b1b2b88 elementor-widget elementor-widget-toggle\" data-id=\"b1b2b88\" data-element_type=\"widget\" data-widget_type=\"toggle.default\">\n\t\t\t\t<div class=\"elementor-widget-container\">\n\t\t\t\t\t<div class=\"elementor-toggle\" role=\"tablist\">\n\t\t\t\t\t\t\t<div class=\"elementor-toggle-item\">\n\t\t\t\t\t<div id=\"elementor-tab-title-1861\" class=\"elementor-tab-title\" data-tab=\"1\" role=\"tab\" aria-controls=\"elementor-tab-content-1861\" aria-expanded=\"false\">\n\t\t\t\t\t\t\t\t\t\t\t\t<span class=\"elementor-toggle-icon elementor-toggle-icon-left\" aria-hidden=\"true\">\n\t\t\t\t\t\t\t\t\t\t\t\t\t\t\t<span class=\"elementor-toggle-icon-closed\"><i class=\"fas fa-plus\"><\/i><\/span>\n\t\t\t\t\t\t\t\t<span class=\"elementor-toggle-icon-opened\"><i class=\"elementor-toggle-icon-opened fas fa-minus\"><\/i><\/span>\n\t\t\t\t\t\t\t\t\t\t\t\t\t<\/span>\n\t\t\t\t\t\t\t\t\t\t\t\t<a href=\"\" class=\"elementor-toggle-title\">Biografia<\/a>\n\t\t\t\t\t<\/div>\n\n\t\t\t\t\t<div id=\"elementor-tab-content-1861\" class=\"elementor-tab-content elementor-clearfix\" data-tab=\"1\" role=\"tabpanel\" aria-labelledby=\"elementor-tab-title-1861\"><p>&#8230;<\/p><\/div>\n\t\t\t\t<\/div>\n\t\t\t\t\t\t\t\t\t\t<script type=\"application\/ld+json\">{\"@context\":\"https:\\\/\\\/schema.org\",\"@type\":\"FAQPage\",\"mainEntity\":[{\"@type\":\"Question\",\"name\":\"Biografia\",\"acceptedAnswer\":{\"@type\":\"Answer\",\"text\":\"<p>&#8230;<\\\/p>\"}}]}<\/script>\n\t\t\t\t\t<\/div>\n\t\t\t\t<\/div>\n\t\t\t\t<\/div>\n\t\t\t\t\t<\/div>\n\t\t<\/div>\n\t\t\t\t\t\t\t<\/div>\n\t\t<\/section>\n\t\t\t\t<section class=\"elementor-section elementor-inner-section elementor-element elementor-element-f15e7ee elementor-section-boxed elementor-section-height-default elementor-section-height-default\" data-id=\"f15e7ee\" data-element_type=\"section\" data-settings=\"{&quot;background_background&quot;:&quot;gradient&quot;}\">\n\t\t\t\t\t\t<div class=\"elementor-container elementor-column-gap-default\">\n\t\t\t\t\t<div class=\"elementor-column elementor-col-33 elementor-inner-column elementor-element elementor-element-e46068b\" data-id=\"e46068b\" data-element_type=\"column\">\n\t\t\t<div class=\"elementor-widget-wrap elementor-element-populated\">\n\t\t\t\t\t\t\t\t<div class=\"elementor-element elementor-element-af593b7 elementor-widget elementor-widget-image\" data-id=\"af593b7\" data-element_type=\"widget\" data-widget_type=\"image.default\">\n\t\t\t\t<div class=\"elementor-widget-container\">\n\t\t\t\t\t\t\t\t\t\t\t\t\t\t\t\t<a href=\"https:\/\/memorialdecruzdasalmas.com.br\/memorial\/wp-content\/uploads\/2023\/02\/Jeronimo-de-Andrade-Torres.jpg\" data-elementor-open-lightbox=\"yes\" data-elementor-lightbox-title=\"Jeronimo de Andrade Torres\" data-e-action-hash=\"#elementor-action%3Aaction%3Dlightbox%26settings%3DeyJpZCI6NTM0MiwidXJsIjoiaHR0cHM6XC9cL21lbW9yaWFsZGVjcnV6ZGFzYWxtYXMuY29tLmJyXC9tZW1vcmlhbFwvd3AtY29udGVudFwvdXBsb2Fkc1wvMjAyM1wvMDJcL0plcm9uaW1vLWRlLUFuZHJhZGUtVG9ycmVzLmpwZyJ9\">\n\t\t\t\t\t\t\t<img decoding=\"async\" width=\"463\" height=\"600\" src=\"https:\/\/memorialdecruzdasalmas.com.br\/memorial\/wp-content\/uploads\/2023\/02\/Jeronimo-de-Andrade-Torres.jpg\" class=\"attachment-large size-large wp-image-5342\" alt=\"\" srcset=\"https:\/\/memorialdecruzdasalmas.com.br\/memorial\/wp-content\/uploads\/2023\/02\/Jeronimo-de-Andrade-Torres.jpg 463w, https:\/\/memorialdecruzdasalmas.com.br\/memorial\/wp-content\/uploads\/2023\/02\/Jeronimo-de-Andrade-Torres-232x300.jpg 232w\" sizes=\"(max-width: 463px) 100vw, 463px\" \/>\t\t\t\t\t\t\t\t<\/a>\n\t\t\t\t\t\t\t\t\t\t\t\t\t\t\t<\/div>\n\t\t\t\t<\/div>\n\t\t\t\t\t<\/div>\n\t\t<\/div>\n\t\t\t\t<div class=\"elementor-column elementor-col-33 elementor-inner-column elementor-element elementor-element-2f7ee6c\" data-id=\"2f7ee6c\" data-element_type=\"column\">\n\t\t\t<div class=\"elementor-widget-wrap elementor-element-populated\">\n\t\t\t\t\t\t\t\t<div class=\"elementor-element elementor-element-2db81f5 elementor-widget elementor-widget-text-editor\" data-id=\"2db81f5\" data-element_type=\"widget\" data-widget_type=\"text-editor.default\">\n\t\t\t\t<div class=\"elementor-widget-container\">\n\t\t\t\t\t\t\t<p style=\"text-align: left;\">Jer\u00f3nimo de Andrade T\u00f4rres (1971)<\/p><p style=\"text-align: left;\">\u00a0<\/p>\t\t\t\t\t\t<\/div>\n\t\t\t\t<\/div>\n\t\t\t\t\t<\/div>\n\t\t<\/div>\n\t\t\t\t<div class=\"elementor-column elementor-col-33 elementor-inner-column elementor-element elementor-element-d9b797b\" data-id=\"d9b797b\" data-element_type=\"column\">\n\t\t\t<div class=\"elementor-widget-wrap elementor-element-populated\">\n\t\t\t\t\t\t\t\t<div class=\"elementor-element elementor-element-b1789a8 elementor-widget elementor-widget-toggle\" data-id=\"b1789a8\" data-element_type=\"widget\" data-widget_type=\"toggle.default\">\n\t\t\t\t<div class=\"elementor-widget-container\">\n\t\t\t\t\t<div class=\"elementor-toggle\" role=\"tablist\">\n\t\t\t\t\t\t\t<div class=\"elementor-toggle-item\">\n\t\t\t\t\t<div id=\"elementor-tab-title-1861\" class=\"elementor-tab-title\" data-tab=\"1\" role=\"tab\" aria-controls=\"elementor-tab-content-1861\" aria-expanded=\"false\">\n\t\t\t\t\t\t\t\t\t\t\t\t<span class=\"elementor-toggle-icon elementor-toggle-icon-left\" aria-hidden=\"true\">\n\t\t\t\t\t\t\t\t\t\t\t\t\t\t\t<span class=\"elementor-toggle-icon-closed\"><i class=\"fas fa-plus\"><\/i><\/span>\n\t\t\t\t\t\t\t\t<span class=\"elementor-toggle-icon-opened\"><i class=\"elementor-toggle-icon-opened fas fa-minus\"><\/i><\/span>\n\t\t\t\t\t\t\t\t\t\t\t\t\t<\/span>\n\t\t\t\t\t\t\t\t\t\t\t\t<a href=\"\" class=\"elementor-toggle-title\">Biografia<\/a>\n\t\t\t\t\t<\/div>\n\n\t\t\t\t\t<div id=\"elementor-tab-content-1861\" class=\"elementor-tab-content elementor-clearfix\" data-tab=\"1\" role=\"tabpanel\" aria-labelledby=\"elementor-tab-title-1861\"><p>&#8230;<\/p><\/div>\n\t\t\t\t<\/div>\n\t\t\t\t\t\t\t\t\t\t<script type=\"application\/ld+json\">{\"@context\":\"https:\\\/\\\/schema.org\",\"@type\":\"FAQPage\",\"mainEntity\":[{\"@type\":\"Question\",\"name\":\"Biografia\",\"acceptedAnswer\":{\"@type\":\"Answer\",\"text\":\"<p>&#8230;<\\\/p>\"}}]}<\/script>\n\t\t\t\t\t<\/div>\n\t\t\t\t<\/div>\n\t\t\t\t<\/div>\n\t\t\t\t\t<\/div>\n\t\t<\/div>\n\t\t\t\t\t\t\t<\/div>\n\t\t<\/section>\n\t\t\t\t<section class=\"elementor-section elementor-inner-section elementor-element elementor-element-f9c7d44 elementor-section-boxed elementor-section-height-default elementor-section-height-default\" data-id=\"f9c7d44\" data-element_type=\"section\" data-settings=\"{&quot;background_background&quot;:&quot;gradient&quot;}\">\n\t\t\t\t\t\t<div class=\"elementor-container elementor-column-gap-default\">\n\t\t\t\t\t<div class=\"elementor-column elementor-col-33 elementor-inner-column elementor-element elementor-element-7ba8771\" data-id=\"7ba8771\" data-element_type=\"column\">\n\t\t\t<div class=\"elementor-widget-wrap elementor-element-populated\">\n\t\t\t\t\t\t\t\t<div class=\"elementor-element elementor-element-8d5f201 elementor-widget elementor-widget-image\" data-id=\"8d5f201\" data-element_type=\"widget\" data-widget_type=\"image.default\">\n\t\t\t\t<div class=\"elementor-widget-container\">\n\t\t\t\t\t\t\t\t\t\t\t\t\t\t\t\t<a href=\"https:\/\/memorialdecruzdasalmas.com.br\/memorial\/wp-content\/uploads\/2023\/02\/Fernando-Floriano-Rocha.jpg\" data-elementor-open-lightbox=\"yes\" data-elementor-lightbox-title=\"Fernando Floriano Rocha\" data-e-action-hash=\"#elementor-action%3Aaction%3Dlightbox%26settings%3DeyJpZCI6NTMzOCwidXJsIjoiaHR0cHM6XC9cL21lbW9yaWFsZGVjcnV6ZGFzYWxtYXMuY29tLmJyXC9tZW1vcmlhbFwvd3AtY29udGVudFwvdXBsb2Fkc1wvMjAyM1wvMDJcL0Zlcm5hbmRvLUZsb3JpYW5vLVJvY2hhLmpwZyJ9\">\n\t\t\t\t\t\t\t<img decoding=\"async\" width=\"463\" height=\"600\" src=\"https:\/\/memorialdecruzdasalmas.com.br\/memorial\/wp-content\/uploads\/2023\/02\/Fernando-Floriano-Rocha.jpg\" class=\"attachment-large size-large wp-image-5338\" alt=\"\" srcset=\"https:\/\/memorialdecruzdasalmas.com.br\/memorial\/wp-content\/uploads\/2023\/02\/Fernando-Floriano-Rocha.jpg 463w, https:\/\/memorialdecruzdasalmas.com.br\/memorial\/wp-content\/uploads\/2023\/02\/Fernando-Floriano-Rocha-232x300.jpg 232w\" sizes=\"(max-width: 463px) 100vw, 463px\" \/>\t\t\t\t\t\t\t\t<\/a>\n\t\t\t\t\t\t\t\t\t\t\t\t\t\t\t<\/div>\n\t\t\t\t<\/div>\n\t\t\t\t\t<\/div>\n\t\t<\/div>\n\t\t\t\t<div class=\"elementor-column elementor-col-33 elementor-inner-column elementor-element elementor-element-b354e48\" data-id=\"b354e48\" data-element_type=\"column\">\n\t\t\t<div class=\"elementor-widget-wrap elementor-element-populated\">\n\t\t\t\t\t\t\t\t<div class=\"elementor-element elementor-element-74f2e29 elementor-widget elementor-widget-text-editor\" data-id=\"74f2e29\" data-element_type=\"widget\" data-widget_type=\"text-editor.default\">\n\t\t\t\t<div class=\"elementor-widget-container\">\n\t\t\t\t\t\t\t<p style=\"text-align: left;\">Fernando Floriano Rocha (1972)<\/p>\t\t\t\t\t\t<\/div>\n\t\t\t\t<\/div>\n\t\t\t\t\t<\/div>\n\t\t<\/div>\n\t\t\t\t<div class=\"elementor-column elementor-col-33 elementor-inner-column elementor-element elementor-element-eae47c5\" data-id=\"eae47c5\" data-element_type=\"column\">\n\t\t\t<div class=\"elementor-widget-wrap elementor-element-populated\">\n\t\t\t\t\t\t\t\t<div class=\"elementor-element elementor-element-21f0c17 elementor-widget elementor-widget-toggle\" data-id=\"21f0c17\" data-element_type=\"widget\" data-widget_type=\"toggle.default\">\n\t\t\t\t<div class=\"elementor-widget-container\">\n\t\t\t\t\t<div class=\"elementor-toggle\" role=\"tablist\">\n\t\t\t\t\t\t\t<div class=\"elementor-toggle-item\">\n\t\t\t\t\t<div id=\"elementor-tab-title-3551\" class=\"elementor-tab-title\" data-tab=\"1\" role=\"tab\" aria-controls=\"elementor-tab-content-3551\" aria-expanded=\"false\">\n\t\t\t\t\t\t\t\t\t\t\t\t<span class=\"elementor-toggle-icon elementor-toggle-icon-left\" aria-hidden=\"true\">\n\t\t\t\t\t\t\t\t\t\t\t\t\t\t\t<span class=\"elementor-toggle-icon-closed\"><i class=\"fas fa-plus\"><\/i><\/span>\n\t\t\t\t\t\t\t\t<span class=\"elementor-toggle-icon-opened\"><i class=\"elementor-toggle-icon-opened fas fa-minus\"><\/i><\/span>\n\t\t\t\t\t\t\t\t\t\t\t\t\t<\/span>\n\t\t\t\t\t\t\t\t\t\t\t\t<a href=\"\" class=\"elementor-toggle-title\">Biografia<\/a>\n\t\t\t\t\t<\/div>\n\n\t\t\t\t\t<div id=\"elementor-tab-content-3551\" class=\"elementor-tab-content elementor-clearfix\" data-tab=\"1\" role=\"tabpanel\" aria-labelledby=\"elementor-tab-title-3551\"><p>&#8230;<\/p><\/div>\n\t\t\t\t<\/div>\n\t\t\t\t\t\t\t\t\t\t<script type=\"application\/ld+json\">{\"@context\":\"https:\\\/\\\/schema.org\",\"@type\":\"FAQPage\",\"mainEntity\":[{\"@type\":\"Question\",\"name\":\"Biografia\",\"acceptedAnswer\":{\"@type\":\"Answer\",\"text\":\"<p>&#8230;<\\\/p>\"}}]}<\/script>\n\t\t\t\t\t<\/div>\n\t\t\t\t<\/div>\n\t\t\t\t<\/div>\n\t\t\t\t\t<\/div>\n\t\t<\/div>\n\t\t\t\t\t\t\t<\/div>\n\t\t<\/section>\n\t\t\t\t<section class=\"elementor-section elementor-inner-section elementor-element elementor-element-5f36baa elementor-section-boxed elementor-section-height-default elementor-section-height-default\" data-id=\"5f36baa\" data-element_type=\"section\" data-settings=\"{&quot;background_background&quot;:&quot;gradient&quot;}\">\n\t\t\t\t\t\t<div class=\"elementor-container elementor-column-gap-default\">\n\t\t\t\t\t<div class=\"elementor-column elementor-col-33 elementor-inner-column elementor-element elementor-element-94656df\" data-id=\"94656df\" data-element_type=\"column\">\n\t\t\t<div class=\"elementor-widget-wrap elementor-element-populated\">\n\t\t\t\t\t\t\t\t<div class=\"elementor-element elementor-element-03b83b9 elementor-widget elementor-widget-image\" data-id=\"03b83b9\" data-element_type=\"widget\" data-widget_type=\"image.default\">\n\t\t\t\t<div class=\"elementor-widget-container\">\n\t\t\t\t\t\t\t\t\t\t\t\t\t\t\t\t<a href=\"https:\/\/memorialdecruzdasalmas.com.br\/memorial\/wp-content\/uploads\/2023\/02\/Jose-Florisvado-Eloy-de-Santana.jpg\" data-elementor-open-lightbox=\"yes\" data-elementor-lightbox-title=\"Jose Florisvado Eloy de Santana\" data-e-action-hash=\"#elementor-action%3Aaction%3Dlightbox%26settings%3DeyJpZCI6NTM0NywidXJsIjoiaHR0cHM6XC9cL21lbW9yaWFsZGVjcnV6ZGFzYWxtYXMuY29tLmJyXC9tZW1vcmlhbFwvd3AtY29udGVudFwvdXBsb2Fkc1wvMjAyM1wvMDJcL0pvc2UtRmxvcmlzdmFkby1FbG95LWRlLVNhbnRhbmEuanBnIn0%3D\">\n\t\t\t\t\t\t\t<img decoding=\"async\" width=\"463\" height=\"600\" src=\"https:\/\/memorialdecruzdasalmas.com.br\/memorial\/wp-content\/uploads\/2023\/02\/Jose-Florisvado-Eloy-de-Santana.jpg\" class=\"attachment-large size-large wp-image-5347\" alt=\"\" srcset=\"https:\/\/memorialdecruzdasalmas.com.br\/memorial\/wp-content\/uploads\/2023\/02\/Jose-Florisvado-Eloy-de-Santana.jpg 463w, https:\/\/memorialdecruzdasalmas.com.br\/memorial\/wp-content\/uploads\/2023\/02\/Jose-Florisvado-Eloy-de-Santana-232x300.jpg 232w\" sizes=\"(max-width: 463px) 100vw, 463px\" \/>\t\t\t\t\t\t\t\t<\/a>\n\t\t\t\t\t\t\t\t\t\t\t\t\t\t\t<\/div>\n\t\t\t\t<\/div>\n\t\t\t\t\t<\/div>\n\t\t<\/div>\n\t\t\t\t<div class=\"elementor-column elementor-col-33 elementor-inner-column elementor-element elementor-element-a56b326\" data-id=\"a56b326\" data-element_type=\"column\">\n\t\t\t<div class=\"elementor-widget-wrap elementor-element-populated\">\n\t\t\t\t\t\t\t\t<div class=\"elementor-element elementor-element-015e374 elementor-widget elementor-widget-text-editor\" data-id=\"015e374\" data-element_type=\"widget\" data-widget_type=\"text-editor.default\">\n\t\t\t\t<div class=\"elementor-widget-container\">\n\t\t\t\t\t\t\t<p style=\"text-align: left;\">Jos\u00e9 Florisvaldo Eloy de Santana (1975\/1976)<\/p>\t\t\t\t\t\t<\/div>\n\t\t\t\t<\/div>\n\t\t\t\t\t<\/div>\n\t\t<\/div>\n\t\t\t\t<div class=\"elementor-column elementor-col-33 elementor-inner-column elementor-element elementor-element-50d65fe\" data-id=\"50d65fe\" data-element_type=\"column\">\n\t\t\t<div class=\"elementor-widget-wrap elementor-element-populated\">\n\t\t\t\t\t\t\t\t<div class=\"elementor-element elementor-element-dc51331 elementor-widget elementor-widget-toggle\" data-id=\"dc51331\" data-element_type=\"widget\" data-widget_type=\"toggle.default\">\n\t\t\t\t<div class=\"elementor-widget-container\">\n\t\t\t\t\t<div class=\"elementor-toggle\" role=\"tablist\">\n\t\t\t\t\t\t\t<div class=\"elementor-toggle-item\">\n\t\t\t\t\t<div id=\"elementor-tab-title-2311\" class=\"elementor-tab-title\" data-tab=\"1\" role=\"tab\" aria-controls=\"elementor-tab-content-2311\" aria-expanded=\"false\">\n\t\t\t\t\t\t\t\t\t\t\t\t<span class=\"elementor-toggle-icon elementor-toggle-icon-left\" aria-hidden=\"true\">\n\t\t\t\t\t\t\t\t\t\t\t\t\t\t\t<span class=\"elementor-toggle-icon-closed\"><i class=\"fas fa-plus\"><\/i><\/span>\n\t\t\t\t\t\t\t\t<span class=\"elementor-toggle-icon-opened\"><i class=\"elementor-toggle-icon-opened fas fa-minus\"><\/i><\/span>\n\t\t\t\t\t\t\t\t\t\t\t\t\t<\/span>\n\t\t\t\t\t\t\t\t\t\t\t\t<a href=\"\" class=\"elementor-toggle-title\">Biografia<\/a>\n\t\t\t\t\t<\/div>\n\n\t\t\t\t\t<div id=\"elementor-tab-content-2311\" class=\"elementor-tab-content elementor-clearfix\" data-tab=\"1\" role=\"tabpanel\" aria-labelledby=\"elementor-tab-title-2311\"><p>&#8230;<\/p><\/div>\n\t\t\t\t<\/div>\n\t\t\t\t\t\t\t\t\t\t<script type=\"application\/ld+json\">{\"@context\":\"https:\\\/\\\/schema.org\",\"@type\":\"FAQPage\",\"mainEntity\":[{\"@type\":\"Question\",\"name\":\"Biografia\",\"acceptedAnswer\":{\"@type\":\"Answer\",\"text\":\"<p>&#8230;<\\\/p>\"}}]}<\/script>\n\t\t\t\t\t<\/div>\n\t\t\t\t<\/div>\n\t\t\t\t<\/div>\n\t\t\t\t\t<\/div>\n\t\t<\/div>\n\t\t\t\t\t\t\t<\/div>\n\t\t<\/section>\n\t\t\t\t<section class=\"elementor-section elementor-inner-section elementor-element elementor-element-0f814d1 elementor-section-boxed elementor-section-height-default elementor-section-height-default\" data-id=\"0f814d1\" data-element_type=\"section\" data-settings=\"{&quot;background_background&quot;:&quot;gradient&quot;}\">\n\t\t\t\t\t\t<div class=\"elementor-container elementor-column-gap-default\">\n\t\t\t\t\t<div class=\"elementor-column elementor-col-33 elementor-inner-column elementor-element elementor-element-f680a1d\" data-id=\"f680a1d\" data-element_type=\"column\">\n\t\t\t<div class=\"elementor-widget-wrap elementor-element-populated\">\n\t\t\t\t\t\t\t\t<div class=\"elementor-element elementor-element-3c41358 elementor-widget elementor-widget-image\" data-id=\"3c41358\" data-element_type=\"widget\" data-widget_type=\"image.default\">\n\t\t\t\t<div class=\"elementor-widget-container\">\n\t\t\t\t\t\t\t\t\t\t\t\t\t\t\t\t<a href=\"https:\/\/memorialdecruzdasalmas.com.br\/memorial\/wp-content\/uploads\/2023\/02\/Claudio-Galvao-Pinto.jpg\" data-elementor-open-lightbox=\"yes\" data-elementor-lightbox-title=\"Claudio Galvao Pinto\" data-e-action-hash=\"#elementor-action%3Aaction%3Dlightbox%26settings%3DeyJpZCI6NTMyNywidXJsIjoiaHR0cHM6XC9cL21lbW9yaWFsZGVjcnV6ZGFzYWxtYXMuY29tLmJyXC9tZW1vcmlhbFwvd3AtY29udGVudFwvdXBsb2Fkc1wvMjAyM1wvMDJcL0NsYXVkaW8tR2FsdmFvLVBpbnRvLmpwZyJ9\">\n\t\t\t\t\t\t\t<img decoding=\"async\" width=\"463\" height=\"600\" src=\"https:\/\/memorialdecruzdasalmas.com.br\/memorial\/wp-content\/uploads\/2023\/02\/Claudio-Galvao-Pinto.jpg\" class=\"attachment-large size-large wp-image-5327\" alt=\"\" srcset=\"https:\/\/memorialdecruzdasalmas.com.br\/memorial\/wp-content\/uploads\/2023\/02\/Claudio-Galvao-Pinto.jpg 463w, https:\/\/memorialdecruzdasalmas.com.br\/memorial\/wp-content\/uploads\/2023\/02\/Claudio-Galvao-Pinto-232x300.jpg 232w\" sizes=\"(max-width: 463px) 100vw, 463px\" \/>\t\t\t\t\t\t\t\t<\/a>\n\t\t\t\t\t\t\t\t\t\t\t\t\t\t\t<\/div>\n\t\t\t\t<\/div>\n\t\t\t\t\t<\/div>\n\t\t<\/div>\n\t\t\t\t<div class=\"elementor-column elementor-col-33 elementor-inner-column elementor-element elementor-element-9ed5a4a\" data-id=\"9ed5a4a\" data-element_type=\"column\">\n\t\t\t<div class=\"elementor-widget-wrap elementor-element-populated\">\n\t\t\t\t\t\t\t\t<div class=\"elementor-element elementor-element-14fa176 elementor-widget elementor-widget-text-editor\" data-id=\"14fa176\" data-element_type=\"widget\" data-widget_type=\"text-editor.default\">\n\t\t\t\t<div class=\"elementor-widget-container\">\n\t\t\t\t\t\t\t<p style=\"text-align: left;\">Cl\u00e1udio Galv\u00e3o Pinto (1977\/1978)<\/p>\t\t\t\t\t\t<\/div>\n\t\t\t\t<\/div>\n\t\t\t\t\t<\/div>\n\t\t<\/div>\n\t\t\t\t<div class=\"elementor-column elementor-col-33 elementor-inner-column elementor-element elementor-element-0a05030\" data-id=\"0a05030\" data-element_type=\"column\">\n\t\t\t<div class=\"elementor-widget-wrap elementor-element-populated\">\n\t\t\t\t\t\t\t\t<div class=\"elementor-element elementor-element-ec4b9de elementor-widget elementor-widget-toggle\" data-id=\"ec4b9de\" data-element_type=\"widget\" data-widget_type=\"toggle.default\">\n\t\t\t\t<div class=\"elementor-widget-container\">\n\t\t\t\t\t<div class=\"elementor-toggle\" role=\"tablist\">\n\t\t\t\t\t\t\t<div class=\"elementor-toggle-item\">\n\t\t\t\t\t<div id=\"elementor-tab-title-2471\" class=\"elementor-tab-title\" data-tab=\"1\" role=\"tab\" aria-controls=\"elementor-tab-content-2471\" aria-expanded=\"false\">\n\t\t\t\t\t\t\t\t\t\t\t\t<span class=\"elementor-toggle-icon elementor-toggle-icon-left\" aria-hidden=\"true\">\n\t\t\t\t\t\t\t\t\t\t\t\t\t\t\t<span class=\"elementor-toggle-icon-closed\"><i class=\"fas fa-plus\"><\/i><\/span>\n\t\t\t\t\t\t\t\t<span class=\"elementor-toggle-icon-opened\"><i class=\"elementor-toggle-icon-opened fas fa-minus\"><\/i><\/span>\n\t\t\t\t\t\t\t\t\t\t\t\t\t<\/span>\n\t\t\t\t\t\t\t\t\t\t\t\t<a href=\"\" class=\"elementor-toggle-title\">Biografia<\/a>\n\t\t\t\t\t<\/div>\n\n\t\t\t\t\t<div id=\"elementor-tab-content-2471\" class=\"elementor-tab-content elementor-clearfix\" data-tab=\"1\" role=\"tabpanel\" aria-labelledby=\"elementor-tab-title-2471\"><p>&#8230;<\/p><\/div>\n\t\t\t\t<\/div>\n\t\t\t\t\t\t\t\t\t\t<script type=\"application\/ld+json\">{\"@context\":\"https:\\\/\\\/schema.org\",\"@type\":\"FAQPage\",\"mainEntity\":[{\"@type\":\"Question\",\"name\":\"Biografia\",\"acceptedAnswer\":{\"@type\":\"Answer\",\"text\":\"<p>&#8230;<\\\/p>\"}}]}<\/script>\n\t\t\t\t\t<\/div>\n\t\t\t\t<\/div>\n\t\t\t\t<\/div>\n\t\t\t\t\t<\/div>\n\t\t<\/div>\n\t\t\t\t\t\t\t<\/div>\n\t\t<\/section>\n\t\t\t\t<section class=\"elementor-section elementor-inner-section elementor-element elementor-element-ddb3f3b elementor-section-boxed elementor-section-height-default elementor-section-height-default\" data-id=\"ddb3f3b\" data-element_type=\"section\" data-settings=\"{&quot;background_background&quot;:&quot;gradient&quot;}\">\n\t\t\t\t\t\t<div class=\"elementor-container elementor-column-gap-default\">\n\t\t\t\t\t<div class=\"elementor-column elementor-col-33 elementor-inner-column elementor-element elementor-element-d4d5829\" data-id=\"d4d5829\" data-element_type=\"column\">\n\t\t\t<div class=\"elementor-widget-wrap elementor-element-populated\">\n\t\t\t\t\t\t\t\t<div class=\"elementor-element elementor-element-e523c1d elementor-widget elementor-widget-image\" data-id=\"e523c1d\" data-element_type=\"widget\" data-widget_type=\"image.default\">\n\t\t\t\t<div class=\"elementor-widget-container\">\n\t\t\t\t\t\t\t\t\t\t\t\t\t\t\t\t<a href=\"https:\/\/memorialdecruzdasalmas.com.br\/memorial\/wp-content\/uploads\/2023\/02\/Dr-Valtercio-de-Azevedo-Cerqueira.jpg\" data-elementor-open-lightbox=\"yes\" data-elementor-lightbox-title=\"Dr Valtercio de Azevedo Cerqueira\" data-e-action-hash=\"#elementor-action%3Aaction%3Dlightbox%26settings%3DeyJpZCI6NTMzNSwidXJsIjoiaHR0cHM6XC9cL21lbW9yaWFsZGVjcnV6ZGFzYWxtYXMuY29tLmJyXC9tZW1vcmlhbFwvd3AtY29udGVudFwvdXBsb2Fkc1wvMjAyM1wvMDJcL0RyLVZhbHRlcmNpby1kZS1BemV2ZWRvLUNlcnF1ZWlyYS5qcGcifQ%3D%3D\">\n\t\t\t\t\t\t\t<img decoding=\"async\" width=\"463\" height=\"600\" src=\"https:\/\/memorialdecruzdasalmas.com.br\/memorial\/wp-content\/uploads\/2023\/02\/Dr-Valtercio-de-Azevedo-Cerqueira.jpg\" class=\"attachment-large size-large wp-image-5335\" alt=\"\" srcset=\"https:\/\/memorialdecruzdasalmas.com.br\/memorial\/wp-content\/uploads\/2023\/02\/Dr-Valtercio-de-Azevedo-Cerqueira.jpg 463w, https:\/\/memorialdecruzdasalmas.com.br\/memorial\/wp-content\/uploads\/2023\/02\/Dr-Valtercio-de-Azevedo-Cerqueira-232x300.jpg 232w\" sizes=\"(max-width: 463px) 100vw, 463px\" \/>\t\t\t\t\t\t\t\t<\/a>\n\t\t\t\t\t\t\t\t\t\t\t\t\t\t\t<\/div>\n\t\t\t\t<\/div>\n\t\t\t\t\t<\/div>\n\t\t<\/div>\n\t\t\t\t<div class=\"elementor-column elementor-col-33 elementor-inner-column elementor-element elementor-element-4bb44af\" data-id=\"4bb44af\" data-element_type=\"column\">\n\t\t\t<div class=\"elementor-widget-wrap elementor-element-populated\">\n\t\t\t\t\t\t\t\t<div class=\"elementor-element elementor-element-1cdfed6 elementor-widget elementor-widget-text-editor\" data-id=\"1cdfed6\" data-element_type=\"widget\" data-widget_type=\"text-editor.default\">\n\t\t\t\t<div class=\"elementor-widget-container\">\n\t\t\t\t\t\t\t<p style=\"text-align: left;\">Valtercio de Azevedo Cerqueira (1979\/1980)<\/p>\t\t\t\t\t\t<\/div>\n\t\t\t\t<\/div>\n\t\t\t\t\t<\/div>\n\t\t<\/div>\n\t\t\t\t<div class=\"elementor-column elementor-col-33 elementor-inner-column elementor-element elementor-element-f8dd995\" data-id=\"f8dd995\" data-element_type=\"column\">\n\t\t\t<div class=\"elementor-widget-wrap elementor-element-populated\">\n\t\t\t\t\t\t\t\t<div class=\"elementor-element elementor-element-dc9f907 elementor-widget elementor-widget-toggle\" data-id=\"dc9f907\" data-element_type=\"widget\" data-widget_type=\"toggle.default\">\n\t\t\t\t<div class=\"elementor-widget-container\">\n\t\t\t\t\t<div class=\"elementor-toggle\" role=\"tablist\">\n\t\t\t\t\t\t\t<div class=\"elementor-toggle-item\">\n\t\t\t\t\t<div id=\"elementor-tab-title-2311\" class=\"elementor-tab-title\" data-tab=\"1\" role=\"tab\" aria-controls=\"elementor-tab-content-2311\" aria-expanded=\"false\">\n\t\t\t\t\t\t\t\t\t\t\t\t<span class=\"elementor-toggle-icon elementor-toggle-icon-left\" aria-hidden=\"true\">\n\t\t\t\t\t\t\t\t\t\t\t\t\t\t\t<span class=\"elementor-toggle-icon-closed\"><i class=\"fas fa-plus\"><\/i><\/span>\n\t\t\t\t\t\t\t\t<span class=\"elementor-toggle-icon-opened\"><i class=\"elementor-toggle-icon-opened fas fa-minus\"><\/i><\/span>\n\t\t\t\t\t\t\t\t\t\t\t\t\t<\/span>\n\t\t\t\t\t\t\t\t\t\t\t\t<a href=\"\" class=\"elementor-toggle-title\">Biografia<\/a>\n\t\t\t\t\t<\/div>\n\n\t\t\t\t\t<div id=\"elementor-tab-content-2311\" class=\"elementor-tab-content elementor-clearfix\" data-tab=\"1\" role=\"tabpanel\" aria-labelledby=\"elementor-tab-title-2311\"><p>&#8230;<\/p><\/div>\n\t\t\t\t<\/div>\n\t\t\t\t\t\t\t\t\t\t<script type=\"application\/ld+json\">{\"@context\":\"https:\\\/\\\/schema.org\",\"@type\":\"FAQPage\",\"mainEntity\":[{\"@type\":\"Question\",\"name\":\"Biografia\",\"acceptedAnswer\":{\"@type\":\"Answer\",\"text\":\"<p>&#8230;<\\\/p>\"}}]}<\/script>\n\t\t\t\t\t<\/div>\n\t\t\t\t<\/div>\n\t\t\t\t<\/div>\n\t\t\t\t\t<\/div>\n\t\t<\/div>\n\t\t\t\t\t\t\t<\/div>\n\t\t<\/section>\n\t\t\t\t<section class=\"elementor-section elementor-inner-section elementor-element elementor-element-2f95f21 elementor-section-boxed elementor-section-height-default elementor-section-height-default\" data-id=\"2f95f21\" data-element_type=\"section\" data-settings=\"{&quot;background_background&quot;:&quot;gradient&quot;}\">\n\t\t\t\t\t\t<div class=\"elementor-container elementor-column-gap-default\">\n\t\t\t\t\t<div class=\"elementor-column elementor-col-33 elementor-inner-column elementor-element elementor-element-c9a0226\" data-id=\"c9a0226\" data-element_type=\"column\">\n\t\t\t<div class=\"elementor-widget-wrap elementor-element-populated\">\n\t\t\t\t\t\t\t\t<div class=\"elementor-element elementor-element-97facce elementor-widget elementor-widget-image\" data-id=\"97facce\" data-element_type=\"widget\" data-widget_type=\"image.default\">\n\t\t\t\t<div class=\"elementor-widget-container\">\n\t\t\t\t\t\t\t\t\t\t\t\t\t\t\t\t<a href=\"https:\/\/memorialdecruzdasalmas.com.br\/memorial\/wp-content\/uploads\/2023\/02\/Francisco-Almeida-Sampaio.jpg\" data-elementor-open-lightbox=\"yes\" data-elementor-lightbox-title=\"Francisco Almeida Sampaio\" data-e-action-hash=\"#elementor-action%3Aaction%3Dlightbox%26settings%3DeyJpZCI6NTMzOSwidXJsIjoiaHR0cHM6XC9cL21lbW9yaWFsZGVjcnV6ZGFzYWxtYXMuY29tLmJyXC9tZW1vcmlhbFwvd3AtY29udGVudFwvdXBsb2Fkc1wvMjAyM1wvMDJcL0ZyYW5jaXNjby1BbG1laWRhLVNhbXBhaW8uanBnIn0%3D\">\n\t\t\t\t\t\t\t<img decoding=\"async\" width=\"463\" height=\"600\" src=\"https:\/\/memorialdecruzdasalmas.com.br\/memorial\/wp-content\/uploads\/2023\/02\/Francisco-Almeida-Sampaio.jpg\" class=\"attachment-large size-large wp-image-5339\" alt=\"\" srcset=\"https:\/\/memorialdecruzdasalmas.com.br\/memorial\/wp-content\/uploads\/2023\/02\/Francisco-Almeida-Sampaio.jpg 463w, https:\/\/memorialdecruzdasalmas.com.br\/memorial\/wp-content\/uploads\/2023\/02\/Francisco-Almeida-Sampaio-232x300.jpg 232w\" sizes=\"(max-width: 463px) 100vw, 463px\" \/>\t\t\t\t\t\t\t\t<\/a>\n\t\t\t\t\t\t\t\t\t\t\t\t\t\t\t<\/div>\n\t\t\t\t<\/div>\n\t\t\t\t\t<\/div>\n\t\t<\/div>\n\t\t\t\t<div class=\"elementor-column elementor-col-33 elementor-inner-column elementor-element elementor-element-fa83d34\" data-id=\"fa83d34\" data-element_type=\"column\">\n\t\t\t<div class=\"elementor-widget-wrap elementor-element-populated\">\n\t\t\t\t\t\t\t\t<div class=\"elementor-element elementor-element-764ce43 elementor-widget elementor-widget-text-editor\" data-id=\"764ce43\" data-element_type=\"widget\" data-widget_type=\"text-editor.default\">\n\t\t\t\t<div class=\"elementor-widget-container\">\n\t\t\t\t\t\t\t<p style=\"text-align: left;\">Francisco Almeida Sampaio (1981\/1982)<\/p>\t\t\t\t\t\t<\/div>\n\t\t\t\t<\/div>\n\t\t\t\t\t<\/div>\n\t\t<\/div>\n\t\t\t\t<div class=\"elementor-column elementor-col-33 elementor-inner-column elementor-element elementor-element-1f23b32\" data-id=\"1f23b32\" data-element_type=\"column\">\n\t\t\t<div class=\"elementor-widget-wrap elementor-element-populated\">\n\t\t\t\t\t\t\t\t<div class=\"elementor-element elementor-element-2cbf728 elementor-widget elementor-widget-toggle\" data-id=\"2cbf728\" data-element_type=\"widget\" data-widget_type=\"toggle.default\">\n\t\t\t\t<div class=\"elementor-widget-container\">\n\t\t\t\t\t<div class=\"elementor-toggle\" role=\"tablist\">\n\t\t\t\t\t\t\t<div class=\"elementor-toggle-item\">\n\t\t\t\t\t<div id=\"elementor-tab-title-4691\" class=\"elementor-tab-title\" data-tab=\"1\" role=\"tab\" aria-controls=\"elementor-tab-content-4691\" aria-expanded=\"false\">\n\t\t\t\t\t\t\t\t\t\t\t\t<span class=\"elementor-toggle-icon elementor-toggle-icon-left\" aria-hidden=\"true\">\n\t\t\t\t\t\t\t\t\t\t\t\t\t\t\t<span class=\"elementor-toggle-icon-closed\"><i class=\"fas fa-plus\"><\/i><\/span>\n\t\t\t\t\t\t\t\t<span class=\"elementor-toggle-icon-opened\"><i class=\"elementor-toggle-icon-opened fas fa-minus\"><\/i><\/span>\n\t\t\t\t\t\t\t\t\t\t\t\t\t<\/span>\n\t\t\t\t\t\t\t\t\t\t\t\t<a href=\"\" class=\"elementor-toggle-title\">Biografia<\/a>\n\t\t\t\t\t<\/div>\n\n\t\t\t\t\t<div id=\"elementor-tab-content-4691\" class=\"elementor-tab-content elementor-clearfix\" data-tab=\"1\" role=\"tabpanel\" aria-labelledby=\"elementor-tab-title-4691\"><p>&#8230;<\/p><\/div>\n\t\t\t\t<\/div>\n\t\t\t\t\t\t\t\t\t\t<script type=\"application\/ld+json\">{\"@context\":\"https:\\\/\\\/schema.org\",\"@type\":\"FAQPage\",\"mainEntity\":[{\"@type\":\"Question\",\"name\":\"Biografia\",\"acceptedAnswer\":{\"@type\":\"Answer\",\"text\":\"<p>&#8230;<\\\/p>\"}}]}<\/script>\n\t\t\t\t\t<\/div>\n\t\t\t\t<\/div>\n\t\t\t\t<\/div>\n\t\t\t\t\t<\/div>\n\t\t<\/div>\n\t\t\t\t\t\t\t<\/div>\n\t\t<\/section>\n\t\t\t\t<section class=\"elementor-section elementor-inner-section elementor-element elementor-element-15c8365 elementor-section-boxed elementor-section-height-default elementor-section-height-default\" data-id=\"15c8365\" data-element_type=\"section\" data-settings=\"{&quot;background_background&quot;:&quot;gradient&quot;}\">\n\t\t\t\t\t\t<div class=\"elementor-container elementor-column-gap-default\">\n\t\t\t\t\t<div class=\"elementor-column elementor-col-33 elementor-inner-column elementor-element elementor-element-f6494ee\" data-id=\"f6494ee\" data-element_type=\"column\">\n\t\t\t<div class=\"elementor-widget-wrap elementor-element-populated\">\n\t\t\t\t\t\t\t\t<div class=\"elementor-element elementor-element-84f5bcc elementor-widget elementor-widget-image\" data-id=\"84f5bcc\" data-element_type=\"widget\" data-widget_type=\"image.default\">\n\t\t\t\t<div class=\"elementor-widget-container\">\n\t\t\t\t\t\t\t\t\t\t\t\t\t\t\t\t<a href=\"https:\/\/memorialdecruzdasalmas.com.br\/memorial\/wp-content\/uploads\/2023\/02\/Dr-Luciano-da-Silva-Passos.jpg\" data-elementor-open-lightbox=\"yes\" data-elementor-lightbox-title=\"Dr Luciano da Silva Passos\" data-e-action-hash=\"#elementor-action%3Aaction%3Dlightbox%26settings%3DeyJpZCI6NTMzMiwidXJsIjoiaHR0cHM6XC9cL21lbW9yaWFsZGVjcnV6ZGFzYWxtYXMuY29tLmJyXC9tZW1vcmlhbFwvd3AtY29udGVudFwvdXBsb2Fkc1wvMjAyM1wvMDJcL0RyLUx1Y2lhbm8tZGEtU2lsdmEtUGFzc29zLmpwZyJ9\">\n\t\t\t\t\t\t\t<img decoding=\"async\" width=\"463\" height=\"600\" src=\"https:\/\/memorialdecruzdasalmas.com.br\/memorial\/wp-content\/uploads\/2023\/02\/Dr-Luciano-da-Silva-Passos.jpg\" class=\"attachment-large size-large wp-image-5332\" alt=\"\" srcset=\"https:\/\/memorialdecruzdasalmas.com.br\/memorial\/wp-content\/uploads\/2023\/02\/Dr-Luciano-da-Silva-Passos.jpg 463w, https:\/\/memorialdecruzdasalmas.com.br\/memorial\/wp-content\/uploads\/2023\/02\/Dr-Luciano-da-Silva-Passos-232x300.jpg 232w\" sizes=\"(max-width: 463px) 100vw, 463px\" \/>\t\t\t\t\t\t\t\t<\/a>\n\t\t\t\t\t\t\t\t\t\t\t\t\t\t\t<\/div>\n\t\t\t\t<\/div>\n\t\t\t\t\t<\/div>\n\t\t<\/div>\n\t\t\t\t<div class=\"elementor-column elementor-col-33 elementor-inner-column elementor-element elementor-element-9b282bd\" data-id=\"9b282bd\" data-element_type=\"column\">\n\t\t\t<div class=\"elementor-widget-wrap elementor-element-populated\">\n\t\t\t\t\t\t\t\t<div class=\"elementor-element elementor-element-f06cfdd elementor-widget elementor-widget-text-editor\" data-id=\"f06cfdd\" data-element_type=\"widget\" data-widget_type=\"text-editor.default\">\n\t\t\t\t<div class=\"elementor-widget-container\">\n\t\t\t\t\t\t\t<p style=\"text-align: left;\">Luciano da Silva Passos (1983\/1984)<\/p>\t\t\t\t\t\t<\/div>\n\t\t\t\t<\/div>\n\t\t\t\t\t<\/div>\n\t\t<\/div>\n\t\t\t\t<div class=\"elementor-column elementor-col-33 elementor-inner-column elementor-element elementor-element-fc11dd2\" data-id=\"fc11dd2\" data-element_type=\"column\">\n\t\t\t<div class=\"elementor-widget-wrap elementor-element-populated\">\n\t\t\t\t\t\t\t\t<div class=\"elementor-element elementor-element-7658baf elementor-widget elementor-widget-toggle\" data-id=\"7658baf\" data-element_type=\"widget\" data-widget_type=\"toggle.default\">\n\t\t\t\t<div class=\"elementor-widget-container\">\n\t\t\t\t\t<div class=\"elementor-toggle\" role=\"tablist\">\n\t\t\t\t\t\t\t<div class=\"elementor-toggle-item\">\n\t\t\t\t\t<div id=\"elementor-tab-title-1241\" class=\"elementor-tab-title\" data-tab=\"1\" role=\"tab\" aria-controls=\"elementor-tab-content-1241\" aria-expanded=\"false\">\n\t\t\t\t\t\t\t\t\t\t\t\t<span class=\"elementor-toggle-icon elementor-toggle-icon-left\" aria-hidden=\"true\">\n\t\t\t\t\t\t\t\t\t\t\t\t\t\t\t<span class=\"elementor-toggle-icon-closed\"><i class=\"fas fa-plus\"><\/i><\/span>\n\t\t\t\t\t\t\t\t<span class=\"elementor-toggle-icon-opened\"><i class=\"elementor-toggle-icon-opened fas fa-minus\"><\/i><\/span>\n\t\t\t\t\t\t\t\t\t\t\t\t\t<\/span>\n\t\t\t\t\t\t\t\t\t\t\t\t<a href=\"\" class=\"elementor-toggle-title\">Biografia<\/a>\n\t\t\t\t\t<\/div>\n\n\t\t\t\t\t<div id=\"elementor-tab-content-1241\" class=\"elementor-tab-content elementor-clearfix\" data-tab=\"1\" role=\"tabpanel\" aria-labelledby=\"elementor-tab-title-1241\"><p>&#8230;<\/p><\/div>\n\t\t\t\t<\/div>\n\t\t\t\t\t\t\t\t\t\t<script type=\"application\/ld+json\">{\"@context\":\"https:\\\/\\\/schema.org\",\"@type\":\"FAQPage\",\"mainEntity\":[{\"@type\":\"Question\",\"name\":\"Biografia\",\"acceptedAnswer\":{\"@type\":\"Answer\",\"text\":\"<p>&#8230;<\\\/p>\"}}]}<\/script>\n\t\t\t\t\t<\/div>\n\t\t\t\t<\/div>\n\t\t\t\t<\/div>\n\t\t\t\t\t<\/div>\n\t\t<\/div>\n\t\t\t\t\t\t\t<\/div>\n\t\t<\/section>\n\t\t\t\t<section class=\"elementor-section elementor-inner-section elementor-element elementor-element-cbe41cd elementor-section-boxed elementor-section-height-default elementor-section-height-default\" data-id=\"cbe41cd\" data-element_type=\"section\" data-settings=\"{&quot;background_background&quot;:&quot;gradient&quot;}\">\n\t\t\t\t\t\t<div class=\"elementor-container elementor-column-gap-default\">\n\t\t\t\t\t<div class=\"elementor-column elementor-col-33 elementor-inner-column elementor-element elementor-element-f1c14bc\" data-id=\"f1c14bc\" data-element_type=\"column\">\n\t\t\t<div class=\"elementor-widget-wrap elementor-element-populated\">\n\t\t\t\t\t\t\t\t<div class=\"elementor-element elementor-element-504476d elementor-widget elementor-widget-image\" data-id=\"504476d\" data-element_type=\"widget\" data-widget_type=\"image.default\">\n\t\t\t\t<div class=\"elementor-widget-container\">\n\t\t\t\t\t\t\t\t\t\t\t\t\t\t\t\t<a href=\"https:\/\/memorialdecruzdasalmas.com.br\/memorial\/wp-content\/uploads\/2023\/02\/Raimundo-Oliveira-Cruz.jpg\" data-elementor-open-lightbox=\"yes\" data-elementor-lightbox-title=\"Raimundo Oliveira Cruz\" data-e-action-hash=\"#elementor-action%3Aaction%3Dlightbox%26settings%3DeyJpZCI6NTM1MSwidXJsIjoiaHR0cHM6XC9cL21lbW9yaWFsZGVjcnV6ZGFzYWxtYXMuY29tLmJyXC9tZW1vcmlhbFwvd3AtY29udGVudFwvdXBsb2Fkc1wvMjAyM1wvMDJcL1JhaW11bmRvLU9saXZlaXJhLUNydXouanBnIn0%3D\">\n\t\t\t\t\t\t\t<img decoding=\"async\" width=\"463\" height=\"600\" src=\"https:\/\/memorialdecruzdasalmas.com.br\/memorial\/wp-content\/uploads\/2023\/02\/Raimundo-Oliveira-Cruz.jpg\" class=\"attachment-large size-large wp-image-5351\" alt=\"\" srcset=\"https:\/\/memorialdecruzdasalmas.com.br\/memorial\/wp-content\/uploads\/2023\/02\/Raimundo-Oliveira-Cruz.jpg 463w, https:\/\/memorialdecruzdasalmas.com.br\/memorial\/wp-content\/uploads\/2023\/02\/Raimundo-Oliveira-Cruz-232x300.jpg 232w\" sizes=\"(max-width: 463px) 100vw, 463px\" \/>\t\t\t\t\t\t\t\t<\/a>\n\t\t\t\t\t\t\t\t\t\t\t\t\t\t\t<\/div>\n\t\t\t\t<\/div>\n\t\t\t\t\t<\/div>\n\t\t<\/div>\n\t\t\t\t<div class=\"elementor-column elementor-col-33 elementor-inner-column elementor-element elementor-element-2254870\" data-id=\"2254870\" data-element_type=\"column\">\n\t\t\t<div class=\"elementor-widget-wrap elementor-element-populated\">\n\t\t\t\t\t\t\t\t<div class=\"elementor-element elementor-element-0ddebaf elementor-widget elementor-widget-text-editor\" data-id=\"0ddebaf\" data-element_type=\"widget\" data-widget_type=\"text-editor.default\">\n\t\t\t\t<div class=\"elementor-widget-container\">\n\t\t\t\t\t\t\t<p style=\"text-align: left;\">Raimundo Oliveira Cruz (1985\/1986-1989\/1990)<\/p>\t\t\t\t\t\t<\/div>\n\t\t\t\t<\/div>\n\t\t\t\t\t<\/div>\n\t\t<\/div>\n\t\t\t\t<div class=\"elementor-column elementor-col-33 elementor-inner-column elementor-element elementor-element-232c2a1\" data-id=\"232c2a1\" data-element_type=\"column\">\n\t\t\t<div class=\"elementor-widget-wrap elementor-element-populated\">\n\t\t\t\t\t\t\t\t<div class=\"elementor-element elementor-element-aa40150 elementor-widget elementor-widget-toggle\" data-id=\"aa40150\" data-element_type=\"widget\" data-widget_type=\"toggle.default\">\n\t\t\t\t<div class=\"elementor-widget-container\">\n\t\t\t\t\t<div class=\"elementor-toggle\" role=\"tablist\">\n\t\t\t\t\t\t\t<div class=\"elementor-toggle-item\">\n\t\t\t\t\t<div id=\"elementor-tab-title-1781\" class=\"elementor-tab-title\" data-tab=\"1\" role=\"tab\" aria-controls=\"elementor-tab-content-1781\" aria-expanded=\"false\">\n\t\t\t\t\t\t\t\t\t\t\t\t<span class=\"elementor-toggle-icon elementor-toggle-icon-left\" aria-hidden=\"true\">\n\t\t\t\t\t\t\t\t\t\t\t\t\t\t\t<span class=\"elementor-toggle-icon-closed\"><i class=\"fas fa-plus\"><\/i><\/span>\n\t\t\t\t\t\t\t\t<span class=\"elementor-toggle-icon-opened\"><i class=\"elementor-toggle-icon-opened fas fa-minus\"><\/i><\/span>\n\t\t\t\t\t\t\t\t\t\t\t\t\t<\/span>\n\t\t\t\t\t\t\t\t\t\t\t\t<a href=\"\" class=\"elementor-toggle-title\">Biografia<\/a>\n\t\t\t\t\t<\/div>\n\n\t\t\t\t\t<div id=\"elementor-tab-content-1781\" class=\"elementor-tab-content elementor-clearfix\" data-tab=\"1\" role=\"tabpanel\" aria-labelledby=\"elementor-tab-title-1781\"><p>&#8230;<\/p><\/div>\n\t\t\t\t<\/div>\n\t\t\t\t\t\t\t\t\t\t<script type=\"application\/ld+json\">{\"@context\":\"https:\\\/\\\/schema.org\",\"@type\":\"FAQPage\",\"mainEntity\":[{\"@type\":\"Question\",\"name\":\"Biografia\",\"acceptedAnswer\":{\"@type\":\"Answer\",\"text\":\"<p>&#8230;<\\\/p>\"}}]}<\/script>\n\t\t\t\t\t<\/div>\n\t\t\t\t<\/div>\n\t\t\t\t<\/div>\n\t\t\t\t\t<\/div>\n\t\t<\/div>\n\t\t\t\t\t\t\t<\/div>\n\t\t<\/section>\n\t\t\t\t<section class=\"elementor-section elementor-inner-section elementor-element elementor-element-e25ab30 elementor-section-boxed elementor-section-height-default elementor-section-height-default\" data-id=\"e25ab30\" data-element_type=\"section\" data-settings=\"{&quot;background_background&quot;:&quot;gradient&quot;}\">\n\t\t\t\t\t\t<div class=\"elementor-container elementor-column-gap-default\">\n\t\t\t\t\t<div class=\"elementor-column elementor-col-33 elementor-inner-column elementor-element elementor-element-550accc\" data-id=\"550accc\" data-element_type=\"column\">\n\t\t\t<div class=\"elementor-widget-wrap elementor-element-populated\">\n\t\t\t\t\t\t\t\t<div class=\"elementor-element elementor-element-91fec04 elementor-widget elementor-widget-image\" data-id=\"91fec04\" data-element_type=\"widget\" data-widget_type=\"image.default\">\n\t\t\t\t<div class=\"elementor-widget-container\">\n\t\t\t\t\t\t\t\t\t\t\t\t\t\t\t\t<a href=\"https:\/\/memorialdecruzdasalmas.com.br\/memorial\/wp-content\/uploads\/2023\/02\/Antonio-Carlos-Peixoto-Barbosa.jpg\" data-elementor-open-lightbox=\"yes\" data-elementor-lightbox-title=\"Antonio Carlos Peixoto Barbosa\" data-e-action-hash=\"#elementor-action%3Aaction%3Dlightbox%26settings%3DeyJpZCI6NTMyNSwidXJsIjoiaHR0cHM6XC9cL21lbW9yaWFsZGVjcnV6ZGFzYWxtYXMuY29tLmJyXC9tZW1vcmlhbFwvd3AtY29udGVudFwvdXBsb2Fkc1wvMjAyM1wvMDJcL0FudG9uaW8tQ2FybG9zLVBlaXhvdG8tQmFyYm9zYS5qcGcifQ%3D%3D\">\n\t\t\t\t\t\t\t<img decoding=\"async\" width=\"463\" height=\"600\" src=\"https:\/\/memorialdecruzdasalmas.com.br\/memorial\/wp-content\/uploads\/2023\/02\/Antonio-Carlos-Peixoto-Barbosa.jpg\" class=\"attachment-large size-large wp-image-5325\" alt=\"\" srcset=\"https:\/\/memorialdecruzdasalmas.com.br\/memorial\/wp-content\/uploads\/2023\/02\/Antonio-Carlos-Peixoto-Barbosa.jpg 463w, https:\/\/memorialdecruzdasalmas.com.br\/memorial\/wp-content\/uploads\/2023\/02\/Antonio-Carlos-Peixoto-Barbosa-232x300.jpg 232w\" sizes=\"(max-width: 463px) 100vw, 463px\" \/>\t\t\t\t\t\t\t\t<\/a>\n\t\t\t\t\t\t\t\t\t\t\t\t\t\t\t<\/div>\n\t\t\t\t<\/div>\n\t\t\t\t\t<\/div>\n\t\t<\/div>\n\t\t\t\t<div class=\"elementor-column elementor-col-33 elementor-inner-column elementor-element elementor-element-d815343\" data-id=\"d815343\" data-element_type=\"column\">\n\t\t\t<div class=\"elementor-widget-wrap elementor-element-populated\">\n\t\t\t\t\t\t\t\t<div class=\"elementor-element elementor-element-d6b5653 elementor-widget elementor-widget-text-editor\" data-id=\"d6b5653\" data-element_type=\"widget\" data-widget_type=\"text-editor.default\">\n\t\t\t\t<div class=\"elementor-widget-container\">\n\t\t\t\t\t\t\t<p style=\"text-align: left;\">Ant\u00f4nio Carlos Peixoto Barbosa (1987\/1988)<\/p>\t\t\t\t\t\t<\/div>\n\t\t\t\t<\/div>\n\t\t\t\t\t<\/div>\n\t\t<\/div>\n\t\t\t\t<div class=\"elementor-column elementor-col-33 elementor-inner-column elementor-element elementor-element-82dccd1\" data-id=\"82dccd1\" data-element_type=\"column\">\n\t\t\t<div class=\"elementor-widget-wrap elementor-element-populated\">\n\t\t\t\t\t\t\t\t<div class=\"elementor-element elementor-element-a35639e elementor-widget elementor-widget-toggle\" data-id=\"a35639e\" data-element_type=\"widget\" data-widget_type=\"toggle.default\">\n\t\t\t\t<div class=\"elementor-widget-container\">\n\t\t\t\t\t<div class=\"elementor-toggle\" role=\"tablist\">\n\t\t\t\t\t\t\t<div class=\"elementor-toggle-item\">\n\t\t\t\t\t<div id=\"elementor-tab-title-1711\" class=\"elementor-tab-title\" data-tab=\"1\" role=\"tab\" aria-controls=\"elementor-tab-content-1711\" aria-expanded=\"false\">\n\t\t\t\t\t\t\t\t\t\t\t\t<span class=\"elementor-toggle-icon elementor-toggle-icon-left\" aria-hidden=\"true\">\n\t\t\t\t\t\t\t\t\t\t\t\t\t\t\t<span class=\"elementor-toggle-icon-closed\"><i class=\"fas fa-plus\"><\/i><\/span>\n\t\t\t\t\t\t\t\t<span class=\"elementor-toggle-icon-opened\"><i class=\"elementor-toggle-icon-opened fas fa-minus\"><\/i><\/span>\n\t\t\t\t\t\t\t\t\t\t\t\t\t<\/span>\n\t\t\t\t\t\t\t\t\t\t\t\t<a href=\"\" class=\"elementor-toggle-title\">Biografia<\/a>\n\t\t\t\t\t<\/div>\n\n\t\t\t\t\t<div id=\"elementor-tab-content-1711\" class=\"elementor-tab-content elementor-clearfix\" data-tab=\"1\" role=\"tabpanel\" aria-labelledby=\"elementor-tab-title-1711\"><p>&#8230;<\/p><\/div>\n\t\t\t\t<\/div>\n\t\t\t\t\t\t\t\t\t\t<script type=\"application\/ld+json\">{\"@context\":\"https:\\\/\\\/schema.org\",\"@type\":\"FAQPage\",\"mainEntity\":[{\"@type\":\"Question\",\"name\":\"Biografia\",\"acceptedAnswer\":{\"@type\":\"Answer\",\"text\":\"<p>&#8230;<\\\/p>\"}}]}<\/script>\n\t\t\t\t\t<\/div>\n\t\t\t\t<\/div>\n\t\t\t\t<\/div>\n\t\t\t\t\t<\/div>\n\t\t<\/div>\n\t\t\t\t\t\t\t<\/div>\n\t\t<\/section>\n\t\t\t\t<section class=\"elementor-section elementor-inner-section elementor-element elementor-element-b8aade3 elementor-section-boxed elementor-section-height-default elementor-section-height-default\" data-id=\"b8aade3\" data-element_type=\"section\" data-settings=\"{&quot;background_background&quot;:&quot;gradient&quot;}\">\n\t\t\t\t\t\t<div class=\"elementor-container elementor-column-gap-default\">\n\t\t\t\t\t<div class=\"elementor-column elementor-col-33 elementor-inner-column elementor-element elementor-element-7c0271f\" data-id=\"7c0271f\" data-element_type=\"column\">\n\t\t\t<div class=\"elementor-widget-wrap elementor-element-populated\">\n\t\t\t\t\t\t\t\t<div class=\"elementor-element elementor-element-4210270 elementor-widget elementor-widget-image\" data-id=\"4210270\" data-element_type=\"widget\" data-widget_type=\"image.default\">\n\t\t\t\t<div class=\"elementor-widget-container\">\n\t\t\t\t\t\t\t\t\t\t\t\t\t\t\t\t<a href=\"https:\/\/memorialdecruzdasalmas.com.br\/memorial\/wp-content\/uploads\/2023\/02\/Edson-Jose-Ribeiro.jpg\" data-elementor-open-lightbox=\"yes\" data-elementor-lightbox-title=\"Edson Jos\u00e9 Ribeiro\" data-e-action-hash=\"#elementor-action%3Aaction%3Dlightbox%26settings%3DeyJpZCI6NTMzNywidXJsIjoiaHR0cHM6XC9cL21lbW9yaWFsZGVjcnV6ZGFzYWxtYXMuY29tLmJyXC9tZW1vcmlhbFwvd3AtY29udGVudFwvdXBsb2Fkc1wvMjAyM1wvMDJcL0Vkc29uLUpvc2UtUmliZWlyby5qcGcifQ%3D%3D\">\n\t\t\t\t\t\t\t<img decoding=\"async\" width=\"463\" height=\"600\" src=\"https:\/\/memorialdecruzdasalmas.com.br\/memorial\/wp-content\/uploads\/2023\/02\/Edson-Jose-Ribeiro.jpg\" class=\"attachment-large size-large wp-image-5337\" alt=\"\" srcset=\"https:\/\/memorialdecruzdasalmas.com.br\/memorial\/wp-content\/uploads\/2023\/02\/Edson-Jose-Ribeiro.jpg 463w, https:\/\/memorialdecruzdasalmas.com.br\/memorial\/wp-content\/uploads\/2023\/02\/Edson-Jose-Ribeiro-232x300.jpg 232w\" sizes=\"(max-width: 463px) 100vw, 463px\" \/>\t\t\t\t\t\t\t\t<\/a>\n\t\t\t\t\t\t\t\t\t\t\t\t\t\t\t<\/div>\n\t\t\t\t<\/div>\n\t\t\t\t\t<\/div>\n\t\t<\/div>\n\t\t\t\t<div class=\"elementor-column elementor-col-33 elementor-inner-column elementor-element elementor-element-3c65120\" data-id=\"3c65120\" data-element_type=\"column\">\n\t\t\t<div class=\"elementor-widget-wrap elementor-element-populated\">\n\t\t\t\t\t\t\t\t<div class=\"elementor-element elementor-element-72f8961 elementor-widget elementor-widget-text-editor\" data-id=\"72f8961\" data-element_type=\"widget\" data-widget_type=\"text-editor.default\">\n\t\t\t\t<div class=\"elementor-widget-container\">\n\t\t\t\t\t\t\t<p style=\"text-align: left;\">Edson Jos\u00e9 Ribeiro (1991\/1992)<\/p>\t\t\t\t\t\t<\/div>\n\t\t\t\t<\/div>\n\t\t\t\t\t<\/div>\n\t\t<\/div>\n\t\t\t\t<div class=\"elementor-column elementor-col-33 elementor-inner-column elementor-element elementor-element-9cd8e5a\" data-id=\"9cd8e5a\" data-element_type=\"column\">\n\t\t\t<div class=\"elementor-widget-wrap elementor-element-populated\">\n\t\t\t\t\t\t\t\t<div class=\"elementor-element elementor-element-c287205 elementor-widget elementor-widget-toggle\" data-id=\"c287205\" data-element_type=\"widget\" data-widget_type=\"toggle.default\">\n\t\t\t\t<div class=\"elementor-widget-container\">\n\t\t\t\t\t<div class=\"elementor-toggle\" role=\"tablist\">\n\t\t\t\t\t\t\t<div class=\"elementor-toggle-item\">\n\t\t\t\t\t<div id=\"elementor-tab-title-2031\" class=\"elementor-tab-title\" data-tab=\"1\" role=\"tab\" aria-controls=\"elementor-tab-content-2031\" aria-expanded=\"false\">\n\t\t\t\t\t\t\t\t\t\t\t\t<span class=\"elementor-toggle-icon elementor-toggle-icon-left\" aria-hidden=\"true\">\n\t\t\t\t\t\t\t\t\t\t\t\t\t\t\t<span class=\"elementor-toggle-icon-closed\"><i class=\"fas fa-plus\"><\/i><\/span>\n\t\t\t\t\t\t\t\t<span class=\"elementor-toggle-icon-opened\"><i class=\"elementor-toggle-icon-opened fas fa-minus\"><\/i><\/span>\n\t\t\t\t\t\t\t\t\t\t\t\t\t<\/span>\n\t\t\t\t\t\t\t\t\t\t\t\t<a href=\"\" class=\"elementor-toggle-title\">Biografia<\/a>\n\t\t\t\t\t<\/div>\n\n\t\t\t\t\t<div id=\"elementor-tab-content-2031\" class=\"elementor-tab-content elementor-clearfix\" data-tab=\"1\" role=\"tabpanel\" aria-labelledby=\"elementor-tab-title-2031\"><p>&#8230;<\/p><\/div>\n\t\t\t\t<\/div>\n\t\t\t\t\t\t\t\t\t\t<script type=\"application\/ld+json\">{\"@context\":\"https:\\\/\\\/schema.org\",\"@type\":\"FAQPage\",\"mainEntity\":[{\"@type\":\"Question\",\"name\":\"Biografia\",\"acceptedAnswer\":{\"@type\":\"Answer\",\"text\":\"<p>&#8230;<\\\/p>\"}}]}<\/script>\n\t\t\t\t\t<\/div>\n\t\t\t\t<\/div>\n\t\t\t\t<\/div>\n\t\t\t\t\t<\/div>\n\t\t<\/div>\n\t\t\t\t\t\t\t<\/div>\n\t\t<\/section>\n\t\t\t\t<section class=\"elementor-section elementor-inner-section elementor-element elementor-element-4d5b8b7 elementor-section-boxed elementor-section-height-default elementor-section-height-default\" data-id=\"4d5b8b7\" data-element_type=\"section\" data-settings=\"{&quot;background_background&quot;:&quot;gradient&quot;}\">\n\t\t\t\t\t\t<div class=\"elementor-container elementor-column-gap-default\">\n\t\t\t\t\t<div class=\"elementor-column elementor-col-33 elementor-inner-column elementor-element elementor-element-b441a2f\" data-id=\"b441a2f\" data-element_type=\"column\">\n\t\t\t<div class=\"elementor-widget-wrap elementor-element-populated\">\n\t\t\t\t\t\t\t\t<div class=\"elementor-element elementor-element-33b93d9 elementor-widget elementor-widget-image\" data-id=\"33b93d9\" data-element_type=\"widget\" data-widget_type=\"image.default\">\n\t\t\t\t<div class=\"elementor-widget-container\">\n\t\t\t\t\t\t\t\t\t\t\t\t\t\t\t\t<a href=\"https:\/\/memorialdecruzdasalmas.com.br\/memorial\/wp-content\/uploads\/2023\/02\/Humberto-Costa-Brandao.jpg\" data-elementor-open-lightbox=\"yes\" data-elementor-lightbox-title=\"Humberto Costa Brandao\" data-e-action-hash=\"#elementor-action%3Aaction%3Dlightbox%26settings%3DeyJpZCI6NTM0MSwidXJsIjoiaHR0cHM6XC9cL21lbW9yaWFsZGVjcnV6ZGFzYWxtYXMuY29tLmJyXC9tZW1vcmlhbFwvd3AtY29udGVudFwvdXBsb2Fkc1wvMjAyM1wvMDJcL0h1bWJlcnRvLUNvc3RhLUJyYW5kYW8uanBnIn0%3D\">\n\t\t\t\t\t\t\t<img decoding=\"async\" width=\"463\" height=\"600\" src=\"https:\/\/memorialdecruzdasalmas.com.br\/memorial\/wp-content\/uploads\/2023\/02\/Humberto-Costa-Brandao.jpg\" class=\"attachment-large size-large wp-image-5341\" alt=\"\" srcset=\"https:\/\/memorialdecruzdasalmas.com.br\/memorial\/wp-content\/uploads\/2023\/02\/Humberto-Costa-Brandao.jpg 463w, https:\/\/memorialdecruzdasalmas.com.br\/memorial\/wp-content\/uploads\/2023\/02\/Humberto-Costa-Brandao-232x300.jpg 232w\" sizes=\"(max-width: 463px) 100vw, 463px\" \/>\t\t\t\t\t\t\t\t<\/a>\n\t\t\t\t\t\t\t\t\t\t\t\t\t\t\t<\/div>\n\t\t\t\t<\/div>\n\t\t\t\t\t<\/div>\n\t\t<\/div>\n\t\t\t\t<div class=\"elementor-column elementor-col-33 elementor-inner-column elementor-element elementor-element-5c2641b\" data-id=\"5c2641b\" data-element_type=\"column\">\n\t\t\t<div class=\"elementor-widget-wrap elementor-element-populated\">\n\t\t\t\t\t\t\t\t<div class=\"elementor-element elementor-element-0cdd48c elementor-widget elementor-widget-text-editor\" data-id=\"0cdd48c\" data-element_type=\"widget\" data-widget_type=\"text-editor.default\">\n\t\t\t\t<div class=\"elementor-widget-container\">\n\t\t\t\t\t\t\t<p style=\"text-align: left;\">Humberto Costa Brand\u00e3o (1993\/1994)<\/p>\t\t\t\t\t\t<\/div>\n\t\t\t\t<\/div>\n\t\t\t\t\t<\/div>\n\t\t<\/div>\n\t\t\t\t<div class=\"elementor-column elementor-col-33 elementor-inner-column elementor-element elementor-element-a0c2d5e\" data-id=\"a0c2d5e\" data-element_type=\"column\">\n\t\t\t<div class=\"elementor-widget-wrap elementor-element-populated\">\n\t\t\t\t\t\t\t\t<div class=\"elementor-element elementor-element-bf4da62 elementor-widget elementor-widget-toggle\" data-id=\"bf4da62\" data-element_type=\"widget\" data-widget_type=\"toggle.default\">\n\t\t\t\t<div class=\"elementor-widget-container\">\n\t\t\t\t\t<div class=\"elementor-toggle\" role=\"tablist\">\n\t\t\t\t\t\t\t<div class=\"elementor-toggle-item\">\n\t\t\t\t\t<div id=\"elementor-tab-title-2001\" class=\"elementor-tab-title\" data-tab=\"1\" role=\"tab\" aria-controls=\"elementor-tab-content-2001\" aria-expanded=\"false\">\n\t\t\t\t\t\t\t\t\t\t\t\t<span class=\"elementor-toggle-icon elementor-toggle-icon-left\" aria-hidden=\"true\">\n\t\t\t\t\t\t\t\t\t\t\t\t\t\t\t<span class=\"elementor-toggle-icon-closed\"><i class=\"fas fa-plus\"><\/i><\/span>\n\t\t\t\t\t\t\t\t<span class=\"elementor-toggle-icon-opened\"><i class=\"elementor-toggle-icon-opened fas fa-minus\"><\/i><\/span>\n\t\t\t\t\t\t\t\t\t\t\t\t\t<\/span>\n\t\t\t\t\t\t\t\t\t\t\t\t<a href=\"\" class=\"elementor-toggle-title\">Biografia<\/a>\n\t\t\t\t\t<\/div>\n\n\t\t\t\t\t<div id=\"elementor-tab-content-2001\" class=\"elementor-tab-content elementor-clearfix\" data-tab=\"1\" role=\"tabpanel\" aria-labelledby=\"elementor-tab-title-2001\"><p>&#8230;<\/p><\/div>\n\t\t\t\t<\/div>\n\t\t\t\t\t\t\t\t\t\t<script type=\"application\/ld+json\">{\"@context\":\"https:\\\/\\\/schema.org\",\"@type\":\"FAQPage\",\"mainEntity\":[{\"@type\":\"Question\",\"name\":\"Biografia\",\"acceptedAnswer\":{\"@type\":\"Answer\",\"text\":\"<p>&#8230;<\\\/p>\"}}]}<\/script>\n\t\t\t\t\t<\/div>\n\t\t\t\t<\/div>\n\t\t\t\t<\/div>\n\t\t\t\t\t<\/div>\n\t\t<\/div>\n\t\t\t\t\t\t\t<\/div>\n\t\t<\/section>\n\t\t\t\t<section class=\"elementor-section elementor-inner-section elementor-element elementor-element-fd60e2a elementor-section-boxed elementor-section-height-default elementor-section-height-default\" data-id=\"fd60e2a\" data-element_type=\"section\" data-settings=\"{&quot;background_background&quot;:&quot;gradient&quot;}\">\n\t\t\t\t\t\t<div class=\"elementor-container elementor-column-gap-default\">\n\t\t\t\t\t<div class=\"elementor-column elementor-col-33 elementor-inner-column elementor-element elementor-element-b1ff450\" data-id=\"b1ff450\" data-element_type=\"column\">\n\t\t\t<div class=\"elementor-widget-wrap elementor-element-populated\">\n\t\t\t\t\t\t\t\t<div class=\"elementor-element elementor-element-aa76ebc elementor-widget elementor-widget-image\" data-id=\"aa76ebc\" data-element_type=\"widget\" data-widget_type=\"image.default\">\n\t\t\t\t<div class=\"elementor-widget-container\">\n\t\t\t\t\t\t\t\t\t\t\t\t\t\t\t\t<a href=\"https:\/\/memorialdecruzdasalmas.com.br\/memorial\/wp-content\/uploads\/2023\/02\/Dr-Luiz-Carlos-de-Assuncao-Costa.jpg\" data-elementor-open-lightbox=\"yes\" data-elementor-lightbox-title=\"Dr Luiz Carlos de Assun\u00e7\u00e3o Costa\" data-e-action-hash=\"#elementor-action%3Aaction%3Dlightbox%26settings%3DeyJpZCI6NTMzMywidXJsIjoiaHR0cHM6XC9cL21lbW9yaWFsZGVjcnV6ZGFzYWxtYXMuY29tLmJyXC9tZW1vcmlhbFwvd3AtY29udGVudFwvdXBsb2Fkc1wvMjAyM1wvMDJcL0RyLUx1aXotQ2FybG9zLWRlLUFzc3VuY2FvLUNvc3RhLmpwZyJ9\">\n\t\t\t\t\t\t\t<img decoding=\"async\" width=\"463\" height=\"600\" src=\"https:\/\/memorialdecruzdasalmas.com.br\/memorial\/wp-content\/uploads\/2023\/02\/Dr-Luiz-Carlos-de-Assuncao-Costa.jpg\" class=\"attachment-large size-large wp-image-5333\" alt=\"\" srcset=\"https:\/\/memorialdecruzdasalmas.com.br\/memorial\/wp-content\/uploads\/2023\/02\/Dr-Luiz-Carlos-de-Assuncao-Costa.jpg 463w, https:\/\/memorialdecruzdasalmas.com.br\/memorial\/wp-content\/uploads\/2023\/02\/Dr-Luiz-Carlos-de-Assuncao-Costa-232x300.jpg 232w\" sizes=\"(max-width: 463px) 100vw, 463px\" \/>\t\t\t\t\t\t\t\t<\/a>\n\t\t\t\t\t\t\t\t\t\t\t\t\t\t\t<\/div>\n\t\t\t\t<\/div>\n\t\t\t\t\t<\/div>\n\t\t<\/div>\n\t\t\t\t<div class=\"elementor-column elementor-col-33 elementor-inner-column elementor-element elementor-element-030ede3\" data-id=\"030ede3\" data-element_type=\"column\">\n\t\t\t<div class=\"elementor-widget-wrap elementor-element-populated\">\n\t\t\t\t\t\t\t\t<div class=\"elementor-element elementor-element-62337d9 elementor-widget elementor-widget-text-editor\" data-id=\"62337d9\" data-element_type=\"widget\" data-widget_type=\"text-editor.default\">\n\t\t\t\t<div class=\"elementor-widget-container\">\n\t\t\t\t\t\t\t<p style=\"text-align: left;\">Luiz Carlos Assun\u00e7\u00e3o Costa (1995\/1996)<\/p>\t\t\t\t\t\t<\/div>\n\t\t\t\t<\/div>\n\t\t\t\t\t<\/div>\n\t\t<\/div>\n\t\t\t\t<div class=\"elementor-column elementor-col-33 elementor-inner-column elementor-element elementor-element-f76f952\" data-id=\"f76f952\" data-element_type=\"column\">\n\t\t\t<div class=\"elementor-widget-wrap elementor-element-populated\">\n\t\t\t\t\t\t\t\t<div class=\"elementor-element elementor-element-89b2403 elementor-widget elementor-widget-toggle\" data-id=\"89b2403\" data-element_type=\"widget\" data-widget_type=\"toggle.default\">\n\t\t\t\t<div class=\"elementor-widget-container\">\n\t\t\t\t\t<div class=\"elementor-toggle\" role=\"tablist\">\n\t\t\t\t\t\t\t<div class=\"elementor-toggle-item\">\n\t\t\t\t\t<div id=\"elementor-tab-title-1441\" class=\"elementor-tab-title\" data-tab=\"1\" role=\"tab\" aria-controls=\"elementor-tab-content-1441\" aria-expanded=\"false\">\n\t\t\t\t\t\t\t\t\t\t\t\t<span class=\"elementor-toggle-icon elementor-toggle-icon-left\" aria-hidden=\"true\">\n\t\t\t\t\t\t\t\t\t\t\t\t\t\t\t<span class=\"elementor-toggle-icon-closed\"><i class=\"fas fa-plus\"><\/i><\/span>\n\t\t\t\t\t\t\t\t<span class=\"elementor-toggle-icon-opened\"><i class=\"elementor-toggle-icon-opened fas fa-minus\"><\/i><\/span>\n\t\t\t\t\t\t\t\t\t\t\t\t\t<\/span>\n\t\t\t\t\t\t\t\t\t\t\t\t<a href=\"\" class=\"elementor-toggle-title\">Biografia<\/a>\n\t\t\t\t\t<\/div>\n\n\t\t\t\t\t<div id=\"elementor-tab-content-1441\" class=\"elementor-tab-content elementor-clearfix\" data-tab=\"1\" role=\"tabpanel\" aria-labelledby=\"elementor-tab-title-1441\"><p>&#8230;<\/p><\/div>\n\t\t\t\t<\/div>\n\t\t\t\t\t\t\t\t\t\t<script type=\"application\/ld+json\">{\"@context\":\"https:\\\/\\\/schema.org\",\"@type\":\"FAQPage\",\"mainEntity\":[{\"@type\":\"Question\",\"name\":\"Biografia\",\"acceptedAnswer\":{\"@type\":\"Answer\",\"text\":\"<p>&#8230;<\\\/p>\"}}]}<\/script>\n\t\t\t\t\t<\/div>\n\t\t\t\t<\/div>\n\t\t\t\t<\/div>\n\t\t\t\t\t<\/div>\n\t\t<\/div>\n\t\t\t\t\t\t\t<\/div>\n\t\t<\/section>\n\t\t\t\t<section class=\"elementor-section elementor-inner-section elementor-element elementor-element-3ab3ca3 elementor-section-boxed elementor-section-height-default elementor-section-height-default\" data-id=\"3ab3ca3\" data-element_type=\"section\" data-settings=\"{&quot;background_background&quot;:&quot;gradient&quot;}\">\n\t\t\t\t\t\t<div class=\"elementor-container elementor-column-gap-default\">\n\t\t\t\t\t<div class=\"elementor-column elementor-col-33 elementor-inner-column elementor-element elementor-element-1206220\" data-id=\"1206220\" data-element_type=\"column\">\n\t\t\t<div class=\"elementor-widget-wrap elementor-element-populated\">\n\t\t\t\t\t\t\t\t<div class=\"elementor-element elementor-element-3b07682 elementor-widget elementor-widget-image\" data-id=\"3b07682\" data-element_type=\"widget\" data-widget_type=\"image.default\">\n\t\t\t\t<div class=\"elementor-widget-container\">\n\t\t\t\t\t\t\t\t\t\t\t\t\t\t\t\t<a href=\"https:\/\/memorialdecruzdasalmas.com.br\/memorial\/wp-content\/uploads\/2023\/02\/Washington-Nogueira-dos-Sastos.jpg\" data-elementor-open-lightbox=\"yes\" data-elementor-lightbox-title=\"Washington Nogueira dos Sastos\" data-e-action-hash=\"#elementor-action%3Aaction%3Dlightbox%26settings%3DeyJpZCI6NTM1NywidXJsIjoiaHR0cHM6XC9cL21lbW9yaWFsZGVjcnV6ZGFzYWxtYXMuY29tLmJyXC9tZW1vcmlhbFwvd3AtY29udGVudFwvdXBsb2Fkc1wvMjAyM1wvMDJcL1dhc2hpbmd0b24tTm9ndWVpcmEtZG9zLVNhc3Rvcy5qcGcifQ%3D%3D\">\n\t\t\t\t\t\t\t<img decoding=\"async\" width=\"463\" height=\"600\" src=\"https:\/\/memorialdecruzdasalmas.com.br\/memorial\/wp-content\/uploads\/2023\/02\/Washington-Nogueira-dos-Sastos.jpg\" class=\"attachment-large size-large wp-image-5357\" alt=\"\" srcset=\"https:\/\/memorialdecruzdasalmas.com.br\/memorial\/wp-content\/uploads\/2023\/02\/Washington-Nogueira-dos-Sastos.jpg 463w, https:\/\/memorialdecruzdasalmas.com.br\/memorial\/wp-content\/uploads\/2023\/02\/Washington-Nogueira-dos-Sastos-232x300.jpg 232w\" sizes=\"(max-width: 463px) 100vw, 463px\" \/>\t\t\t\t\t\t\t\t<\/a>\n\t\t\t\t\t\t\t\t\t\t\t\t\t\t\t<\/div>\n\t\t\t\t<\/div>\n\t\t\t\t\t<\/div>\n\t\t<\/div>\n\t\t\t\t<div class=\"elementor-column elementor-col-33 elementor-inner-column elementor-element elementor-element-79a601a\" data-id=\"79a601a\" data-element_type=\"column\">\n\t\t\t<div class=\"elementor-widget-wrap elementor-element-populated\">\n\t\t\t\t\t\t\t\t<div class=\"elementor-element elementor-element-334955b elementor-widget elementor-widget-text-editor\" data-id=\"334955b\" data-element_type=\"widget\" data-widget_type=\"text-editor.default\">\n\t\t\t\t<div class=\"elementor-widget-container\">\n\t\t\t\t\t\t\t<p style=\"text-align: left;\">Washington Nogueira dos Santos (15.09.96\/31.12.96)<\/p>\t\t\t\t\t\t<\/div>\n\t\t\t\t<\/div>\n\t\t\t\t\t<\/div>\n\t\t<\/div>\n\t\t\t\t<div class=\"elementor-column elementor-col-33 elementor-inner-column elementor-element elementor-element-254230d\" data-id=\"254230d\" data-element_type=\"column\">\n\t\t\t<div class=\"elementor-widget-wrap elementor-element-populated\">\n\t\t\t\t\t\t\t\t<div class=\"elementor-element elementor-element-4252e8a elementor-widget elementor-widget-toggle\" data-id=\"4252e8a\" data-element_type=\"widget\" data-widget_type=\"toggle.default\">\n\t\t\t\t<div class=\"elementor-widget-container\">\n\t\t\t\t\t<div class=\"elementor-toggle\" role=\"tablist\">\n\t\t\t\t\t\t\t<div class=\"elementor-toggle-item\">\n\t\t\t\t\t<div id=\"elementor-tab-title-6951\" class=\"elementor-tab-title\" data-tab=\"1\" role=\"tab\" aria-controls=\"elementor-tab-content-6951\" aria-expanded=\"false\">\n\t\t\t\t\t\t\t\t\t\t\t\t<span class=\"elementor-toggle-icon elementor-toggle-icon-left\" aria-hidden=\"true\">\n\t\t\t\t\t\t\t\t\t\t\t\t\t\t\t<span class=\"elementor-toggle-icon-closed\"><i class=\"fas fa-plus\"><\/i><\/span>\n\t\t\t\t\t\t\t\t<span class=\"elementor-toggle-icon-opened\"><i class=\"elementor-toggle-icon-opened fas fa-minus\"><\/i><\/span>\n\t\t\t\t\t\t\t\t\t\t\t\t\t<\/span>\n\t\t\t\t\t\t\t\t\t\t\t\t<a href=\"\" class=\"elementor-toggle-title\">Biografia<\/a>\n\t\t\t\t\t<\/div>\n\n\t\t\t\t\t<div id=\"elementor-tab-content-6951\" class=\"elementor-tab-content elementor-clearfix\" data-tab=\"1\" role=\"tabpanel\" aria-labelledby=\"elementor-tab-title-6951\"><p>&#8230;<\/p><\/div>\n\t\t\t\t<\/div>\n\t\t\t\t\t\t\t\t\t\t<script type=\"application\/ld+json\">{\"@context\":\"https:\\\/\\\/schema.org\",\"@type\":\"FAQPage\",\"mainEntity\":[{\"@type\":\"Question\",\"name\":\"Biografia\",\"acceptedAnswer\":{\"@type\":\"Answer\",\"text\":\"<p>&#8230;<\\\/p>\"}}]}<\/script>\n\t\t\t\t\t<\/div>\n\t\t\t\t<\/div>\n\t\t\t\t<\/div>\n\t\t\t\t\t<\/div>\n\t\t<\/div>\n\t\t\t\t\t\t\t<\/div>\n\t\t<\/section>\n\t\t\t\t<section class=\"elementor-section elementor-inner-section elementor-element elementor-element-832482d elementor-section-boxed elementor-section-height-default elementor-section-height-default\" data-id=\"832482d\" data-element_type=\"section\" data-settings=\"{&quot;background_background&quot;:&quot;gradient&quot;}\">\n\t\t\t\t\t\t<div class=\"elementor-container elementor-column-gap-default\">\n\t\t\t\t\t<div class=\"elementor-column elementor-col-33 elementor-inner-column elementor-element elementor-element-be49a2f\" data-id=\"be49a2f\" data-element_type=\"column\">\n\t\t\t<div class=\"elementor-widget-wrap elementor-element-populated\">\n\t\t\t\t\t\t\t\t<div class=\"elementor-element elementor-element-fd89fd8 elementor-widget elementor-widget-image\" data-id=\"fd89fd8\" data-element_type=\"widget\" data-widget_type=\"image.default\">\n\t\t\t\t<div class=\"elementor-widget-container\">\n\t\t\t\t\t\t\t\t\t\t\t\t\t\t\t\t<a href=\"https:\/\/memorialdecruzdasalmas.com.br\/memorial\/wp-content\/uploads\/2023\/02\/Jose-Carlos-de-Cerqueira-Moraes.jpg\" data-elementor-open-lightbox=\"yes\" data-elementor-lightbox-title=\"Jose Carlos de Cerqueira Moraes\" data-e-action-hash=\"#elementor-action%3Aaction%3Dlightbox%26settings%3DeyJpZCI6NTM0NCwidXJsIjoiaHR0cHM6XC9cL21lbW9yaWFsZGVjcnV6ZGFzYWxtYXMuY29tLmJyXC9tZW1vcmlhbFwvd3AtY29udGVudFwvdXBsb2Fkc1wvMjAyM1wvMDJcL0pvc2UtQ2FybG9zLWRlLUNlcnF1ZWlyYS1Nb3JhZXMuanBnIn0%3D\">\n\t\t\t\t\t\t\t<img decoding=\"async\" width=\"463\" height=\"600\" src=\"https:\/\/memorialdecruzdasalmas.com.br\/memorial\/wp-content\/uploads\/2023\/02\/Jose-Carlos-de-Cerqueira-Moraes.jpg\" class=\"attachment-large size-large wp-image-5344\" alt=\"\" srcset=\"https:\/\/memorialdecruzdasalmas.com.br\/memorial\/wp-content\/uploads\/2023\/02\/Jose-Carlos-de-Cerqueira-Moraes.jpg 463w, https:\/\/memorialdecruzdasalmas.com.br\/memorial\/wp-content\/uploads\/2023\/02\/Jose-Carlos-de-Cerqueira-Moraes-232x300.jpg 232w\" sizes=\"(max-width: 463px) 100vw, 463px\" \/>\t\t\t\t\t\t\t\t<\/a>\n\t\t\t\t\t\t\t\t\t\t\t\t\t\t\t<\/div>\n\t\t\t\t<\/div>\n\t\t\t\t\t<\/div>\n\t\t<\/div>\n\t\t\t\t<div class=\"elementor-column elementor-col-33 elementor-inner-column elementor-element elementor-element-bd4747f\" data-id=\"bd4747f\" data-element_type=\"column\">\n\t\t\t<div class=\"elementor-widget-wrap elementor-element-populated\">\n\t\t\t\t\t\t\t\t<div class=\"elementor-element elementor-element-88eb059 elementor-widget elementor-widget-text-editor\" data-id=\"88eb059\" data-element_type=\"widget\" data-widget_type=\"text-editor.default\">\n\t\t\t\t<div class=\"elementor-widget-container\">\n\t\t\t\t\t\t\t<p style=\"text-align: left;\">Jos\u00e9 Carlos Cerqueira Moraes (1997\/1998)<\/p>\t\t\t\t\t\t<\/div>\n\t\t\t\t<\/div>\n\t\t\t\t\t<\/div>\n\t\t<\/div>\n\t\t\t\t<div class=\"elementor-column elementor-col-33 elementor-inner-column elementor-element elementor-element-7759788\" data-id=\"7759788\" data-element_type=\"column\">\n\t\t\t<div class=\"elementor-widget-wrap elementor-element-populated\">\n\t\t\t\t\t\t\t\t<div class=\"elementor-element elementor-element-ed8a662 elementor-widget elementor-widget-toggle\" data-id=\"ed8a662\" data-element_type=\"widget\" data-widget_type=\"toggle.default\">\n\t\t\t\t<div class=\"elementor-widget-container\">\n\t\t\t\t\t<div class=\"elementor-toggle\" role=\"tablist\">\n\t\t\t\t\t\t\t<div class=\"elementor-toggle-item\">\n\t\t\t\t\t<div id=\"elementor-tab-title-2491\" class=\"elementor-tab-title\" data-tab=\"1\" role=\"tab\" aria-controls=\"elementor-tab-content-2491\" aria-expanded=\"false\">\n\t\t\t\t\t\t\t\t\t\t\t\t<span class=\"elementor-toggle-icon elementor-toggle-icon-left\" aria-hidden=\"true\">\n\t\t\t\t\t\t\t\t\t\t\t\t\t\t\t<span class=\"elementor-toggle-icon-closed\"><i class=\"fas fa-plus\"><\/i><\/span>\n\t\t\t\t\t\t\t\t<span class=\"elementor-toggle-icon-opened\"><i class=\"elementor-toggle-icon-opened fas fa-minus\"><\/i><\/span>\n\t\t\t\t\t\t\t\t\t\t\t\t\t<\/span>\n\t\t\t\t\t\t\t\t\t\t\t\t<a href=\"\" class=\"elementor-toggle-title\">Biografia<\/a>\n\t\t\t\t\t<\/div>\n\n\t\t\t\t\t<div id=\"elementor-tab-content-2491\" class=\"elementor-tab-content elementor-clearfix\" data-tab=\"1\" role=\"tabpanel\" aria-labelledby=\"elementor-tab-title-2491\"><p>&#8230;<\/p><\/div>\n\t\t\t\t<\/div>\n\t\t\t\t\t\t\t\t\t\t<script type=\"application\/ld+json\">{\"@context\":\"https:\\\/\\\/schema.org\",\"@type\":\"FAQPage\",\"mainEntity\":[{\"@type\":\"Question\",\"name\":\"Biografia\",\"acceptedAnswer\":{\"@type\":\"Answer\",\"text\":\"<p>&#8230;<\\\/p>\"}}]}<\/script>\n\t\t\t\t\t<\/div>\n\t\t\t\t<\/div>\n\t\t\t\t<\/div>\n\t\t\t\t\t<\/div>\n\t\t<\/div>\n\t\t\t\t\t\t\t<\/div>\n\t\t<\/section>\n\t\t\t\t<section class=\"elementor-section elementor-inner-section elementor-element elementor-element-6e66419 elementor-section-boxed elementor-section-height-default elementor-section-height-default\" data-id=\"6e66419\" data-element_type=\"section\" data-settings=\"{&quot;background_background&quot;:&quot;gradient&quot;}\">\n\t\t\t\t\t\t<div class=\"elementor-container elementor-column-gap-default\">\n\t\t\t\t\t<div class=\"elementor-column elementor-col-33 elementor-inner-column elementor-element elementor-element-0da0c20\" data-id=\"0da0c20\" data-element_type=\"column\">\n\t\t\t<div class=\"elementor-widget-wrap elementor-element-populated\">\n\t\t\t\t\t\t\t\t<div class=\"elementor-element elementor-element-e20f010 elementor-widget elementor-widget-image\" data-id=\"e20f010\" data-element_type=\"widget\" data-widget_type=\"image.default\">\n\t\t\t\t<div class=\"elementor-widget-container\">\n\t\t\t\t\t\t\t\t\t\t\t\t\t\t\t\t<a href=\"https:\/\/memorialdecruzdasalmas.com.br\/memorial\/wp-content\/uploads\/2023\/02\/Alberto-Santana.jpg\" data-elementor-open-lightbox=\"yes\" data-elementor-lightbox-title=\"Alberto Santana\" data-e-action-hash=\"#elementor-action%3Aaction%3Dlightbox%26settings%3DeyJpZCI6NTMyNCwidXJsIjoiaHR0cHM6XC9cL21lbW9yaWFsZGVjcnV6ZGFzYWxtYXMuY29tLmJyXC9tZW1vcmlhbFwvd3AtY29udGVudFwvdXBsb2Fkc1wvMjAyM1wvMDJcL0FsYmVydG8tU2FudGFuYS5qcGcifQ%3D%3D\">\n\t\t\t\t\t\t\t<img decoding=\"async\" width=\"463\" height=\"600\" src=\"https:\/\/memorialdecruzdasalmas.com.br\/memorial\/wp-content\/uploads\/2023\/02\/Alberto-Santana.jpg\" class=\"attachment-large size-large wp-image-5324\" alt=\"\" srcset=\"https:\/\/memorialdecruzdasalmas.com.br\/memorial\/wp-content\/uploads\/2023\/02\/Alberto-Santana.jpg 463w, https:\/\/memorialdecruzdasalmas.com.br\/memorial\/wp-content\/uploads\/2023\/02\/Alberto-Santana-232x300.jpg 232w\" sizes=\"(max-width: 463px) 100vw, 463px\" \/>\t\t\t\t\t\t\t\t<\/a>\n\t\t\t\t\t\t\t\t\t\t\t\t\t\t\t<\/div>\n\t\t\t\t<\/div>\n\t\t\t\t\t<\/div>\n\t\t<\/div>\n\t\t\t\t<div class=\"elementor-column elementor-col-33 elementor-inner-column elementor-element elementor-element-3d83cba\" data-id=\"3d83cba\" data-element_type=\"column\">\n\t\t\t<div class=\"elementor-widget-wrap elementor-element-populated\">\n\t\t\t\t\t\t\t\t<div class=\"elementor-element elementor-element-159bcb9 elementor-widget elementor-widget-text-editor\" data-id=\"159bcb9\" data-element_type=\"widget\" data-widget_type=\"text-editor.default\">\n\t\t\t\t<div class=\"elementor-widget-container\">\n\t\t\t\t\t\t\t<p style=\"text-align: left;\">Alberto Jos\u00e9 Santana (1999\/2000)<\/p>\t\t\t\t\t\t<\/div>\n\t\t\t\t<\/div>\n\t\t\t\t\t<\/div>\n\t\t<\/div>\n\t\t\t\t<div class=\"elementor-column elementor-col-33 elementor-inner-column elementor-element elementor-element-70e7f2b\" data-id=\"70e7f2b\" data-element_type=\"column\">\n\t\t\t<div class=\"elementor-widget-wrap elementor-element-populated\">\n\t\t\t\t\t\t\t\t<div class=\"elementor-element elementor-element-49299c5 elementor-widget elementor-widget-toggle\" data-id=\"49299c5\" data-element_type=\"widget\" data-widget_type=\"toggle.default\">\n\t\t\t\t<div class=\"elementor-widget-container\">\n\t\t\t\t\t<div class=\"elementor-toggle\" role=\"tablist\">\n\t\t\t\t\t\t\t<div class=\"elementor-toggle-item\">\n\t\t\t\t\t<div id=\"elementor-tab-title-7671\" class=\"elementor-tab-title\" data-tab=\"1\" role=\"tab\" aria-controls=\"elementor-tab-content-7671\" aria-expanded=\"false\">\n\t\t\t\t\t\t\t\t\t\t\t\t<span class=\"elementor-toggle-icon elementor-toggle-icon-left\" aria-hidden=\"true\">\n\t\t\t\t\t\t\t\t\t\t\t\t\t\t\t<span class=\"elementor-toggle-icon-closed\"><i class=\"fas fa-plus\"><\/i><\/span>\n\t\t\t\t\t\t\t\t<span class=\"elementor-toggle-icon-opened\"><i class=\"elementor-toggle-icon-opened fas fa-minus\"><\/i><\/span>\n\t\t\t\t\t\t\t\t\t\t\t\t\t<\/span>\n\t\t\t\t\t\t\t\t\t\t\t\t<a href=\"\" class=\"elementor-toggle-title\">Biografia<\/a>\n\t\t\t\t\t<\/div>\n\n\t\t\t\t\t<div id=\"elementor-tab-content-7671\" class=\"elementor-tab-content elementor-clearfix\" data-tab=\"1\" role=\"tabpanel\" aria-labelledby=\"elementor-tab-title-7671\"><p>&#8230;<\/p><\/div>\n\t\t\t\t<\/div>\n\t\t\t\t\t\t\t\t\t\t<script type=\"application\/ld+json\">{\"@context\":\"https:\\\/\\\/schema.org\",\"@type\":\"FAQPage\",\"mainEntity\":[{\"@type\":\"Question\",\"name\":\"Biografia\",\"acceptedAnswer\":{\"@type\":\"Answer\",\"text\":\"<p>&#8230;<\\\/p>\"}}]}<\/script>\n\t\t\t\t\t<\/div>\n\t\t\t\t<\/div>\n\t\t\t\t<\/div>\n\t\t\t\t\t<\/div>\n\t\t<\/div>\n\t\t\t\t\t\t\t<\/div>\n\t\t<\/section>\n\t\t\t\t<section class=\"elementor-section elementor-inner-section elementor-element elementor-element-efaa9cb elementor-section-boxed elementor-section-height-default elementor-section-height-default\" data-id=\"efaa9cb\" data-element_type=\"section\" data-settings=\"{&quot;background_background&quot;:&quot;gradient&quot;}\">\n\t\t\t\t\t\t<div class=\"elementor-container elementor-column-gap-default\">\n\t\t\t\t\t<div class=\"elementor-column elementor-col-33 elementor-inner-column elementor-element elementor-element-d44ae32\" data-id=\"d44ae32\" data-element_type=\"column\">\n\t\t\t<div class=\"elementor-widget-wrap elementor-element-populated\">\n\t\t\t\t\t\t\t\t<div class=\"elementor-element elementor-element-6c119ea elementor-widget elementor-widget-image\" data-id=\"6c119ea\" data-element_type=\"widget\" data-widget_type=\"image.default\">\n\t\t\t\t<div class=\"elementor-widget-container\">\n\t\t\t\t\t\t\t\t\t\t\t\t\t\t\t\t<a href=\"https:\/\/memorialdecruzdasalmas.com.br\/memorial\/wp-content\/uploads\/2023\/02\/Mario-Araujo-dos-Santos.jpg\" data-elementor-open-lightbox=\"yes\" data-elementor-lightbox-title=\"Mario Araujo dos Santos\" data-e-action-hash=\"#elementor-action%3Aaction%3Dlightbox%26settings%3DeyJpZCI6NTMyMywidXJsIjoiaHR0cHM6XC9cL21lbW9yaWFsZGVjcnV6ZGFzYWxtYXMuY29tLmJyXC9tZW1vcmlhbFwvd3AtY29udGVudFwvdXBsb2Fkc1wvMjAyM1wvMDJcL01hcmlvLUFyYXVqby1kb3MtU2FudG9zLmpwZyJ9\">\n\t\t\t\t\t\t\t<img decoding=\"async\" width=\"463\" height=\"600\" src=\"https:\/\/memorialdecruzdasalmas.com.br\/memorial\/wp-content\/uploads\/2023\/02\/Mario-Araujo-dos-Santos.jpg\" class=\"attachment-large size-large wp-image-5323\" alt=\"\" srcset=\"https:\/\/memorialdecruzdasalmas.com.br\/memorial\/wp-content\/uploads\/2023\/02\/Mario-Araujo-dos-Santos.jpg 463w, https:\/\/memorialdecruzdasalmas.com.br\/memorial\/wp-content\/uploads\/2023\/02\/Mario-Araujo-dos-Santos-232x300.jpg 232w\" sizes=\"(max-width: 463px) 100vw, 463px\" \/>\t\t\t\t\t\t\t\t<\/a>\n\t\t\t\t\t\t\t\t\t\t\t\t\t\t\t<\/div>\n\t\t\t\t<\/div>\n\t\t\t\t\t<\/div>\n\t\t<\/div>\n\t\t\t\t<div class=\"elementor-column elementor-col-33 elementor-inner-column elementor-element elementor-element-77e5af9\" data-id=\"77e5af9\" data-element_type=\"column\">\n\t\t\t<div class=\"elementor-widget-wrap elementor-element-populated\">\n\t\t\t\t\t\t\t\t<div class=\"elementor-element elementor-element-0c95ce2 elementor-widget elementor-widget-text-editor\" data-id=\"0c95ce2\" data-element_type=\"widget\" data-widget_type=\"text-editor.default\">\n\t\t\t\t<div class=\"elementor-widget-container\">\n\t\t\t\t\t\t\t<p style=\"text-align: left;\">M\u00e1rio Ara\u00fajo dos Santos (2001\/2002)<\/p>\t\t\t\t\t\t<\/div>\n\t\t\t\t<\/div>\n\t\t\t\t\t<\/div>\n\t\t<\/div>\n\t\t\t\t<div class=\"elementor-column elementor-col-33 elementor-inner-column elementor-element elementor-element-a63fdbb\" data-id=\"a63fdbb\" data-element_type=\"column\">\n\t\t\t<div class=\"elementor-widget-wrap elementor-element-populated\">\n\t\t\t\t\t\t\t\t<div class=\"elementor-element elementor-element-dfdf74e elementor-widget elementor-widget-toggle\" data-id=\"dfdf74e\" data-element_type=\"widget\" data-widget_type=\"toggle.default\">\n\t\t\t\t<div class=\"elementor-widget-container\">\n\t\t\t\t\t<div class=\"elementor-toggle\" role=\"tablist\">\n\t\t\t\t\t\t\t<div class=\"elementor-toggle-item\">\n\t\t\t\t\t<div id=\"elementor-tab-title-2341\" class=\"elementor-tab-title\" data-tab=\"1\" role=\"tab\" aria-controls=\"elementor-tab-content-2341\" aria-expanded=\"false\">\n\t\t\t\t\t\t\t\t\t\t\t\t<span class=\"elementor-toggle-icon elementor-toggle-icon-left\" aria-hidden=\"true\">\n\t\t\t\t\t\t\t\t\t\t\t\t\t\t\t<span class=\"elementor-toggle-icon-closed\"><i class=\"fas fa-plus\"><\/i><\/span>\n\t\t\t\t\t\t\t\t<span class=\"elementor-toggle-icon-opened\"><i class=\"elementor-toggle-icon-opened fas fa-minus\"><\/i><\/span>\n\t\t\t\t\t\t\t\t\t\t\t\t\t<\/span>\n\t\t\t\t\t\t\t\t\t\t\t\t<a href=\"\" class=\"elementor-toggle-title\">Biografia<\/a>\n\t\t\t\t\t<\/div>\n\n\t\t\t\t\t<div id=\"elementor-tab-content-2341\" class=\"elementor-tab-content elementor-clearfix\" data-tab=\"1\" role=\"tabpanel\" aria-labelledby=\"elementor-tab-title-2341\"><p>&#8230;<\/p><\/div>\n\t\t\t\t<\/div>\n\t\t\t\t\t\t\t\t\t\t<script type=\"application\/ld+json\">{\"@context\":\"https:\\\/\\\/schema.org\",\"@type\":\"FAQPage\",\"mainEntity\":[{\"@type\":\"Question\",\"name\":\"Biografia\",\"acceptedAnswer\":{\"@type\":\"Answer\",\"text\":\"<p>&#8230;<\\\/p>\"}}]}<\/script>\n\t\t\t\t\t<\/div>\n\t\t\t\t<\/div>\n\t\t\t\t<\/div>\n\t\t\t\t\t<\/div>\n\t\t<\/div>\n\t\t\t\t\t\t\t<\/div>\n\t\t<\/section>\n\t\t\t\t<section class=\"elementor-section elementor-inner-section elementor-element elementor-element-9a30ad6 elementor-section-boxed elementor-section-height-default elementor-section-height-default\" data-id=\"9a30ad6\" data-element_type=\"section\" data-settings=\"{&quot;background_background&quot;:&quot;gradient&quot;}\">\n\t\t\t\t\t\t<div class=\"elementor-container elementor-column-gap-default\">\n\t\t\t\t\t<div class=\"elementor-column elementor-col-33 elementor-inner-column elementor-element elementor-element-1e35837\" data-id=\"1e35837\" data-element_type=\"column\">\n\t\t\t<div class=\"elementor-widget-wrap elementor-element-populated\">\n\t\t\t\t\t\t\t\t<div class=\"elementor-element elementor-element-a104464 elementor-widget elementor-widget-image\" data-id=\"a104464\" data-element_type=\"widget\" data-widget_type=\"image.default\">\n\t\t\t\t<div class=\"elementor-widget-container\">\n\t\t\t\t\t\t\t\t\t\t\t\t\t\t\t\t<a href=\"https:\/\/memorialdecruzdasalmas.com.br\/memorial\/wp-content\/uploads\/2023\/02\/Ednaldo-Jose-Ribeiro.jpg\" data-elementor-open-lightbox=\"yes\" data-elementor-lightbox-title=\"Ednaldo Jose Ribeiro\" data-e-action-hash=\"#elementor-action%3Aaction%3Dlightbox%26settings%3DeyJpZCI6NTMzNiwidXJsIjoiaHR0cHM6XC9cL21lbW9yaWFsZGVjcnV6ZGFzYWxtYXMuY29tLmJyXC9tZW1vcmlhbFwvd3AtY29udGVudFwvdXBsb2Fkc1wvMjAyM1wvMDJcL0VkbmFsZG8tSm9zZS1SaWJlaXJvLmpwZyJ9\">\n\t\t\t\t\t\t\t<img decoding=\"async\" width=\"463\" height=\"600\" src=\"https:\/\/memorialdecruzdasalmas.com.br\/memorial\/wp-content\/uploads\/2023\/02\/Ednaldo-Jose-Ribeiro.jpg\" class=\"attachment-large size-large wp-image-5336\" alt=\"\" srcset=\"https:\/\/memorialdecruzdasalmas.com.br\/memorial\/wp-content\/uploads\/2023\/02\/Ednaldo-Jose-Ribeiro.jpg 463w, https:\/\/memorialdecruzdasalmas.com.br\/memorial\/wp-content\/uploads\/2023\/02\/Ednaldo-Jose-Ribeiro-232x300.jpg 232w\" sizes=\"(max-width: 463px) 100vw, 463px\" \/>\t\t\t\t\t\t\t\t<\/a>\n\t\t\t\t\t\t\t\t\t\t\t\t\t\t\t<\/div>\n\t\t\t\t<\/div>\n\t\t\t\t\t<\/div>\n\t\t<\/div>\n\t\t\t\t<div class=\"elementor-column elementor-col-33 elementor-inner-column elementor-element elementor-element-8060fc7\" data-id=\"8060fc7\" data-element_type=\"column\">\n\t\t\t<div class=\"elementor-widget-wrap elementor-element-populated\">\n\t\t\t\t\t\t\t\t<div class=\"elementor-element elementor-element-3aa6503 elementor-widget elementor-widget-text-editor\" data-id=\"3aa6503\" data-element_type=\"widget\" data-widget_type=\"text-editor.default\">\n\t\t\t\t<div class=\"elementor-widget-container\">\n\t\t\t\t\t\t\t<p style=\"text-align: left;\">Ednaldo Jos\u00e9 Ribeiro (2003\/2004)<\/p>\t\t\t\t\t\t<\/div>\n\t\t\t\t<\/div>\n\t\t\t\t\t<\/div>\n\t\t<\/div>\n\t\t\t\t<div class=\"elementor-column elementor-col-33 elementor-inner-column elementor-element elementor-element-80ea2e7\" data-id=\"80ea2e7\" data-element_type=\"column\">\n\t\t\t<div class=\"elementor-widget-wrap elementor-element-populated\">\n\t\t\t\t\t\t\t\t<div class=\"elementor-element elementor-element-a1fd923 elementor-widget elementor-widget-toggle\" data-id=\"a1fd923\" data-element_type=\"widget\" data-widget_type=\"toggle.default\">\n\t\t\t\t<div class=\"elementor-widget-container\">\n\t\t\t\t\t<div class=\"elementor-toggle\" role=\"tablist\">\n\t\t\t\t\t\t\t<div class=\"elementor-toggle-item\">\n\t\t\t\t\t<div id=\"elementor-tab-title-1691\" class=\"elementor-tab-title\" data-tab=\"1\" role=\"tab\" aria-controls=\"elementor-tab-content-1691\" aria-expanded=\"false\">\n\t\t\t\t\t\t\t\t\t\t\t\t<span class=\"elementor-toggle-icon elementor-toggle-icon-left\" aria-hidden=\"true\">\n\t\t\t\t\t\t\t\t\t\t\t\t\t\t\t<span class=\"elementor-toggle-icon-closed\"><i class=\"fas fa-plus\"><\/i><\/span>\n\t\t\t\t\t\t\t\t<span class=\"elementor-toggle-icon-opened\"><i class=\"elementor-toggle-icon-opened fas fa-minus\"><\/i><\/span>\n\t\t\t\t\t\t\t\t\t\t\t\t\t<\/span>\n\t\t\t\t\t\t\t\t\t\t\t\t<a href=\"\" class=\"elementor-toggle-title\">Biografia<\/a>\n\t\t\t\t\t<\/div>\n\n\t\t\t\t\t<div id=\"elementor-tab-content-1691\" class=\"elementor-tab-content elementor-clearfix\" data-tab=\"1\" role=\"tabpanel\" aria-labelledby=\"elementor-tab-title-1691\"><p><strong>Ednaldo Jos\u00e9 Ribeiro<\/strong><\/p><p>Nasceu no dia 09 de novembro de 1967, em Cruz das Almas.<\/p><p>Foi criado na comunidade de Gurunga, zona rural do munic\u00edpio, pelos seus pais Manoel Jos\u00e9 Ribeiro e Maria Jos\u00e9 Ribeiro, junto com seus 10 irm\u00e3os, onde ajudava o pai trabalhando na ro\u00e7a. Logo cedo, foi vender galinha na feira e dali come\u00e7ou a desenvolver sua voca\u00e7\u00e3o para o com\u00e9rcio.<\/p><p>Ednaldo \u00e9 pai de Camila, Ednaldo Filho, A\u00e9cio Natan e Guilherme e av\u00f4 de Ana Lu e Ednaldo Neto.<\/p><p>Entrou na pol\u00edtica em 1996, tendo sido vereador por tr\u00eas mandados, Presidente da C\u00e2mara de Vereadores no bi\u00eanio de 2003\/2004. Foi eleito vice-prefeito de Cruz das Almas em 2012, assumiu a prefeitura de Cruz das Almas em 2015, por 15 meses.<\/p><p>Em 2020 foi eleito prefeito de Cruz das Almas para o atual mandato, assumindo a gest\u00e3o em 01 de janeiro de 2021.<\/p><\/div>\n\t\t\t\t<\/div>\n\t\t\t\t\t\t\t\t\t\t<script type=\"application\/ld+json\">{\"@context\":\"https:\\\/\\\/schema.org\",\"@type\":\"FAQPage\",\"mainEntity\":[{\"@type\":\"Question\",\"name\":\"Biografia\",\"acceptedAnswer\":{\"@type\":\"Answer\",\"text\":\"<p><strong>Ednaldo Jos\\u00e9 Ribeiro<\\\/strong><\\\/p><p>Nasceu no dia 09 de novembro de 1967, em Cruz das Almas.<\\\/p><p>Foi criado na comunidade de Gurunga, zona rural do munic\\u00edpio, pelos seus pais Manoel Jos\\u00e9 Ribeiro e Maria Jos\\u00e9 Ribeiro, junto com seus 10 irm\\u00e3os, onde ajudava o pai trabalhando na ro\\u00e7a. Logo cedo, foi vender galinha na feira e dali come\\u00e7ou a desenvolver sua voca\\u00e7\\u00e3o para o com\\u00e9rcio.<\\\/p><p>Ednaldo \\u00e9 pai de Camila, Ednaldo Filho, A\\u00e9cio Natan e Guilherme e av\\u00f4 de Ana Lu e Ednaldo Neto.<\\\/p><p>Entrou na pol\\u00edtica em 1996, tendo sido vereador por tr\\u00eas mandados, Presidente da C\\u00e2mara de Vereadores no bi\\u00eanio de 2003\\\/2004. Foi eleito vice-prefeito de Cruz das Almas em 2012, assumiu a prefeitura de Cruz das Almas em 2015, por 15 meses.<\\\/p><p>Em 2020 foi eleito prefeito de Cruz das Almas para o atual mandato, assumindo a gest\\u00e3o em 01 de janeiro de 2021.<\\\/p>\"}}]}<\/script>\n\t\t\t\t\t<\/div>\n\t\t\t\t<\/div>\n\t\t\t\t<\/div>\n\t\t\t\t\t<\/div>\n\t\t<\/div>\n\t\t\t\t\t\t\t<\/div>\n\t\t<\/section>\n\t\t\t\t<section class=\"elementor-section elementor-inner-section elementor-element elementor-element-5c28367 elementor-section-boxed elementor-section-height-default elementor-section-height-default\" data-id=\"5c28367\" data-element_type=\"section\" data-settings=\"{&quot;background_background&quot;:&quot;gradient&quot;}\">\n\t\t\t\t\t\t<div class=\"elementor-container elementor-column-gap-default\">\n\t\t\t\t\t<div class=\"elementor-column elementor-col-33 elementor-inner-column elementor-element elementor-element-8b32201\" data-id=\"8b32201\" data-element_type=\"column\">\n\t\t\t<div class=\"elementor-widget-wrap elementor-element-populated\">\n\t\t\t\t\t\t\t\t<div class=\"elementor-element elementor-element-86b84ca elementor-widget elementor-widget-image\" data-id=\"86b84ca\" data-element_type=\"widget\" data-widget_type=\"image.default\">\n\t\t\t\t<div class=\"elementor-widget-container\">\n\t\t\t\t\t\t\t\t\t\t\t\t\t\t\t\t<a href=\"https:\/\/memorialdecruzdasalmas.com.br\/memorial\/wp-content\/uploads\/2023\/02\/Alberto-Santana.jpg\" data-elementor-open-lightbox=\"yes\" data-elementor-lightbox-title=\"Alberto Santana\" data-e-action-hash=\"#elementor-action%3Aaction%3Dlightbox%26settings%3DeyJpZCI6NTMyNCwidXJsIjoiaHR0cHM6XC9cL21lbW9yaWFsZGVjcnV6ZGFzYWxtYXMuY29tLmJyXC9tZW1vcmlhbFwvd3AtY29udGVudFwvdXBsb2Fkc1wvMjAyM1wvMDJcL0FsYmVydG8tU2FudGFuYS5qcGcifQ%3D%3D\">\n\t\t\t\t\t\t\t<img decoding=\"async\" width=\"463\" height=\"600\" src=\"https:\/\/memorialdecruzdasalmas.com.br\/memorial\/wp-content\/uploads\/2023\/02\/Alberto-Santana.jpg\" class=\"attachment-large size-large wp-image-5324\" alt=\"\" srcset=\"https:\/\/memorialdecruzdasalmas.com.br\/memorial\/wp-content\/uploads\/2023\/02\/Alberto-Santana.jpg 463w, https:\/\/memorialdecruzdasalmas.com.br\/memorial\/wp-content\/uploads\/2023\/02\/Alberto-Santana-232x300.jpg 232w\" sizes=\"(max-width: 463px) 100vw, 463px\" \/>\t\t\t\t\t\t\t\t<\/a>\n\t\t\t\t\t\t\t\t\t\t\t\t\t\t\t<\/div>\n\t\t\t\t<\/div>\n\t\t\t\t\t<\/div>\n\t\t<\/div>\n\t\t\t\t<div class=\"elementor-column elementor-col-33 elementor-inner-column elementor-element elementor-element-27c8605\" data-id=\"27c8605\" data-element_type=\"column\">\n\t\t\t<div class=\"elementor-widget-wrap elementor-element-populated\">\n\t\t\t\t\t\t\t\t<div class=\"elementor-element elementor-element-f5f0daa elementor-widget elementor-widget-text-editor\" data-id=\"f5f0daa\" data-element_type=\"widget\" data-widget_type=\"text-editor.default\">\n\t\t\t\t<div class=\"elementor-widget-container\">\n\t\t\t\t\t\t\t<p style=\"text-align: left;\">Alberto Jos\u00e9 Santana (2005\/2006)<\/p>\t\t\t\t\t\t<\/div>\n\t\t\t\t<\/div>\n\t\t\t\t\t<\/div>\n\t\t<\/div>\n\t\t\t\t<div class=\"elementor-column elementor-col-33 elementor-inner-column elementor-element elementor-element-754ed34\" data-id=\"754ed34\" data-element_type=\"column\">\n\t\t\t<div class=\"elementor-widget-wrap elementor-element-populated\">\n\t\t\t\t\t\t\t\t<div class=\"elementor-element elementor-element-eb601cd elementor-widget elementor-widget-toggle\" data-id=\"eb601cd\" data-element_type=\"widget\" data-widget_type=\"toggle.default\">\n\t\t\t\t<div class=\"elementor-widget-container\">\n\t\t\t\t\t<div class=\"elementor-toggle\" role=\"tablist\">\n\t\t\t\t\t\t\t<div class=\"elementor-toggle-item\">\n\t\t\t\t\t<div id=\"elementor-tab-title-2461\" class=\"elementor-tab-title\" data-tab=\"1\" role=\"tab\" aria-controls=\"elementor-tab-content-2461\" aria-expanded=\"false\">\n\t\t\t\t\t\t\t\t\t\t\t\t<span class=\"elementor-toggle-icon elementor-toggle-icon-left\" aria-hidden=\"true\">\n\t\t\t\t\t\t\t\t\t\t\t\t\t\t\t<span class=\"elementor-toggle-icon-closed\"><i class=\"fas fa-plus\"><\/i><\/span>\n\t\t\t\t\t\t\t\t<span class=\"elementor-toggle-icon-opened\"><i class=\"elementor-toggle-icon-opened fas fa-minus\"><\/i><\/span>\n\t\t\t\t\t\t\t\t\t\t\t\t\t<\/span>\n\t\t\t\t\t\t\t\t\t\t\t\t<a href=\"\" class=\"elementor-toggle-title\">Biografia<\/a>\n\t\t\t\t\t<\/div>\n\n\t\t\t\t\t<div id=\"elementor-tab-content-2461\" class=\"elementor-tab-content elementor-clearfix\" data-tab=\"1\" role=\"tabpanel\" aria-labelledby=\"elementor-tab-title-2461\"><p>&#8230;<\/p><\/div>\n\t\t\t\t<\/div>\n\t\t\t\t\t\t\t\t\t\t<script type=\"application\/ld+json\">{\"@context\":\"https:\\\/\\\/schema.org\",\"@type\":\"FAQPage\",\"mainEntity\":[{\"@type\":\"Question\",\"name\":\"Biografia\",\"acceptedAnswer\":{\"@type\":\"Answer\",\"text\":\"<p>&#8230;<\\\/p>\"}}]}<\/script>\n\t\t\t\t\t<\/div>\n\t\t\t\t<\/div>\n\t\t\t\t<\/div>\n\t\t\t\t\t<\/div>\n\t\t<\/div>\n\t\t\t\t\t\t\t<\/div>\n\t\t<\/section>\n\t\t\t\t<section class=\"elementor-section elementor-inner-section elementor-element elementor-element-ba7c3a6 elementor-section-boxed elementor-section-height-default elementor-section-height-default\" data-id=\"ba7c3a6\" data-element_type=\"section\" data-settings=\"{&quot;background_background&quot;:&quot;gradient&quot;}\">\n\t\t\t\t\t\t<div class=\"elementor-container elementor-column-gap-default\">\n\t\t\t\t\t<div class=\"elementor-column elementor-col-33 elementor-inner-column elementor-element elementor-element-58f7bd4\" data-id=\"58f7bd4\" data-element_type=\"column\">\n\t\t\t<div class=\"elementor-widget-wrap elementor-element-populated\">\n\t\t\t\t\t\t\t\t<div class=\"elementor-element elementor-element-73fb5b2 elementor-widget elementor-widget-image\" data-id=\"73fb5b2\" data-element_type=\"widget\" data-widget_type=\"image.default\">\n\t\t\t\t<div class=\"elementor-widget-container\">\n\t\t\t\t\t\t\t\t\t\t\t\t\t\t\t\t<a href=\"https:\/\/memorialdecruzdasalmas.com.br\/memorial\/wp-content\/uploads\/2023\/02\/Jose-Carlos-Vieira-ze-ruque.jpg\" data-elementor-open-lightbox=\"yes\" data-elementor-lightbox-title=\"Jose Carlos Vieira (ze ruque)\" data-e-action-hash=\"#elementor-action%3Aaction%3Dlightbox%26settings%3DeyJpZCI6NTM0NSwidXJsIjoiaHR0cHM6XC9cL21lbW9yaWFsZGVjcnV6ZGFzYWxtYXMuY29tLmJyXC9tZW1vcmlhbFwvd3AtY29udGVudFwvdXBsb2Fkc1wvMjAyM1wvMDJcL0pvc2UtQ2FybG9zLVZpZWlyYS16ZS1ydXF1ZS5qcGcifQ%3D%3D\">\n\t\t\t\t\t\t\t<img decoding=\"async\" width=\"463\" height=\"600\" src=\"https:\/\/memorialdecruzdasalmas.com.br\/memorial\/wp-content\/uploads\/2023\/02\/Jose-Carlos-Vieira-ze-ruque.jpg\" class=\"attachment-large size-large wp-image-5345\" alt=\"\" srcset=\"https:\/\/memorialdecruzdasalmas.com.br\/memorial\/wp-content\/uploads\/2023\/02\/Jose-Carlos-Vieira-ze-ruque.jpg 463w, https:\/\/memorialdecruzdasalmas.com.br\/memorial\/wp-content\/uploads\/2023\/02\/Jose-Carlos-Vieira-ze-ruque-232x300.jpg 232w\" sizes=\"(max-width: 463px) 100vw, 463px\" \/>\t\t\t\t\t\t\t\t<\/a>\n\t\t\t\t\t\t\t\t\t\t\t\t\t\t\t<\/div>\n\t\t\t\t<\/div>\n\t\t\t\t\t<\/div>\n\t\t<\/div>\n\t\t\t\t<div class=\"elementor-column elementor-col-33 elementor-inner-column elementor-element elementor-element-85baa95\" data-id=\"85baa95\" data-element_type=\"column\">\n\t\t\t<div class=\"elementor-widget-wrap elementor-element-populated\">\n\t\t\t\t\t\t\t\t<div class=\"elementor-element elementor-element-e6fbf42 elementor-widget elementor-widget-text-editor\" data-id=\"e6fbf42\" data-element_type=\"widget\" data-widget_type=\"text-editor.default\">\n\t\t\t\t<div class=\"elementor-widget-container\">\n\t\t\t\t\t\t\t<p style=\"text-align: left;\">Jos\u00e9 Carlos Gomes Vieira (2007\/2008)<\/p>\t\t\t\t\t\t<\/div>\n\t\t\t\t<\/div>\n\t\t\t\t\t<\/div>\n\t\t<\/div>\n\t\t\t\t<div class=\"elementor-column elementor-col-33 elementor-inner-column elementor-element elementor-element-0d1accd\" data-id=\"0d1accd\" data-element_type=\"column\">\n\t\t\t<div class=\"elementor-widget-wrap elementor-element-populated\">\n\t\t\t\t\t\t\t\t<div class=\"elementor-element elementor-element-d6304a7 elementor-widget elementor-widget-toggle\" data-id=\"d6304a7\" data-element_type=\"widget\" data-widget_type=\"toggle.default\">\n\t\t\t\t<div class=\"elementor-widget-container\">\n\t\t\t\t\t<div class=\"elementor-toggle\" role=\"tablist\">\n\t\t\t\t\t\t\t<div class=\"elementor-toggle-item\">\n\t\t\t\t\t<div id=\"elementor-tab-title-2241\" class=\"elementor-tab-title\" data-tab=\"1\" role=\"tab\" aria-controls=\"elementor-tab-content-2241\" aria-expanded=\"false\">\n\t\t\t\t\t\t\t\t\t\t\t\t<span class=\"elementor-toggle-icon elementor-toggle-icon-left\" aria-hidden=\"true\">\n\t\t\t\t\t\t\t\t\t\t\t\t\t\t\t<span class=\"elementor-toggle-icon-closed\"><i class=\"fas fa-plus\"><\/i><\/span>\n\t\t\t\t\t\t\t\t<span class=\"elementor-toggle-icon-opened\"><i class=\"elementor-toggle-icon-opened fas fa-minus\"><\/i><\/span>\n\t\t\t\t\t\t\t\t\t\t\t\t\t<\/span>\n\t\t\t\t\t\t\t\t\t\t\t\t<a href=\"\" class=\"elementor-toggle-title\">Biografia<\/a>\n\t\t\t\t\t<\/div>\n\n\t\t\t\t\t<div id=\"elementor-tab-content-2241\" class=\"elementor-tab-content elementor-clearfix\" data-tab=\"1\" role=\"tabpanel\" aria-labelledby=\"elementor-tab-title-2241\"><p>&#8230;<\/p><\/div>\n\t\t\t\t<\/div>\n\t\t\t\t\t\t\t\t\t\t<script type=\"application\/ld+json\">{\"@context\":\"https:\\\/\\\/schema.org\",\"@type\":\"FAQPage\",\"mainEntity\":[{\"@type\":\"Question\",\"name\":\"Biografia\",\"acceptedAnswer\":{\"@type\":\"Answer\",\"text\":\"<p>&#8230;<\\\/p>\"}}]}<\/script>\n\t\t\t\t\t<\/div>\n\t\t\t\t<\/div>\n\t\t\t\t<\/div>\n\t\t\t\t\t<\/div>\n\t\t<\/div>\n\t\t\t\t\t\t\t<\/div>\n\t\t<\/section>\n\t\t\t\t<section class=\"elementor-section elementor-inner-section elementor-element elementor-element-f788709 elementor-section-boxed elementor-section-height-default elementor-section-height-default\" data-id=\"f788709\" data-element_type=\"section\" data-settings=\"{&quot;background_background&quot;:&quot;gradient&quot;}\">\n\t\t\t\t\t\t<div class=\"elementor-container elementor-column-gap-default\">\n\t\t\t\t\t<div class=\"elementor-column elementor-col-33 elementor-inner-column elementor-element elementor-element-a41800f\" data-id=\"a41800f\" data-element_type=\"column\">\n\t\t\t<div class=\"elementor-widget-wrap elementor-element-populated\">\n\t\t\t\t\t\t\t\t<div class=\"elementor-element elementor-element-401b266 elementor-widget elementor-widget-image\" data-id=\"401b266\" data-element_type=\"widget\" data-widget_type=\"image.default\">\n\t\t\t\t<div class=\"elementor-widget-container\">\n\t\t\t\t\t\t\t\t\t\t\t\t\t\t\t\t<a href=\"https:\/\/memorialdecruzdasalmas.com.br\/memorial\/wp-content\/uploads\/2023\/02\/Osvaldo-Pereira-da-Paz.jpg\" data-elementor-open-lightbox=\"yes\" data-elementor-lightbox-title=\"Osvaldo Pereira da Paz\" data-e-action-hash=\"#elementor-action%3Aaction%3Dlightbox%26settings%3DeyJpZCI6NTM1MCwidXJsIjoiaHR0cHM6XC9cL21lbW9yaWFsZGVjcnV6ZGFzYWxtYXMuY29tLmJyXC9tZW1vcmlhbFwvd3AtY29udGVudFwvdXBsb2Fkc1wvMjAyM1wvMDJcL09zdmFsZG8tUGVyZWlyYS1kYS1QYXouanBnIn0%3D\">\n\t\t\t\t\t\t\t<img decoding=\"async\" width=\"463\" height=\"600\" src=\"https:\/\/memorialdecruzdasalmas.com.br\/memorial\/wp-content\/uploads\/2023\/02\/Osvaldo-Pereira-da-Paz.jpg\" class=\"attachment-large size-large wp-image-5350\" alt=\"\" srcset=\"https:\/\/memorialdecruzdasalmas.com.br\/memorial\/wp-content\/uploads\/2023\/02\/Osvaldo-Pereira-da-Paz.jpg 463w, https:\/\/memorialdecruzdasalmas.com.br\/memorial\/wp-content\/uploads\/2023\/02\/Osvaldo-Pereira-da-Paz-232x300.jpg 232w\" sizes=\"(max-width: 463px) 100vw, 463px\" \/>\t\t\t\t\t\t\t\t<\/a>\n\t\t\t\t\t\t\t\t\t\t\t\t\t\t\t<\/div>\n\t\t\t\t<\/div>\n\t\t\t\t\t<\/div>\n\t\t<\/div>\n\t\t\t\t<div class=\"elementor-column elementor-col-33 elementor-inner-column elementor-element elementor-element-1dc673f\" data-id=\"1dc673f\" data-element_type=\"column\">\n\t\t\t<div class=\"elementor-widget-wrap elementor-element-populated\">\n\t\t\t\t\t\t\t\t<div class=\"elementor-element elementor-element-e005837 elementor-widget elementor-widget-text-editor\" data-id=\"e005837\" data-element_type=\"widget\" data-widget_type=\"text-editor.default\">\n\t\t\t\t<div class=\"elementor-widget-container\">\n\t\t\t\t\t\t\t<p style=\"text-align: left;\">Osvaldo Pereira da Paz (2009\/2010)<\/p>\t\t\t\t\t\t<\/div>\n\t\t\t\t<\/div>\n\t\t\t\t\t<\/div>\n\t\t<\/div>\n\t\t\t\t<div class=\"elementor-column elementor-col-33 elementor-inner-column elementor-element elementor-element-64e0353\" data-id=\"64e0353\" data-element_type=\"column\">\n\t\t\t<div class=\"elementor-widget-wrap elementor-element-populated\">\n\t\t\t\t\t\t\t\t<div class=\"elementor-element elementor-element-3167b96 elementor-widget elementor-widget-toggle\" data-id=\"3167b96\" data-element_type=\"widget\" data-widget_type=\"toggle.default\">\n\t\t\t\t<div class=\"elementor-widget-container\">\n\t\t\t\t\t<div class=\"elementor-toggle\" role=\"tablist\">\n\t\t\t\t\t\t\t<div class=\"elementor-toggle-item\">\n\t\t\t\t\t<div id=\"elementor-tab-title-5181\" class=\"elementor-tab-title\" data-tab=\"1\" role=\"tab\" aria-controls=\"elementor-tab-content-5181\" aria-expanded=\"false\">\n\t\t\t\t\t\t\t\t\t\t\t\t<span class=\"elementor-toggle-icon elementor-toggle-icon-left\" aria-hidden=\"true\">\n\t\t\t\t\t\t\t\t\t\t\t\t\t\t\t<span class=\"elementor-toggle-icon-closed\"><i class=\"fas fa-plus\"><\/i><\/span>\n\t\t\t\t\t\t\t\t<span class=\"elementor-toggle-icon-opened\"><i class=\"elementor-toggle-icon-opened fas fa-minus\"><\/i><\/span>\n\t\t\t\t\t\t\t\t\t\t\t\t\t<\/span>\n\t\t\t\t\t\t\t\t\t\t\t\t<a href=\"\" class=\"elementor-toggle-title\">Biografia<\/a>\n\t\t\t\t\t<\/div>\n\n\t\t\t\t\t<div id=\"elementor-tab-content-5181\" class=\"elementor-tab-content elementor-clearfix\" data-tab=\"1\" role=\"tabpanel\" aria-labelledby=\"elementor-tab-title-5181\"><p>&#8230;<\/p><\/div>\n\t\t\t\t<\/div>\n\t\t\t\t\t\t\t\t\t\t<script type=\"application\/ld+json\">{\"@context\":\"https:\\\/\\\/schema.org\",\"@type\":\"FAQPage\",\"mainEntity\":[{\"@type\":\"Question\",\"name\":\"Biografia\",\"acceptedAnswer\":{\"@type\":\"Answer\",\"text\":\"<p>&#8230;<\\\/p>\"}}]}<\/script>\n\t\t\t\t\t<\/div>\n\t\t\t\t<\/div>\n\t\t\t\t<\/div>\n\t\t\t\t\t<\/div>\n\t\t<\/div>\n\t\t\t\t\t\t\t<\/div>\n\t\t<\/section>\n\t\t\t\t<section class=\"elementor-section elementor-inner-section elementor-element elementor-element-93334de elementor-section-boxed elementor-section-height-default elementor-section-height-default\" data-id=\"93334de\" data-element_type=\"section\" data-settings=\"{&quot;background_background&quot;:&quot;gradient&quot;}\">\n\t\t\t\t\t\t<div class=\"elementor-container elementor-column-gap-default\">\n\t\t\t\t\t<div class=\"elementor-column elementor-col-33 elementor-inner-column elementor-element elementor-element-4aeb669\" data-id=\"4aeb669\" data-element_type=\"column\">\n\t\t\t<div class=\"elementor-widget-wrap elementor-element-populated\">\n\t\t\t\t\t\t\t\t<div class=\"elementor-element elementor-element-197aeb8 elementor-widget elementor-widget-image\" data-id=\"197aeb8\" data-element_type=\"widget\" data-widget_type=\"image.default\">\n\t\t\t\t<div class=\"elementor-widget-container\">\n\t\t\t\t\t\t\t\t\t\t\t\t\t\t\t\t<a href=\"https:\/\/memorialdecruzdasalmas.com.br\/memorial\/wp-content\/uploads\/2023\/02\/Max-Adolfo-Passos-Mendes.jpg\" data-elementor-open-lightbox=\"yes\" data-elementor-lightbox-title=\"Max Adolfo Passos Mendes\" data-e-action-hash=\"#elementor-action%3Aaction%3Dlightbox%26settings%3DeyJpZCI6NTM0OCwidXJsIjoiaHR0cHM6XC9cL21lbW9yaWFsZGVjcnV6ZGFzYWxtYXMuY29tLmJyXC9tZW1vcmlhbFwvd3AtY29udGVudFwvdXBsb2Fkc1wvMjAyM1wvMDJcL01heC1BZG9sZm8tUGFzc29zLU1lbmRlcy5qcGcifQ%3D%3D\">\n\t\t\t\t\t\t\t<img decoding=\"async\" width=\"463\" height=\"600\" src=\"https:\/\/memorialdecruzdasalmas.com.br\/memorial\/wp-content\/uploads\/2023\/02\/Max-Adolfo-Passos-Mendes.jpg\" class=\"attachment-large size-large wp-image-5348\" alt=\"\" srcset=\"https:\/\/memorialdecruzdasalmas.com.br\/memorial\/wp-content\/uploads\/2023\/02\/Max-Adolfo-Passos-Mendes.jpg 463w, https:\/\/memorialdecruzdasalmas.com.br\/memorial\/wp-content\/uploads\/2023\/02\/Max-Adolfo-Passos-Mendes-232x300.jpg 232w\" sizes=\"(max-width: 463px) 100vw, 463px\" \/>\t\t\t\t\t\t\t\t<\/a>\n\t\t\t\t\t\t\t\t\t\t\t\t\t\t\t<\/div>\n\t\t\t\t<\/div>\n\t\t\t\t\t<\/div>\n\t\t<\/div>\n\t\t\t\t<div class=\"elementor-column elementor-col-33 elementor-inner-column elementor-element elementor-element-4b0d543\" data-id=\"4b0d543\" data-element_type=\"column\">\n\t\t\t<div class=\"elementor-widget-wrap elementor-element-populated\">\n\t\t\t\t\t\t\t\t<div class=\"elementor-element elementor-element-01f586a elementor-widget elementor-widget-text-editor\" data-id=\"01f586a\" data-element_type=\"widget\" data-widget_type=\"text-editor.default\">\n\t\t\t\t<div class=\"elementor-widget-container\">\n\t\t\t\t\t\t\t<p style=\"text-align: left;\">Max Passos (2011\/2012)<\/p>\t\t\t\t\t\t<\/div>\n\t\t\t\t<\/div>\n\t\t\t\t\t<\/div>\n\t\t<\/div>\n\t\t\t\t<div class=\"elementor-column elementor-col-33 elementor-inner-column elementor-element elementor-element-fe969d6\" data-id=\"fe969d6\" data-element_type=\"column\">\n\t\t\t<div class=\"elementor-widget-wrap elementor-element-populated\">\n\t\t\t\t\t\t\t\t<div class=\"elementor-element elementor-element-6eacdd2 elementor-widget elementor-widget-toggle\" data-id=\"6eacdd2\" data-element_type=\"widget\" data-widget_type=\"toggle.default\">\n\t\t\t\t<div class=\"elementor-widget-container\">\n\t\t\t\t\t<div class=\"elementor-toggle\" role=\"tablist\">\n\t\t\t\t\t\t\t<div class=\"elementor-toggle-item\">\n\t\t\t\t\t<div id=\"elementor-tab-title-1161\" class=\"elementor-tab-title\" data-tab=\"1\" role=\"tab\" aria-controls=\"elementor-tab-content-1161\" aria-expanded=\"false\">\n\t\t\t\t\t\t\t\t\t\t\t\t<span class=\"elementor-toggle-icon elementor-toggle-icon-left\" aria-hidden=\"true\">\n\t\t\t\t\t\t\t\t\t\t\t\t\t\t\t<span class=\"elementor-toggle-icon-closed\"><i class=\"fas fa-plus\"><\/i><\/span>\n\t\t\t\t\t\t\t\t<span class=\"elementor-toggle-icon-opened\"><i class=\"elementor-toggle-icon-opened fas fa-minus\"><\/i><\/span>\n\t\t\t\t\t\t\t\t\t\t\t\t\t<\/span>\n\t\t\t\t\t\t\t\t\t\t\t\t<a href=\"\" class=\"elementor-toggle-title\">Biografia<\/a>\n\t\t\t\t\t<\/div>\n\n\t\t\t\t\t<div id=\"elementor-tab-content-1161\" class=\"elementor-tab-content elementor-clearfix\" data-tab=\"1\" role=\"tabpanel\" aria-labelledby=\"elementor-tab-title-1161\"><p>&#8230;<\/p><\/div>\n\t\t\t\t<\/div>\n\t\t\t\t\t\t\t\t\t\t<script type=\"application\/ld+json\">{\"@context\":\"https:\\\/\\\/schema.org\",\"@type\":\"FAQPage\",\"mainEntity\":[{\"@type\":\"Question\",\"name\":\"Biografia\",\"acceptedAnswer\":{\"@type\":\"Answer\",\"text\":\"<p>&#8230;<\\\/p>\"}}]}<\/script>\n\t\t\t\t\t<\/div>\n\t\t\t\t<\/div>\n\t\t\t\t<\/div>\n\t\t\t\t\t<\/div>\n\t\t<\/div>\n\t\t\t\t\t\t\t<\/div>\n\t\t<\/section>\n\t\t\t\t<section class=\"elementor-section elementor-inner-section elementor-element elementor-element-9e28225 elementor-section-boxed elementor-section-height-default elementor-section-height-default\" data-id=\"9e28225\" data-element_type=\"section\" data-settings=\"{&quot;background_background&quot;:&quot;gradient&quot;}\">\n\t\t\t\t\t\t<div class=\"elementor-container elementor-column-gap-default\">\n\t\t\t\t\t<div class=\"elementor-column elementor-col-33 elementor-inner-column elementor-element elementor-element-5978bdb\" data-id=\"5978bdb\" data-element_type=\"column\">\n\t\t\t<div class=\"elementor-widget-wrap elementor-element-populated\">\n\t\t\t\t\t\t\t\t<div class=\"elementor-element elementor-element-04aee38 elementor-widget elementor-widget-image\" data-id=\"04aee38\" data-element_type=\"widget\" data-widget_type=\"image.default\">\n\t\t\t\t<div class=\"elementor-widget-container\">\n\t\t\t\t\t\t\t\t\t\t\t\t\t\t\t\t<a href=\"https:\/\/memorialdecruzdasalmas.com.br\/memorial\/wp-content\/uploads\/2023\/02\/Edson-Jose-Ribeiro.jpg\" data-elementor-open-lightbox=\"yes\" data-elementor-lightbox-title=\"Edson Jos\u00e9 Ribeiro\" data-e-action-hash=\"#elementor-action%3Aaction%3Dlightbox%26settings%3DeyJpZCI6NTMzNywidXJsIjoiaHR0cHM6XC9cL21lbW9yaWFsZGVjcnV6ZGFzYWxtYXMuY29tLmJyXC9tZW1vcmlhbFwvd3AtY29udGVudFwvdXBsb2Fkc1wvMjAyM1wvMDJcL0Vkc29uLUpvc2UtUmliZWlyby5qcGcifQ%3D%3D\">\n\t\t\t\t\t\t\t<img decoding=\"async\" width=\"463\" height=\"600\" src=\"https:\/\/memorialdecruzdasalmas.com.br\/memorial\/wp-content\/uploads\/2023\/02\/Edson-Jose-Ribeiro.jpg\" class=\"attachment-large size-large wp-image-5337\" alt=\"\" srcset=\"https:\/\/memorialdecruzdasalmas.com.br\/memorial\/wp-content\/uploads\/2023\/02\/Edson-Jose-Ribeiro.jpg 463w, https:\/\/memorialdecruzdasalmas.com.br\/memorial\/wp-content\/uploads\/2023\/02\/Edson-Jose-Ribeiro-232x300.jpg 232w\" sizes=\"(max-width: 463px) 100vw, 463px\" \/>\t\t\t\t\t\t\t\t<\/a>\n\t\t\t\t\t\t\t\t\t\t\t\t\t\t\t<\/div>\n\t\t\t\t<\/div>\n\t\t\t\t\t<\/div>\n\t\t<\/div>\n\t\t\t\t<div class=\"elementor-column elementor-col-33 elementor-inner-column elementor-element elementor-element-7b03b64\" data-id=\"7b03b64\" data-element_type=\"column\">\n\t\t\t<div class=\"elementor-widget-wrap elementor-element-populated\">\n\t\t\t\t\t\t\t\t<div class=\"elementor-element elementor-element-f85f450 elementor-widget elementor-widget-text-editor\" data-id=\"f85f450\" data-element_type=\"widget\" data-widget_type=\"text-editor.default\">\n\t\t\t\t<div class=\"elementor-widget-container\">\n\t\t\t\t\t\t\t<p style=\"text-align: left;\">Edson Ribeiro (1991-1992 \/2013-2014 \/ 2015-2016)<\/p>\t\t\t\t\t\t<\/div>\n\t\t\t\t<\/div>\n\t\t\t\t\t<\/div>\n\t\t<\/div>\n\t\t\t\t<div class=\"elementor-column elementor-col-33 elementor-inner-column elementor-element elementor-element-3544476\" data-id=\"3544476\" data-element_type=\"column\">\n\t\t\t<div class=\"elementor-widget-wrap elementor-element-populated\">\n\t\t\t\t\t\t\t\t<div class=\"elementor-element elementor-element-f562ce7 elementor-widget elementor-widget-toggle\" data-id=\"f562ce7\" data-element_type=\"widget\" data-widget_type=\"toggle.default\">\n\t\t\t\t<div class=\"elementor-widget-container\">\n\t\t\t\t\t<div class=\"elementor-toggle\" role=\"tablist\">\n\t\t\t\t\t\t\t<div class=\"elementor-toggle-item\">\n\t\t\t\t\t<div id=\"elementor-tab-title-2571\" class=\"elementor-tab-title\" data-tab=\"1\" role=\"tab\" aria-controls=\"elementor-tab-content-2571\" aria-expanded=\"false\">\n\t\t\t\t\t\t\t\t\t\t\t\t<span class=\"elementor-toggle-icon elementor-toggle-icon-left\" aria-hidden=\"true\">\n\t\t\t\t\t\t\t\t\t\t\t\t\t\t\t<span class=\"elementor-toggle-icon-closed\"><i class=\"fas fa-plus\"><\/i><\/span>\n\t\t\t\t\t\t\t\t<span class=\"elementor-toggle-icon-opened\"><i class=\"elementor-toggle-icon-opened fas fa-minus\"><\/i><\/span>\n\t\t\t\t\t\t\t\t\t\t\t\t\t<\/span>\n\t\t\t\t\t\t\t\t\t\t\t\t<a href=\"\" class=\"elementor-toggle-title\">Biografia<\/a>\n\t\t\t\t\t<\/div>\n\n\t\t\t\t\t<div id=\"elementor-tab-content-2571\" class=\"elementor-tab-content elementor-clearfix\" data-tab=\"1\" role=\"tabpanel\" aria-labelledby=\"elementor-tab-title-2571\"><p>&#8230;<\/p><\/div>\n\t\t\t\t<\/div>\n\t\t\t\t\t\t\t\t\t\t<script type=\"application\/ld+json\">{\"@context\":\"https:\\\/\\\/schema.org\",\"@type\":\"FAQPage\",\"mainEntity\":[{\"@type\":\"Question\",\"name\":\"Biografia\",\"acceptedAnswer\":{\"@type\":\"Answer\",\"text\":\"<p>&#8230;<\\\/p>\"}}]}<\/script>\n\t\t\t\t\t<\/div>\n\t\t\t\t<\/div>\n\t\t\t\t<\/div>\n\t\t\t\t\t<\/div>\n\t\t<\/div>\n\t\t\t\t\t\t\t<\/div>\n\t\t<\/section>\n\t\t\t\t<section class=\"elementor-section elementor-inner-section elementor-element elementor-element-9924746 elementor-section-boxed elementor-section-height-default elementor-section-height-default\" data-id=\"9924746\" data-element_type=\"section\" data-settings=\"{&quot;background_background&quot;:&quot;gradient&quot;}\">\n\t\t\t\t\t\t<div class=\"elementor-container elementor-column-gap-default\">\n\t\t\t\t\t<div class=\"elementor-column elementor-col-33 elementor-inner-column elementor-element elementor-element-7a85917\" data-id=\"7a85917\" data-element_type=\"column\">\n\t\t\t<div class=\"elementor-widget-wrap elementor-element-populated\">\n\t\t\t\t\t\t\t\t<div class=\"elementor-element elementor-element-6bfdef1 elementor-widget elementor-widget-image\" data-id=\"6bfdef1\" data-element_type=\"widget\" data-widget_type=\"image.default\">\n\t\t\t\t<div class=\"elementor-widget-container\">\n\t\t\t\t\t\t\t\t\t\t\t\t\t\t\t\t<a href=\"https:\/\/memorialdecruzdasalmas.com.br\/memorial\/wp-content\/uploads\/2023\/02\/Renan-da-Silva-Goncalves.jpg\" data-elementor-open-lightbox=\"yes\" data-elementor-lightbox-title=\"Renan da Silva Gon\u00e7alves\" data-e-action-hash=\"#elementor-action%3Aaction%3Dlightbox%26settings%3DeyJpZCI6NTM1MiwidXJsIjoiaHR0cHM6XC9cL21lbW9yaWFsZGVjcnV6ZGFzYWxtYXMuY29tLmJyXC9tZW1vcmlhbFwvd3AtY29udGVudFwvdXBsb2Fkc1wvMjAyM1wvMDJcL1JlbmFuLWRhLVNpbHZhLUdvbmNhbHZlcy5qcGcifQ%3D%3D\">\n\t\t\t\t\t\t\t<img decoding=\"async\" width=\"463\" height=\"600\" src=\"https:\/\/memorialdecruzdasalmas.com.br\/memorial\/wp-content\/uploads\/2023\/02\/Renan-da-Silva-Goncalves.jpg\" class=\"attachment-large size-large wp-image-5352\" alt=\"\" srcset=\"https:\/\/memorialdecruzdasalmas.com.br\/memorial\/wp-content\/uploads\/2023\/02\/Renan-da-Silva-Goncalves.jpg 463w, https:\/\/memorialdecruzdasalmas.com.br\/memorial\/wp-content\/uploads\/2023\/02\/Renan-da-Silva-Goncalves-232x300.jpg 232w\" sizes=\"(max-width: 463px) 100vw, 463px\" \/>\t\t\t\t\t\t\t\t<\/a>\n\t\t\t\t\t\t\t\t\t\t\t\t\t\t\t<\/div>\n\t\t\t\t<\/div>\n\t\t\t\t\t<\/div>\n\t\t<\/div>\n\t\t\t\t<div class=\"elementor-column elementor-col-33 elementor-inner-column elementor-element elementor-element-49c496b\" data-id=\"49c496b\" data-element_type=\"column\">\n\t\t\t<div class=\"elementor-widget-wrap elementor-element-populated\">\n\t\t\t\t\t\t\t\t<div class=\"elementor-element elementor-element-21108a0 elementor-widget elementor-widget-text-editor\" data-id=\"21108a0\" data-element_type=\"widget\" data-widget_type=\"text-editor.default\">\n\t\t\t\t<div class=\"elementor-widget-container\">\n\t\t\t\t\t\t\t<p style=\"text-align: left;\">Renan da Silva Gon\u00e7alves (2017-2018 \/ 2019-2020)<\/p>\t\t\t\t\t\t<\/div>\n\t\t\t\t<\/div>\n\t\t\t\t\t<\/div>\n\t\t<\/div>\n\t\t\t\t<div class=\"elementor-column elementor-col-33 elementor-inner-column elementor-element elementor-element-65dc8e1\" data-id=\"65dc8e1\" data-element_type=\"column\">\n\t\t\t<div class=\"elementor-widget-wrap elementor-element-populated\">\n\t\t\t\t\t\t\t\t<div class=\"elementor-element elementor-element-c3336b0 elementor-widget elementor-widget-toggle\" data-id=\"c3336b0\" data-element_type=\"widget\" data-widget_type=\"toggle.default\">\n\t\t\t\t<div class=\"elementor-widget-container\">\n\t\t\t\t\t<div class=\"elementor-toggle\" role=\"tablist\">\n\t\t\t\t\t\t\t<div class=\"elementor-toggle-item\">\n\t\t\t\t\t<div id=\"elementor-tab-title-2041\" class=\"elementor-tab-title\" data-tab=\"1\" role=\"tab\" aria-controls=\"elementor-tab-content-2041\" aria-expanded=\"false\">\n\t\t\t\t\t\t\t\t\t\t\t\t<span class=\"elementor-toggle-icon elementor-toggle-icon-left\" aria-hidden=\"true\">\n\t\t\t\t\t\t\t\t\t\t\t\t\t\t\t<span class=\"elementor-toggle-icon-closed\"><i class=\"fas fa-plus\"><\/i><\/span>\n\t\t\t\t\t\t\t\t<span class=\"elementor-toggle-icon-opened\"><i class=\"elementor-toggle-icon-opened fas fa-minus\"><\/i><\/span>\n\t\t\t\t\t\t\t\t\t\t\t\t\t<\/span>\n\t\t\t\t\t\t\t\t\t\t\t\t<a href=\"\" class=\"elementor-toggle-title\">Biografia<\/a>\n\t\t\t\t\t<\/div>\n\n\t\t\t\t\t<div id=\"elementor-tab-content-2041\" class=\"elementor-tab-content elementor-clearfix\" data-tab=\"1\" role=\"tabpanel\" aria-labelledby=\"elementor-tab-title-2041\"><p>&#8230;<\/p><\/div>\n\t\t\t\t<\/div>\n\t\t\t\t\t\t\t\t\t\t<script type=\"application\/ld+json\">{\"@context\":\"https:\\\/\\\/schema.org\",\"@type\":\"FAQPage\",\"mainEntity\":[{\"@type\":\"Question\",\"name\":\"Biografia\",\"acceptedAnswer\":{\"@type\":\"Answer\",\"text\":\"<p>&#8230;<\\\/p>\"}}]}<\/script>\n\t\t\t\t\t<\/div>\n\t\t\t\t<\/div>\n\t\t\t\t<\/div>\n\t\t\t\t\t<\/div>\n\t\t<\/div>\n\t\t\t\t\t\t\t<\/div>\n\t\t<\/section>\n\t\t\t\t<section class=\"elementor-section elementor-inner-section elementor-element elementor-element-542ffa3 elementor-section-boxed elementor-section-height-default elementor-section-height-default\" data-id=\"542ffa3\" data-element_type=\"section\" data-settings=\"{&quot;background_background&quot;:&quot;gradient&quot;}\">\n\t\t\t\t\t\t<div class=\"elementor-container elementor-column-gap-default\">\n\t\t\t\t\t<div class=\"elementor-column elementor-col-33 elementor-inner-column elementor-element elementor-element-9632232\" data-id=\"9632232\" data-element_type=\"column\">\n\t\t\t<div class=\"elementor-widget-wrap elementor-element-populated\">\n\t\t\t\t\t\t\t\t<div class=\"elementor-element elementor-element-fa32627 elementor-widget elementor-widget-image\" data-id=\"fa32627\" data-element_type=\"widget\" data-widget_type=\"image.default\">\n\t\t\t\t<div class=\"elementor-widget-container\">\n\t\t\t\t\t\t\t\t\t\t\t\t\t\t\t\t<a href=\"https:\/\/memorialdecruzdasalmas.com.br\/memorial\/wp-content\/uploads\/2023\/02\/Thiago-Chagas.jpg\" data-elementor-open-lightbox=\"yes\" data-elementor-lightbox-title=\"Thiago Chagas\" data-e-action-hash=\"#elementor-action%3Aaction%3Dlightbox%26settings%3DeyJpZCI6NTM1NSwidXJsIjoiaHR0cHM6XC9cL21lbW9yaWFsZGVjcnV6ZGFzYWxtYXMuY29tLmJyXC9tZW1vcmlhbFwvd3AtY29udGVudFwvdXBsb2Fkc1wvMjAyM1wvMDJcL1RoaWFnby1DaGFnYXMuanBnIn0%3D\">\n\t\t\t\t\t\t\t<img decoding=\"async\" width=\"463\" height=\"600\" src=\"https:\/\/memorialdecruzdasalmas.com.br\/memorial\/wp-content\/uploads\/2023\/02\/Thiago-Chagas.jpg\" class=\"attachment-large size-large wp-image-5355\" alt=\"\" srcset=\"https:\/\/memorialdecruzdasalmas.com.br\/memorial\/wp-content\/uploads\/2023\/02\/Thiago-Chagas.jpg 463w, https:\/\/memorialdecruzdasalmas.com.br\/memorial\/wp-content\/uploads\/2023\/02\/Thiago-Chagas-232x300.jpg 232w\" sizes=\"(max-width: 463px) 100vw, 463px\" \/>\t\t\t\t\t\t\t\t<\/a>\n\t\t\t\t\t\t\t\t\t\t\t\t\t\t\t<\/div>\n\t\t\t\t<\/div>\n\t\t\t\t\t<\/div>\n\t\t<\/div>\n\t\t\t\t<div class=\"elementor-column elementor-col-33 elementor-inner-column elementor-element elementor-element-f1f1093\" data-id=\"f1f1093\" data-element_type=\"column\">\n\t\t\t<div class=\"elementor-widget-wrap elementor-element-populated\">\n\t\t\t\t\t\t\t\t<div class=\"elementor-element elementor-element-129e0e3 elementor-widget elementor-widget-text-editor\" data-id=\"129e0e3\" data-element_type=\"widget\" data-widget_type=\"text-editor.default\">\n\t\t\t\t<div class=\"elementor-widget-container\">\n\t\t\t\t\t\t\t<p style=\"text-align: left;\">Thiago Chagas (2021-2022)<\/p>\t\t\t\t\t\t<\/div>\n\t\t\t\t<\/div>\n\t\t\t\t\t<\/div>\n\t\t<\/div>\n\t\t\t\t<div class=\"elementor-column elementor-col-33 elementor-inner-column elementor-element elementor-element-6b8c471\" data-id=\"6b8c471\" data-element_type=\"column\">\n\t\t\t<div class=\"elementor-widget-wrap elementor-element-populated\">\n\t\t\t\t\t\t\t\t<div class=\"elementor-element elementor-element-4356c07 elementor-widget elementor-widget-toggle\" data-id=\"4356c07\" data-element_type=\"widget\" data-widget_type=\"toggle.default\">\n\t\t\t\t<div class=\"elementor-widget-container\">\n\t\t\t\t\t<div class=\"elementor-toggle\" role=\"tablist\">\n\t\t\t\t\t\t\t<div class=\"elementor-toggle-item\">\n\t\t\t\t\t<div id=\"elementor-tab-title-7061\" class=\"elementor-tab-title\" data-tab=\"1\" role=\"tab\" aria-controls=\"elementor-tab-content-7061\" aria-expanded=\"false\">\n\t\t\t\t\t\t\t\t\t\t\t\t<span class=\"elementor-toggle-icon elementor-toggle-icon-left\" aria-hidden=\"true\">\n\t\t\t\t\t\t\t\t\t\t\t\t\t\t\t<span class=\"elementor-toggle-icon-closed\"><i class=\"fas fa-plus\"><\/i><\/span>\n\t\t\t\t\t\t\t\t<span class=\"elementor-toggle-icon-opened\"><i class=\"elementor-toggle-icon-opened fas fa-minus\"><\/i><\/span>\n\t\t\t\t\t\t\t\t\t\t\t\t\t<\/span>\n\t\t\t\t\t\t\t\t\t\t\t\t<a href=\"\" class=\"elementor-toggle-title\">Biografia<\/a>\n\t\t\t\t\t<\/div>\n\n\t\t\t\t\t<div id=\"elementor-tab-content-7061\" class=\"elementor-tab-content elementor-clearfix\" data-tab=\"1\" role=\"tabpanel\" aria-labelledby=\"elementor-tab-title-7061\"><p><span style=\"color: #333333;\"><strong>BIOGRAFIA DO VEREADOR THIAGO CHAGAS<\/strong><\/span><\/p><p><span style=\"color: #333333;\">Thiago Chagas da Silva Santos, nascido em \u00a001\/02\/1986, na Maternidade Nossa Senhora do Bom Sucesso \u00a0em Cruz das Almas, Bahia.<\/span><\/p><p><span style=\"color: #333333;\">Filho de M\u00e1rio Ara\u00fajo dos Santos e de C\u00e9lia Chagas da Silva Santos, casado com Val\u00e9ria Fagundes Damasceno Santos, tem duas filhas<strong>:<\/strong> Maria Elisa Damasceno Chagas e Maria Alice Damasceno Chagas.<\/span><\/p><p><span style=\"color: #333333;\">Advogado, Bacharel em Direito formado pela Unyahna &#8211; Instituto de Educa\u00e7\u00e3o Superior desde o ano de 2010, antes mesmo de se formar, o Vereador Thiago Chagas passou na prova da Ordem dos Advogados da Bahia. Atuou na advocacia durante 3 anos e depois foi convocado em uma sele\u00e7\u00e3o p\u00fablica para trabalhar como Analista de Arrecada\u00e7\u00e3o no Servi\u00e7o Nacional de Aprendizagem Rural &#8211; SENAR BAHIA, onde permaneceu por aproximadamente 4 anos. \u00c9 Especialista em Direito Previdenci\u00e1rio.<\/span><\/p><p><span style=\"color: #333333;\">Trabalhou de 2007 a 2010 como mediador e conciliador, no Tribunal de Justi\u00e7a da Bahia nas periferias de Salvador (Boca do Rio, Trancredo Neves e Castelo Branco). Projeto Balc\u00e3o de Justi\u00e7a e Cidadania.<\/span><\/p><p><span style=\"color: #333333;\">Desde muito jovem, o Vereador Thiago Chagas iniciou sua vida profissional, simultaneamente com a cria\u00e7\u00e3o da R\u00e1dio Santa Cruz, emissora comunit\u00e1ria da cidade de Cruz das Almas. Aos 13 anos de idade j\u00e1 atuava como telefonista, ap\u00f3s, ainda na emissora, trabalhou como locutor, motorista da unidade m\u00f3vel e vendedor de apoio cultural, tamb\u00e9m neste per\u00edodo assumiu o cargo de editor-chefe do Jornal do Planalto.\u00a0 Atualmente na R\u00e1dio Santa Cruz desenvolve a fun\u00e7\u00e3o de Assessor Jur\u00eddico.<\/span><\/p><p><span style=\"color: #333333;\">J\u00e1 a sua carreira pol\u00edtica se iniciou desde o seu nascimento. Seu Pai, o ex-vereador M\u00e1rio do Jornal, proporcionou-lhe o primeiro contato com o meio pol\u00edtico. A conviv\u00eancia com uma figura pol\u00edtica o qual sempre se orgulhou e a percep\u00e7\u00e3o de que, mesmo fazendo parte de uma categoria muito ruim e dif\u00edcil de atuar, existia em sua casa um exemplo de diferencia\u00e7\u00e3o, foram agentes motivadores para o seu ingresso na carreira pol\u00edtica. Durante as 5 legislaturas de seu pai, o acompanhou como cabo eleitoral, depois como eleitor e por ter a pol\u00edtica na veia, possui como diferencial a tranquilidade em dialogar com as pessoas.<\/span><\/p><p><span style=\"color: #333333;\">O Vereador Thiago Chagas defende o discurso de que todos os cidad\u00e3os precisam participar do universo pol\u00edtico e partid\u00e1rio. Que esses a sociedade n\u00e3o devem simplesmente recha\u00e7ar essa participa\u00e7\u00e3o sobre o pretexto que a pol\u00edtica n\u00e3o \u00e9 para homens s\u00e9rios, muito pelo contr\u00e1rio, quando homens s\u00e9rios se escondem, os maus se sobressaem.<\/span><\/p><p><span style=\"color: #333333;\">Lan\u00e7ou seu nome como candidato a Vereador em 2016 alcan\u00e7ado a vit\u00f3ria com 729 votos, reeleito em 2020 com 1281 votos. Presidente da C\u00e2mara por dois bi\u00eanios 2021\/22 e 2023\/24. Durante esse per\u00edodo foi agraciado com diversos pr\u00eamios de reconhecimento por sua atua\u00e7\u00e3o parlamentar. Para saber mais sobre a nossa trajet\u00f3ria acesse as redes sociais, sempre com o nome Thiago Chagas.<\/span><\/p><\/div>\n\t\t\t\t<\/div>\n\t\t\t\t\t\t\t\t\t\t<script type=\"application\/ld+json\">{\"@context\":\"https:\\\/\\\/schema.org\",\"@type\":\"FAQPage\",\"mainEntity\":[{\"@type\":\"Question\",\"name\":\"Biografia\",\"acceptedAnswer\":{\"@type\":\"Answer\",\"text\":\"<p><span style=\\\"color: #333333;\\\"><strong>BIOGRAFIA DO VEREADOR THIAGO CHAGAS<\\\/strong><\\\/span><\\\/p><p><span style=\\\"color: #333333;\\\">Thiago Chagas da Silva Santos, nascido em \\u00a001\\\/02\\\/1986, na Maternidade Nossa Senhora do Bom Sucesso \\u00a0em Cruz das Almas, Bahia.<\\\/span><\\\/p><p><span style=\\\"color: #333333;\\\">Filho de M\\u00e1rio Ara\\u00fajo dos Santos e de C\\u00e9lia Chagas da Silva Santos, casado com Val\\u00e9ria Fagundes Damasceno Santos, tem duas filhas<strong>:<\\\/strong> Maria Elisa Damasceno Chagas e Maria Alice Damasceno Chagas.<\\\/span><\\\/p><p><span style=\\\"color: #333333;\\\">Advogado, Bacharel em Direito formado pela Unyahna &#8211; Instituto de Educa\\u00e7\\u00e3o Superior desde o ano de 2010, antes mesmo de se formar, o Vereador Thiago Chagas passou na prova da Ordem dos Advogados da Bahia. Atuou na advocacia durante 3 anos e depois foi convocado em uma sele\\u00e7\\u00e3o p\\u00fablica para trabalhar como Analista de Arrecada\\u00e7\\u00e3o no Servi\\u00e7o Nacional de Aprendizagem Rural &#8211; SENAR BAHIA, onde permaneceu por aproximadamente 4 anos. \\u00c9 Especialista em Direito Previdenci\\u00e1rio.<\\\/span><\\\/p><p><span style=\\\"color: #333333;\\\">Trabalhou de 2007 a 2010 como mediador e conciliador, no Tribunal de Justi\\u00e7a da Bahia nas periferias de Salvador (Boca do Rio, Trancredo Neves e Castelo Branco). Projeto Balc\\u00e3o de Justi\\u00e7a e Cidadania.<\\\/span><\\\/p><p><span style=\\\"color: #333333;\\\">Desde muito jovem, o Vereador Thiago Chagas iniciou sua vida profissional, simultaneamente com a cria\\u00e7\\u00e3o da R\\u00e1dio Santa Cruz, emissora comunit\\u00e1ria da cidade de Cruz das Almas. Aos 13 anos de idade j\\u00e1 atuava como telefonista, ap\\u00f3s, ainda na emissora, trabalhou como locutor, motorista da unidade m\\u00f3vel e vendedor de apoio cultural, tamb\\u00e9m neste per\\u00edodo assumiu o cargo de editor-chefe do Jornal do Planalto.\\u00a0 Atualmente na R\\u00e1dio Santa Cruz desenvolve a fun\\u00e7\\u00e3o de Assessor Jur\\u00eddico.<\\\/span><\\\/p><p><span style=\\\"color: #333333;\\\">J\\u00e1 a sua carreira pol\\u00edtica se iniciou desde o seu nascimento. Seu Pai, o ex-vereador M\\u00e1rio do Jornal, proporcionou-lhe o primeiro contato com o meio pol\\u00edtico. A conviv\\u00eancia com uma figura pol\\u00edtica o qual sempre se orgulhou e a percep\\u00e7\\u00e3o de que, mesmo fazendo parte de uma categoria muito ruim e dif\\u00edcil de atuar, existia em sua casa um exemplo de diferencia\\u00e7\\u00e3o, foram agentes motivadores para o seu ingresso na carreira pol\\u00edtica. Durante as 5 legislaturas de seu pai, o acompanhou como cabo eleitoral, depois como eleitor e por ter a pol\\u00edtica na veia, possui como diferencial a tranquilidade em dialogar com as pessoas.<\\\/span><\\\/p><p><span style=\\\"color: #333333;\\\">O Vereador Thiago Chagas defende o discurso de que todos os cidad\\u00e3os precisam participar do universo pol\\u00edtico e partid\\u00e1rio. Que esses a sociedade n\\u00e3o devem simplesmente recha\\u00e7ar essa participa\\u00e7\\u00e3o sobre o pretexto que a pol\\u00edtica n\\u00e3o \\u00e9 para homens s\\u00e9rios, muito pelo contr\\u00e1rio, quando homens s\\u00e9rios se escondem, os maus se sobressaem.<\\\/span><\\\/p><p><span style=\\\"color: #333333;\\\">Lan\\u00e7ou seu nome como candidato a Vereador em 2016 alcan\\u00e7ado a vit\\u00f3ria com 729 votos, reeleito em 2020 com 1281 votos. Presidente da C\\u00e2mara por dois bi\\u00eanios 2021\\\/22 e 2023\\\/24. Durante esse per\\u00edodo foi agraciado com diversos pr\\u00eamios de reconhecimento por sua atua\\u00e7\\u00e3o parlamentar. Para saber mais sobre a nossa trajet\\u00f3ria acesse as redes sociais, sempre com o nome Thiago Chagas.<\\\/span><\\\/p>\"}}]}<\/script>\n\t\t\t\t\t<\/div>\n\t\t\t\t<\/div>\n\t\t\t\t<\/div>\n\t\t\t\t\t<\/div>\n\t\t<\/div>\n\t\t\t\t\t\t\t<\/div>\n\t\t<\/section>\n\t\t\t\t\t<\/div>\n\t\t<\/div>\n\t\t\t\t\t\t\t<\/div>\n\t\t<\/section>\n\t\t\t\t<section class=\"elementor-section elementor-top-section elementor-element elementor-element-f7b5beb elementor-section-boxed elementor-section-height-default elementor-section-height-default\" data-id=\"f7b5beb\" data-element_type=\"section\">\n\t\t\t\t\t\t<div class=\"elementor-container elementor-column-gap-default\">\n\t\t\t\t\t<div class=\"elementor-column elementor-col-100 elementor-top-column elementor-element elementor-element-15c77c0\" data-id=\"15c77c0\" data-element_type=\"column\">\n\t\t\t<div class=\"elementor-widget-wrap elementor-element-populated\">\n\t\t\t\t\t\t\t\t<div class=\"elementor-element elementor-element-6dc4248 elementor-widget elementor-widget-text-editor\" data-id=\"6dc4248\" data-element_type=\"widget\" data-widget_type=\"text-editor.default\">\n\t\t\t\t<div class=\"elementor-widget-container\">\n\t\t\t\t\t\t\t<p><strong>Fontes:<\/strong><\/p><p><span style=\"color: #333333;\">Reda\u00e7\u00e3o:\u00a0Memorial de Cruz das Almas<\/span><br \/><span style=\"color: #333333;\">Leia maisem:<\/span> <a href=\"https:\/\/almanaquecruzalmense.com.br\/\" target=\"_blank\" rel=\"noopener\">www.almanaquecruzalmense.com.br<\/a><br \/><span style=\"color: #333333; font-size: inherit; font-family: var(--font-primary);\">Foto: Andr\u00e9 de Jesus<br \/>Foto: Reprodu\u00e7\u00e3o Web<br \/><\/span><\/p>\t\t\t\t\t\t<\/div>\n\t\t\t\t<\/div>\n\t\t\t\t<div class=\"elementor-element elementor-element-76fefab elementor-widget-divider--view-line_text elementor-widget-divider--separator-type-pattern elementor-widget-divider--element-align-center elementor-widget elementor-widget-divider\" data-id=\"76fefab\" data-element_type=\"widget\" data-widget_type=\"divider.default\">\n\t\t\t\t<div class=\"elementor-widget-container\">\n\t\t\t<style>\/*! elementor - v3.11.3 - 07-03-2023 *\/\n.elementor-widget-divider{--divider-border-style:none;--divider-border-width:1px;--divider-color:#2c2c2c;--divider-icon-size:20px;--divider-element-spacing:10px;--divider-pattern-height:24px;--divider-pattern-size:20px;--divider-pattern-url:none;--divider-pattern-repeat:repeat-x}.elementor-widget-divider .elementor-divider{display:flex}.elementor-widget-divider .elementor-divider__text{font-size:15px;line-height:1;max-width:95%}.elementor-widget-divider .elementor-divider__element{margin:0 var(--divider-element-spacing);flex-shrink:0}.elementor-widget-divider .elementor-icon{font-size:var(--divider-icon-size)}.elementor-widget-divider .elementor-divider-separator{display:flex;margin:0;direction:ltr}.elementor-widget-divider--view-line_icon .elementor-divider-separator,.elementor-widget-divider--view-line_text .elementor-divider-separator{align-items:center}.elementor-widget-divider--view-line_icon .elementor-divider-separator:after,.elementor-widget-divider--view-line_icon .elementor-divider-separator:before,.elementor-widget-divider--view-line_text .elementor-divider-separator:after,.elementor-widget-divider--view-line_text .elementor-divider-separator:before{display:block;content:\"\";border-bottom:0;flex-grow:1;border-top:var(--divider-border-width) var(--divider-border-style) var(--divider-color)}.elementor-widget-divider--element-align-left .elementor-divider .elementor-divider-separator>.elementor-divider__svg:first-of-type{flex-grow:0;flex-shrink:100}.elementor-widget-divider--element-align-left .elementor-divider-separator:before{content:none}.elementor-widget-divider--element-align-left .elementor-divider__element{margin-left:0}.elementor-widget-divider--element-align-right .elementor-divider .elementor-divider-separator>.elementor-divider__svg:last-of-type{flex-grow:0;flex-shrink:100}.elementor-widget-divider--element-align-right .elementor-divider-separator:after{content:none}.elementor-widget-divider--element-align-right .elementor-divider__element{margin-right:0}.elementor-widget-divider:not(.elementor-widget-divider--view-line_text):not(.elementor-widget-divider--view-line_icon) .elementor-divider-separator{border-top:var(--divider-border-width) var(--divider-border-style) var(--divider-color)}.elementor-widget-divider--separator-type-pattern{--divider-border-style:none}.elementor-widget-divider--separator-type-pattern.elementor-widget-divider--view-line .elementor-divider-separator,.elementor-widget-divider--separator-type-pattern:not(.elementor-widget-divider--view-line) .elementor-divider-separator:after,.elementor-widget-divider--separator-type-pattern:not(.elementor-widget-divider--view-line) .elementor-divider-separator:before,.elementor-widget-divider--separator-type-pattern:not([class*=elementor-widget-divider--view]) .elementor-divider-separator{width:100%;min-height:var(--divider-pattern-height);-webkit-mask-size:var(--divider-pattern-size) 100%;mask-size:var(--divider-pattern-size) 100%;-webkit-mask-repeat:var(--divider-pattern-repeat);mask-repeat:var(--divider-pattern-repeat);background-color:var(--divider-color);-webkit-mask-image:var(--divider-pattern-url);mask-image:var(--divider-pattern-url)}.elementor-widget-divider--no-spacing{--divider-pattern-size:auto}.elementor-widget-divider--bg-round{--divider-pattern-repeat:round}.rtl .elementor-widget-divider .elementor-divider__text{direction:rtl}.e-con-inner>.elementor-widget-divider,.e-con>.elementor-widget-divider{width:var(--container-widget-width,100%);--flex-grow:var(--container-widget-flex-grow)}<\/style>\t\t<div class=\"elementor-divider\" style=\"--divider-pattern-url: url(&quot;data:image\/svg+xml,%3Csvg xmlns=&#039;http:\/\/www.w3.org\/2000\/svg&#039; preserveAspectRatio=&#039;none&#039; overflow=&#039;visible&#039; height=&#039;100%&#039; viewBox=&#039;0 0 24 24&#039; fill=&#039;none&#039; stroke=&#039;black&#039; stroke-width=&#039;1&#039; stroke-linecap=&#039;square&#039; stroke-miterlimit=&#039;10&#039;%3E%3Cpath d=&#039;M0,6c6,0,6,13,12,13S18,6,24,6&#039;\/%3E%3C\/svg%3E&quot;);\">\n\t\t\t<span class=\"elementor-divider-separator\">\n\t\t\t\t\t\t\t<span class=\"elementor-divider__text elementor-divider__element\">\n\t\t\t\tFim da Mat\u00e9ria \t\t\t\t<\/span>\n\t\t\t\t\t\t<\/span>\n\t\t<\/div>\n\t\t\t\t<\/div>\n\t\t\t\t<\/div>\n\t\t\t\t\t<\/div>\n\t\t<\/div>\n\t\t\t\t\t\t\t<\/div>\n\t\t<\/section>\n\t\t\t\t<section class=\"elementor-section elementor-top-section elementor-element elementor-element-5e63c0f0 elementor-section-boxed elementor-section-height-default elementor-section-height-default\" data-id=\"5e63c0f0\" data-element_type=\"section\">\n\t\t\t\t\t\t<div class=\"elementor-container elementor-column-gap-default\">\n\t\t\t\t\t<div class=\"elementor-column elementor-col-100 elementor-top-column elementor-element elementor-element-87087f2\" data-id=\"87087f2\" data-element_type=\"column\">\n\t\t\t<div class=\"elementor-widget-wrap elementor-element-populated\">\n\t\t\t\t\t\t\t\t<div class=\"elementor-element elementor-element-4100b855 elementor-widget elementor-widget-imroz-portfolio\" data-id=\"4100b855\" data-element_type=\"widget\" data-widget_type=\"imroz-portfolio.default\">\n\t\t\t\t<div class=\"elementor-widget-container\">\n\t\t\t            <!-- Start Portfolio Area  -->\n            <div class=\"portfolio-area rn-portfolio-area pt--120 pb--140\">\n                <div class=\"container\">\n                    <div class=\"row\">\n                        <div class=\"col-lg-12\">\n                            <div class=\"section-title mb--20 mb_sm--0 text-center\">\n                                                            <span class=\"sub-title\">Acesse, Curta e Compartilhe Nossa Hist\u00f3ria<\/span>\n                        <h2 class=\"title rbt-section-title\"><span>LEIA OUTROS TEMAS<\/span><\/h2>                            <p>Aproveite para navegar um pouco mais, conhe\u00e7a sobre o que  Cruz das Almas tem de melhor, seu povo e sua hist\u00f3ria!<\/p>\n                                                <\/div>\n                        <\/div>\n                    <\/div>\n                    <!-- End Single Portfolio  -->\n                                            <div class=\"rn-slick-activation rn-slick-dot mt--10 slick-gutter-15 portfolio-slick-activation layout-2\" data-settings=\"{&quot;arrows&quot;:false,&quot;dots&quot;:true,&quot;autoplay&quot;:true,&quot;autoplay_speed&quot;:2500,&quot;infinite&quot;:true,&quot;for_xl_desktop&quot;:5,&quot;slidesToShow&quot;:3,&quot;for_laptop&quot;:2,&quot;for_tablet&quot;:2,&quot;for_mobile&quot;:1,&quot;for_xs_mobile&quot;:1}\">\n                            \n                                <!-- Start Single Portfolio  -->\n                                <div class=\"portfolio mt--30 mb--20\">\n                                    <div class=\"thumbnail-inner\">\n                                        <div class=\"thumbnail image-1\"\n                                             style=\"background-image: url(https:\/\/memorialdecruzdasalmas.com.br\/memorial\/wp-content\/uploads\/2021\/12\/a-origem-de-cruz-das-almas-ba-390x499.jpg)\"><\/div>\n                                        <div class=\"bg-blr-image image-1\"\n                                             style=\"background-image: url(https:\/\/memorialdecruzdasalmas.com.br\/memorial\/wp-content\/uploads\/2021\/12\/a-origem-de-cruz-das-almas-ba-390x499.jpg)\"><\/div>\n                                    <\/div>\n                                    <div class=\"content\">\n                                        <div class=\"inner\">\n                                                                                            <p>                                                        <span>Memorial Digital<\/span>\n                                                                                                    <\/p>\n                                                                                        <h4><a href=\"https:\/\/memorialdecruzdasalmas.com.br\/memorial\/portfolio\/origem\/\">Origem da Cidade e Emancipa\u00e7\u00e3o Pol\u00edtica<\/a><\/h4>\n                                                                                            <div class=\"portfolio-button\">\n                                                    <a class=\"rn-btn\"\n                                                       href=\"https:\/\/memorialdecruzdasalmas.com.br\/memorial\/portfolio\/origem\/\">LER CONTE\u00daDO<\/a>\n                                                <\/div>\n                                                                                    <\/div>\n                                    <\/div>\n                                    <a class=\"transparent-link\" href=\"https:\/\/memorialdecruzdasalmas.com.br\/memorial\/portfolio\/origem\/\"><\/a>\n                                <\/div>\n                                <!-- End Single Portfolio  -->\n                            \n                                <!-- Start Single Portfolio  -->\n                                <div class=\"portfolio mt--30 mb--20\">\n                                    <div class=\"thumbnail-inner\">\n                                        <div class=\"thumbnail image-1\"\n                                             style=\"background-image: url(https:\/\/memorialdecruzdasalmas.com.br\/memorial\/wp-content\/uploads\/2021\/12\/56823249-603070636823774-5242432850954813440-o-390x532.jpg)\"><\/div>\n                                        <div class=\"bg-blr-image image-1\"\n                                             style=\"background-image: url(https:\/\/memorialdecruzdasalmas.com.br\/memorial\/wp-content\/uploads\/2021\/12\/56823249-603070636823774-5242432850954813440-o-390x532.jpg)\"><\/div>\n                                    <\/div>\n                                    <div class=\"content\">\n                                        <div class=\"inner\">\n                                                                                            <p>                                                        <span>Memorial Digital<\/span>\n                                                                                                    <\/p>\n                                                                                        <h4><a href=\"https:\/\/memorialdecruzdasalmas.com.br\/memorial\/portfolio\/poderes-constitucionais\/\">Poderes Constitucionais<\/a><\/h4>\n                                                                                            <div class=\"portfolio-button\">\n                                                    <a class=\"rn-btn\"\n                                                       href=\"https:\/\/memorialdecruzdasalmas.com.br\/memorial\/portfolio\/poderes-constitucionais\/\">LER CONTE\u00daDO<\/a>\n                                                <\/div>\n                                                                                    <\/div>\n                                    <\/div>\n                                    <a class=\"transparent-link\" href=\"https:\/\/memorialdecruzdasalmas.com.br\/memorial\/portfolio\/poderes-constitucionais\/\"><\/a>\n                                <\/div>\n                                <!-- End Single Portfolio  -->\n                            \n                                <!-- Start Single Portfolio  -->\n                                <div class=\"portfolio mt--30 mb--20\">\n                                    <div class=\"thumbnail-inner\">\n                                        <div class=\"thumbnail image-1\"\n                                             style=\"background-image: url(https:\/\/memorialdecruzdasalmas.com.br\/memorial\/wp-content\/uploads\/2021\/09\/UFRB-cruz-390x532.jpg)\"><\/div>\n                                        <div class=\"bg-blr-image image-1\"\n                                             style=\"background-image: url(https:\/\/memorialdecruzdasalmas.com.br\/memorial\/wp-content\/uploads\/2021\/09\/UFRB-cruz-390x532.jpg)\"><\/div>\n                                    <\/div>\n                                    <div class=\"content\">\n                                        <div class=\"inner\">\n                                                                                            <p>                                                        <span>Memorial Digital<\/span>\n                                                                                                    <\/p>\n                                                                                        <h4><a href=\"https:\/\/memorialdecruzdasalmas.com.br\/memorial\/portfolio\/ufrb\/\">UFRB<\/a><\/h4>\n                                                                                            <div class=\"portfolio-button\">\n                                                    <a class=\"rn-btn\"\n                                                       href=\"https:\/\/memorialdecruzdasalmas.com.br\/memorial\/portfolio\/ufrb\/\">LER CONTE\u00daDO<\/a>\n                                                <\/div>\n                                                                                    <\/div>\n                                    <\/div>\n                                    <a class=\"transparent-link\" href=\"https:\/\/memorialdecruzdasalmas.com.br\/memorial\/portfolio\/ufrb\/\"><\/a>\n                                <\/div>\n                                <!-- End Single Portfolio  -->\n                            \n                                <!-- Start Single Portfolio  -->\n                                <div class=\"portfolio mt--30 mb--20\">\n                                    <div class=\"thumbnail-inner\">\n                                        <div class=\"thumbnail image-1\"\n                                             style=\"background-image: url(https:\/\/memorialdecruzdasalmas.com.br\/memorial\/wp-content\/uploads\/2021\/09\/Predio-Sede-2021-390x532.jpeg)\"><\/div>\n                                        <div class=\"bg-blr-image image-1\"\n                                             style=\"background-image: url(https:\/\/memorialdecruzdasalmas.com.br\/memorial\/wp-content\/uploads\/2021\/09\/Predio-Sede-2021-390x532.jpeg)\"><\/div>\n                                    <\/div>\n                                    <div class=\"content\">\n                                        <div class=\"inner\">\n                                                                                            <p>                                                        <span>Memorial Digital<\/span>\n                                                                                                    <\/p>\n                                                                                        <h4><a href=\"https:\/\/memorialdecruzdasalmas.com.br\/memorial\/portfolio\/embrapa\/\">Embrapa Mandioca e Fruticultura<\/a><\/h4>\n                                                                                            <div class=\"portfolio-button\">\n                                                    <a class=\"rn-btn\"\n                                                       href=\"https:\/\/memorialdecruzdasalmas.com.br\/memorial\/portfolio\/embrapa\/\">LER CONTE\u00daDO<\/a>\n                                                <\/div>\n                                                                                    <\/div>\n                                    <\/div>\n                                    <a class=\"transparent-link\" href=\"https:\/\/memorialdecruzdasalmas.com.br\/memorial\/portfolio\/embrapa\/\"><\/a>\n                                <\/div>\n                                <!-- End Single Portfolio  -->\n                            \n                                <!-- Start Single Portfolio  -->\n                                <div class=\"portfolio mt--30 mb--20\">\n                                    <div class=\"thumbnail-inner\">\n                                        <div class=\"thumbnail image-1\"\n                                             style=\"background-image: url(https:\/\/memorialdecruzdasalmas.com.br\/memorial\/wp-content\/uploads\/2022\/10\/ceat-colegio-alberto-torres-390x532.jpg)\"><\/div>\n                                        <div class=\"bg-blr-image image-1\"\n                                             style=\"background-image: url(https:\/\/memorialdecruzdasalmas.com.br\/memorial\/wp-content\/uploads\/2022\/10\/ceat-colegio-alberto-torres-390x532.jpg)\"><\/div>\n                                    <\/div>\n                                    <div class=\"content\">\n                                        <div class=\"inner\">\n                                                                                            <p>                                                        <span>Memorial Digital<\/span>\n                                                                                                    <\/p>\n                                                                                        <h4><a href=\"https:\/\/memorialdecruzdasalmas.com.br\/memorial\/portfolio\/educacao\/\">Educa\u00e7\u00e3o<\/a><\/h4>\n                                                                                            <div class=\"portfolio-button\">\n                                                    <a class=\"rn-btn\"\n                                                       href=\"https:\/\/memorialdecruzdasalmas.com.br\/memorial\/portfolio\/educacao\/\">LER CONTE\u00daDO<\/a>\n                                                <\/div>\n                                                                                    <\/div>\n                                    <\/div>\n                                    <a class=\"transparent-link\" href=\"https:\/\/memorialdecruzdasalmas.com.br\/memorial\/portfolio\/educacao\/\"><\/a>\n                                <\/div>\n                                <!-- End Single Portfolio  -->\n                            \n                                <!-- Start Single Portfolio  -->\n                                <div class=\"portfolio mt--30 mb--20\">\n                                    <div class=\"thumbnail-inner\">\n                                        <div class=\"thumbnail image-1\"\n                                             style=\"background-image: url(https:\/\/memorialdecruzdasalmas.com.br\/memorial\/wp-content\/uploads\/2021\/09\/santa-casa-390x532.jpg)\"><\/div>\n                                        <div class=\"bg-blr-image image-1\"\n                                             style=\"background-image: url(https:\/\/memorialdecruzdasalmas.com.br\/memorial\/wp-content\/uploads\/2021\/09\/santa-casa-390x532.jpg)\"><\/div>\n                                    <\/div>\n                                    <div class=\"content\">\n                                        <div class=\"inner\">\n                                                                                            <p>                                                        <span>Memorial Digital<\/span>\n                                                                                                    <\/p>\n                                                                                        <h4><a href=\"https:\/\/memorialdecruzdasalmas.com.br\/memorial\/portfolio\/saude\/\">Sa\u00fade<\/a><\/h4>\n                                                                                            <div class=\"portfolio-button\">\n                                                    <a class=\"rn-btn\"\n                                                       href=\"https:\/\/memorialdecruzdasalmas.com.br\/memorial\/portfolio\/saude\/\">LER CONTE\u00daDO<\/a>\n                                                <\/div>\n                                                                                    <\/div>\n                                    <\/div>\n                                    <a class=\"transparent-link\" href=\"https:\/\/memorialdecruzdasalmas.com.br\/memorial\/portfolio\/saude\/\"><\/a>\n                                <\/div>\n                                <!-- End Single Portfolio  -->\n                            \n                                <!-- Start Single Portfolio  -->\n                                <div class=\"portfolio mt--30 mb--20\">\n                                    <div class=\"thumbnail-inner\">\n                                        <div class=\"thumbnail image-1\"\n                                             style=\"background-image: url(https:\/\/memorialdecruzdasalmas.com.br\/memorial\/wp-content\/uploads\/2021\/09\/cultura2.jpg)\"><\/div>\n                                        <div class=\"bg-blr-image image-1\"\n                                             style=\"background-image: url(https:\/\/memorialdecruzdasalmas.com.br\/memorial\/wp-content\/uploads\/2021\/09\/cultura2.jpg)\"><\/div>\n                                    <\/div>\n                                    <div class=\"content\">\n                                        <div class=\"inner\">\n                                                                                            <p>                                                        <span>Memorial Digital<\/span>\n                                                                                                    <\/p>\n                                                                                        <h4><a href=\"https:\/\/memorialdecruzdasalmas.com.br\/memorial\/portfolio\/cultura\/\">Cultura<\/a><\/h4>\n                                                                                            <div class=\"portfolio-button\">\n                                                    <a class=\"rn-btn\"\n                                                       href=\"https:\/\/memorialdecruzdasalmas.com.br\/memorial\/portfolio\/cultura\/\">LER CONTE\u00daDO<\/a>\n                                                <\/div>\n                                                                                    <\/div>\n                                    <\/div>\n                                    <a class=\"transparent-link\" href=\"https:\/\/memorialdecruzdasalmas.com.br\/memorial\/portfolio\/cultura\/\"><\/a>\n                                <\/div>\n                                <!-- End Single Portfolio  -->\n                            \n                                <!-- Start Single Portfolio  -->\n                                <div class=\"portfolio mt--30 mb--20\">\n                                    <div class=\"thumbnail-inner\">\n                                        <div class=\"thumbnail image-1\"\n                                             style=\"background-image: url(https:\/\/memorialdecruzdasalmas.com.br\/memorial\/wp-content\/uploads\/2022\/10\/esporte2.jpg)\"><\/div>\n                                        <div class=\"bg-blr-image image-1\"\n                                             style=\"background-image: url(https:\/\/memorialdecruzdasalmas.com.br\/memorial\/wp-content\/uploads\/2022\/10\/esporte2.jpg)\"><\/div>\n                                    <\/div>\n                                    <div class=\"content\">\n                                        <div class=\"inner\">\n                                                                                            <p>                                                        <span>Memorial Digital<\/span>\n                                                                                                    <\/p>\n                                                                                        <h4><a href=\"https:\/\/memorialdecruzdasalmas.com.br\/memorial\/portfolio\/esporte\/\">Esporte<\/a><\/h4>\n                                                                                            <div class=\"portfolio-button\">\n                                                    <a class=\"rn-btn\"\n                                                       href=\"https:\/\/memorialdecruzdasalmas.com.br\/memorial\/portfolio\/esporte\/\">LER CONTE\u00daDO<\/a>\n                                                <\/div>\n                                                                                    <\/div>\n                                    <\/div>\n                                    <a class=\"transparent-link\" href=\"https:\/\/memorialdecruzdasalmas.com.br\/memorial\/portfolio\/esporte\/\"><\/a>\n                                <\/div>\n                                <!-- End Single Portfolio  -->\n                            \n                                <!-- Start Single Portfolio  -->\n                                <div class=\"portfolio mt--30 mb--20\">\n                                    <div class=\"thumbnail-inner\">\n                                        <div class=\"thumbnail image-1\"\n                                             style=\"background-image: url(https:\/\/memorialdecruzdasalmas.com.br\/memorial\/wp-content\/uploads\/2021\/05\/agropecuaria-390x532.jpg)\"><\/div>\n                                        <div class=\"bg-blr-image image-1\"\n                                             style=\"background-image: url(https:\/\/memorialdecruzdasalmas.com.br\/memorial\/wp-content\/uploads\/2021\/05\/agropecuaria-390x532.jpg)\"><\/div>\n                                    <\/div>\n                                    <div class=\"content\">\n                                        <div class=\"inner\">\n                                                                                            <p>                                                        <span>Memorial Digital<\/span>\n                                                                                                    <\/p>\n                                                                                        <h4><a href=\"https:\/\/memorialdecruzdasalmas.com.br\/memorial\/portfolio\/agropecuaria\/\">Agropecu\u00e1ria<\/a><\/h4>\n                                                                                            <div class=\"portfolio-button\">\n                                                    <a class=\"rn-btn\"\n                                                       href=\"https:\/\/memorialdecruzdasalmas.com.br\/memorial\/portfolio\/agropecuaria\/\">LER CONTE\u00daDO<\/a>\n                                                <\/div>\n                                                                                    <\/div>\n                                    <\/div>\n                                    <a class=\"transparent-link\" href=\"https:\/\/memorialdecruzdasalmas.com.br\/memorial\/portfolio\/agropecuaria\/\"><\/a>\n                                <\/div>\n                                <!-- End Single Portfolio  -->\n                            \n                                <!-- Start Single Portfolio  -->\n                                <div class=\"portfolio mt--30 mb--20\">\n                                    <div class=\"thumbnail-inner\">\n                                        <div class=\"thumbnail image-1\"\n                                             style=\"background-image: url(https:\/\/memorialdecruzdasalmas.com.br\/memorial\/wp-content\/uploads\/2022\/11\/cruz-das-almas-03-390x532.jpg)\"><\/div>\n                                        <div class=\"bg-blr-image image-1\"\n                                             style=\"background-image: url(https:\/\/memorialdecruzdasalmas.com.br\/memorial\/wp-content\/uploads\/2022\/11\/cruz-das-almas-03-390x532.jpg)\"><\/div>\n                                    <\/div>\n                                    <div class=\"content\">\n                                        <div class=\"inner\">\n                                                                                            <p>                                                        <span>Memorial Digital<\/span>\n                                                                                                    <\/p>\n                                                                                        <h4><a href=\"https:\/\/memorialdecruzdasalmas.com.br\/memorial\/portfolio\/comercio\/\">Com\u00e9rcio e Ind\u00fastrias<\/a><\/h4>\n                                                                                            <div class=\"portfolio-button\">\n                                                    <a class=\"rn-btn\"\n                                                       href=\"https:\/\/memorialdecruzdasalmas.com.br\/memorial\/portfolio\/comercio\/\">LER CONTE\u00daDO<\/a>\n                                                <\/div>\n                                                                                    <\/div>\n                                    <\/div>\n                                    <a class=\"transparent-link\" href=\"https:\/\/memorialdecruzdasalmas.com.br\/memorial\/portfolio\/comercio\/\"><\/a>\n                                <\/div>\n                                <!-- End Single Portfolio  -->\n                            \n                                <!-- Start Single Portfolio  -->\n                                <div class=\"portfolio mt--30 mb--20\">\n                                    <div class=\"thumbnail-inner\">\n                                        <div class=\"thumbnail image-1\"\n                                             style=\"background-image: url(https:\/\/memorialdecruzdasalmas.com.br\/memorial\/wp-content\/uploads\/2021\/05\/CruzdasAlmas-ba-390x511.jpg)\"><\/div>\n                                        <div class=\"bg-blr-image image-1\"\n                                             style=\"background-image: url(https:\/\/memorialdecruzdasalmas.com.br\/memorial\/wp-content\/uploads\/2021\/05\/CruzdasAlmas-ba-390x511.jpg)\"><\/div>\n                                    <\/div>\n                                    <div class=\"content\">\n                                        <div class=\"inner\">\n                                                                                            <p>                                                        <span>Memorial Digital<\/span>\n                                                                                                    <\/p>\n                                                                                        <h4><a href=\"https:\/\/memorialdecruzdasalmas.com.br\/memorial\/portfolio\/areas-urbanas-e-rerais\/\">\u00c1reas Urbanas e Rurais<\/a><\/h4>\n                                                                                            <div class=\"portfolio-button\">\n                                                    <a class=\"rn-btn\"\n                                                       href=\"https:\/\/memorialdecruzdasalmas.com.br\/memorial\/portfolio\/areas-urbanas-e-rerais\/\">LER CONTE\u00daDO<\/a>\n                                                <\/div>\n                                                                                    <\/div>\n                                    <\/div>\n                                    <a class=\"transparent-link\" href=\"https:\/\/memorialdecruzdasalmas.com.br\/memorial\/portfolio\/areas-urbanas-e-rerais\/\"><\/a>\n                                <\/div>\n                                <!-- End Single Portfolio  -->\n                            \n                                <!-- Start Single Portfolio  -->\n                                <div class=\"portfolio mt--30 mb--20\">\n                                    <div class=\"thumbnail-inner\">\n                                        <div class=\"thumbnail image-1\"\n                                             style=\"background-image: url(https:\/\/memorialdecruzdasalmas.com.br\/memorial\/wp-content\/uploads\/2021\/05\/guerra-de-espada-390x532.jpg)\"><\/div>\n                                        <div class=\"bg-blr-image image-1\"\n                                             style=\"background-image: url(https:\/\/memorialdecruzdasalmas.com.br\/memorial\/wp-content\/uploads\/2021\/05\/guerra-de-espada-390x532.jpg)\"><\/div>\n                                    <\/div>\n                                    <div class=\"content\">\n                                        <div class=\"inner\">\n                                                                                            <p>                                                        <span>Memorial Digital<\/span>\n                                                                                                    <\/p>\n                                                                                        <h4><a href=\"https:\/\/memorialdecruzdasalmas.com.br\/memorial\/portfolio\/sao-joao\/\">S\u00e3o Jo\u00e3o<\/a><\/h4>\n                                                                                            <div class=\"portfolio-button\">\n                                                    <a class=\"rn-btn\"\n                                                       href=\"https:\/\/memorialdecruzdasalmas.com.br\/memorial\/portfolio\/sao-joao\/\">LER CONTE\u00daDO<\/a>\n                                                <\/div>\n                                                                                    <\/div>\n                                    <\/div>\n                                    <a class=\"transparent-link\" href=\"https:\/\/memorialdecruzdasalmas.com.br\/memorial\/portfolio\/sao-joao\/\"><\/a>\n                                <\/div>\n                                <!-- End Single Portfolio  -->\n                            \n                                <!-- Start Single Portfolio  -->\n                                <div class=\"portfolio mt--30 mb--20\">\n                                    <div class=\"thumbnail-inner\">\n                                        <div class=\"thumbnail image-1\"\n                                             style=\"background-image: url(https:\/\/memorialdecruzdasalmas.com.br\/memorial\/wp-content\/uploads\/2022\/10\/arquiologia.jpg)\"><\/div>\n                                        <div class=\"bg-blr-image image-1\"\n                                             style=\"background-image: url(https:\/\/memorialdecruzdasalmas.com.br\/memorial\/wp-content\/uploads\/2022\/10\/arquiologia.jpg)\"><\/div>\n                                    <\/div>\n                                    <div class=\"content\">\n                                        <div class=\"inner\">\n                                                                                            <p>                                                        <span>Memorial Digital<\/span>\n                                                                                                    <\/p>\n                                                                                        <h4><a href=\"https:\/\/memorialdecruzdasalmas.com.br\/memorial\/portfolio\/arqueologia\/\">Arqueologia<\/a><\/h4>\n                                                                                            <div class=\"portfolio-button\">\n                                                    <a class=\"rn-btn\"\n                                                       href=\"https:\/\/memorialdecruzdasalmas.com.br\/memorial\/portfolio\/arqueologia\/\">LER CONTE\u00daDO<\/a>\n                                                <\/div>\n                                                                                    <\/div>\n                                    <\/div>\n                                    <a class=\"transparent-link\" href=\"https:\/\/memorialdecruzdasalmas.com.br\/memorial\/portfolio\/arqueologia\/\"><\/a>\n                                <\/div>\n                                <!-- End Single Portfolio  -->\n                            \n                                <!-- Start Single Portfolio  -->\n                                <div class=\"portfolio mt--30 mb--20\">\n                                    <div class=\"thumbnail-inner\">\n                                        <div class=\"thumbnail image-1\"\n                                             style=\"background-image: url(https:\/\/memorialdecruzdasalmas.com.br\/memorial\/wp-content\/uploads\/2021\/09\/religiao-03.jpg)\"><\/div>\n                                        <div class=\"bg-blr-image image-1\"\n                                             style=\"background-image: url(https:\/\/memorialdecruzdasalmas.com.br\/memorial\/wp-content\/uploads\/2021\/09\/religiao-03.jpg)\"><\/div>\n                                    <\/div>\n                                    <div class=\"content\">\n                                        <div class=\"inner\">\n                                                                                            <p>                                                        <span>Memorial Digital<\/span>\n                                                                                                    <\/p>\n                                                                                        <h4><a href=\"https:\/\/memorialdecruzdasalmas.com.br\/memorial\/portfolio\/religiao\/\">Institui\u00e7\u00f5es Religiosas<\/a><\/h4>\n                                                                                            <div class=\"portfolio-button\">\n                                                    <a class=\"rn-btn\"\n                                                       href=\"https:\/\/memorialdecruzdasalmas.com.br\/memorial\/portfolio\/religiao\/\">LER CONTE\u00daDO<\/a>\n                                                <\/div>\n                                                                                    <\/div>\n                                    <\/div>\n                                    <a class=\"transparent-link\" href=\"https:\/\/memorialdecruzdasalmas.com.br\/memorial\/portfolio\/religiao\/\"><\/a>\n                                <\/div>\n                                <!-- End Single Portfolio  -->\n                            \n                                <!-- Start Single Portfolio  -->\n                                <div class=\"portfolio mt--30 mb--20\">\n                                    <div class=\"thumbnail-inner\">\n                                        <div class=\"thumbnail image-1\"\n                                             style=\"background-image: url(https:\/\/memorialdecruzdasalmas.com.br\/memorial\/wp-content\/uploads\/2021\/09\/outras-instituicoes-390x532.jpg)\"><\/div>\n                                        <div class=\"bg-blr-image image-1\"\n                                             style=\"background-image: url(https:\/\/memorialdecruzdasalmas.com.br\/memorial\/wp-content\/uploads\/2021\/09\/outras-instituicoes-390x532.jpg)\"><\/div>\n                                    <\/div>\n                                    <div class=\"content\">\n                                        <div class=\"inner\">\n                                                                                            <p>                                                        <span>Memorial Digital<\/span>\n                                                                                                    <\/p>\n                                                                                        <h4><a href=\"https:\/\/memorialdecruzdasalmas.com.br\/memorial\/portfolio\/outras-instituicoes\/\">Outras Institui\u00e7\u00f5es<\/a><\/h4>\n                                                                                            <div class=\"portfolio-button\">\n                                                    <a class=\"rn-btn\"\n                                                       href=\"https:\/\/memorialdecruzdasalmas.com.br\/memorial\/portfolio\/outras-instituicoes\/\">LER CONTE\u00daDO<\/a>\n                                                <\/div>\n                                                                                    <\/div>\n                                    <\/div>\n                                    <a class=\"transparent-link\" href=\"https:\/\/memorialdecruzdasalmas.com.br\/memorial\/portfolio\/outras-instituicoes\/\"><\/a>\n                                <\/div>\n                                <!-- End Single Portfolio  -->\n                                                                                <\/div>\n                                    <\/div>\n            <\/div>\n            <!-- Start Portfolio Area  -->\n        \t\t<\/div>\n\t\t\t\t<\/div>\n\t\t\t\t\t<\/div>\n\t\t<\/div>\n\t\t\t\t\t\t\t<\/div>\n\t\t<\/section>\n\t\t\t\t\t\t\t<\/div>\n\t\t","protected":false},"excerpt":{"rendered":"<p>Siga, Curta e Compartilhe! Poder Legislativo Conhe\u00e7a a Hist\u00f3ria do Poder Legislativo Municipal. Memorial Digital! O PODER LEGISLATIVO O que \u00e9 o Poder Legislativo? O Poder Legislativo Municipal \u00e9 representado pela C\u00e2mara de Vereadores e \u00e9 exercido pelos vereadores, que devem ter uma rela\u00e7\u00e3o de proximidade com os elementos de uma comunidade. As fun\u00e7\u00f5es principais [&hellip;]<\/p>\n","protected":false},"author":1,"featured_media":0,"parent":0,"menu_order":0,"comment_status":"closed","ping_status":"closed","template":"elementor_header_footer","meta":{"footnotes":""},"class_list":["post-3348","page","type-page","status-publish","hentry"],"acf":[],"_links":{"self":[{"href":"https:\/\/memorialdecruzdasalmas.com.br\/memorial\/wp-json\/wp\/v2\/pages\/3348","targetHints":{"allow":["GET"]}}],"collection":[{"href":"https:\/\/memorialdecruzdasalmas.com.br\/memorial\/wp-json\/wp\/v2\/pages"}],"about":[{"href":"https:\/\/memorialdecruzdasalmas.com.br\/memorial\/wp-json\/wp\/v2\/types\/page"}],"author":[{"embeddable":true,"href":"https:\/\/memorialdecruzdasalmas.com.br\/memorial\/wp-json\/wp\/v2\/users\/1"}],"replies":[{"embeddable":true,"href":"https:\/\/memorialdecruzdasalmas.com.br\/memorial\/wp-json\/wp\/v2\/comments?post=3348"}],"version-history":[{"count":100,"href":"https:\/\/memorialdecruzdasalmas.com.br\/memorial\/wp-json\/wp\/v2\/pages\/3348\/revisions"}],"predecessor-version":[{"id":5512,"href":"https:\/\/memorialdecruzdasalmas.com.br\/memorial\/wp-json\/wp\/v2\/pages\/3348\/revisions\/5512"}],"wp:attachment":[{"href":"https:\/\/memorialdecruzdasalmas.com.br\/memorial\/wp-json\/wp\/v2\/media?parent=3348"}],"curies":[{"name":"wp","href":"https:\/\/api.w.org\/{rel}","templated":true}]}}