{"id":4005,"date":"2022-11-16T13:53:18","date_gmt":"2022-11-16T16:53:18","guid":{"rendered":"https:\/\/memorialdecruzdasalmas.com.br\/memorial\/?page_id=4005"},"modified":"2023-01-11T12:56:14","modified_gmt":"2023-01-11T15:56:14","slug":"primeira-igreja-batista","status":"publish","type":"page","link":"https:\/\/memorialdecruzdasalmas.com.br\/memorial\/primeira-igreja-batista\/","title":{"rendered":"Primeira Igreja Batista"},"content":{"rendered":"\t\t<div data-elementor-type=\"wp-page\" data-elementor-id=\"4005\" class=\"elementor elementor-4005\">\n\t\t\t\t\t\t\t\t\t<section class=\"elementor-section elementor-top-section elementor-element elementor-element-6e6205ad elementor-section-full_width elementor-section-stretched elementor-section-height-default elementor-section-height-default\" data-id=\"6e6205ad\" data-element_type=\"section\" data-settings=\"{&quot;stretch_section&quot;:&quot;section-stretched&quot;,&quot;background_background&quot;:&quot;classic&quot;}\">\n\t\t\t\t\t\t\t<div class=\"elementor-background-overlay\"><\/div>\n\t\t\t\t\t\t\t<div class=\"elementor-container elementor-column-gap-no\">\n\t\t\t\t\t<div class=\"elementor-column elementor-col-100 elementor-top-column elementor-element elementor-element-694854af\" data-id=\"694854af\" data-element_type=\"column\">\n\t\t\t<div class=\"elementor-widget-wrap elementor-element-populated\">\n\t\t\t\t\t\t\t\t<div class=\"elementor-element elementor-element-e7213b2 elementor-widget elementor-widget-spacer\" data-id=\"e7213b2\" data-element_type=\"widget\" data-widget_type=\"spacer.default\">\n\t\t\t\t<div class=\"elementor-widget-container\">\n\t\t\t<style>\/*! elementor - v3.11.3 - 07-03-2023 *\/\n.elementor-column .elementor-spacer-inner{height:var(--spacer-size)}.e-con{--container-widget-width:100%}.e-con-inner>.elementor-widget-spacer,.e-con>.elementor-widget-spacer{width:var(--container-widget-width,var(--spacer-size));--align-self:var(--container-widget-align-self,initial);--flex-shrink:0}.e-con-inner>.elementor-widget-spacer>.elementor-widget-container,.e-con-inner>.elementor-widget-spacer>.elementor-widget-container>.elementor-spacer,.e-con>.elementor-widget-spacer>.elementor-widget-container,.e-con>.elementor-widget-spacer>.elementor-widget-container>.elementor-spacer{height:100%}.e-con-inner>.elementor-widget-spacer>.elementor-widget-container>.elementor-spacer>.elementor-spacer-inner,.e-con>.elementor-widget-spacer>.elementor-widget-container>.elementor-spacer>.elementor-spacer-inner{height:var(--container-widget-height,var(--spacer-size))}<\/style>\t\t<div class=\"elementor-spacer\">\n\t\t\t<div class=\"elementor-spacer-inner\"><\/div>\n\t\t<\/div>\n\t\t\t\t<\/div>\n\t\t\t\t<\/div>\n\t\t\t\t<div class=\"elementor-element elementor-element-4c1f830e elementor-widget elementor-widget-imroz-section-title\" data-id=\"4c1f830e\" data-element_type=\"widget\" data-widget_type=\"imroz-section-title.default\">\n\t\t\t\t<div class=\"elementor-widget-container\">\n\t\t\t        <div class=\"section-title mb--20 mb_sm--0 text-center\">\n                                        <span class=\"sub-title\">Siga, Curta e Compartilhe!<\/span>\n                        <h2 class=\"title rbt-section-title\"><span>Primeira Igreja Batista de Cruz das Almas<\/span><\/h2>                            <p>Conhe\u00e7a um pouco sobre a hist\u00f3ria.<\/p>\n                            <\/div>\n        \t\t<\/div>\n\t\t\t\t<\/div>\n\t\t\t\t<div class=\"elementor-element elementor-element-7aa261b8 elementor-widget elementor-widget-spacer\" data-id=\"7aa261b8\" data-element_type=\"widget\" data-widget_type=\"spacer.default\">\n\t\t\t\t<div class=\"elementor-widget-container\">\n\t\t\t\t\t<div class=\"elementor-spacer\">\n\t\t\t<div class=\"elementor-spacer-inner\"><\/div>\n\t\t<\/div>\n\t\t\t\t<\/div>\n\t\t\t\t<\/div>\n\t\t\t\t\t<\/div>\n\t\t<\/div>\n\t\t\t\t\t\t\t<\/div>\n\t\t<\/section>\n\t\t\t\t<section class=\"elementor-section elementor-top-section elementor-element elementor-element-23e582d elementor-section-boxed elementor-section-height-default elementor-section-height-default\" data-id=\"23e582d\" data-element_type=\"section\">\n\t\t\t\t\t\t<div class=\"elementor-container elementor-column-gap-default\">\n\t\t\t\t\t<div class=\"elementor-column elementor-col-100 elementor-top-column elementor-element elementor-element-f818d6c\" data-id=\"f818d6c\" data-element_type=\"column\">\n\t\t\t<div class=\"elementor-widget-wrap elementor-element-populated\">\n\t\t\t\t\t\t\t\t<div class=\"elementor-element elementor-element-04ac7fd elementor-widget elementor-widget-imroz-section-title\" data-id=\"04ac7fd\" data-element_type=\"widget\" data-widget_type=\"imroz-section-title.default\">\n\t\t\t\t<div class=\"elementor-widget-container\">\n\t\t\t        <div class=\"section-title mb--20 mb_sm--0 text-left\">\n                                        <span class=\"sub-title\">Memorial Digital!<\/span>\n                        <h2 class=\"title rbt-section-title\"><span>Apresenta\u00e7\u00e3o<\/span><\/h2>                            <\/div>\n        \t\t<\/div>\n\t\t\t\t<\/div>\n\t\t\t\t<div class=\"elementor-element elementor-element-c44694f elementor-widget elementor-widget-image\" data-id=\"c44694f\" data-element_type=\"widget\" data-widget_type=\"image.default\">\n\t\t\t\t<div class=\"elementor-widget-container\">\n\t\t\t<style>\/*! elementor - v3.11.3 - 07-03-2023 *\/\n.elementor-widget-image{text-align:center}.elementor-widget-image a{display:inline-block}.elementor-widget-image a img[src$=\".svg\"]{width:48px}.elementor-widget-image img{vertical-align:middle;display:inline-block}<\/style>\t\t\t\t\t\t\t\t\t\t\t\t<img decoding=\"async\" width=\"640\" height=\"343\" src=\"https:\/\/memorialdecruzdasalmas.com.br\/memorial\/wp-content\/uploads\/2022\/11\/Primeira-igreja-Batista-1024x549.jpg\" class=\"attachment-large size-large wp-image-4007\" alt=\"\" srcset=\"https:\/\/memorialdecruzdasalmas.com.br\/memorial\/wp-content\/uploads\/2022\/11\/Primeira-igreja-Batista-1024x549.jpg 1024w, https:\/\/memorialdecruzdasalmas.com.br\/memorial\/wp-content\/uploads\/2022\/11\/Primeira-igreja-Batista-300x161.jpg 300w, https:\/\/memorialdecruzdasalmas.com.br\/memorial\/wp-content\/uploads\/2022\/11\/Primeira-igreja-Batista-768x412.jpg 768w, https:\/\/memorialdecruzdasalmas.com.br\/memorial\/wp-content\/uploads\/2022\/11\/Primeira-igreja-Batista.jpg 1120w\" sizes=\"(max-width: 640px) 100vw, 640px\" \/>\t\t\t\t\t\t\t\t\t\t\t\t\t\t\t<\/div>\n\t\t\t\t<\/div>\n\t\t\t\t<div class=\"elementor-element elementor-element-2bd4ad4 elementor-widget elementor-widget-text-editor\" data-id=\"2bd4ad4\" data-element_type=\"widget\" data-widget_type=\"text-editor.default\">\n\t\t\t\t<div class=\"elementor-widget-container\">\n\t\t\t<style>\/*! elementor - v3.11.3 - 07-03-2023 *\/\n.elementor-widget-text-editor.elementor-drop-cap-view-stacked .elementor-drop-cap{background-color:#818a91;color:#fff}.elementor-widget-text-editor.elementor-drop-cap-view-framed .elementor-drop-cap{color:#818a91;border:3px solid;background-color:transparent}.elementor-widget-text-editor:not(.elementor-drop-cap-view-default) .elementor-drop-cap{margin-top:8px}.elementor-widget-text-editor:not(.elementor-drop-cap-view-default) .elementor-drop-cap-letter{width:1em;height:1em}.elementor-widget-text-editor .elementor-drop-cap{float:left;text-align:center;line-height:1;font-size:50px}.elementor-widget-text-editor .elementor-drop-cap-letter{display:inline-block}<\/style>\t\t\t\t<p><span style=\"color: #333333;\"><strong><img decoding=\"async\" class=\"alignnone size-full wp-image-3763\" src=\"https:\/\/memorialdecruzdasalmas.com.br\/memorial\/wp-content\/uploads\/2022\/11\/icone21.png\" alt=\"\" width=\"40\" height=\"40\" \/>\u00a0 \u00a0Hist\u00f3rico:<\/strong>\u00a0O in\u00edcio do trabalho de evangeliza\u00e7\u00e3o dos batistas no munic\u00edpio de Cruz das Almas ocorreu na d\u00e9cada de 1940. O casal Francisco Marques de Souza e Ang\u00e9lica Freitas de Souza, membros da Segunda Igreja Evang\u00e9lica Batista na Capital \u2013 Salvador, chegou \u00e0 cidade por ocasi\u00e3o da transfer\u00eancia da Escola Agron\u00f4mica da Bahia (hoje Universidade Federal do Rec\u00f4ncavo da Bahia \u2013 UFRB) de Salvador para o munic\u00edpio de Cruz das Almas em 1943. Ele, mestre de obras da Escola Agron\u00f4mica, assim que estabeleceu resid\u00eancia nesta mesma localidade, iniciou juntamente com sua esposa, o trabalho de evangeliza\u00e7\u00e3o. Depois de algum tempo reunindo-se em casas, o evangelista Francisco Marques organizou em 1945 a Congrega\u00e7\u00e3o Batista em Cruz das Almas. No mesmo ano, o Pastor da Primeira Igreja Batista em Castro Alves, Belmiro Sampaio, foi convidado para realizar a profiss\u00e3o de f\u00e9 e batismos dos novos convertidos. De acordo com o registro no Livro de Atas da Segunda Igreja Evang\u00e9lica Batista na Capital, dentre os primeiros a descerem \u00e0s \u00e1guas batismais, em 31 de mar\u00e7o de 1946, est\u00e1 Adelelmo Costa. Na mesma \u00e9poca, o intenso trabalho mission\u00e1rio deu origem \u00e0 Congrega\u00e7\u00e3o Batista no Ara\u00e7\u00e1 (zona rural do munic\u00edpio). At\u00e9 o ano de 1949, o trabalho de evangeliza\u00e7\u00e3o e pastoreio dos irm\u00e3os de ambas as congrega\u00e7\u00f5es foram realizados pela Segunda Igreja Evang\u00e9lica Batista na Capital em parceria com a Primeira Igreja Batista em Castro Alves, quando os membros das duas congrega\u00e7\u00f5es foram transferidos para a Primeira Igreja Batista em Castro Alves.<\/span><\/p><p><span style=\"color: #333333;\"><strong><img decoding=\"async\" class=\"alignnone size-full wp-image-3763\" src=\"https:\/\/memorialdecruzdasalmas.com.br\/memorial\/wp-content\/uploads\/2022\/11\/icone21.png\" alt=\"\" width=\"40\" height=\"40\" \/>\u00a0 \u00a0A emancipa\u00e7\u00e3o:<\/strong>\u00a0A emancipa\u00e7\u00e3o se deu num culto festivo em 18 de mar\u00e7o de 1951, organizado numa sess\u00e3o extraordin\u00e1ria, realizada em 07 de mar\u00e7o de 1951, presidida pelo Pastor Fileto de Souza Barreto, da Primeira Igreja Batista em Castro Alves. Os membros fundadores foram 65, sendo 33 da Congrega\u00e7\u00e3o de Cruz das Almas (Adelelmo Costa, Ang\u00e9lica Freitas de Souza, Ant\u00f4nio Cardoso de Andrade, Ant\u00f4nio Cavalcante, Armando Silva Lima, Claudionor Assun\u00e7\u00e3o, Deocl\u00e9cio Alves, Eremita Pereira de Oliveira, Etelvita Souza, Francisco Marques de Souza, Francisco Pereira Alves, Gilberto de Jesus, Herundina Souza Santos, Joana Santos, Jo\u00e3o Celestino da Silva, Jos\u00e9 Francisco de Souza, Jos\u00e9 Salustiano de Souza, Josefa Delfina Andrade, Josefa Sales Santos, Juraci Alves Pereira, Leopoldina do Sacramento, Let\u00edcia Souza Pinto, Maria das Neves, Maria Pereira, Martinho Seixas de Oliveira, Matildes Souza, Odilon Vieira dos Santos, Railda Costa, Raimundo dos Santos, Rita Maria Batista Costa, Rosalina Lima dos Santos, Severo Bispo dos Santos, Teodora de Jesus) e 32 da Congrega\u00e7\u00e3o de Ara\u00e7\u00e1 (Alexandrina Alves Leite, Alice Fernandes Nascimento, Alzira Queir\u00f3s de Santana, Am\u00e1lia Peixoto Eloi, Ant\u00f4nio Alves Costa, Augusta de Jesus Peixoto, Domingos Pereira Santana, Eurenice de Souza Alves, Filomena Peixoto Eloi, Flora Santos Alves, Georgina Alves Costa, Gl\u00f3ria Pereira Barbosa, Helena Concei\u00e7\u00e3o, Isadoria C\u00e2ndida do Sacramento, Isaura Concei\u00e7\u00e3o, Jardelina Madalena da Concei\u00e7\u00e3o, Jo\u00e3o Batista da Costa, Jo\u00e3o Nascimento Borges, Jos\u00e9 Ant\u00f4nio Magalh\u00e3es, Lindaura Caldas Nascimento, Manuel Caldas Correia, Manuel Souza Nunes, Maria Almeida, Maria Alves Leite, Maria Borges Magalh\u00e3es, Maria de Lourdes Batista de Oliveira, Maria Santana, Mario Alves Costa, Maura de Souza Nunes, Od\u00edlia Lemos Ribeiro, Pedro Pereira Rodrigues e Roque Jos\u00e9 Ribeiro).<\/span><\/p><p><span style=\"color: #333333;\"><strong><img decoding=\"async\" class=\"alignnone size-full wp-image-3763\" src=\"https:\/\/memorialdecruzdasalmas.com.br\/memorial\/wp-content\/uploads\/2022\/11\/icone21.png\" alt=\"\" width=\"40\" height=\"40\" \/>\u00a0 \u00a0Filia\u00e7\u00e3o \u00e0 Conven\u00e7\u00e3o Batista da Bahia:<\/strong>\u00a0A nossa Igreja \u00e9 filiada a CBBa e \u00e0 Associa\u00e7\u00e3o Batista do Vale do Paragua\u00e7u.<\/span><\/p><p><span style=\"color: #333333;\"><strong>Templos:<\/strong>\u00a0Antes da sede atual (inaugurada em 1965), localizada na Rua Professor Mata Pereira, n\u00ba 420, Centro, a Primeira Igreja Batista funcionou em dois outros templos provis\u00f3rios: o primeiro na Rua Rui Barbosa (antiga Rua da Esta\u00e7\u00e3o), n\u00ba 2, onde a congrega\u00e7\u00e3o foi emancipada e outro na mesma rua do templo atual (n\u00ba 515).<\/span><\/p><p><span style=\"color: #333333;\"><strong><img decoding=\"async\" class=\"alignnone size-full wp-image-3763\" src=\"https:\/\/memorialdecruzdasalmas.com.br\/memorial\/wp-content\/uploads\/2022\/11\/icone21.png\" alt=\"\" width=\"40\" height=\"40\" \/>\u00a0 \u00a0Expans\u00e3o:<\/strong>\u00a0A PIB em Cruz das Almas, visando formar e nutrir disc\u00edpulos de Cristo, tem<\/span><\/p><p><span style=\"color: #333333;\">experimentado a expans\u00e3o do Reino de Deus, atrav\u00e9s da multiplica\u00e7\u00e3o de igrejas e congrega\u00e7\u00f5es: S\u00e3o cinco igrejas emancipadas: Igreja Batista Nova Betel, Igreja Batista Mori\u00e1, Segunda Igreja Batista em Cruz das Almas, Igreja Batista Nova Vida e Igreja Batista Nova Jerusal\u00e9m em Itatim; seis congrega\u00e7\u00f5es: Suzana, Chapadinha, Vilarejo, S\u00e3o Judas Tadeu, Cabaceiras do Paragua\u00e7u e Duv\u00ea Baron em Cama\u00e7ari; um ponto de prega\u00e7\u00e3o na Rua Cris\u00f3gno Fernandes; e duas frentes mission\u00e1rias: Fonte do Doutor e Pumba. Vale destacar que a inaugura\u00e7\u00e3o da extens\u00e3o do Semin\u00e1rio Teol\u00f3gico Betel Brasileiro (sede em Jo\u00e3o Pessoa) em 2005 ampliou de modo significativo o potencial da PIB como celeiro de obreiros (pastores, mission\u00e1rios, l\u00edderes, professores).<\/span><\/p><p><span style=\"color: #333333;\"><strong><img decoding=\"async\" class=\"alignnone size-full wp-image-3763\" src=\"https:\/\/memorialdecruzdasalmas.com.br\/memorial\/wp-content\/uploads\/2022\/11\/icone21.png\" alt=\"\" width=\"40\" height=\"40\" \/>\u00a0 \u00a0Primeira Igreja Batista em Cruz das Almas na atualidade:\u00a0<\/strong><\/span><\/p><p><span style=\"color: #333333;\">Desde 18 de mar\u00e7o de 1984, nossa Igreja \u00e9 pastoreada pelo pernambucano Pastor Josias Aureliano da Silva: Servo do Deus Alt\u00edssimo, que ao longo desses 35 anos de minist\u00e9rio, vem dedicando-se integralmente ao desenvolvimento do Reino de Deus atrav\u00e9s dessa ag\u00eancia de evangeliza\u00e7\u00e3o. Refer\u00eancia no munic\u00edpio de Cruz das Almas e munic\u00edpios circunvizinhos, a Primeira Igreja Batista, atrav\u00e9s de seus Minist\u00e9rios, organiza\u00e7\u00f5es e congrega\u00e7\u00f5es, tem se comprometido com a miss\u00e3o integral da Igreja, buscando o desenvolvimento dos valores do Reino de Deus atrav\u00e9s da manifesta\u00e7\u00e3o do amor e da justi\u00e7a, tanto em \u00e2mbito pessoal como em \u00e2mbito comunit\u00e1rio.<\/span><\/p><p><span style=\"color: #333333;\"><em>Pesquisa relizada pela Equipe de Elabora\u00e7\u00e3o de Memorial da PIB em Cruz das Almas: Deuma dos Santos Silva (Coord.), Pr. Edvan Avelar Silva, Di\u00e1conos Edmundo Fonseca Santos, Helenilda Santos de Meireles Almeida e Maria Jos\u00e9 de Jesus Fonseca Santos.<\/em><\/span><\/p><p>\u00a0<\/p><p>\u00a0<\/p><p><span style=\"color: #333333;\"><strong>Fontes:<\/strong> <\/span><\/p><p><span style=\"color: #333333;\">Livros de Registros de Atas das Igrejas: Primeira Igreja Batista em Cruz das Almas, Primeira Igreja Batista em Castro Alves e Segunda Igreja Evang\u00e9lica Batista na Capital.<\/span><\/p>\t\t\t\t\t\t<\/div>\n\t\t\t\t<\/div>\n\t\t\t\t<div class=\"elementor-element elementor-element-71605a3 elementor-widget elementor-widget-spacer\" data-id=\"71605a3\" data-element_type=\"widget\" data-widget_type=\"spacer.default\">\n\t\t\t\t<div class=\"elementor-widget-container\">\n\t\t\t\t\t<div class=\"elementor-spacer\">\n\t\t\t<div class=\"elementor-spacer-inner\"><\/div>\n\t\t<\/div>\n\t\t\t\t<\/div>\n\t\t\t\t<\/div>\n\t\t\t\t\t<\/div>\n\t\t<\/div>\n\t\t\t\t\t\t\t<\/div>\n\t\t<\/section>\n\t\t\t\t\t\t\t<\/div>\n\t\t","protected":false},"excerpt":{"rendered":"<p>Siga, Curta e Compartilhe! Primeira Igreja Batista de Cruz das Almas Conhe\u00e7a um pouco sobre a hist\u00f3ria. Memorial Digital! Apresenta\u00e7\u00e3o \u00a0 \u00a0Hist\u00f3rico:\u00a0O in\u00edcio do trabalho de evangeliza\u00e7\u00e3o dos batistas no munic\u00edpio de Cruz das Almas ocorreu na d\u00e9cada de 1940. O casal Francisco Marques de Souza e Ang\u00e9lica Freitas de Souza, membros da Segunda Igreja [&hellip;]<\/p>\n","protected":false},"author":1,"featured_media":0,"parent":0,"menu_order":0,"comment_status":"closed","ping_status":"closed","template":"elementor_header_footer","meta":{"footnotes":""},"class_list":["post-4005","page","type-page","status-publish","hentry"],"acf":[],"_links":{"self":[{"href":"https:\/\/memorialdecruzdasalmas.com.br\/memorial\/wp-json\/wp\/v2\/pages\/4005","targetHints":{"allow":["GET"]}}],"collection":[{"href":"https:\/\/memorialdecruzdasalmas.com.br\/memorial\/wp-json\/wp\/v2\/pages"}],"about":[{"href":"https:\/\/memorialdecruzdasalmas.com.br\/memorial\/wp-json\/wp\/v2\/types\/page"}],"author":[{"embeddable":true,"href":"https:\/\/memorialdecruzdasalmas.com.br\/memorial\/wp-json\/wp\/v2\/users\/1"}],"replies":[{"embeddable":true,"href":"https:\/\/memorialdecruzdasalmas.com.br\/memorial\/wp-json\/wp\/v2\/comments?post=4005"}],"version-history":[{"count":19,"href":"https:\/\/memorialdecruzdasalmas.com.br\/memorial\/wp-json\/wp\/v2\/pages\/4005\/revisions"}],"predecessor-version":[{"id":5316,"href":"https:\/\/memorialdecruzdasalmas.com.br\/memorial\/wp-json\/wp\/v2\/pages\/4005\/revisions\/5316"}],"wp:attachment":[{"href":"https:\/\/memorialdecruzdasalmas.com.br\/memorial\/wp-json\/wp\/v2\/media?parent=4005"}],"curies":[{"name":"wp","href":"https:\/\/api.w.org\/{rel}","templated":true}]}}