{"id":8777,"date":"2023-03-23T14:15:20","date_gmt":"2023-03-23T17:15:20","guid":{"rendered":"https:\/\/memorialdecruzdasalmas.com.br\/memorial\/?page_id=8777"},"modified":"2023-03-23T14:31:08","modified_gmt":"2023-03-23T17:31:08","slug":"estacao-ferroviaria-de-pombal","status":"publish","type":"page","link":"https:\/\/memorialdecruzdasalmas.com.br\/memorial\/estacao-ferroviaria-de-pombal\/","title":{"rendered":"Esta\u00e7\u00e3o Ferrovi\u00e1ria de Pombal"},"content":{"rendered":"\t\t<div data-elementor-type=\"wp-page\" data-elementor-id=\"8777\" class=\"elementor elementor-8777\">\n\t\t\t\t\t\t\t\t\t<section class=\"elementor-section elementor-top-section elementor-element elementor-element-6e6205ad elementor-section-full_width elementor-section-stretched elementor-section-height-default elementor-section-height-default\" data-id=\"6e6205ad\" data-element_type=\"section\" data-settings=\"{&quot;stretch_section&quot;:&quot;section-stretched&quot;,&quot;background_background&quot;:&quot;classic&quot;}\">\n\t\t\t\t\t\t\t<div class=\"elementor-background-overlay\"><\/div>\n\t\t\t\t\t\t\t<div class=\"elementor-container elementor-column-gap-no\">\n\t\t\t\t\t<div class=\"elementor-column elementor-col-100 elementor-top-column elementor-element elementor-element-694854af\" data-id=\"694854af\" data-element_type=\"column\">\n\t\t\t<div class=\"elementor-widget-wrap elementor-element-populated\">\n\t\t\t\t\t\t\t\t<div class=\"elementor-element elementor-element-e7213b2 elementor-widget elementor-widget-spacer\" data-id=\"e7213b2\" data-element_type=\"widget\" data-widget_type=\"spacer.default\">\n\t\t\t\t<div class=\"elementor-widget-container\">\n\t\t\t<style>\/*! elementor - v3.11.3 - 07-03-2023 *\/\n.elementor-column .elementor-spacer-inner{height:var(--spacer-size)}.e-con{--container-widget-width:100%}.e-con-inner>.elementor-widget-spacer,.e-con>.elementor-widget-spacer{width:var(--container-widget-width,var(--spacer-size));--align-self:var(--container-widget-align-self,initial);--flex-shrink:0}.e-con-inner>.elementor-widget-spacer>.elementor-widget-container,.e-con-inner>.elementor-widget-spacer>.elementor-widget-container>.elementor-spacer,.e-con>.elementor-widget-spacer>.elementor-widget-container,.e-con>.elementor-widget-spacer>.elementor-widget-container>.elementor-spacer{height:100%}.e-con-inner>.elementor-widget-spacer>.elementor-widget-container>.elementor-spacer>.elementor-spacer-inner,.e-con>.elementor-widget-spacer>.elementor-widget-container>.elementor-spacer>.elementor-spacer-inner{height:var(--container-widget-height,var(--spacer-size))}<\/style>\t\t<div class=\"elementor-spacer\">\n\t\t\t<div class=\"elementor-spacer-inner\"><\/div>\n\t\t<\/div>\n\t\t\t\t<\/div>\n\t\t\t\t<\/div>\n\t\t\t\t<div class=\"elementor-element elementor-element-4c1f830e elementor-widget elementor-widget-imroz-section-title\" data-id=\"4c1f830e\" data-element_type=\"widget\" data-widget_type=\"imroz-section-title.default\">\n\t\t\t\t<div class=\"elementor-widget-container\">\n\t\t\t        <div class=\"section-title mb--20 mb_sm--0 text-center\">\n                                        <span class=\"sub-title\">Siga, Curta e Compartilhe!<\/span>\n                        <h2 class=\"title rbt-section-title\"><span>ESTA\u00c7\u00c3O DE POMBAL<\/span><\/h2>                            <p>Conhe\u00e7a um pouco sobre a hist\u00f3ria.<\/p>\n                            <\/div>\n        \t\t<\/div>\n\t\t\t\t<\/div>\n\t\t\t\t<div class=\"elementor-element elementor-element-7aa261b8 elementor-widget elementor-widget-spacer\" data-id=\"7aa261b8\" data-element_type=\"widget\" data-widget_type=\"spacer.default\">\n\t\t\t\t<div class=\"elementor-widget-container\">\n\t\t\t\t\t<div class=\"elementor-spacer\">\n\t\t\t<div class=\"elementor-spacer-inner\"><\/div>\n\t\t<\/div>\n\t\t\t\t<\/div>\n\t\t\t\t<\/div>\n\t\t\t\t\t<\/div>\n\t\t<\/div>\n\t\t\t\t\t\t\t<\/div>\n\t\t<\/section>\n\t\t\t\t<section class=\"elementor-section elementor-top-section elementor-element elementor-element-23e582d elementor-section-boxed elementor-section-height-default elementor-section-height-default\" data-id=\"23e582d\" data-element_type=\"section\">\n\t\t\t\t\t\t<div class=\"elementor-container elementor-column-gap-default\">\n\t\t\t\t\t<div class=\"elementor-column elementor-col-100 elementor-top-column elementor-element elementor-element-f818d6c\" data-id=\"f818d6c\" data-element_type=\"column\">\n\t\t\t<div class=\"elementor-widget-wrap elementor-element-populated\">\n\t\t\t\t\t\t\t\t<div class=\"elementor-element elementor-element-04ac7fd elementor-widget elementor-widget-imroz-section-title\" data-id=\"04ac7fd\" data-element_type=\"widget\" data-widget_type=\"imroz-section-title.default\">\n\t\t\t\t<div class=\"elementor-widget-container\">\n\t\t\t        <div class=\"section-title mb--20 mb_sm--0 text-left\">\n                                        <span class=\"sub-title\">Memorial Digital!<\/span>\n                        <h2 class=\"title rbt-section-title\"><span>A ANTIGA ESTA\u00c7\u00c3O DE POMBAL<\/span><\/h2>                            <\/div>\n        \t\t<\/div>\n\t\t\t\t<\/div>\n\t\t\t\t<div class=\"elementor-element elementor-element-2bd4ad4 elementor-widget elementor-widget-text-editor\" data-id=\"2bd4ad4\" data-element_type=\"widget\" data-widget_type=\"text-editor.default\">\n\t\t\t\t<div class=\"elementor-widget-container\">\n\t\t\t<style>\/*! elementor - v3.11.3 - 07-03-2023 *\/\n.elementor-widget-text-editor.elementor-drop-cap-view-stacked .elementor-drop-cap{background-color:#818a91;color:#fff}.elementor-widget-text-editor.elementor-drop-cap-view-framed .elementor-drop-cap{color:#818a91;border:3px solid;background-color:transparent}.elementor-widget-text-editor:not(.elementor-drop-cap-view-default) .elementor-drop-cap{margin-top:8px}.elementor-widget-text-editor:not(.elementor-drop-cap-view-default) .elementor-drop-cap-letter{width:1em;height:1em}.elementor-widget-text-editor .elementor-drop-cap{float:left;text-align:center;line-height:1;font-size:50px}.elementor-widget-text-editor .elementor-drop-cap-letter{display:inline-block}<\/style>\t\t\t\t<p><span style=\"color: #333333;\">A Esta\u00e7\u00e3o de Pombal, que ficava a 6 km do centro do munic\u00edpio, foi aberta pela E. F. Central da Bahia na sua linha principal, em 1881. Mais tarde o nome da esta\u00e7\u00e3o foi alterado para Cruz das Almas e posteriormente para Eurico Macedo (nome do engenheiro que teria reconstru\u00eddo o pr\u00e9dio nos anos 40).<\/span><\/p><p><span style=\"color: #333333;\">Naqueles anos o trem foi muito importante no transporte de passageiros, que n\u00e3o contavam com muitas outras alternativas para os seus deslocamentos (saindo de Cruz das Almas, ou aqui chegando). Foi igualmente muito importante no transporte de cargas (gado bovino, cimento,\u00a0 madeira, charutos para exporta\u00e7\u00e3o, entre outras mercadorias. Ela fica pr\u00f3xima da Universidade Federal do Rec\u00f4ncavo da Bahia, que est\u00e1 situada na antiga entrada rodovi\u00e1ria da cidade. A partir de 1970, a lista de esta\u00e7\u00f5es no Guia Levi j\u00e1 n\u00e3o mostra a esta\u00e7\u00e3o de Pombal ou Cruz das Almas, mas sim a esta\u00e7\u00e3o chamada de Eurico Macedo.<\/span><\/p><p><span style=\"color: #333333;\">A falta de documenta\u00e7\u00e3o n\u00e3o permite a confirma\u00e7\u00e3o, mas o que resta do pr\u00e9dio tem arquitetura dos anos 1930 e o fato de ter sido constru\u00edda uma nova esta\u00e7\u00e3o no final dos anos 1950, mais pr\u00f3xima e tamb\u00e9m com o nome da cidade, al\u00e9m de, na fachada do pr\u00e9dio estar impresso o nome Eng. Eurico Macedo, o que nos traz certeza de que a esta\u00e7\u00e3o mais afastada tenha trocado o nome.<\/span><\/p><p><span style=\"color: #333333;\"><em>\u201c&#8230; a esta\u00e7\u00e3o Eurico Macedo \u00e9 um lugar isolado, n\u00e3o existe absolutamente ningu\u00e9m; para andar na linha, s\u00f3 quando se acha algu\u00e9m do lugar que sabe exatamente onde ela fica. Passei em lugares em que mal cabe o trem, n\u00e3o tem vias marginais, s\u00f3 mato e trilho, e se o trem passar no momento exato, a\u00ed complica\u201d (Roosevelt Reis)<\/em><\/span><\/p><p><span style=\"color: #333333;\">Ainda \u00e9 poss\u00edvel ver um conjunto de casas ali na Pra\u00e7a da Rua da Mata onde residiam os funcion\u00e1rios da Rede Ferrovi\u00e1ria.<\/span><\/p><p><span style=\"color: #333333;\">A linha do trem nunca passou no Centro da cidade, como muitos acreditam. A linha associada \u00e0 Esta\u00e7\u00e3o de Pombal, vindo de Cachoeira\/S\u00e3o Felix, seguia na dire\u00e7\u00e3o da Esta\u00e7\u00e3o de Petim, Castro Alves, Santa Terezinha, Chapada Diamantina, at\u00e9 Monte Azul (MG).<\/span><\/p>\t\t\t\t\t\t<\/div>\n\t\t\t\t<\/div>\n\t\t\t\t<div class=\"elementor-element elementor-element-aab6d07 elementor-arrows-position-inside elementor-pagination-position-outside elementor-widget elementor-widget-image-carousel\" data-id=\"aab6d07\" data-element_type=\"widget\" data-settings=\"{&quot;navigation&quot;:&quot;both&quot;,&quot;autoplay&quot;:&quot;yes&quot;,&quot;pause_on_hover&quot;:&quot;yes&quot;,&quot;pause_on_interaction&quot;:&quot;yes&quot;,&quot;autoplay_speed&quot;:5000,&quot;infinite&quot;:&quot;yes&quot;,&quot;speed&quot;:500}\" data-widget_type=\"image-carousel.default\">\n\t\t\t\t<div class=\"elementor-widget-container\">\n\t\t\t<style>\/*! elementor - v3.11.3 - 07-03-2023 *\/\n.elementor-widget-image-carousel .swiper,.elementor-widget-image-carousel .swiper-container{position:static}.elementor-widget-image-carousel .swiper-container .swiper-slide figure,.elementor-widget-image-carousel .swiper .swiper-slide figure{line-height:inherit}.elementor-widget-image-carousel .swiper-slide{text-align:center}.elementor-image-carousel-wrapper:not(.swiper-container-initialized) .swiper-slide,.elementor-image-carousel-wrapper:not(.swiper-initialized) .swiper-slide{max-width:calc(100% \/ var(--e-image-carousel-slides-to-show, 3))}<\/style>\t\t<div class=\"elementor-image-carousel-wrapper swiper-container\" dir=\"ltr\">\n\t\t\t<div class=\"elementor-image-carousel swiper-wrapper\">\n\t\t\t\t\t\t\t\t<div class=\"swiper-slide\"><a data-elementor-open-lightbox=\"yes\" data-elementor-lightbox-slideshow=\"aab6d07\" data-elementor-lightbox-title=\"FB_IMG_1629867151189\" data-e-action-hash=\"#elementor-action%3Aaction%3Dlightbox%26settings%3DeyJpZCI6ODc4NCwidXJsIjoiaHR0cHM6XC9cL21lbW9yaWFsZGVjcnV6ZGFzYWxtYXMuY29tLmJyXC9tZW1vcmlhbFwvd3AtY29udGVudFwvdXBsb2Fkc1wvMjAyM1wvMDNcL0ZCX0lNR18xNjI5ODY3MTUxMTg5LmpwZyIsInNsaWRlc2hvdyI6ImFhYjZkMDcifQ%3D%3D\" href=\"https:\/\/memorialdecruzdasalmas.com.br\/memorial\/wp-content\/uploads\/2023\/03\/FB_IMG_1629867151189.jpg\"><figure class=\"swiper-slide-inner\"><img decoding=\"async\" class=\"swiper-slide-image\" src=\"https:\/\/memorialdecruzdasalmas.com.br\/memorial\/wp-content\/uploads\/2023\/03\/FB_IMG_1629867151189-718x420.jpg\" alt=\"FB_IMG_1629867151189\" \/><\/figure><\/a><\/div><div class=\"swiper-slide\"><a data-elementor-open-lightbox=\"yes\" data-elementor-lightbox-slideshow=\"aab6d07\" data-elementor-lightbox-title=\"FB_IMG_1644549622574\" data-e-action-hash=\"#elementor-action%3Aaction%3Dlightbox%26settings%3DeyJpZCI6ODc4NiwidXJsIjoiaHR0cHM6XC9cL21lbW9yaWFsZGVjcnV6ZGFzYWxtYXMuY29tLmJyXC9tZW1vcmlhbFwvd3AtY29udGVudFwvdXBsb2Fkc1wvMjAyM1wvMDNcL0ZCX0lNR18xNjQ0NTQ5NjIyNTc0LmpwZyIsInNsaWRlc2hvdyI6ImFhYjZkMDcifQ%3D%3D\" href=\"https:\/\/memorialdecruzdasalmas.com.br\/memorial\/wp-content\/uploads\/2023\/03\/FB_IMG_1644549622574.jpg\"><figure class=\"swiper-slide-inner\"><img decoding=\"async\" class=\"swiper-slide-image\" src=\"https:\/\/memorialdecruzdasalmas.com.br\/memorial\/wp-content\/uploads\/2023\/03\/FB_IMG_1644549622574-720x420.jpg\" alt=\"FB_IMG_1644549622574\" \/><\/figure><\/a><\/div><div class=\"swiper-slide\"><a data-elementor-open-lightbox=\"yes\" data-elementor-lightbox-slideshow=\"aab6d07\" data-elementor-lightbox-title=\"Screenshot_20220416-175227\" data-e-action-hash=\"#elementor-action%3Aaction%3Dlightbox%26settings%3DeyJpZCI6ODc4NywidXJsIjoiaHR0cHM6XC9cL21lbW9yaWFsZGVjcnV6ZGFzYWxtYXMuY29tLmJyXC9tZW1vcmlhbFwvd3AtY29udGVudFwvdXBsb2Fkc1wvMjAyM1wvMDNcL1NjcmVlbnNob3RfMjAyMjA0MTYtMTc1MjI3LmpwZyIsInNsaWRlc2hvdyI6ImFhYjZkMDcifQ%3D%3D\" href=\"https:\/\/memorialdecruzdasalmas.com.br\/memorial\/wp-content\/uploads\/2023\/03\/Screenshot_20220416-175227.jpg\"><figure class=\"swiper-slide-inner\"><img decoding=\"async\" class=\"swiper-slide-image\" src=\"https:\/\/memorialdecruzdasalmas.com.br\/memorial\/wp-content\/uploads\/2023\/03\/Screenshot_20220416-175227-720x420.jpg\" alt=\"Screenshot_20220416-175227\" \/><\/figure><\/a><\/div><div class=\"swiper-slide\"><a data-elementor-open-lightbox=\"yes\" data-elementor-lightbox-slideshow=\"aab6d07\" data-elementor-lightbox-title=\"Screenshot_20220416-175302\" data-e-action-hash=\"#elementor-action%3Aaction%3Dlightbox%26settings%3DeyJpZCI6ODc4OCwidXJsIjoiaHR0cHM6XC9cL21lbW9yaWFsZGVjcnV6ZGFzYWxtYXMuY29tLmJyXC9tZW1vcmlhbFwvd3AtY29udGVudFwvdXBsb2Fkc1wvMjAyM1wvMDNcL1NjcmVlbnNob3RfMjAyMjA0MTYtMTc1MzAyLmpwZyIsInNsaWRlc2hvdyI6ImFhYjZkMDcifQ%3D%3D\" href=\"https:\/\/memorialdecruzdasalmas.com.br\/memorial\/wp-content\/uploads\/2023\/03\/Screenshot_20220416-175302.jpg\"><figure class=\"swiper-slide-inner\"><img decoding=\"async\" class=\"swiper-slide-image\" src=\"https:\/\/memorialdecruzdasalmas.com.br\/memorial\/wp-content\/uploads\/2023\/03\/Screenshot_20220416-175302-720x420.jpg\" alt=\"Screenshot_20220416-175302\" \/><\/figure><\/a><\/div><div class=\"swiper-slide\"><a data-elementor-open-lightbox=\"yes\" data-elementor-lightbox-slideshow=\"aab6d07\" data-elementor-lightbox-title=\"Screenshot_20220416-175322\" data-e-action-hash=\"#elementor-action%3Aaction%3Dlightbox%26settings%3DeyJpZCI6ODc4OSwidXJsIjoiaHR0cHM6XC9cL21lbW9yaWFsZGVjcnV6ZGFzYWxtYXMuY29tLmJyXC9tZW1vcmlhbFwvd3AtY29udGVudFwvdXBsb2Fkc1wvMjAyM1wvMDNcL1NjcmVlbnNob3RfMjAyMjA0MTYtMTc1MzIyLmpwZyIsInNsaWRlc2hvdyI6ImFhYjZkMDcifQ%3D%3D\" href=\"https:\/\/memorialdecruzdasalmas.com.br\/memorial\/wp-content\/uploads\/2023\/03\/Screenshot_20220416-175322.jpg\"><figure class=\"swiper-slide-inner\"><img decoding=\"async\" class=\"swiper-slide-image\" src=\"https:\/\/memorialdecruzdasalmas.com.br\/memorial\/wp-content\/uploads\/2023\/03\/Screenshot_20220416-175322-703x420.jpg\" alt=\"Screenshot_20220416-175322\" \/><\/figure><\/a><\/div>\t\t\t<\/div>\n\t\t\t\t\t\t\t\t\t\t\t\t<div class=\"swiper-pagination\"><\/div>\n\t\t\t\t\t\t\t\t\t\t\t\t\t<div class=\"elementor-swiper-button elementor-swiper-button-prev\">\n\t\t\t\t\t\t<i aria-hidden=\"true\" class=\"eicon-chevron-left\"><\/i>\t\t\t\t\t\t<span class=\"elementor-screen-only\">Anterior<\/span>\n\t\t\t\t\t<\/div>\n\t\t\t\t\t<div class=\"elementor-swiper-button elementor-swiper-button-next\">\n\t\t\t\t\t\t<i aria-hidden=\"true\" class=\"eicon-chevron-right\"><\/i>\t\t\t\t\t\t<span class=\"elementor-screen-only\">Pr\u00f3ximo<\/span>\n\t\t\t\t\t<\/div>\n\t\t\t\t\t\t\t\t\t<\/div>\n\t\t\t\t<\/div>\n\t\t\t\t<\/div>\n\t\t\t\t<div class=\"elementor-element elementor-element-d40e8b9 elementor-widget elementor-widget-text-editor\" data-id=\"d40e8b9\" data-element_type=\"widget\" data-widget_type=\"text-editor.default\">\n\t\t\t\t<div class=\"elementor-widget-container\">\n\t\t\t\t\t\t\t<p>\u00a0<\/p><p><span style=\"color: #333333;\">(FONTES: Lorena Silva Santos; Roosevelt Reis; Cyro Deocleciano R. Pessoa Jr.: Estradas de Ferro do Brazil, 1886; A Leste Brasileiro e o Desenvolvimento Econ\u00f4mico da Bahia, 1960; IBGE: Enciclop\u00e9dia dos Munic\u00edpios Brasileiros, vol. XX, 1958; Guia Geral das Estradas de Ferro, 1960; Edisandro Barbosa Bingre: <a style=\"color: #333333;\" href=\"http:\/\/www.almanaquecruzalmense.com.br\">www.almanaquecruzalmense.com.br<\/a>)<\/span><\/p>\t\t\t\t\t\t<\/div>\n\t\t\t\t<\/div>\n\t\t\t\t<div class=\"elementor-element elementor-element-71605a3 elementor-widget elementor-widget-spacer\" data-id=\"71605a3\" data-element_type=\"widget\" data-widget_type=\"spacer.default\">\n\t\t\t\t<div class=\"elementor-widget-container\">\n\t\t\t\t\t<div class=\"elementor-spacer\">\n\t\t\t<div class=\"elementor-spacer-inner\"><\/div>\n\t\t<\/div>\n\t\t\t\t<\/div>\n\t\t\t\t<\/div>\n\t\t\t\t\t<\/div>\n\t\t<\/div>\n\t\t\t\t\t\t\t<\/div>\n\t\t<\/section>\n\t\t\t\t\t\t\t<\/div>\n\t\t","protected":false},"excerpt":{"rendered":"<p>Siga, Curta e Compartilhe! ESTA\u00c7\u00c3O DE POMBAL Conhe\u00e7a um pouco sobre a hist\u00f3ria. Memorial Digital! A ANTIGA ESTA\u00c7\u00c3O DE POMBAL A Esta\u00e7\u00e3o de Pombal, que ficava a 6 km do centro do munic\u00edpio, foi aberta pela E. F. Central da Bahia na sua linha principal, em 1881. Mais tarde o nome da esta\u00e7\u00e3o foi alterado [&hellip;]<\/p>\n","protected":false},"author":1,"featured_media":0,"parent":0,"menu_order":0,"comment_status":"closed","ping_status":"closed","template":"elementor_header_footer","meta":{"footnotes":""},"class_list":["post-8777","page","type-page","status-publish","hentry"],"acf":[],"_links":{"self":[{"href":"https:\/\/memorialdecruzdasalmas.com.br\/memorial\/wp-json\/wp\/v2\/pages\/8777","targetHints":{"allow":["GET"]}}],"collection":[{"href":"https:\/\/memorialdecruzdasalmas.com.br\/memorial\/wp-json\/wp\/v2\/pages"}],"about":[{"href":"https:\/\/memorialdecruzdasalmas.com.br\/memorial\/wp-json\/wp\/v2\/types\/page"}],"author":[{"embeddable":true,"href":"https:\/\/memorialdecruzdasalmas.com.br\/memorial\/wp-json\/wp\/v2\/users\/1"}],"replies":[{"embeddable":true,"href":"https:\/\/memorialdecruzdasalmas.com.br\/memorial\/wp-json\/wp\/v2\/comments?post=8777"}],"version-history":[{"count":20,"href":"https:\/\/memorialdecruzdasalmas.com.br\/memorial\/wp-json\/wp\/v2\/pages\/8777\/revisions"}],"predecessor-version":[{"id":8804,"href":"https:\/\/memorialdecruzdasalmas.com.br\/memorial\/wp-json\/wp\/v2\/pages\/8777\/revisions\/8804"}],"wp:attachment":[{"href":"https:\/\/memorialdecruzdasalmas.com.br\/memorial\/wp-json\/wp\/v2\/media?parent=8777"}],"curies":[{"name":"wp","href":"https:\/\/api.w.org\/{rel}","templated":true}]}}